{"id":46815,"date":"2024-02-14T10:30:46","date_gmt":"2024-02-14T09:30:46","guid":{"rendered":"https:\/\/www.anika-net.de\/event\/atelier-link-design-thinking-dei\/"},"modified":"2024-02-14T10:30:46","modified_gmt":"2024-02-14T09:30:46","slug":"atelier-link-design-thinking-dei","status":"publish","type":"event","link":"https:\/\/www.anika-net.de\/fr\/event\/atelier-link-design-thinking-dei\/","title":{"rendered":"Ate\u00adlier LiNK&nbsp;: Desi\u00adgn Thin\u00adking &amp;&nbsp;DEI"},"content":{"rendered":"<h2>Ate\u00adlier LiNK&nbsp;: Desi\u00adgn Thin\u00adking &amp;&nbsp;DEI<\/h2>\n<p>Par\u00adti\u00adci\u00adpez \u00e0 un ate\u00adlier ins\u00adpi\u00adrant o\u00f9 la cr\u00e9a\u00adti\u00advi\u00adt\u00e9 ren\u00adcontre l\u2019inclusivit\u00e9&nbsp;!&nbsp;\ud83e\udd1d\ud83d\udca1<br>\nD\u00e9cou\u00advrez la puis\u00adsante syner\u00adgie du desi\u00adgn thin\u00adking et de la diver\u00adsi\u00adt\u00e9, de l\u2019\u00e9\u00adga\u00adli\u00adt\u00e9 et de l\u2019in\u00adclu\u00adsion, dans un ate\u00adlier ani\u00adm\u00e9 par la for\u00adma\u00adtrice exp\u00e9\u00adri\u00admen\u00adt\u00e9e Anne-C\u00e9cile Gra\u00adber qui vise \u00e0 rendre nos id\u00e9es plus inclu\u00adsives et innovantes.&nbsp;\ud83c\udf10<br>\n\ud83e\udd14\ud83d\udcac Que vous ayez une exp\u00e9\u00adrience pr\u00e9a\u00adlable du desi\u00adgn thin\u00adking ou que vous soyez sim\u00adple\u00adment curieux de l\u2019in\u00adter\u00adsec\u00adtion de la cr\u00e9a\u00adti\u00advi\u00adt\u00e9 et de l\u2019in\u00adclu\u00adsi\u00advi\u00adt\u00e9, cet ate\u00adlier s\u2019a\u00addresse \u00e0 vous et vous offre un espace pour appor\u00adter vos points de&nbsp;vue.<br>\n\ud83d\udcc5 R\u00e9ser\u00advez la date et sai\u00adsis\u00adsez l\u2019oc\u00adca\u00adsion d\u2019\u00eatre pr\u00e9\u00adsent lorsque la pen\u00ads\u00e9e desi\u00adgn ren\u00adcontre la diver\u00adsi\u00adt\u00e9, l\u2019\u00e9\u00adga\u00adli\u00adt\u00e9 et l\u2019inclusion&nbsp;!<\/p>\n<p><strong>Ins\u00adcrip\u00adtion gratuite<\/strong><\/p>\n","protected":false},"author":12,"featured_media":46831,"template":"","class_list":["post-46815","event","type-event","status-publish","has-post-thumbnail","hentry","event_category-education"],"acf":{"event-recurring":false,"event-category":49,"event-is-language-course":false,"event-recurring-still-active":true,"event-display-details":true,"event-schedules-recurring":null,"event-schedules-calendar":[{"event-calendar-day":"20240219","event-calendar-time":"15:00 - 18:00 ","event-calendar-time-text":""}],"event-is-online":false,"event-online-url":"","event-location-building":"Impact Hub Karlsruhe","event-location-street":"Kaiserstr. 97","event-location-zip":"76133","event-location-city":"Karlsruhe","event-location-contact-person":"Juliette & Tom","event-location-phone":"","event-location-phone-2":"","event-location-mail":"karlsruhe@singa-deutschland.de","event-location-mail-2":"","event-location-website":"https:\/\/form.typeform.com\/to\/C44CEPn0","event-target-group":null,"event-target-group-comment":"Tous ceux qui ont un projet et qui veulent le mener \u00e0 bien ; tous ceux qui s'int\u00e9ressent au Design Thinking, \u00e0 la valeur ajout\u00e9e et \u00e0 l'innovation.","event-free":true,"event-organiser":[46781],"event-header-copyright-overlay":true,"event-copyright-note-description-end":false},"featured_image_urls_v2":{"full":["https:\/\/www.anika-net.de\/wp-content\/uploads\/2024\/02\/link.png",1536,770,false],"thumbnail":["https:\/\/www.anika-net.de\/wp-content\/uploads\/2024\/02\/link-150x150.png",150,150,true],"medium":["https:\/\/www.anika-net.de\/wp-content\/uploads\/2024\/02\/link-300x150.png",300,150,true],"medium_large":["https:\/\/www.anika-net.de\/wp-content\/uploads\/2024\/02\/link-768x385.png",640,321,true],"large":["https:\/\/www.anika-net.de\/wp-content\/uploads\/2024\/02\/link-1024x513.png",640,321,true],"1536x1536":["https:\/\/www.anika-net.de\/wp-content\/uploads\/2024\/02\/link.png",1536,770,false],"2048x2048":["https:\/\/www.anika-net.de\/wp-content\/uploads\/2024\/02\/link.png",1536,770,false],"event-overview":["https:\/\/www.anika-net.de\/wp-content\/uploads\/2024\/02\/link-960x640.png",960,640,true],"event-archive-thumb":["https:\/\/www.anika-net.de\/wp-content\/uploads\/2024\/02\/link-480x241.png",480,241,true],"grid-item-thumbnail":["https:\/\/www.anika-net.de\/wp-content\/uploads\/2024\/02\/link-360x200.png",360,200,true],"network-partner-icon":["https:\/\/www.anika-net.de\/wp-content\/uploads\/2024\/02\/link-100x100.png",100,100,true],"organiser-icon":["https:\/\/www.anika-net.de\/wp-content\/uploads\/2024\/02\/link-200x200.png",200,200,true],"gform-image-choice-sm":["https:\/\/www.anika-net.de\/wp-content\/uploads\/2024\/02\/link.png",300,150,false],"gform-image-choice-md":["https:\/\/www.anika-net.de\/wp-content\/uploads\/2024\/02\/link.png",400,201,false],"gform-image-choice-lg":["https:\/\/www.anika-net.de\/wp-content\/uploads\/2024\/02\/link.png",600,301,false]},"post_excerpt_stackable_v2":"<p>Ate\u00adlier LiNK&nbsp;: Desi\u00adgn Thin\u00adking &amp;&nbsp;DEI Par\u00adti\u00adci\u00adpez \u00e0 un ate\u00adlier ins\u00adpi\u00adrant o\u00f9 la cr\u00e9a\u00adti\u00advi\u00adt\u00e9 ren\u00adcontre l\u2019inclusivit\u00e9&nbsp;!&nbsp;\ud83e\udd1d\ud83d\udca1 D\u00e9cou\u00advrez la puis\u00adsante syner\u00adgie du desi\u00adgn thin\u00adking et de la diver\u00adsi\u00adt\u00e9, de l\u2019\u00e9\u00adga\u00adli\u00adt\u00e9 et de l\u2019in\u00adclu\u00adsion, dans un ate\u00adlier ani\u00adm\u00e9 par la for\u00adma\u00adtrice exp\u00e9\u00adri\u00admen\u00adt\u00e9e Anne-C\u00e9cile Gra\u00adber qui vise \u00e0 rendre nos id\u00e9es plus inclu\u00adsives et inno\u00advantes.&nbsp;\ud83c\udf10 \ud83e\udd14\ud83d\udcac Que vous ayez une exp\u00e9\u00adrience pr\u00e9a\u00adlable du desi\u00adgn thin\u00adking ou que vous soyez sim\u00adple\u00adment curieux de l\u2019in\u00adter\u00adsec\u00adtion de la cr\u00e9a\u00adti\u00advi\u00adt\u00e9 et de l\u2019in\u00adclu\u00adsi\u00advi\u00adt\u00e9, cet ate\u00adlier s\u2019a\u00addresse \u00e0 vous et vous offre un espace pour appor\u00adter vos points de&nbsp;vue. \ud83d\udcc5 R\u00e9ser\u00advez la date et sai\u00adsis\u00adsez l\u2019oc\u00adca\u00adsion d\u2019\u00eatre pr\u00e9\u00adsent lorsque\u2026<\/p>\n","category_list_v2":"","author_info_v2":{"name":"Andrea Ramirez","url":"https:\/\/www.anika-net.de\/fr\/author\/andrea-ramirez\/"},"comments_num_v2":"0 commentaire","uagb_featured_image_src":{"full":["https:\/\/www.anika-net.de\/wp-content\/uploads\/2024\/02\/link.png",1536,770,false],"thumbnail":["https:\/\/www.anika-net.de\/wp-content\/uploads\/2024\/02\/link-150x150.png",150,150,true],"medium":["https:\/\/www.anika-net.de\/wp-content\/uploads\/2024\/02\/link-300x150.png",300,150,true],"medium_large":["https:\/\/www.anika-net.de\/wp-content\/uploads\/2024\/02\/link-768x385.png",640,321,true],"large":["https:\/\/www.anika-net.de\/wp-content\/uploads\/2024\/02\/link-1024x513.png",640,321,true],"1536x1536":["https:\/\/www.anika-net.de\/wp-content\/uploads\/2024\/02\/link.png",1536,770,false],"2048x2048":["https:\/\/www.anika-net.de\/wp-content\/uploads\/2024\/02\/link.png",1536,770,false],"event-overview":["https:\/\/www.anika-net.de\/wp-content\/uploads\/2024\/02\/link-960x640.png",960,640,true],"event-archive-thumb":["https:\/\/www.anika-net.de\/wp-content\/uploads\/2024\/02\/link-480x241.png",480,241,true],"grid-item-thumbnail":["https:\/\/www.anika-net.de\/wp-content\/uploads\/2024\/02\/link-360x200.png",360,200,true],"network-partner-icon":["https:\/\/www.anika-net.de\/wp-content\/uploads\/2024\/02\/link-100x100.png",100,100,true],"organiser-icon":["https:\/\/www.anika-net.de\/wp-content\/uploads\/2024\/02\/link-200x200.png",200,200,true],"gform-image-choice-sm":["https:\/\/www.anika-net.de\/wp-content\/uploads\/2024\/02\/link.png",300,150,false],"gform-image-choice-md":["https:\/\/www.anika-net.de\/wp-content\/uploads\/2024\/02\/link.png",400,201,false],"gform-image-choice-lg":["https:\/\/www.anika-net.de\/wp-content\/uploads\/2024\/02\/link.png",600,301,false]},"uagb_author_info":{"display_name":"Andrea Ramirez","author_link":"https:\/\/www.anika-net.de\/fr\/author\/andrea-ramirez\/"},"uagb_comment_info":0,"uagb_excerpt":"Ate\u00adlier LiNK&nbsp;: Desi\u00adgn Thin\u00adking &amp;&nbsp;DEI Par\u00adti\u00adci\u00adpez \u00e0 un ate\u00adlier ins\u00adpi\u00adrant o\u00f9 la cr\u00e9a\u00adti\u00advi\u00adt\u00e9 ren\u00adcontre l\u2019inclusivit\u00e9&nbsp;!&nbsp;\ud83e\udd1d\ud83d\udca1 D\u00e9cou\u00advrez la puis\u00adsante syner\u00adgie du desi\u00adgn thin\u00adking et de la diver\u00adsi\u00adt\u00e9, de l\u2019\u00e9\u00adga\u00adli\u00adt\u00e9 et de&nbsp;lire plus","_links":{"self":[{"href":"https:\/\/www.anika-net.de\/fr\/wp-json\/wp\/v2\/event\/46815","targetHints":{"allow":["GET"]}}],"collection":[{"href":"https:\/\/www.anika-net.de\/fr\/wp-json\/wp\/v2\/event"}],"about":[{"href":"https:\/\/www.anika-net.de\/fr\/wp-json\/wp\/v2\/types\/event"}],"author":[{"embeddable":true,"href":"https:\/\/www.anika-net.de\/fr\/wp-json\/wp\/v2\/users\/12"}],"version-history":[{"count":0,"href":"https:\/\/www.anika-net.de\/fr\/wp-json\/wp\/v2\/event\/46815\/revisions"}],"acf:post":[{"embeddable":true,"href":"https:\/\/www.anika-net.de\/fr\/wp-json\/wp\/v2\/organiser\/46781"}],"acf:term":[{"embeddable":true,"taxonomy":"event_category","href":"https:\/\/www.anika-net.de\/fr\/wp-json\/wp\/v2\/event_category\/49"}],"wp:featuredmedia":[{"embeddable":true,"href":"https:\/\/www.anika-net.de\/fr\/wp-json\/wp\/v2\/media\/46831"}],"wp:attachment":[{"href":"https:\/\/www.anika-net.de\/fr\/wp-json\/wp\/v2\/media?parent=46815"}],"curies":[{"name":"wp","href":"https:\/\/api.w.org\/{rel}","templated":true}]}}