{"id":46647,"date":"2024-01-30T12:43:29","date_gmt":"2024-01-30T11:43:29","guid":{"rendered":"https:\/\/www.anika-net.de\/event\/festival-des-droits-de-lenfant-2024\/"},"modified":"2024-01-30T12:43:29","modified_gmt":"2024-01-30T11:43:29","slug":"festival-des-droits-de-lenfant-2024","status":"publish","type":"event","link":"https:\/\/www.anika-net.de\/fr\/event\/festival-des-droits-de-lenfant-2024\/","title":{"rendered":"Fes\u00adti\u00adval des droits de l\u2019en\u00adfant&nbsp;2024"},"content":{"rendered":"<h1><span style=\"color: #800080;\">Fes\u00adti\u00adval des droits de l\u2019en\u00adfant&nbsp;2024<\/span><\/h1>\n<p>\u00ab&nbsp;Le <strong> droit des enfants \u00e0 \u00eatre des enfants<\/strong>&nbsp;\u00bb est la devise de la 17e \u00e9di\u00adtion de la Kin\u00adder\u00adRech\u00adte\u00adFest. De 14 \u00e0 18 heures, le TOLLHAUS se trans\u00adfor\u00adme\u00adra en un mar\u00adch\u00e9 colo\u00adr\u00e9 pour les enfants et leurs droits. Outre le comi\u00adt\u00e9 muni\u00adci\u00adpal de la jeu\u00adnesse, l\u2019as\u00adso\u00adcia\u00adtion de pro\u00adtec\u00adtion de l\u2019en\u00adfance et le bureau muni\u00adci\u00adpal de l\u2019en\u00adfance, de nom\u00adbreuses autres orga\u00adni\u00adsa\u00adtions de la ville et du dis\u00adtrict de Karls\u00adruhe seront pr\u00e9\u00adsentes pour d\u00e9fendre les enfants et leurs droits et les mettre sur le devant de la sc\u00e8ne. Il y aura de nom\u00adbreuses acti\u00advi\u00adt\u00e9s pra\u00adtiques et des acti\u00advi\u00adt\u00e9s autour du Mobi\u00adbus, un pro\u00adgramme sur une petite sc\u00e8ne, un d\u00e9li\u00adcieux buf\u00adfet de g\u00e2teaux et de col\u00adla\u00adtions ain\u00adsi que divers stands d\u2019in\u00adfor\u00adma\u00adtion et la pos\u00adsi\u00adbi\u00adli\u00adt\u00e9 de par\u00adler des droits de l\u2019enfant.<\/p>\n<p>Les droits de l\u2019en\u00adfant sont ins\u00adcrits dans la Conven\u00adtion des Nations unies rela\u00adtive aux droits de l\u2019en\u00adfant, qui a \u00e9t\u00e9 adop\u00adt\u00e9e par l\u2019As\u00adsem\u00adbl\u00e9e g\u00e9n\u00e9\u00adrale des Nations unies le 20 novembre 1989 et qui c\u00e9l\u00e8bre cette ann\u00e9e son 35e anniversaire.<br>\nLes orga\u00adni\u00adsa\u00adteurs (Stadt\u00adju\u00adgen\u00addaus\u00adschuss e.V., Kin\u00adder\u00adschutz\u00adbund, Stad\u00adtisches Kin\u00adderb\u00fc\u00adro et TOLLHAUS) s\u2019en\u00adgagent \u00e0 veiller \u00e0 ce que les droits de l\u2019en\u00adfant soient res\u00adpec\u00adt\u00e9s dans la vie quo\u00adti\u00addienne. Ils vous invitent donc \u00e0 un apr\u00e8s-midi haut en cou\u00adleur qui sen\u00adsi\u00adbi\u00adlise les enfants et les adultes aux droits de l\u2019en\u00adfant et les incite \u00e0 les d\u00e9fendre.<\/p>\n","protected":false},"author":12,"featured_media":46630,"template":"","class_list":["post-46647","event","type-event","status-publish","has-post-thumbnail","hentry","event_category-loisirs"],"acf":{"event-recurring":false,"event-category":50,"event-is-language-course":false,"event-recurring-still-active":true,"event-display-details":true,"event-schedules-recurring":null,"event-schedules-calendar":[{"event-calendar-day":"20240317","event-calendar-time":"14:00 - 18:00","event-calendar-time-text":""}],"event-is-online":false,"event-online-url":"","event-location-building":"Tollhaus","event-location-street":"Alter Schlachthof 35","event-location-zip":"76131","event-location-city":"Karlsruhe","event-location-contact-person":"","event-location-phone":"","event-location-phone-2":"","event-location-mail":"","event-location-mail-2":"","event-location-website":"https:\/\/www.tollhaus.de\/de\/data\/termin\/4182\/kinderrechtefest-2024.html","event-target-group":[{"target-group":"children"},{"target-group":"families"}],"event-target-group-comment":"","event-free":true,"event-organiser":[13627,11305,42765,46610],"event-header-copyright-overlay":true,"event-copyright-note-description-end":false},"featured_image_urls_v2":{"full":["https:\/\/www.anika-net.de\/wp-content\/uploads\/2024\/01\/children-rights-scaled.jpg",2560,1763,false],"thumbnail":["https:\/\/www.anika-net.de\/wp-content\/uploads\/2024\/01\/children-rights-150x150.jpg",150,150,true],"medium":["https:\/\/www.anika-net.de\/wp-content\/uploads\/2024\/01\/children-rights-300x207.jpg",300,207,true],"medium_large":["https:\/\/www.anika-net.de\/wp-content\/uploads\/2024\/01\/children-rights-768x529.jpg",640,441,true],"large":["https:\/\/www.anika-net.de\/wp-content\/uploads\/2024\/01\/children-rights-1024x705.jpg",640,441,true],"1536x1536":["https:\/\/www.anika-net.de\/wp-content\/uploads\/2024\/01\/children-rights-1536x1058.jpg",1536,1058,true],"2048x2048":["https:\/\/www.anika-net.de\/wp-content\/uploads\/2024\/01\/children-rights-2048x1410.jpg",2048,1410,true],"event-overview":["https:\/\/www.anika-net.de\/wp-content\/uploads\/2024\/01\/children-rights-960x640.jpg",960,640,true],"event-archive-thumb":["https:\/\/www.anika-net.de\/wp-content\/uploads\/2024\/01\/children-rights-480x331.jpg",480,331,true],"grid-item-thumbnail":["https:\/\/www.anika-net.de\/wp-content\/uploads\/2024\/01\/children-rights-360x200.jpg",360,200,true],"network-partner-icon":["https:\/\/www.anika-net.de\/wp-content\/uploads\/2024\/01\/children-rights-100x100.jpg",100,100,true],"organiser-icon":["https:\/\/www.anika-net.de\/wp-content\/uploads\/2024\/01\/children-rights-200x200.jpg",200,200,true],"gform-image-choice-sm":["https:\/\/www.anika-net.de\/wp-content\/uploads\/2024\/01\/children-rights-scaled.jpg",300,207,false],"gform-image-choice-md":["https:\/\/www.anika-net.de\/wp-content\/uploads\/2024\/01\/children-rights-scaled.jpg",400,275,false],"gform-image-choice-lg":["https:\/\/www.anika-net.de\/wp-content\/uploads\/2024\/01\/children-rights-scaled.jpg",600,413,false]},"post_excerpt_stackable_v2":"<p>Fes\u00adti\u00adval des droits de l\u2019en\u00adfant&nbsp;2024 \u00ab&nbsp;Le droit des enfants \u00e0 \u00eatre des enfants&nbsp;\u00bb est la devise de la 17e \u00e9di\u00adtion de la Kin\u00adder\u00adRech\u00adte\u00adFest. De 14 \u00e0 18 heures, le TOLLHAUS se trans\u00adfor\u00adme\u00adra en un mar\u00adch\u00e9 colo\u00adr\u00e9 pour les enfants et leurs droits. Outre le comi\u00adt\u00e9 muni\u00adci\u00adpal de la jeu\u00adnesse, l\u2019as\u00adso\u00adcia\u00adtion de pro\u00adtec\u00adtion de l\u2019en\u00adfance et le bureau muni\u00adci\u00adpal de l\u2019en\u00adfance, de nom\u00adbreuses autres orga\u00adni\u00adsa\u00adtions de la ville et du dis\u00adtrict de Karls\u00adruhe seront pr\u00e9\u00adsentes pour d\u00e9fendre les enfants et leurs droits et les mettre sur le devant de la sc\u00e8ne. Il y aura de nom\u00adbreuses acti\u00advi\u00adt\u00e9s pra\u00adtiques et des activit\u00e9s\u2026<\/p>\n","category_list_v2":"","author_info_v2":{"name":"Andrea Ramirez","url":"https:\/\/www.anika-net.de\/fr\/author\/andrea-ramirez\/"},"comments_num_v2":"0 commentaire","uagb_featured_image_src":{"full":["https:\/\/www.anika-net.de\/wp-content\/uploads\/2024\/01\/children-rights-scaled.jpg",2560,1763,false],"thumbnail":["https:\/\/www.anika-net.de\/wp-content\/uploads\/2024\/01\/children-rights-150x150.jpg",150,150,true],"medium":["https:\/\/www.anika-net.de\/wp-content\/uploads\/2024\/01\/children-rights-300x207.jpg",300,207,true],"medium_large":["https:\/\/www.anika-net.de\/wp-content\/uploads\/2024\/01\/children-rights-768x529.jpg",640,441,true],"large":["https:\/\/www.anika-net.de\/wp-content\/uploads\/2024\/01\/children-rights-1024x705.jpg",640,441,true],"1536x1536":["https:\/\/www.anika-net.de\/wp-content\/uploads\/2024\/01\/children-rights-1536x1058.jpg",1536,1058,true],"2048x2048":["https:\/\/www.anika-net.de\/wp-content\/uploads\/2024\/01\/children-rights-2048x1410.jpg",2048,1410,true],"event-overview":["https:\/\/www.anika-net.de\/wp-content\/uploads\/2024\/01\/children-rights-960x640.jpg",960,640,true],"event-archive-thumb":["https:\/\/www.anika-net.de\/wp-content\/uploads\/2024\/01\/children-rights-480x331.jpg",480,331,true],"grid-item-thumbnail":["https:\/\/www.anika-net.de\/wp-content\/uploads\/2024\/01\/children-rights-360x200.jpg",360,200,true],"network-partner-icon":["https:\/\/www.anika-net.de\/wp-content\/uploads\/2024\/01\/children-rights-100x100.jpg",100,100,true],"organiser-icon":["https:\/\/www.anika-net.de\/wp-content\/uploads\/2024\/01\/children-rights-200x200.jpg",200,200,true],"gform-image-choice-sm":["https:\/\/www.anika-net.de\/wp-content\/uploads\/2024\/01\/children-rights-scaled.jpg",300,207,false],"gform-image-choice-md":["https:\/\/www.anika-net.de\/wp-content\/uploads\/2024\/01\/children-rights-scaled.jpg",400,275,false],"gform-image-choice-lg":["https:\/\/www.anika-net.de\/wp-content\/uploads\/2024\/01\/children-rights-scaled.jpg",600,413,false]},"uagb_author_info":{"display_name":"Andrea Ramirez","author_link":"https:\/\/www.anika-net.de\/fr\/author\/andrea-ramirez\/"},"uagb_comment_info":0,"uagb_excerpt":"Fes\u00adti\u00adval des droits de l\u2019en\u00adfant&nbsp;2024 \u00ab&nbsp;Le droit des enfants \u00e0 \u00eatre des enfants&nbsp;\u00bb est la devise de la 17e \u00e9di\u00adtion de la Kin\u00adder\u00adRech\u00adte\u00adFest. De 14 \u00e0 18 heures, le TOLLHAUS&nbsp;lire plus","_links":{"self":[{"href":"https:\/\/www.anika-net.de\/fr\/wp-json\/wp\/v2\/event\/46647","targetHints":{"allow":["GET"]}}],"collection":[{"href":"https:\/\/www.anika-net.de\/fr\/wp-json\/wp\/v2\/event"}],"about":[{"href":"https:\/\/www.anika-net.de\/fr\/wp-json\/wp\/v2\/types\/event"}],"author":[{"embeddable":true,"href":"https:\/\/www.anika-net.de\/fr\/wp-json\/wp\/v2\/users\/12"}],"version-history":[{"count":0,"href":"https:\/\/www.anika-net.de\/fr\/wp-json\/wp\/v2\/event\/46647\/revisions"}],"acf:post":[{"embeddable":true,"href":"https:\/\/www.anika-net.de\/fr\/wp-json\/wp\/v2\/organiser\/46610"},{"embeddable":true,"href":"https:\/\/www.anika-net.de\/fr\/wp-json\/wp\/v2\/organiser\/42765"},{"embeddable":true,"href":"https:\/\/www.anika-net.de\/fr\/wp-json\/wp\/v2\/organiser\/11305"},{"embeddable":true,"href":"https:\/\/www.anika-net.de\/fr\/wp-json\/wp\/v2\/organiser\/13627"}],"acf:term":[{"embeddable":true,"taxonomy":"event_category","href":"https:\/\/www.anika-net.de\/fr\/wp-json\/wp\/v2\/event_category\/50"}],"wp:featuredmedia":[{"embeddable":true,"href":"https:\/\/www.anika-net.de\/fr\/wp-json\/wp\/v2\/media\/46630"}],"wp:attachment":[{"href":"https:\/\/www.anika-net.de\/fr\/wp-json\/wp\/v2\/media?parent=46647"}],"curies":[{"name":"wp","href":"https:\/\/api.w.org\/{rel}","templated":true}]}}