{"id":46592,"date":"2024-01-29T17:38:49","date_gmt":"2024-01-29T16:38:49","guid":{"rendered":"https:\/\/www.anika-net.de\/event\/defile-du-carnaval-de-karlsruhe-2024\/"},"modified":"2024-01-29T17:38:49","modified_gmt":"2024-01-29T16:38:49","slug":"defile-du-carnaval-de-karlsruhe-2024","status":"publish","type":"event","link":"https:\/\/www.anika-net.de\/fr\/event\/defile-du-carnaval-de-karlsruhe-2024\/","title":{"rendered":"D\u00e9fi\u00adl\u00e9 du car\u00adna\u00adval de Karls\u00adruhe&nbsp;2024"},"content":{"rendered":"<h1><span style=\"color: #800080;\"><strong>D\u00e9fi\u00adl\u00e9 du car\u00adna\u00adval de Karls\u00adruhe&nbsp;2024<\/strong><\/span><\/h1>\n<p>Le cor\u00adt\u00e8ge du car\u00adna\u00adval se d\u00e9place dans les rues de Karls\u00adruhe au son de la musique et d\u2019une agi\u00adta\u00adtion colo\u00adr\u00e9e. Le d\u00e9fi\u00adl\u00e9 se ter\u00admine par le \u00ab&nbsp;Keh\u00adraus&nbsp;\u00bb et les fun\u00e9\u00adrailles du car\u00adna\u00adval devant l\u2019h\u00f4\u00adtel de&nbsp;ville.<\/p>\n<p><strong>Iti\u00adn\u00e9\u00adraire&nbsp;:<\/strong> Her\u00admann-Billing-Stra\u00dfe \u2013 Beier\u00adthei\u00admer Allee \u2013 Mathys\u00adtra\u00dfe \u2013 Karl\u00adstra\u00dfe \u2013 Kai\u00adsers\u00adtra\u00dfe \u2013 Markt\u00adplatz \u2013 Rondellplatz<\/p>\n<p><strong>F\u00eate&nbsp;:<\/strong> Apr\u00e8s le d\u00e9fi\u00adl\u00e9, les par\u00adti\u00adci\u00adpants orga\u00adnisent un pro\u00adgramme sc\u00e9\u00adnique sur la place du mar\u00adch\u00e9 avec toutes sortes de spec\u00adtacles de danse, de la musique et la tra\u00addi\u00adtion\u00adnelle remise des cl\u00e9s au maire. En outre, des prix sont d\u00e9cer\u00adn\u00e9s aux meilleurs groupes de pi\u00e9\u00adtons et de chars, et le car\u00adna\u00adval de Karls\u00adruhe est enter\u00adr\u00e9 vers 18 h&nbsp;11.<\/p>\n","protected":false},"author":12,"featured_media":46577,"template":"","class_list":["post-46592","event","type-event","status-publish","has-post-thumbnail","hentry","event_category-loisirs"],"acf":{"event-recurring":false,"event-category":50,"event-is-language-course":false,"event-recurring-still-active":true,"event-display-details":true,"event-schedules-recurring":null,"event-schedules-calendar":[{"event-calendar-day":"20240213","event-calendar-time":"14:11 - 18:11","event-calendar-time-text":""}],"event-is-online":false,"event-online-url":"","event-location-building":"","event-location-street":"City center","event-location-zip":"","event-location-city":"Karlsruhe","event-location-contact-person":"","event-location-phone":"","event-location-phone-2":"","event-location-mail":"","event-location-mail-2":"","event-location-website":"","event-target-group":[{"target-group":"all"}],"event-target-group-comment":"","event-free":true,"event-organiser":[11477],"event-header-copyright-overlay":true,"event-copyright-note-description-end":false},"featured_image_urls_v2":{"full":["https:\/\/www.anika-net.de\/wp-content\/uploads\/2024\/01\/fasching-KA.jpg",945,703,false],"thumbnail":["https:\/\/www.anika-net.de\/wp-content\/uploads\/2024\/01\/fasching-KA-150x150.jpg",150,150,true],"medium":["https:\/\/www.anika-net.de\/wp-content\/uploads\/2024\/01\/fasching-KA-300x223.jpg",300,223,true],"medium_large":["https:\/\/www.anika-net.de\/wp-content\/uploads\/2024\/01\/fasching-KA-768x571.jpg",640,476,true],"large":["https:\/\/www.anika-net.de\/wp-content\/uploads\/2024\/01\/fasching-KA.jpg",640,476,false],"1536x1536":["https:\/\/www.anika-net.de\/wp-content\/uploads\/2024\/01\/fasching-KA.jpg",945,703,false],"2048x2048":["https:\/\/www.anika-net.de\/wp-content\/uploads\/2024\/01\/fasching-KA.jpg",945,703,false],"event-overview":["https:\/\/www.anika-net.de\/wp-content\/uploads\/2024\/01\/fasching-KA-945x640.jpg",945,640,true],"event-archive-thumb":["https:\/\/www.anika-net.de\/wp-content\/uploads\/2024\/01\/fasching-KA-480x357.jpg",480,357,true],"grid-item-thumbnail":["https:\/\/www.anika-net.de\/wp-content\/uploads\/2024\/01\/fasching-KA-360x200.jpg",360,200,true],"network-partner-icon":["https:\/\/www.anika-net.de\/wp-content\/uploads\/2024\/01\/fasching-KA-100x100.jpg",100,100,true],"organiser-icon":["https:\/\/www.anika-net.de\/wp-content\/uploads\/2024\/01\/fasching-KA-200x200.jpg",200,200,true],"gform-image-choice-sm":["https:\/\/www.anika-net.de\/wp-content\/uploads\/2024\/01\/fasching-KA.jpg",300,223,false],"gform-image-choice-md":["https:\/\/www.anika-net.de\/wp-content\/uploads\/2024\/01\/fasching-KA.jpg",400,298,false],"gform-image-choice-lg":["https:\/\/www.anika-net.de\/wp-content\/uploads\/2024\/01\/fasching-KA.jpg",600,446,false]},"post_excerpt_stackable_v2":"<p>D\u00e9fi\u00adl\u00e9 du car\u00adna\u00adval de Karls\u00adruhe&nbsp;2024 Le cor\u00adt\u00e8ge du car\u00adna\u00adval se d\u00e9place dans les rues de Karls\u00adruhe au son de la musique et d\u2019une agi\u00adta\u00adtion colo\u00adr\u00e9e. Le d\u00e9fi\u00adl\u00e9 se ter\u00admine par le \u00ab&nbsp;Keh\u00adraus&nbsp;\u00bb et les fun\u00e9\u00adrailles du car\u00adna\u00adval devant l\u2019h\u00f4\u00adtel de&nbsp;ville. Iti\u00adn\u00e9\u00adraire&nbsp;: Her\u00ad\u00admann-Billing-Stra\u00dfe \u2013 Beier\u00adthei\u00admer Allee \u2013 Mathys\u00adtra\u00dfe \u2013 Karl\u00adstra\u00dfe \u2013 Kai\u00adsers\u00adtra\u00dfe \u2013 Markt\u00adplatz \u2013 Ron\u00addell\u00adplatz F\u00eate&nbsp;: Apr\u00e8s le d\u00e9fi\u00adl\u00e9, les par\u00adti\u00adci\u00adpants orga\u00adnisent un pro\u00adgramme sc\u00e9\u00adnique sur la place du mar\u00adch\u00e9 avec toutes sortes de spec\u00adtacles de danse, de la musique et la tra\u00addi\u00adtion\u00adnelle remise des cl\u00e9s au maire. En outre, des prix sont d\u00e9cer\u00adn\u00e9s aux meilleurs groupes de pi\u00e9\u00adtons&nbsp;et\u2026<\/p>\n","category_list_v2":"","author_info_v2":{"name":"Andrea Ramirez","url":"https:\/\/www.anika-net.de\/fr\/author\/andrea-ramirez\/"},"comments_num_v2":"0 commentaire","uagb_featured_image_src":{"full":["https:\/\/www.anika-net.de\/wp-content\/uploads\/2024\/01\/fasching-KA.jpg",945,703,false],"thumbnail":["https:\/\/www.anika-net.de\/wp-content\/uploads\/2024\/01\/fasching-KA-150x150.jpg",150,150,true],"medium":["https:\/\/www.anika-net.de\/wp-content\/uploads\/2024\/01\/fasching-KA-300x223.jpg",300,223,true],"medium_large":["https:\/\/www.anika-net.de\/wp-content\/uploads\/2024\/01\/fasching-KA-768x571.jpg",640,476,true],"large":["https:\/\/www.anika-net.de\/wp-content\/uploads\/2024\/01\/fasching-KA.jpg",640,476,false],"1536x1536":["https:\/\/www.anika-net.de\/wp-content\/uploads\/2024\/01\/fasching-KA.jpg",945,703,false],"2048x2048":["https:\/\/www.anika-net.de\/wp-content\/uploads\/2024\/01\/fasching-KA.jpg",945,703,false],"event-overview":["https:\/\/www.anika-net.de\/wp-content\/uploads\/2024\/01\/fasching-KA-945x640.jpg",945,640,true],"event-archive-thumb":["https:\/\/www.anika-net.de\/wp-content\/uploads\/2024\/01\/fasching-KA-480x357.jpg",480,357,true],"grid-item-thumbnail":["https:\/\/www.anika-net.de\/wp-content\/uploads\/2024\/01\/fasching-KA-360x200.jpg",360,200,true],"network-partner-icon":["https:\/\/www.anika-net.de\/wp-content\/uploads\/2024\/01\/fasching-KA-100x100.jpg",100,100,true],"organiser-icon":["https:\/\/www.anika-net.de\/wp-content\/uploads\/2024\/01\/fasching-KA-200x200.jpg",200,200,true],"gform-image-choice-sm":["https:\/\/www.anika-net.de\/wp-content\/uploads\/2024\/01\/fasching-KA.jpg",300,223,false],"gform-image-choice-md":["https:\/\/www.anika-net.de\/wp-content\/uploads\/2024\/01\/fasching-KA.jpg",400,298,false],"gform-image-choice-lg":["https:\/\/www.anika-net.de\/wp-content\/uploads\/2024\/01\/fasching-KA.jpg",600,446,false]},"uagb_author_info":{"display_name":"Andrea Ramirez","author_link":"https:\/\/www.anika-net.de\/fr\/author\/andrea-ramirez\/"},"uagb_comment_info":0,"uagb_excerpt":"D\u00e9fi\u00adl\u00e9 du car\u00adna\u00adval de Karls\u00adruhe&nbsp;2024 Le cor\u00adt\u00e8ge du car\u00adna\u00adval se d\u00e9place dans les rues de Karls\u00adruhe au son de la musique et d\u2019une agi\u00adta\u00adtion colo\u00adr\u00e9e. Le d\u00e9fi\u00adl\u00e9 se ter\u00admine par&nbsp;lire plus","_links":{"self":[{"href":"https:\/\/www.anika-net.de\/fr\/wp-json\/wp\/v2\/event\/46592","targetHints":{"allow":["GET"]}}],"collection":[{"href":"https:\/\/www.anika-net.de\/fr\/wp-json\/wp\/v2\/event"}],"about":[{"href":"https:\/\/www.anika-net.de\/fr\/wp-json\/wp\/v2\/types\/event"}],"author":[{"embeddable":true,"href":"https:\/\/www.anika-net.de\/fr\/wp-json\/wp\/v2\/users\/12"}],"version-history":[{"count":0,"href":"https:\/\/www.anika-net.de\/fr\/wp-json\/wp\/v2\/event\/46592\/revisions"}],"acf:post":[{"embeddable":true,"href":"https:\/\/www.anika-net.de\/fr\/wp-json\/wp\/v2\/organiser\/11477"}],"acf:term":[{"embeddable":true,"taxonomy":"event_category","href":"https:\/\/www.anika-net.de\/fr\/wp-json\/wp\/v2\/event_category\/50"}],"wp:featuredmedia":[{"embeddable":true,"href":"https:\/\/www.anika-net.de\/fr\/wp-json\/wp\/v2\/media\/46577"}],"wp:attachment":[{"href":"https:\/\/www.anika-net.de\/fr\/wp-json\/wp\/v2\/media?parent=46592"}],"curies":[{"name":"wp","href":"https:\/\/api.w.org\/{rel}","templated":true}]}}