{"id":4656,"date":"2017-05-18T12:18:34","date_gmt":"2017-05-18T10:18:34","guid":{"rendered":"https:\/\/www.anika-net.de\/?post_type=event&#038;p=4656"},"modified":"2026-01-07T13:14:48","modified_gmt":"2026-01-07T12:14:48","slug":"reconnaissance-des-qualifications-et-diplomes","status":"publish","type":"event","link":"https:\/\/www.anika-net.de\/fr\/event\/reconnaissance-des-qualifications-et-diplomes\/","title":{"rendered":"Recon\u00adnais\u00adsance des qua\u00adli\u00adfi\u00adca\u00adtions pro\u00adfes\u00adsion\u00adnelles \u00e9trang\u00e8res"},"content":{"rendered":"<blockquote>\n<h2><span style=\"color: #ffcc00;\"><em>Vous avez une qua\u00adli\u00adfi\u00adca\u00adtion pro\u00adfes\u00adsion\u00adnelle, un dipl\u00f4me de fin d\u2019\u00e9\u00adtudes ou un dipl\u00f4me \u00e9tran\u00adger&nbsp;?<br>Vous avez besoin d\u2019une recon\u00adnais\u00adsance de qua\u00adli\u00adfi\u00adca\u00adtions pro\u00adfes\u00adsion\u00adnelles \u00e9trang\u00e8res&nbsp;?<\/em><\/span><\/h2>\n<h3><span style=\"color: #666699;\"><em>Nous vous infor\u00adme\u00adrons des pos\u00adsi\u00adbi\u00adli\u00adt\u00e9s de recon\u00adnais\u00adsance de vos qua\u00adli\u00adfi\u00adca\u00adtions pro\u00adfes\u00adsion\u00adnelles ou aca\u00add\u00e9\u00admiques en Allemagne.<\/em><\/span><\/h3>\n<\/blockquote>\n<p>Le <strong>Centre pour les r\u00e9fu\u00adgi\u00e9s de Karls\u00adruhe<\/strong> four\u00adnit des conseils, une orien\u00adta\u00adtion et un sou\u00adtien sur la recon\u00adnais\u00adsance des qua\u00adli\u00adfi\u00adca\u00adtions sco\u00adlaires, pro\u00adfes\u00adsion\u00adnelles et pro\u00adfes\u00adsion\u00adnelles \u00e9tran\u00adg\u00e8res pour les r\u00e9fu\u00adgi\u00e9s dans la r\u00e9gion de Karls\u00adruhe, avec le sou\u00adtien du minis\u00adt\u00e8re des affaires sociales, de la san\u00adt\u00e9 et de l\u2019in\u00adt\u00e9\u00adgra\u00adtion. Il est finan\u00adc\u00e9 par des fonds publics approu\u00adv\u00e9s par le par\u00adle\u00adment de l\u2019\u00c9tat.&nbsp;<\/p>\n<p><span style=\"color: #800080;\"><strong>Nos ser\u00advices de conseil sont confi\u00adden\u00adtiels et gratuits&nbsp;!<\/strong><\/span><\/p>\n<p><span style=\"color: #008080;\"><strong>Notre groupe cible<\/strong>&nbsp;:<\/span><\/p>\n<ul>\n<li><strong>Les deman\u00addeurs d\u2019a\u00adsile et les r\u00e9fu\u00adgi\u00e9s<\/strong>, quel que soit leur sta\u00adtut de r\u00e9sident <span style=\"color: #808080;\">(d\u00e8s le d\u00e9but du s\u00e9jour)<\/span>.<\/li>\n<li><strong>Mul\u00adti\u00adpli\u00adca\u00adteurs et par\u00adte\u00adnaires de coop\u00e9\u00adra\u00adtion&nbsp;:<\/strong> y com\u00adpris les \u00e9ta\u00adblis\u00adse\u00adments d\u2019en\u00adsei\u00adgne\u00adment, les employ\u00e9s de l\u2019A\u00adgence f\u00e9d\u00e9\u00adrale pour l\u2019emploi et d\u2019autres per\u00adsonnes deman\u00addant des conseils.<\/li>\n<\/ul>\n<p><span style=\"color: #008080;\"><strong>Nos offres<\/strong>&nbsp;:<\/span><br>Nous conseillons les per\u00adsonnes r\u00e9si\u00addant dans les dis\u00adtricts urbains et ruraux de <strong>Karls\u00adruhe<\/strong>, Ras\u00adtatt, Baden-Baden, Pforz\u00adheim, Enz\u00adkreis, Calw et Freudenstadt.<\/p>\n<p>Nous conseillons sur les ques\u00adtions d\u2019in\u00adt\u00e9\u00adgra\u00adtion pro\u00adfes\u00adsion\u00adnelle, en par\u00adti\u00adcu\u00adlier sur la recon\u00adnais\u00adsance des qua\u00adli\u00adfi\u00adca\u00adtions \u00e9du\u00adca\u00adtives et pro\u00adfes\u00adsion\u00adnelles&nbsp;: D\u00e9ter\u00admi\u00adna\u00adtion des pro\u00adfes\u00adsions de r\u00e9f\u00e9\u00adrence, sou\u00adtien dans le pro\u00adces\u00adsus de recon\u00adnais\u00adsance, cla\u00adri\u00adfi\u00adca\u00adtion des pos\u00adsi\u00adbi\u00adli\u00adt\u00e9s de finan\u00adce\u00adment,&nbsp;etc.<\/p>\n<p><span style=\"color: #008080;\"><strong>\ud83d\udcd1 <\/strong><\/span><a href=\"https:\/\/www.dw-karlsruhe.de\/unsere-angebote\/migration-und-integration\/fachstelle-fuer-berufliche-integration-von-gefluechteten-beratungsstelle-zur-anerkennung-auslaendischer-berufsqualifikationen-3\/\" rel=\"noopener\"><span style=\"color: #008080;\"><strong>For\u00admu\u00adlaire de conseil en reconnaissance<\/strong><\/span><\/a><\/p>\n\n<p><strong><a href=\"https:\/\/www.anika-net.de\/wp-content\/uploads\/2026\/01\/Anerkennung-facstelle-Fluechtlinge_Nov_2025.pdf\">\ud83d\udcce D\u00e9pliant pour les per\u00adsonnes en qu\u00eate de conseils<\/a><\/strong><br><strong>\ud83d\udcce<\/strong> <strong><a href=\"https:\/\/www.anika-net.de\/wp-content\/uploads\/2026\/01\/Flyer-2_Kooperationspartner_Nov_2025.pdf\">Flyer pour les par\u00adte\u00adnaires de coop\u00e9ration<\/a><\/strong><\/p>\n\n<p><\/p>\n","protected":false},"author":12,"featured_media":55022,"template":"","class_list":["post-4656","event","type-event","status-publish","has-post-thumbnail","hentry","event_category-work"],"acf":{"event-recurring":true,"event-category":51,"event-is-language-course":false,"event-recurring-still-active":true,"event-display-details":true,"event-schedules-recurring":null,"event-schedules-calendar":null,"event-is-online":false,"event-online-url":"https:\/\/www.dw-karlsruhe.de","event-location-building":"Diakonisches Werk Karlsruhe ","event-location-street":"Karlstra\u00dfe 56 - Haltestelle: Karlstor\/Bundesgerichtshof and Mathystra\u00dfe - 7th floor, room 7.04","event-location-zip":"76133","event-location-city":"Karlsruhe","event-location-contact-person":"Elli Reichert \/ Dominique Kirchg\u00e4ssner \/ Angela Markevich","event-location-phone":"Frau Reichert: 0721 20397 133 \/ Frau Kirchg\u00e4ssner: 0721 20397 203 ","event-location-phone-2":"Frau Markevich: 0721 20397 204","event-location-mail":"anerkennungsberatung@dw-karlsruhe.de","event-location-mail-2":"","event-location-website":"https:\/\/shorturl.at\/cwF07","event-target-group":[{"target-group":"all"}],"event-target-group-comment":"Demandeurs d'asile et r\u00e9fugi\u00e9s, quel que soit leur statut de r\u00e9sidence","event-free":true,"event-organiser":[11473,11346,55034],"event-header-copyright-overlay":true,"event-copyright-note-description-end":true},"featured_image_urls_v2":{"full":["https:\/\/www.anika-net.de\/wp-content\/uploads\/2017\/05\/Logo-FF.jpg",1682,528,false],"thumbnail":["https:\/\/www.anika-net.de\/wp-content\/uploads\/2017\/05\/Logo-FF-150x150.jpg",150,150,true],"medium":["https:\/\/www.anika-net.de\/wp-content\/uploads\/2017\/05\/Logo-FF-300x94.jpg",300,94,true],"medium_large":["https:\/\/www.anika-net.de\/wp-content\/uploads\/2017\/05\/Logo-FF-768x241.jpg",640,201,true],"large":["https:\/\/www.anika-net.de\/wp-content\/uploads\/2017\/05\/Logo-FF-1024x321.jpg",640,201,true],"1536x1536":["https:\/\/www.anika-net.de\/wp-content\/uploads\/2017\/05\/Logo-FF-1536x482.jpg",1536,482,true],"2048x2048":["https:\/\/www.anika-net.de\/wp-content\/uploads\/2017\/05\/Logo-FF.jpg",1682,528,false],"event-overview":["https:\/\/www.anika-net.de\/wp-content\/uploads\/2017\/05\/Logo-FF-960x528.jpg",960,528,true],"event-archive-thumb":["https:\/\/www.anika-net.de\/wp-content\/uploads\/2017\/05\/Logo-FF-480x151.jpg",480,151,true],"grid-item-thumbnail":["https:\/\/www.anika-net.de\/wp-content\/uploads\/2017\/05\/Logo-FF-360x200.jpg",360,200,true],"network-partner-icon":["https:\/\/www.anika-net.de\/wp-content\/uploads\/2017\/05\/Logo-FF-100x100.jpg",100,100,true],"organiser-icon":["https:\/\/www.anika-net.de\/wp-content\/uploads\/2017\/05\/Logo-FF-200x200.jpg",200,200,true],"gform-image-choice-sm":["https:\/\/www.anika-net.de\/wp-content\/uploads\/2017\/05\/Logo-FF.jpg",300,94,false],"gform-image-choice-md":["https:\/\/www.anika-net.de\/wp-content\/uploads\/2017\/05\/Logo-FF.jpg",400,126,false],"gform-image-choice-lg":["https:\/\/www.anika-net.de\/wp-content\/uploads\/2017\/05\/Logo-FF.jpg",600,188,false]},"post_excerpt_stackable_v2":"<p>Vous avez une qua\u00adli\u00adfi\u00adca\u00adtion pro\u00adfes\u00adsion\u00adnelle, un dipl\u00f4me de fin d\u2019\u00e9\u00adtudes ou un dipl\u00f4me \u00e9tran\u00adger&nbsp;?Vous avez besoin d\u2019une recon\u00adnais\u00adsance de qua\u00adli\u00adfi\u00adca\u00adtions pro\u00adfes\u00adsion\u00adnelles \u00e9tran\u00adg\u00e8res&nbsp;? Nous vous infor\u00adme\u00adrons des pos\u00adsi\u00adbi\u00adli\u00adt\u00e9s de recon\u00adnais\u00adsance de vos qua\u00adli\u00adfi\u00adca\u00adtions pro\u00adfes\u00adsion\u00adnelles ou aca\u00add\u00e9\u00admiques en Alle\u00admagne. Le Centre pour les r\u00e9fu\u00adgi\u00e9s de Karls\u00adruhe four\u00adnit des conseils, une orien\u00adta\u00adtion et un sou\u00adtien sur la recon\u00adnais\u00adsance des qua\u00adli\u00adfi\u00adca\u00adtions sco\u00adlaires, pro\u00adfes\u00adsion\u00adnelles et pro\u00adfes\u00adsion\u00adnelles \u00e9tran\u00adg\u00e8res pour les r\u00e9fu\u00adgi\u00e9s dans la r\u00e9gion de Karls\u00adruhe, avec le sou\u00adtien du minis\u00adt\u00e8re des affaires sociales, de la san\u00adt\u00e9 et de l\u2019in\u00adt\u00e9\u00adgra\u00adtion. Il est finan\u00adc\u00e9 par des fonds publics approu\u00adv\u00e9s par le par\u00adle\u00adment de l\u2019\u00c9tat.&nbsp; Nos ser\u00advices&nbsp;de\u2026<\/p>\n","category_list_v2":"","author_info_v2":{"name":"Andrea Ramirez","url":"https:\/\/www.anika-net.de\/fr\/author\/andrea-ramirez\/"},"comments_num_v2":"0 commentaire","uagb_featured_image_src":{"full":["https:\/\/www.anika-net.de\/wp-content\/uploads\/2017\/05\/Logo-FF.jpg",1682,528,false],"thumbnail":["https:\/\/www.anika-net.de\/wp-content\/uploads\/2017\/05\/Logo-FF-150x150.jpg",150,150,true],"medium":["https:\/\/www.anika-net.de\/wp-content\/uploads\/2017\/05\/Logo-FF-300x94.jpg",300,94,true],"medium_large":["https:\/\/www.anika-net.de\/wp-content\/uploads\/2017\/05\/Logo-FF-768x241.jpg",640,201,true],"large":["https:\/\/www.anika-net.de\/wp-content\/uploads\/2017\/05\/Logo-FF-1024x321.jpg",640,201,true],"1536x1536":["https:\/\/www.anika-net.de\/wp-content\/uploads\/2017\/05\/Logo-FF-1536x482.jpg",1536,482,true],"2048x2048":["https:\/\/www.anika-net.de\/wp-content\/uploads\/2017\/05\/Logo-FF.jpg",1682,528,false],"event-overview":["https:\/\/www.anika-net.de\/wp-content\/uploads\/2017\/05\/Logo-FF-960x528.jpg",960,528,true],"event-archive-thumb":["https:\/\/www.anika-net.de\/wp-content\/uploads\/2017\/05\/Logo-FF-480x151.jpg",480,151,true],"grid-item-thumbnail":["https:\/\/www.anika-net.de\/wp-content\/uploads\/2017\/05\/Logo-FF-360x200.jpg",360,200,true],"network-partner-icon":["https:\/\/www.anika-net.de\/wp-content\/uploads\/2017\/05\/Logo-FF-100x100.jpg",100,100,true],"organiser-icon":["https:\/\/www.anika-net.de\/wp-content\/uploads\/2017\/05\/Logo-FF-200x200.jpg",200,200,true],"gform-image-choice-sm":["https:\/\/www.anika-net.de\/wp-content\/uploads\/2017\/05\/Logo-FF.jpg",300,94,false],"gform-image-choice-md":["https:\/\/www.anika-net.de\/wp-content\/uploads\/2017\/05\/Logo-FF.jpg",400,126,false],"gform-image-choice-lg":["https:\/\/www.anika-net.de\/wp-content\/uploads\/2017\/05\/Logo-FF.jpg",600,188,false]},"uagb_author_info":{"display_name":"Andrea Ramirez","author_link":"https:\/\/www.anika-net.de\/fr\/author\/andrea-ramirez\/"},"uagb_comment_info":0,"uagb_excerpt":"Vous avez une qua\u00adli\u00adfi\u00adca\u00adtion pro\u00adfes\u00adsion\u00adnelle, un dipl\u00f4me de fin d\u2019\u00e9\u00adtudes ou un dipl\u00f4me \u00e9tran\u00adger&nbsp;?Vous avez besoin d\u2019une recon\u00adnais\u00adsance de qua\u00adli\u00adfi\u00adca\u00adtions pro\u00adfes\u00adsion\u00adnelles \u00e9trang\u00e8res&nbsp;? Nous vous infor\u00adme\u00adrons des pos\u00adsi\u00adbi\u00adli\u00adt\u00e9s de recon\u00adnais\u00adsance de&nbsp;lire plus","_links":{"self":[{"href":"https:\/\/www.anika-net.de\/fr\/wp-json\/wp\/v2\/event\/4656","targetHints":{"allow":["GET"]}}],"collection":[{"href":"https:\/\/www.anika-net.de\/fr\/wp-json\/wp\/v2\/event"}],"about":[{"href":"https:\/\/www.anika-net.de\/fr\/wp-json\/wp\/v2\/types\/event"}],"author":[{"embeddable":true,"href":"https:\/\/www.anika-net.de\/fr\/wp-json\/wp\/v2\/users\/12"}],"version-history":[{"count":2,"href":"https:\/\/www.anika-net.de\/fr\/wp-json\/wp\/v2\/event\/4656\/revisions"}],"predecessor-version":[{"id":117863,"href":"https:\/\/www.anika-net.de\/fr\/wp-json\/wp\/v2\/event\/4656\/revisions\/117863"}],"acf:post":[{"embeddable":true,"href":"https:\/\/www.anika-net.de\/fr\/wp-json\/wp\/v2\/organiser\/55034"},{"embeddable":true,"href":"https:\/\/www.anika-net.de\/fr\/wp-json\/wp\/v2\/organiser\/11346"},{"embeddable":true,"href":"https:\/\/www.anika-net.de\/fr\/wp-json\/wp\/v2\/organiser\/11473"}],"acf:term":[{"embeddable":true,"taxonomy":"event_category","href":"https:\/\/www.anika-net.de\/fr\/wp-json\/wp\/v2\/event_category\/51"}],"wp:featuredmedia":[{"embeddable":true,"href":"https:\/\/www.anika-net.de\/fr\/wp-json\/wp\/v2\/media\/55022"}],"wp:attachment":[{"href":"https:\/\/www.anika-net.de\/fr\/wp-json\/wp\/v2\/media?parent=4656"}],"curies":[{"name":"wp","href":"https:\/\/api.w.org\/{rel}","templated":true}]}}