{"id":46255,"date":"2024-01-10T14:10:38","date_gmt":"2024-01-10T13:10:38","guid":{"rendered":"https:\/\/www.anika-net.de\/event\/le-prix-karlsruhe-integration-award-2024-a-ete-annonce\/"},"modified":"2024-01-10T14:10:38","modified_gmt":"2024-01-10T13:10:38","slug":"le-prix-karlsruhe-integration-award-2024-a-ete-annonce","status":"publish","type":"event","link":"https:\/\/www.anika-net.de\/fr\/event\/le-prix-karlsruhe-integration-award-2024-a-ete-annonce\/","title":{"rendered":"Le prix Karls\u00adruhe Inte\u00adgra\u00adtion Award 2024 a \u00e9t\u00e9 annonc\u00e9&nbsp;!"},"content":{"rendered":"<h2><span style=\"color: #008080;\">Le prix Karls\u00adruhe Inte\u00adgra\u00adtion Award 2024 a \u00e9t\u00e9 annonc\u00e9&nbsp;!<\/span><\/h2>\n<blockquote><p><em>Les can\u00addi\u00adda\u00adtures peuvent \u00eatre sou\u00admises jus\u00adqu\u2019au 18.2.2024.<\/em><\/p><\/blockquote>\n<p>Le prix de l\u2019in\u00adt\u00e9\u00adgra\u00adtion de Karls\u00adruhe vise \u00e0 don\u00adner l\u2019exemple de l\u2019\u00e9\u00adga\u00adli\u00adt\u00e9 des chances et de la par\u00adti\u00adci\u00adpa\u00adtion de toutes les per\u00adsonnes vivant \u00e0 Karls\u00adruhe et \u00e0 sur\u00admon\u00adter les pr\u00e9\u00adju\u00adg\u00e9s et le racisme.<br>\nLe prix est des\u00adti\u00adn\u00e9 \u00e0 r\u00e9com\u00adpen\u00adser les per\u00adsonnes, les orga\u00adni\u00adsa\u00adtions et les entre\u00adprises qui se sont dis\u00adtin\u00adgu\u00e9es par leur enga\u00adge\u00adment en faveur de la coexis\u00adtence des per\u00adsonnes avec et sans ant\u00e9\u00adc\u00e9\u00addents migratoires.<\/p>\n<p><strong>Condi\u00adtions g\u00e9n\u00e9\u00adrales d\u2019utilisation<\/strong><\/p>\n<p>1. Les par\u00adti\u00adcu\u00adliers ain\u00adsi que les asso\u00adcia\u00adtions, les entre\u00adprises et les orga\u00adni\u00adsa\u00adtions peuvent poser leur can\u00addi\u00adda\u00adture. Il est \u00e9ga\u00adle\u00adment pos\u00adsible de sou\u00admettre des pro\u00adpo\u00adsi\u00adtions pour des&nbsp;tiers.<br>\n2. Les acti\u00advi\u00adt\u00e9s doivent \u00eatre exem\u00adplaires et aller au-del\u00e0 de l\u2019\u00e9\u00advi\u00addence. Ils doivent don\u00adner un exemple qui encou\u00adrage l\u2019imitation.<br>\n3. Les pro\u00adpo\u00adsi\u00adtions doivent \u00eatre sou\u00admises par \u00e9crit. Le for\u00admu\u00adlaire de can\u00addi\u00adda\u00adture est dis\u00adpo\u00adnible ici&nbsp;: https:\/\/www.ibz-karlsruhe. de\/wp-content\/u\u00adpload\u00ads\/2023\/11\/2024_ Proposal-Form.pdf<br>\n4. Le prix sera remis sous la forme d\u2019un cer\u00adti\u00adfi\u00adcat et sera d\u00e9cer\u00adn\u00e9 aux per\u00adsonnes phy\u00adsiques et aux asso\u00adcia\u00adtions et orga\u00adni\u00adsa\u00adtions sous la forme d\u2019un prix en esp\u00e8ces.<br>\n5. le conseil d\u2019ad\u00admi\u00adnis\u00adtra\u00adtion d\u00e9cide de l\u2019at\u00adtri\u00adbu\u00adtion du&nbsp;prix.<br>\n6. Les d\u00e9ci\u00adsions de rejet ne sont pas moti\u00adv\u00e9es. Tout recours juri\u00addique est&nbsp;exclu.<\/p>\n","protected":false},"author":12,"featured_media":46239,"template":"","class_list":["post-46255","event","type-event","status-publish","has-post-thumbnail","hentry","event_category-loisirs"],"acf":{"event-recurring":false,"event-category":50,"event-is-language-course":false,"event-recurring-still-active":true,"event-display-details":true,"event-schedules-recurring":null,"event-schedules-calendar":[{"event-calendar-day":"20240218","event-calendar-time":"","event-calendar-time-text":""}],"event-is-online":true,"event-online-url":"https:\/\/www.ibz-karlsruhe.de\/wp-content\/uploads\/2023\/12\/Ausschreibung-2024w-pdf.pdf","event-location-building":"","event-location-street":"","event-location-zip":"","event-location-city":"","event-location-contact-person":"","event-location-phone":"","event-location-phone-2":"","event-location-mail":"info@ibz-karlsruhe.de","event-location-mail-2":"","event-location-website":"https:\/\/www.ibz-karlsruhe.de\/","event-target-group":[{"target-group":"tous"}],"event-target-group-comment":"","event-free":true,"event-organiser":11462,"event-header-copyright-overlay":true,"event-copyright-note-description-end":false},"featured_image_urls_v2":{"full":["https:\/\/www.anika-net.de\/wp-content\/uploads\/2024\/01\/Integrationspreis.png",832,871,false],"thumbnail":["https:\/\/www.anika-net.de\/wp-content\/uploads\/2024\/01\/Integrationspreis-150x150.png",150,150,true],"medium":["https:\/\/www.anika-net.de\/wp-content\/uploads\/2024\/01\/Integrationspreis-287x300.png",287,300,true],"medium_large":["https:\/\/www.anika-net.de\/wp-content\/uploads\/2024\/01\/Integrationspreis-768x804.png",640,670,true],"large":["https:\/\/www.anika-net.de\/wp-content\/uploads\/2024\/01\/Integrationspreis.png",640,670,false],"1536x1536":["https:\/\/www.anika-net.de\/wp-content\/uploads\/2024\/01\/Integrationspreis.png",832,871,false],"2048x2048":["https:\/\/www.anika-net.de\/wp-content\/uploads\/2024\/01\/Integrationspreis.png",832,871,false],"event-overview":["https:\/\/www.anika-net.de\/wp-content\/uploads\/2024\/01\/Integrationspreis-832x640.png",832,640,true],"event-archive-thumb":["https:\/\/www.anika-net.de\/wp-content\/uploads\/2024\/01\/Integrationspreis-480x503.png",480,503,true],"grid-item-thumbnail":["https:\/\/www.anika-net.de\/wp-content\/uploads\/2024\/01\/Integrationspreis-360x200.png",360,200,true],"network-partner-icon":["https:\/\/www.anika-net.de\/wp-content\/uploads\/2024\/01\/Integrationspreis-100x100.png",100,100,true],"organiser-icon":["https:\/\/www.anika-net.de\/wp-content\/uploads\/2024\/01\/Integrationspreis-200x200.png",200,200,true],"gform-image-choice-sm":["https:\/\/www.anika-net.de\/wp-content\/uploads\/2024\/01\/Integrationspreis.png",287,300,false],"gform-image-choice-md":["https:\/\/www.anika-net.de\/wp-content\/uploads\/2024\/01\/Integrationspreis.png",382,400,false],"gform-image-choice-lg":["https:\/\/www.anika-net.de\/wp-content\/uploads\/2024\/01\/Integrationspreis.png",573,600,false]},"post_excerpt_stackable_v2":"<p>Le prix Karls\u00adruhe Inte\u00adgra\u00adtion Award 2024 a \u00e9t\u00e9 annon\u00adc\u00e9&nbsp;! Les can\u00addi\u00adda\u00adtures peuvent \u00eatre sou\u00admises jus\u00adqu\u2019au 18.2.2024. Le prix de l\u2019in\u00adt\u00e9\u00adgra\u00adtion de Karls\u00adruhe vise \u00e0 don\u00adner l\u2019exemple de l\u2019\u00e9\u00adga\u00adli\u00adt\u00e9 des chances et de la par\u00adti\u00adci\u00adpa\u00adtion de toutes les per\u00adsonnes vivant \u00e0 Karls\u00adruhe et \u00e0 sur\u00admon\u00adter les pr\u00e9\u00adju\u00adg\u00e9s et le racisme. Le prix est des\u00adti\u00adn\u00e9 \u00e0 r\u00e9com\u00adpen\u00adser les per\u00adsonnes, les orga\u00adni\u00adsa\u00adtions et les entre\u00adprises qui se sont dis\u00adtin\u00adgu\u00e9es par leur enga\u00adge\u00adment en faveur de la coexis\u00adtence des per\u00adsonnes avec et sans ant\u00e9\u00adc\u00e9\u00addents migra\u00adtoires. Condi\u00adtions g\u00e9n\u00e9\u00adrales d\u2019utilisation 1. Les par\u00adti\u00adcu\u00adliers ain\u00adsi que les asso\u00adcia\u00adtions, les entre\u00adprises et les orga\u00adni\u00adsa\u00adtions peuvent poser leur candidature.\u2026<\/p>\n","category_list_v2":"","author_info_v2":{"name":"Andrea Ramirez","url":"https:\/\/www.anika-net.de\/fr\/author\/andrea-ramirez\/"},"comments_num_v2":"0 commentaire","uagb_featured_image_src":{"full":["https:\/\/www.anika-net.de\/wp-content\/uploads\/2024\/01\/Integrationspreis.png",832,871,false],"thumbnail":["https:\/\/www.anika-net.de\/wp-content\/uploads\/2024\/01\/Integrationspreis-150x150.png",150,150,true],"medium":["https:\/\/www.anika-net.de\/wp-content\/uploads\/2024\/01\/Integrationspreis-287x300.png",287,300,true],"medium_large":["https:\/\/www.anika-net.de\/wp-content\/uploads\/2024\/01\/Integrationspreis-768x804.png",640,670,true],"large":["https:\/\/www.anika-net.de\/wp-content\/uploads\/2024\/01\/Integrationspreis.png",640,670,false],"1536x1536":["https:\/\/www.anika-net.de\/wp-content\/uploads\/2024\/01\/Integrationspreis.png",832,871,false],"2048x2048":["https:\/\/www.anika-net.de\/wp-content\/uploads\/2024\/01\/Integrationspreis.png",832,871,false],"event-overview":["https:\/\/www.anika-net.de\/wp-content\/uploads\/2024\/01\/Integrationspreis-832x640.png",832,640,true],"event-archive-thumb":["https:\/\/www.anika-net.de\/wp-content\/uploads\/2024\/01\/Integrationspreis-480x503.png",480,503,true],"grid-item-thumbnail":["https:\/\/www.anika-net.de\/wp-content\/uploads\/2024\/01\/Integrationspreis-360x200.png",360,200,true],"network-partner-icon":["https:\/\/www.anika-net.de\/wp-content\/uploads\/2024\/01\/Integrationspreis-100x100.png",100,100,true],"organiser-icon":["https:\/\/www.anika-net.de\/wp-content\/uploads\/2024\/01\/Integrationspreis-200x200.png",200,200,true],"gform-image-choice-sm":["https:\/\/www.anika-net.de\/wp-content\/uploads\/2024\/01\/Integrationspreis.png",287,300,false],"gform-image-choice-md":["https:\/\/www.anika-net.de\/wp-content\/uploads\/2024\/01\/Integrationspreis.png",382,400,false],"gform-image-choice-lg":["https:\/\/www.anika-net.de\/wp-content\/uploads\/2024\/01\/Integrationspreis.png",573,600,false]},"uagb_author_info":{"display_name":"Andrea Ramirez","author_link":"https:\/\/www.anika-net.de\/fr\/author\/andrea-ramirez\/"},"uagb_comment_info":0,"uagb_excerpt":"Le prix Karls\u00adruhe Inte\u00adgra\u00adtion Award 2024 a \u00e9t\u00e9 annonc\u00e9&nbsp;! Les can\u00addi\u00adda\u00adtures peuvent \u00eatre sou\u00admises jus\u00adqu\u2019au 18.2.2024. Le prix de l\u2019in\u00adt\u00e9\u00adgra\u00adtion de Karls\u00adruhe vise \u00e0 don\u00adner l\u2019exemple de l\u2019\u00e9\u00adga\u00adli\u00adt\u00e9 des chances&nbsp;lire plus","_links":{"self":[{"href":"https:\/\/www.anika-net.de\/fr\/wp-json\/wp\/v2\/event\/46255","targetHints":{"allow":["GET"]}}],"collection":[{"href":"https:\/\/www.anika-net.de\/fr\/wp-json\/wp\/v2\/event"}],"about":[{"href":"https:\/\/www.anika-net.de\/fr\/wp-json\/wp\/v2\/types\/event"}],"author":[{"embeddable":true,"href":"https:\/\/www.anika-net.de\/fr\/wp-json\/wp\/v2\/users\/12"}],"version-history":[{"count":0,"href":"https:\/\/www.anika-net.de\/fr\/wp-json\/wp\/v2\/event\/46255\/revisions"}],"acf:post":[{"embeddable":true,"href":"https:\/\/www.anika-net.de\/fr\/wp-json\/wp\/v2\/organiser\/11462"}],"acf:term":[{"embeddable":true,"taxonomy":"event_category","href":"https:\/\/www.anika-net.de\/fr\/wp-json\/wp\/v2\/event_category\/50"}],"wp:featuredmedia":[{"embeddable":true,"href":"https:\/\/www.anika-net.de\/fr\/wp-json\/wp\/v2\/media\/46239"}],"wp:attachment":[{"href":"https:\/\/www.anika-net.de\/fr\/wp-json\/wp\/v2\/media?parent=46255"}],"curies":[{"name":"wp","href":"https:\/\/api.w.org\/{rel}","templated":true}]}}