{"id":4618,"date":"2019-02-07T10:17:24","date_gmt":"2019-02-07T09:17:24","guid":{"rendered":"https:\/\/www.anika-net.de\/?post_type=event&#038;p=4618"},"modified":"2024-06-19T15:14:20","modified_gmt":"2024-06-19T13:14:20","slug":"reconnaissance-et-qualification-sante-et-soins","status":"publish","type":"event","link":"https:\/\/www.anika-net.de\/fr\/event\/reconnaissance-et-qualification-sante-et-soins\/","title":{"rendered":"Qua\u00adli\u00adfi\u00adca\u00adtions d\u2019a\u00addap\u00adta\u00adtion pour les pro\u00adfes\u00adsions de&nbsp;sant\u00e9"},"content":{"rendered":"<blockquote>\n<h3><span style=\"color: #ffcc00;\"><em>La recon\u00adnais\u00adsance signi\u00adfie qu\u2019une qua\u00adli\u00adfi\u00adca\u00adtion pro\u00adfes\u00adsion\u00adnelle \u00e9tran\u00adg\u00e8re est l\u00e9ga\u00adle\u00adment \u00e9qui\u00adva\u00adlente \u00e0 une qua\u00adli\u00adfi\u00adca\u00adtion pro\u00adfes\u00adsion\u00adnelle alle\u00admande. Lorsque les auto\u00adri\u00adt\u00e9s alle\u00admandes v\u00e9ri\u00adfient l\u2019\u00e9\u00adqui\u00adva\u00adlence de votre dipl\u00f4me, il s\u2019a\u00adgit d\u2019une \u00ab&nbsp;pro\u00adc\u00e9\u00addure de recon\u00adnais\u00adsance&nbsp;\u00bb ou d\u2019un \u00ab&nbsp;contr\u00f4le d\u2019\u00e9\u00adqui\u00adva\u00adlence&nbsp;\u00bb.<\/em> <\/span><\/h3>\n<\/blockquote>\n<h3><span style=\"color: #666699;\"><strong>Pro\u00adfes\u00adsions de&nbsp;sant\u00e9<\/strong><\/span><\/h3>\n<h2><span style=\"color: #008080;\">Qua\u00adli\u00adfi\u00adca\u00adtions d\u2019a\u00addap\u00adta\u00adtion pour les pro\u00adfes\u00adsions de&nbsp;sant\u00e9<\/span><\/h2>\n<p>Les pro\u00adfes\u00adsion\u00adnels de la san\u00adt\u00e9 for\u00adm\u00e9s dans des pays non membres de l\u2019UE b\u00e9n\u00e9\u00adfi\u00adcient g\u00e9n\u00e9\u00adra\u00adle\u00adment d\u2019une recon\u00adnais\u00adsance par\u00adtielle et doivent suivre une for\u00adma\u00adtion com\u00adpl\u00e9\u00admen\u00adtaire pour pou\u00advoir tra\u00advailler en tant que sp\u00e9\u00adcia\u00adlistes en Alle\u00admagne. La post-qua\u00adli\u00adfi\u00adca\u00adtion peut prendre la forme d\u2019un stage d\u2019a\u00addap\u00adta\u00adtion dans une cli\u00adnique de soins aigus ou d\u2019un test de connais\u00adsances. vide ter\u00adra conseille et accom\u00adpagne indi\u00advi\u00adduel\u00adle\u00adment les pro\u00adfes\u00adsion\u00adnels de san\u00adt\u00e9 et les cli\u00adniques inter\u00adna\u00adtio\u00adnales lors de leur post-qua\u00adli\u00adfi\u00adca\u00adtion dans le cadre de la pro\u00adc\u00e9\u00addure de reconnaissance.<\/p>\n<p>Notre offre s\u2019a\u00addresse \u00e0&nbsp;:<\/p>\n<h4>Pro\u00adfes\u00adsion\u00adnels de la&nbsp;sant\u00e9<\/h4>\n<ul>\n<li>Vous avez obte\u00adnu un dipl\u00f4me de pro\u00adfes\u00adsion\u00adnel de la san\u00adt\u00e9 \u00e0 l\u2019\u00e9\u00adtran\u00adger et vous sou\u00adhai\u00adtez tra\u00advailler dans le Bade-Wur\u00adtem\u00adberg dans la pro\u00adfes\u00adsion que vous avez apprise&nbsp;?<\/li>\n<li>Dis\u00adpo\u00adsez-vous d\u2019une recon\u00adnais\u00adsance par\u00adtielle du Conseil r\u00e9gio\u00adnal de Stuttgart&nbsp;?<\/li>\n<li>Vous cher\u00adchez un cours d\u2019a\u00addap\u00adta\u00adtion dans le Bade-Wurtemberg&nbsp;?<\/li>\n<\/ul>\n<p><strong>Cli\u00adniques<\/strong><\/p>\n<ul>\n<li>Sou\u00adhai\u00adtez-vous atti\u00adrer des pro\u00adfes\u00adsion\u00adnels de san\u00adt\u00e9 internationaux&nbsp;?<\/li>\n<li>Sou\u00adhai\u00adtez-vous pro\u00adpo\u00adser des cours d\u2019a\u00addap\u00adta\u00adtion dans votre clinique&nbsp;?<\/li>\n<li>Vous recher\u00adchez un sou\u00adtien \u00e0 la qua\u00adli\u00adfi\u00adca\u00adtion de vos pro\u00adfes\u00adsion\u00adnels internationaux&nbsp;?<\/li>\n<\/ul>\n<p><strong>\ud83d\udcce<\/strong> <a href=\"https:\/\/www.diakonie-baden.de\/fileadmin\/user_upload\/Dokumente\/Verband\/Migration_Flucht\/Vide_Terra\/vide-terra-flyer2023-web.pdf\" rel=\"noopener\"><strong>D\u00e9pliant<\/strong><\/a><\/p>\n<p><strong><span style=\"color: #008080;\">Exi\u00adgences&nbsp;:<\/span><\/strong><\/p>\n<ul>\n<li>For\u00adma\u00adtion com\u00adpl\u00e8te de pro\u00adfes\u00adsion\u00adnel de san\u00adt\u00e9 \u00e0 l\u2019\u00e9\u00adtran\u00adger recon\u00adnue par l\u2019\u00c9tat<\/li>\n<li>Noti\u00adfi\u00adca\u00adtion du Conseil r\u00e9gio\u00adnal de Stutt\u00adgart avec l\u2019exi\u00adgence d\u2019une post-qualification<\/li>\n<li>Cer\u00adti\u00adfi\u00adcat de langue B2 ou sup\u00e9rieur<\/li>\n<\/ul>\n","protected":false},"author":12,"featured_media":50454,"template":"","class_list":["post-4618","event","type-event","status-publish","has-post-thumbnail","hentry","event_category-counselling-assistance-services"],"acf":{"event-recurring":true,"event-category":48,"event-is-language-course":false,"event-recurring-still-active":true,"event-display-details":true,"event-schedules-recurring":null,"event-schedules-calendar":null,"event-is-online":false,"event-online-url":"","event-location-building":"vide terra - Diakonisches Werk Baden","event-location-street":"Vorholzstra\u00dfe 3","event-location-zip":"76137","event-location-city":"Karlsruhe","event-location-contact-person":"Dilek Gezer \/ Melanie Beulich","event-location-phone":"0170 8541807","event-location-phone-2":"0175 7637964","event-location-mail":"dgezer@diakonie-baden.de","event-location-mail-2":"mbeulich@diakonie-baden.de","event-location-website":"https:\/\/www.diakonie-baden.de\/verband\/migration-flucht\/vide-terra-uebersicht\/vide-terra-gesundheitsfachberufe","event-target-group":[{"target-group":""}],"event-target-group-comment":"Professionnels de sant\u00e9 internationaux b\u00e9n\u00e9ficiant d'une reconnaissance partielle","event-free":true,"event-organiser":[11346,50434],"event-header-copyright-overlay":true,"event-copyright-note-description-end":false},"featured_image_urls_v2":{"full":["https:\/\/www.anika-net.de\/wp-content\/uploads\/2019\/02\/vide-terra.jpg",1000,399,false],"thumbnail":["https:\/\/www.anika-net.de\/wp-content\/uploads\/2019\/02\/vide-terra-150x150.jpg",150,150,true],"medium":["https:\/\/www.anika-net.de\/wp-content\/uploads\/2019\/02\/vide-terra-300x120.jpg",300,120,true],"medium_large":["https:\/\/www.anika-net.de\/wp-content\/uploads\/2019\/02\/vide-terra-768x306.jpg",640,255,true],"large":["https:\/\/www.anika-net.de\/wp-content\/uploads\/2019\/02\/vide-terra.jpg",640,255,false],"1536x1536":["https:\/\/www.anika-net.de\/wp-content\/uploads\/2019\/02\/vide-terra.jpg",1000,399,false],"2048x2048":["https:\/\/www.anika-net.de\/wp-content\/uploads\/2019\/02\/vide-terra.jpg",1000,399,false],"event-overview":["https:\/\/www.anika-net.de\/wp-content\/uploads\/2019\/02\/vide-terra-960x399.jpg",960,399,true],"event-archive-thumb":["https:\/\/www.anika-net.de\/wp-content\/uploads\/2019\/02\/vide-terra-480x192.jpg",480,192,true],"grid-item-thumbnail":["https:\/\/www.anika-net.de\/wp-content\/uploads\/2019\/02\/vide-terra-360x200.jpg",360,200,true],"network-partner-icon":["https:\/\/www.anika-net.de\/wp-content\/uploads\/2019\/02\/vide-terra-100x100.jpg",100,100,true],"organiser-icon":["https:\/\/www.anika-net.de\/wp-content\/uploads\/2019\/02\/vide-terra-200x200.jpg",200,200,true],"gform-image-choice-sm":["https:\/\/www.anika-net.de\/wp-content\/uploads\/2019\/02\/vide-terra.jpg",300,120,false],"gform-image-choice-md":["https:\/\/www.anika-net.de\/wp-content\/uploads\/2019\/02\/vide-terra.jpg",400,160,false],"gform-image-choice-lg":["https:\/\/www.anika-net.de\/wp-content\/uploads\/2019\/02\/vide-terra.jpg",600,239,false]},"post_excerpt_stackable_v2":"<p>La recon\u00adnais\u00adsance signi\u00adfie qu\u2019une qua\u00adli\u00adfi\u00adca\u00adtion pro\u00adfes\u00adsion\u00adnelle \u00e9tran\u00adg\u00e8re est l\u00e9ga\u00adle\u00adment \u00e9qui\u00adva\u00adlente \u00e0 une qua\u00adli\u00adfi\u00adca\u00adtion pro\u00adfes\u00adsion\u00adnelle alle\u00admande. Lorsque les auto\u00adri\u00adt\u00e9s alle\u00admandes v\u00e9ri\u00adfient l\u2019\u00e9\u00adqui\u00adva\u00adlence de votre dipl\u00f4me, il s\u2019a\u00adgit d\u2019une \u00ab&nbsp;pro\u00adc\u00e9\u00addure de recon\u00adnais\u00adsance&nbsp;\u00bb ou d\u2019un \u00ab&nbsp;contr\u00f4le d\u2019\u00e9\u00adqui\u00adva\u00adlence&nbsp;\u00bb. Pro\u00adfes\u00adsions de&nbsp;san\u00adt\u00e9 Qua\u00adli\u00adfi\u00adca\u00adtions d\u2019a\u00addap\u00adta\u00adtion pour les pro\u00adfes\u00adsions de&nbsp;san\u00adt\u00e9 Les pro\u00adfes\u00adsion\u00adnels de la san\u00adt\u00e9 for\u00adm\u00e9s dans des pays non membres de l\u2019UE b\u00e9n\u00e9\u00adfi\u00adcient g\u00e9n\u00e9\u00adra\u00adle\u00adment d\u2019une recon\u00adnais\u00adsance par\u00adtielle et doivent suivre une for\u00adma\u00adtion com\u00adpl\u00e9\u00admen\u00adtaire pour pou\u00advoir tra\u00advailler en tant que sp\u00e9\u00adcia\u00adlistes en Alle\u00admagne. La post-qua\u00ad\u00adli\u00ad\u00adfi\u00ad\u00adca\u00ad\u00adtion peut prendre la forme d\u2019un stage d\u2019a\u00addap\u00adta\u00adtion dans une cli\u00adnique de soins aigus ou d\u2019un test de connais\u00adsances. vide ter\u00adra conseille et accompagne\u2026<\/p>\n","category_list_v2":"","author_info_v2":{"name":"Andrea Ramirez","url":"https:\/\/www.anika-net.de\/fr\/author\/andrea-ramirez\/"},"comments_num_v2":"0 commentaire","uagb_featured_image_src":{"full":["https:\/\/www.anika-net.de\/wp-content\/uploads\/2019\/02\/vide-terra.jpg",1000,399,false],"thumbnail":["https:\/\/www.anika-net.de\/wp-content\/uploads\/2019\/02\/vide-terra-150x150.jpg",150,150,true],"medium":["https:\/\/www.anika-net.de\/wp-content\/uploads\/2019\/02\/vide-terra-300x120.jpg",300,120,true],"medium_large":["https:\/\/www.anika-net.de\/wp-content\/uploads\/2019\/02\/vide-terra-768x306.jpg",640,255,true],"large":["https:\/\/www.anika-net.de\/wp-content\/uploads\/2019\/02\/vide-terra.jpg",640,255,false],"1536x1536":["https:\/\/www.anika-net.de\/wp-content\/uploads\/2019\/02\/vide-terra.jpg",1000,399,false],"2048x2048":["https:\/\/www.anika-net.de\/wp-content\/uploads\/2019\/02\/vide-terra.jpg",1000,399,false],"event-overview":["https:\/\/www.anika-net.de\/wp-content\/uploads\/2019\/02\/vide-terra-960x399.jpg",960,399,true],"event-archive-thumb":["https:\/\/www.anika-net.de\/wp-content\/uploads\/2019\/02\/vide-terra-480x192.jpg",480,192,true],"grid-item-thumbnail":["https:\/\/www.anika-net.de\/wp-content\/uploads\/2019\/02\/vide-terra-360x200.jpg",360,200,true],"network-partner-icon":["https:\/\/www.anika-net.de\/wp-content\/uploads\/2019\/02\/vide-terra-100x100.jpg",100,100,true],"organiser-icon":["https:\/\/www.anika-net.de\/wp-content\/uploads\/2019\/02\/vide-terra-200x200.jpg",200,200,true],"gform-image-choice-sm":["https:\/\/www.anika-net.de\/wp-content\/uploads\/2019\/02\/vide-terra.jpg",300,120,false],"gform-image-choice-md":["https:\/\/www.anika-net.de\/wp-content\/uploads\/2019\/02\/vide-terra.jpg",400,160,false],"gform-image-choice-lg":["https:\/\/www.anika-net.de\/wp-content\/uploads\/2019\/02\/vide-terra.jpg",600,239,false]},"uagb_author_info":{"display_name":"Andrea Ramirez","author_link":"https:\/\/www.anika-net.de\/fr\/author\/andrea-ramirez\/"},"uagb_comment_info":0,"uagb_excerpt":"La recon\u00adnais\u00adsance signi\u00adfie qu\u2019une qua\u00adli\u00adfi\u00adca\u00adtion pro\u00adfes\u00adsion\u00adnelle \u00e9tran\u00adg\u00e8re est l\u00e9ga\u00adle\u00adment \u00e9qui\u00adva\u00adlente \u00e0 une qua\u00adli\u00adfi\u00adca\u00adtion pro\u00adfes\u00adsion\u00adnelle alle\u00admande. Lorsque les auto\u00adri\u00adt\u00e9s alle\u00admandes v\u00e9ri\u00adfient l\u2019\u00e9\u00adqui\u00adva\u00adlence de votre dipl\u00f4me, il s\u2019a\u00adgit d\u2019une \u00ab&nbsp;pro\u00adc\u00e9\u00addure de recon\u00adnais\u00adsance&nbsp;\u00bb&nbsp;lire plus","_links":{"self":[{"href":"https:\/\/www.anika-net.de\/fr\/wp-json\/wp\/v2\/event\/4618","targetHints":{"allow":["GET"]}}],"collection":[{"href":"https:\/\/www.anika-net.de\/fr\/wp-json\/wp\/v2\/event"}],"about":[{"href":"https:\/\/www.anika-net.de\/fr\/wp-json\/wp\/v2\/types\/event"}],"author":[{"embeddable":true,"href":"https:\/\/www.anika-net.de\/fr\/wp-json\/wp\/v2\/users\/12"}],"version-history":[{"count":0,"href":"https:\/\/www.anika-net.de\/fr\/wp-json\/wp\/v2\/event\/4618\/revisions"}],"acf:post":[{"embeddable":true,"href":"https:\/\/www.anika-net.de\/fr\/wp-json\/wp\/v2\/organiser\/50434"},{"embeddable":true,"href":"https:\/\/www.anika-net.de\/fr\/wp-json\/wp\/v2\/organiser\/11346"}],"acf:term":[{"embeddable":true,"taxonomy":"event_category","href":"https:\/\/www.anika-net.de\/fr\/wp-json\/wp\/v2\/event_category\/48"}],"wp:featuredmedia":[{"embeddable":true,"href":"https:\/\/www.anika-net.de\/fr\/wp-json\/wp\/v2\/media\/50454"}],"wp:attachment":[{"href":"https:\/\/www.anika-net.de\/fr\/wp-json\/wp\/v2\/media?parent=4618"}],"curies":[{"name":"wp","href":"https:\/\/api.w.org\/{rel}","templated":true}]}}