{"id":4555,"date":"2019-05-13T09:21:16","date_gmt":"2019-05-13T07:21:16","guid":{"rendered":"https:\/\/www.anika-net.de\/?post_type=event&#038;p=4555"},"modified":"2024-01-30T13:09:47","modified_gmt":"2024-01-30T12:09:47","slug":"elterntreff-barenstark","status":"publish","type":"event","link":"https:\/\/www.anika-net.de\/fr\/event\/elterntreff-barenstark\/","title":{"rendered":"Ren\u00adcontre des parents \u00ab&nbsp;Eltern\u00adtreff B\u00e4rens\u00adtark&nbsp;\u00bb (en anglais)"},"content":{"rendered":"<h2><span style=\"color: #800080;\">Ren\u00adcontre des parents \u00ab&nbsp;Eltern\u00adtreff B\u00e4rens\u00adtark&nbsp;\u00bb (en anglais)<\/span><\/h2>\n<blockquote><p><strong>\u00c9ta\u00adblir des contacts avec d\u2019autres parents et d\u2019autres enfants dans une atmo\u00adsph\u00e8re famili\u00e8re<br>\n<\/strong><\/p><\/blockquote>\n<p>Visi\u00adtez notre caf\u00e9 des parents \u00ab&nbsp;B\u00e4rens\u00adtark&nbsp;\u00bb&nbsp;: vous pour\u00adrez y entrer en contact avec d\u2019autres parents et enfants, vous impli\u00adquer et \u00e9chan\u00adger des id\u00e9es sur de nom\u00adbreux sujets.<br>\nVous pou\u00advez par\u00adti\u00adci\u00adper \u00e0 tout moment ou sim\u00adple\u00adment assis\u00adter \u00e0 des ses\u00adsions individuelles.<br>\nL\u2019ins\u00adcrip\u00adtion n\u2019est pas n\u00e9cessaire.<\/p>\n<p>Les familles de toutes cultures et natio\u00adna\u00adli\u00adt\u00e9s sont les bien\u00adve\u00adnues le ven\u00addre\u00addi de 9h30 \u00e0 11h00, salle 113 dans le b\u00e2ti\u00adment prin\u00adci\u00adpal de la&nbsp;VHS.<\/p>\n<p>La par\u00adti\u00adci\u00adpa\u00adtion est gra\u00adtuite pour tous les sexes et tous les&nbsp;\u00e2ges.<\/p>\n<p><strong>L\u2019ac\u00adcent est mis&nbsp;sur<\/strong><\/p>\n<ul>\n<li>La vie dans les familles multiculturelles<\/li>\n<li>le pas vers l\u2019ac\u00adcueil externe des enfants<\/li>\n<li>Ser\u00advices fami\u00adliaux \u00e0 Karls\u00adruhe, en par\u00adti\u00adcu\u00adlier pour les nou\u00adveaux arrivants.<\/li>\n<li>Les parents re\u00e7oivent des sug\u00adges\u00adtions et des id\u00e9es sur la mani\u00e8re dont ils peuvent sou\u00adte\u00adnir leurs enfants et les encou\u00adra\u00adger par le&nbsp;jeu.<br>\nLes familles de toutes cultures sont les bienvenues.<\/li>\n<\/ul>\n<p><strong>Les offres pour enfants sont des\u00adti\u00adn\u00e9es aux enfants jus\u00adqu\u2019\u00e0 l\u2019\u00e2ge de 3<\/strong> ans. Dans des cas excep\u00adtion\u00adnels, les fr\u00e8res et s\u0153urs plus \u00e2g\u00e9s peuvent \u00eatre emmen\u00e9s.<br>\nPas de caf\u00e9 des parents pen\u00addant les vacances scolaires&nbsp;!<\/p>\n","protected":false},"author":12,"featured_media":11049,"template":"","class_list":["post-4555","event","type-event","status-publish","has-post-thumbnail","hentry","event_category-loisirs"],"acf":{"event-recurring":false,"event-category":50,"event-is-language-course":false,"event-recurring-still-active":true,"event-display-details":true,"event-schedules-recurring":[{"event-recurring-week-day":"2","event-recurring-time":"","event-recurring-time-text":"19\/01\/2022, 10:45 a.m. au 27\/07\/2022, 12:15 p.m."}],"event-schedules-calendar":[{"event-calendar-day":"20240110","event-calendar-time":"","event-calendar-time-text":"jusqu'\u00e0"},{"event-calendar-day":"20240508","event-calendar-time":"","event-calendar-time-text":""}],"event-is-online":false,"event-online-url":"","event-location-building":"vhs Karlsruhe e.V.","event-location-street":"Kaiserallee 12e","event-location-zip":"76133","event-location-city":"Karlsruhe","event-location-contact-person":"Christine Wieczorek","event-location-phone":"0721\/98575-0","event-location-phone-2":"","event-location-mail":"info@vhs-karlsruhe.de","event-location-mail-2":"","event-location-website":"https:\/\/shorturl.at\/AORST","event-target-group":[{"target-group":""}],"event-target-group-comment":"Les offres pour enfants sont destin\u00e9es aux enfants jusqu'\u00e0 l'\u00e2ge de 3 ans.","event-free":true,"event-organiser":[11329],"event-header-copyright-overlay":true,"event-copyright-note-description-end":false},"featured_image_urls_v2":{"full":["https:\/\/www.anika-net.de\/wp-content\/uploads\/2021\/10\/vhs.jpg",225,225,false],"thumbnail":["https:\/\/www.anika-net.de\/wp-content\/uploads\/2021\/10\/vhs-150x150.jpg",150,150,true],"medium":["https:\/\/www.anika-net.de\/wp-content\/uploads\/2021\/10\/vhs.jpg",225,225,false],"medium_large":["https:\/\/www.anika-net.de\/wp-content\/uploads\/2021\/10\/vhs.jpg",225,225,false],"large":["https:\/\/www.anika-net.de\/wp-content\/uploads\/2021\/10\/vhs.jpg",225,225,false],"1536x1536":["https:\/\/www.anika-net.de\/wp-content\/uploads\/2021\/10\/vhs.jpg",225,225,false],"2048x2048":["https:\/\/www.anika-net.de\/wp-content\/uploads\/2021\/10\/vhs.jpg",225,225,false],"event-overview":["https:\/\/www.anika-net.de\/wp-content\/uploads\/2021\/10\/vhs.jpg",225,225,false],"event-archive-thumb":["https:\/\/www.anika-net.de\/wp-content\/uploads\/2021\/10\/vhs.jpg",225,225,false],"grid-item-thumbnail":["https:\/\/www.anika-net.de\/wp-content\/uploads\/2021\/10\/vhs-225x200.jpg",225,200,true],"network-partner-icon":["https:\/\/www.anika-net.de\/wp-content\/uploads\/2021\/10\/vhs-100x100.jpg",100,100,true],"organiser-icon":["https:\/\/www.anika-net.de\/wp-content\/uploads\/2021\/10\/vhs-200x200.jpg",200,200,true],"gform-image-choice-sm":["https:\/\/www.anika-net.de\/wp-content\/uploads\/2021\/10\/vhs.jpg",225,225,false],"gform-image-choice-md":["https:\/\/www.anika-net.de\/wp-content\/uploads\/2021\/10\/vhs.jpg",225,225,false],"gform-image-choice-lg":["https:\/\/www.anika-net.de\/wp-content\/uploads\/2021\/10\/vhs.jpg",225,225,false]},"post_excerpt_stackable_v2":"<p>Ren\u00adcontre des parents \u00ab&nbsp;Eltern\u00adtreff B\u00e4rens\u00adtark&nbsp;\u00bb (en anglais) \u00c9ta\u00adblir des contacts avec d\u2019autres parents et d\u2019autres enfants dans une atmo\u00adsph\u00e8re fami\u00adli\u00e8re Visi\u00adtez notre caf\u00e9 des parents \u00ab&nbsp;B\u00e4rens\u00adtark&nbsp;\u00bb&nbsp;: vous pour\u00adrez y entrer en contact avec d\u2019autres parents et enfants, vous impli\u00adquer et \u00e9chan\u00adger des id\u00e9es sur de nom\u00adbreux sujets. Vous pou\u00advez par\u00adti\u00adci\u00adper \u00e0 tout moment ou sim\u00adple\u00adment assis\u00adter \u00e0 des ses\u00adsions indi\u00advi\u00adduelles. L\u2019ins\u00adcrip\u00adtion n\u2019est pas n\u00e9ces\u00adsaire. Les familles de toutes cultures et natio\u00adna\u00adli\u00adt\u00e9s sont les bien\u00adve\u00adnues le ven\u00addre\u00addi de 9h30 \u00e0 11h00, salle 113 dans le b\u00e2ti\u00adment prin\u00adci\u00adpal de la&nbsp;VHS. La par\u00adti\u00adci\u00adpa\u00adtion est gra\u00adtuite pour tous les sexes et tous les&nbsp;\u00e2ges. L\u2019ac\u00adcent\u2026<\/p>\n","category_list_v2":"","author_info_v2":{"name":"Andrea Ramirez","url":"https:\/\/www.anika-net.de\/fr\/author\/andrea-ramirez\/"},"comments_num_v2":"0 commentaire","uagb_featured_image_src":{"full":["https:\/\/www.anika-net.de\/wp-content\/uploads\/2021\/10\/vhs.jpg",225,225,false],"thumbnail":["https:\/\/www.anika-net.de\/wp-content\/uploads\/2021\/10\/vhs-150x150.jpg",150,150,true],"medium":["https:\/\/www.anika-net.de\/wp-content\/uploads\/2021\/10\/vhs.jpg",225,225,false],"medium_large":["https:\/\/www.anika-net.de\/wp-content\/uploads\/2021\/10\/vhs.jpg",225,225,false],"large":["https:\/\/www.anika-net.de\/wp-content\/uploads\/2021\/10\/vhs.jpg",225,225,false],"1536x1536":["https:\/\/www.anika-net.de\/wp-content\/uploads\/2021\/10\/vhs.jpg",225,225,false],"2048x2048":["https:\/\/www.anika-net.de\/wp-content\/uploads\/2021\/10\/vhs.jpg",225,225,false],"event-overview":["https:\/\/www.anika-net.de\/wp-content\/uploads\/2021\/10\/vhs.jpg",225,225,false],"event-archive-thumb":["https:\/\/www.anika-net.de\/wp-content\/uploads\/2021\/10\/vhs.jpg",225,225,false],"grid-item-thumbnail":["https:\/\/www.anika-net.de\/wp-content\/uploads\/2021\/10\/vhs-225x200.jpg",225,200,true],"network-partner-icon":["https:\/\/www.anika-net.de\/wp-content\/uploads\/2021\/10\/vhs-100x100.jpg",100,100,true],"organiser-icon":["https:\/\/www.anika-net.de\/wp-content\/uploads\/2021\/10\/vhs-200x200.jpg",200,200,true],"gform-image-choice-sm":["https:\/\/www.anika-net.de\/wp-content\/uploads\/2021\/10\/vhs.jpg",225,225,false],"gform-image-choice-md":["https:\/\/www.anika-net.de\/wp-content\/uploads\/2021\/10\/vhs.jpg",225,225,false],"gform-image-choice-lg":["https:\/\/www.anika-net.de\/wp-content\/uploads\/2021\/10\/vhs.jpg",225,225,false]},"uagb_author_info":{"display_name":"Andrea Ramirez","author_link":"https:\/\/www.anika-net.de\/fr\/author\/andrea-ramirez\/"},"uagb_comment_info":0,"uagb_excerpt":"Ren\u00adcontre des parents \u00ab&nbsp;Eltern\u00adtreff B\u00e4rens\u00adtark&nbsp;\u00bb (en anglais) \u00c9ta\u00adblir des contacts avec d\u2019autres parents et d\u2019autres enfants dans une atmo\u00adsph\u00e8re famili\u00e8re Visi\u00adtez notre caf\u00e9 des parents \u00ab&nbsp;B\u00e4rens\u00adtark&nbsp;\u00bb&nbsp;: vous pour\u00adrez y entrer&nbsp;lire plus","_links":{"self":[{"href":"https:\/\/www.anika-net.de\/fr\/wp-json\/wp\/v2\/event\/4555","targetHints":{"allow":["GET"]}}],"collection":[{"href":"https:\/\/www.anika-net.de\/fr\/wp-json\/wp\/v2\/event"}],"about":[{"href":"https:\/\/www.anika-net.de\/fr\/wp-json\/wp\/v2\/types\/event"}],"author":[{"embeddable":true,"href":"https:\/\/www.anika-net.de\/fr\/wp-json\/wp\/v2\/users\/12"}],"version-history":[{"count":0,"href":"https:\/\/www.anika-net.de\/fr\/wp-json\/wp\/v2\/event\/4555\/revisions"}],"acf:post":[{"embeddable":true,"href":"https:\/\/www.anika-net.de\/fr\/wp-json\/wp\/v2\/organiser\/11329"}],"acf:term":[{"embeddable":true,"taxonomy":"event_category","href":"https:\/\/www.anika-net.de\/fr\/wp-json\/wp\/v2\/event_category\/50"}],"wp:featuredmedia":[{"embeddable":true,"href":"https:\/\/www.anika-net.de\/fr\/wp-json\/wp\/v2\/media\/11049"}],"wp:attachment":[{"href":"https:\/\/www.anika-net.de\/fr\/wp-json\/wp\/v2\/media?parent=4555"}],"curies":[{"name":"wp","href":"https:\/\/api.w.org\/{rel}","templated":true}]}}