{"id":38825,"date":"2023-05-17T12:04:33","date_gmt":"2023-05-17T10:04:33","guid":{"rendered":"https:\/\/www.anika-net.de\/event\/cours-dallemand-dete-pour-adolescents-et-jeunes-adultes-en-transition-entre-lecole-et-le-travail\/"},"modified":"2023-05-17T15:00:35","modified_gmt":"2023-05-17T13:00:35","slug":"cours-dallemand-dete-pour-adolescents-et-jeunes-adultes-en-transition-entre-lecole-et-le-travail","status":"publish","type":"event","link":"https:\/\/www.anika-net.de\/fr\/event\/cours-dallemand-dete-pour-adolescents-et-jeunes-adultes-en-transition-entre-lecole-et-le-travail\/","title":{"rendered":"Cours d\u2019al\u00adle\u00admand d\u2019\u00e9\u00adt\u00e9 pour ado\u00adles\u00adcents et jeunes adultes"},"content":{"rendered":"<h3>Cours inten\u00adsifs d\u2019\u00e9\u00adt\u00e9 avec exa\u00admens finaux cer\u00adti\u00adfi\u00e9s B1 ou&nbsp;plus<\/h3>\n<p>Le groupe cible est prin\u00adci\u00adpa\u00adle\u00adment consti\u00adtu\u00e9 d\u2019a\u00addo\u00adles\u00adcents (\u00e0 par\u00adtir de 15 ans) et de jeunes adultes ayant des com\u00adp\u00e9\u00adtences en alle\u00admand de niveau A2 ou plus, qui com\u00admen\u00adce\u00adront un appren\u00adtis\u00adsage ou un pro\u00adgramme de for\u00adma\u00adtion pro\u00adfes\u00adsion\u00adnelle \u00e0 temps plein au cours de l\u2019an\u00adn\u00e9e sco\u00adlaire 2022\/23 et qui sou\u00adhaitent se pr\u00e9\u00adpa\u00adrer \u00e0 un exa\u00admen cer\u00adti\u00adfi\u00e9 B1 ou&nbsp;plus.<\/p>\n<p>Veuillez noter que le <strong>niveau A2 en alle\u00admand est une condi\u00adtion obli\u00adga\u00adtoire<\/strong> pour par\u00adti\u00adci\u00adper aux cours inten\u00adsifs&nbsp;d\u2019\u00e9t\u00e9.<\/p>\n<p>Les cours ont un total de 150 uni\u00adt\u00e9s d\u2019en\u00adsei\u00adgne\u00adment et se d\u00e9roulent en pr\u00e9\u00adsence. Une pr\u00e9\u00adsence r\u00e9gu\u00adli\u00e8re est requise. Les cours sont orga\u00adni\u00ads\u00e9s par la F\u00e9d\u00e9\u00adra\u00adtion internationale.<\/p>\n<p><strong>Calen\u00addrier des&nbsp;cours<\/strong><\/p>\n<p>17 juillet \u2013 25 ao\u00fbt&nbsp;2023<br>\nDur\u00e9e de la le\u00e7on en fonc\u00adtion de l\u2019ho\u00adraire du&nbsp;cours<br>\nDu lun\u00addi au ven\u00addre\u00addi de 8h30 \u00e0 12h45 ou de 13h \u00e0&nbsp;17h15<\/p>\n<p><strong>Il y aura un test de niveau.<\/strong>  Vous serez ensuite pla\u00adc\u00e9 dans un&nbsp;cours.<\/p>\n<p><strong>Dates de l\u2019exa\u00admen<\/strong> (uni\u00adque\u00adment sur inscription)<br>\nMer\u00adcre\u00addi 24 mai&nbsp;2023<br>\nJeu\u00addi 15 juin&nbsp;2023<br>\nMer\u00adcre\u00addi 21 juin&nbsp;2023<br>\nMer\u00adcre\u00addi 28 juin&nbsp;2023<br>\nJeu\u00addi 29 juin&nbsp;2023<\/p>\n<p>Veuillez prendre ren\u00addez-vous pour le test de niveau. L\u2019heure vous sera com\u00admu\u00adni\u00adqu\u00e9e lors de votre inscription.<br>\nLes tests sans ren\u00addez-vous ne sont pas possibles.<\/p>\n<p><strong>Exa\u00admen<\/strong><br>\ntelc Deutsch (exa\u00admen B1) dans la semaine du 28 ao\u00fbt au 01 sep\u00adtembre (la date exacte sera annon\u00adc\u00e9e le 17 juillet)<\/p>\n<p><em>Par\u00adrai\u00adn\u00e9<\/em> par le minis\u00adt\u00e8re des affaires sociales et de l\u2019in\u00adt\u00e9\u00adgra\u00adtion et la ville de Karlsruhe.<\/p>\n","protected":false},"author":12,"featured_media":38812,"template":"","class_list":["post-38825","event","type-event","status-publish","has-post-thumbnail","hentry","event_category-education"],"acf":{"event-recurring":false,"event-category":49,"event-is-language-course":true,"event-recurring-still-active":true,"event-display-details":true,"event-schedules-recurring":null,"event-schedules-calendar":[{"event-calendar-day":"20230717","event-calendar-time":"","event-calendar-time-text":"bis"},{"event-calendar-day":"20230825","event-calendar-time":"","event-calendar-time-text":""}],"event-is-online":false,"event-online-url":"","event-location-building":"Internationaler Bund   Bildungszentrum Karlsruhe","event-location-street":"Scheffelstra\u00dfe 13, 2. OG, Zimmer 1207","event-location-zip":"76135","event-location-city":"Karlsruhe","event-location-contact-person":"Tea Shamatava \/ Availability from 1 pm","event-location-phone":"Sekretariat: 0721 8501929","event-location-phone-2":" 0721 8501965","event-location-mail":"tea.shamatava@ib.de","event-location-mail-2":"","event-location-website":"","event-target-group":null,"event-target-group-comment":"Adolescents et jeunes adultes ayant des comp\u00e9tences linguistiques en allemand de niveau A2","event-free":true,"event-organiser":[23059],"event-header-copyright-overlay":true,"event-copyright-note-description-end":false},"featured_image_urls_v2":{"full":["https:\/\/www.anika-net.de\/wp-content\/uploads\/2023\/05\/schule-gfd101de05_1920.jpg",1920,1248,false],"thumbnail":["https:\/\/www.anika-net.de\/wp-content\/uploads\/2023\/05\/schule-gfd101de05_1920-150x150.jpg",150,150,true],"medium":["https:\/\/www.anika-net.de\/wp-content\/uploads\/2023\/05\/schule-gfd101de05_1920-300x195.jpg",300,195,true],"medium_large":["https:\/\/www.anika-net.de\/wp-content\/uploads\/2023\/05\/schule-gfd101de05_1920-768x499.jpg",640,416,true],"large":["https:\/\/www.anika-net.de\/wp-content\/uploads\/2023\/05\/schule-gfd101de05_1920-1024x666.jpg",640,416,true],"1536x1536":["https:\/\/www.anika-net.de\/wp-content\/uploads\/2023\/05\/schule-gfd101de05_1920-1536x998.jpg",1536,998,true],"2048x2048":["https:\/\/www.anika-net.de\/wp-content\/uploads\/2023\/05\/schule-gfd101de05_1920.jpg",1920,1248,false],"event-overview":["https:\/\/www.anika-net.de\/wp-content\/uploads\/2023\/05\/schule-gfd101de05_1920-960x640.jpg",960,640,true],"event-archive-thumb":["https:\/\/www.anika-net.de\/wp-content\/uploads\/2023\/05\/schule-gfd101de05_1920-480x312.jpg",480,312,true],"grid-item-thumbnail":["https:\/\/www.anika-net.de\/wp-content\/uploads\/2023\/05\/schule-gfd101de05_1920-360x200.jpg",360,200,true],"network-partner-icon":["https:\/\/www.anika-net.de\/wp-content\/uploads\/2023\/05\/schule-gfd101de05_1920-100x100.jpg",100,100,true],"organiser-icon":["https:\/\/www.anika-net.de\/wp-content\/uploads\/2023\/05\/schule-gfd101de05_1920-200x200.jpg",200,200,true],"gform-image-choice-sm":["https:\/\/www.anika-net.de\/wp-content\/uploads\/2023\/05\/schule-gfd101de05_1920.jpg",300,195,false],"gform-image-choice-md":["https:\/\/www.anika-net.de\/wp-content\/uploads\/2023\/05\/schule-gfd101de05_1920.jpg",400,260,false],"gform-image-choice-lg":["https:\/\/www.anika-net.de\/wp-content\/uploads\/2023\/05\/schule-gfd101de05_1920.jpg",600,390,false]},"post_excerpt_stackable_v2":"<p>Cours inten\u00adsifs d\u2019\u00e9\u00adt\u00e9 avec exa\u00admens finaux cer\u00adti\u00adfi\u00e9s B1 ou&nbsp;plus Le groupe cible est prin\u00adci\u00adpa\u00adle\u00adment consti\u00adtu\u00e9 d\u2019a\u00addo\u00adles\u00adcents (\u00e0 par\u00adtir de 15 ans) et de jeunes adultes ayant des com\u00adp\u00e9\u00adtences en alle\u00admand de niveau A2 ou plus, qui com\u00admen\u00adce\u00adront un appren\u00adtis\u00adsage ou un pro\u00adgramme de for\u00adma\u00adtion pro\u00adfes\u00adsion\u00adnelle \u00e0 temps plein au cours de l\u2019an\u00adn\u00e9e sco\u00adlaire 2022\/23 et qui sou\u00adhaitent se pr\u00e9\u00adpa\u00adrer \u00e0 un exa\u00admen cer\u00adti\u00adfi\u00e9 B1 ou&nbsp;plus. Veuillez noter que le niveau A2 en alle\u00admand est une condi\u00adtion obli\u00adga\u00adtoire pour par\u00adti\u00adci\u00adper aux cours inten\u00adsifs&nbsp;d\u2019\u00e9t\u00e9. Les cours ont un total de 150 uni\u00adt\u00e9s d\u2019en\u00adsei\u00adgne\u00adment et se d\u00e9roulent en pr\u00e9\u00adsence. Une pr\u00e9\u00adsence r\u00e9gu\u00adli\u00e8re&nbsp;est\u2026<\/p>\n","category_list_v2":"","author_info_v2":{"name":"Andrea Ramirez","url":"https:\/\/www.anika-net.de\/fr\/author\/andrea-ramirez\/"},"comments_num_v2":"0 commentaire","uagb_featured_image_src":{"full":["https:\/\/www.anika-net.de\/wp-content\/uploads\/2023\/05\/schule-gfd101de05_1920.jpg",1920,1248,false],"thumbnail":["https:\/\/www.anika-net.de\/wp-content\/uploads\/2023\/05\/schule-gfd101de05_1920-150x150.jpg",150,150,true],"medium":["https:\/\/www.anika-net.de\/wp-content\/uploads\/2023\/05\/schule-gfd101de05_1920-300x195.jpg",300,195,true],"medium_large":["https:\/\/www.anika-net.de\/wp-content\/uploads\/2023\/05\/schule-gfd101de05_1920-768x499.jpg",640,416,true],"large":["https:\/\/www.anika-net.de\/wp-content\/uploads\/2023\/05\/schule-gfd101de05_1920-1024x666.jpg",640,416,true],"1536x1536":["https:\/\/www.anika-net.de\/wp-content\/uploads\/2023\/05\/schule-gfd101de05_1920-1536x998.jpg",1536,998,true],"2048x2048":["https:\/\/www.anika-net.de\/wp-content\/uploads\/2023\/05\/schule-gfd101de05_1920.jpg",1920,1248,false],"event-overview":["https:\/\/www.anika-net.de\/wp-content\/uploads\/2023\/05\/schule-gfd101de05_1920-960x640.jpg",960,640,true],"event-archive-thumb":["https:\/\/www.anika-net.de\/wp-content\/uploads\/2023\/05\/schule-gfd101de05_1920-480x312.jpg",480,312,true],"grid-item-thumbnail":["https:\/\/www.anika-net.de\/wp-content\/uploads\/2023\/05\/schule-gfd101de05_1920-360x200.jpg",360,200,true],"network-partner-icon":["https:\/\/www.anika-net.de\/wp-content\/uploads\/2023\/05\/schule-gfd101de05_1920-100x100.jpg",100,100,true],"organiser-icon":["https:\/\/www.anika-net.de\/wp-content\/uploads\/2023\/05\/schule-gfd101de05_1920-200x200.jpg",200,200,true],"gform-image-choice-sm":["https:\/\/www.anika-net.de\/wp-content\/uploads\/2023\/05\/schule-gfd101de05_1920.jpg",300,195,false],"gform-image-choice-md":["https:\/\/www.anika-net.de\/wp-content\/uploads\/2023\/05\/schule-gfd101de05_1920.jpg",400,260,false],"gform-image-choice-lg":["https:\/\/www.anika-net.de\/wp-content\/uploads\/2023\/05\/schule-gfd101de05_1920.jpg",600,390,false]},"uagb_author_info":{"display_name":"Andrea Ramirez","author_link":"https:\/\/www.anika-net.de\/fr\/author\/andrea-ramirez\/"},"uagb_comment_info":0,"uagb_excerpt":"Cours inten\u00adsifs d\u2019\u00e9\u00adt\u00e9 avec exa\u00admens finaux cer\u00adti\u00adfi\u00e9s B1 ou&nbsp;plus Le groupe cible est prin\u00adci\u00adpa\u00adle\u00adment consti\u00adtu\u00e9 d\u2019a\u00addo\u00adles\u00adcents (\u00e0 par\u00adtir de 15 ans) et de jeunes adultes ayant des com\u00adp\u00e9\u00adtences en alle\u00admand&nbsp;lire plus","_links":{"self":[{"href":"https:\/\/www.anika-net.de\/fr\/wp-json\/wp\/v2\/event\/38825","targetHints":{"allow":["GET"]}}],"collection":[{"href":"https:\/\/www.anika-net.de\/fr\/wp-json\/wp\/v2\/event"}],"about":[{"href":"https:\/\/www.anika-net.de\/fr\/wp-json\/wp\/v2\/types\/event"}],"author":[{"embeddable":true,"href":"https:\/\/www.anika-net.de\/fr\/wp-json\/wp\/v2\/users\/12"}],"version-history":[{"count":0,"href":"https:\/\/www.anika-net.de\/fr\/wp-json\/wp\/v2\/event\/38825\/revisions"}],"acf:post":[{"embeddable":true,"href":"https:\/\/www.anika-net.de\/fr\/wp-json\/wp\/v2\/organiser\/23059"}],"acf:term":[{"embeddable":true,"taxonomy":"event_category","href":"https:\/\/www.anika-net.de\/fr\/wp-json\/wp\/v2\/event_category\/49"}],"wp:featuredmedia":[{"embeddable":true,"href":"https:\/\/www.anika-net.de\/fr\/wp-json\/wp\/v2\/media\/38812"}],"wp:attachment":[{"href":"https:\/\/www.anika-net.de\/fr\/wp-json\/wp\/v2\/media?parent=38825"}],"curies":[{"name":"wp","href":"https:\/\/api.w.org\/{rel}","templated":true}]}}