{"id":38485,"date":"2023-05-15T10:47:46","date_gmt":"2023-05-15T08:47:46","guid":{"rendered":"https:\/\/www.anika-net.de\/event\/soiree-caraibes-pays-personnes-delicatesses\/"},"modified":"2023-05-15T10:47:46","modified_gmt":"2023-05-15T08:47:46","slug":"soiree-caraibes-pays-personnes-delicatesses","status":"publish","type":"event","link":"https:\/\/www.anika-net.de\/fr\/event\/soiree-caraibes-pays-personnes-delicatesses\/","title":{"rendered":"Soi\u00adr\u00e9e Cara\u00efbes&nbsp;: PAYS. PERSONNES. D\u00c9LICATESSES"},"content":{"rendered":"<h3>Soi\u00adr\u00e9e Cara\u00efbes&nbsp;: PAYS. PERSONNES. D\u00c9LICATESSES<\/h3>\n<p>Ce soir-l\u00e0, vous pour\u00adrez d\u00e9gus\u00adter une cui\u00adsine cari\u00adb\u00e9enne. Vous pr\u00e9\u00adpa\u00adre\u00adrez des mets d\u00e9li\u00adcats des Cara\u00efbes en petit groupe, sous la direc\u00adtion d\u2019un expert.<br>\n\u00c0 par\u00adtir de 19 heures, vous ser\u00advi\u00adrez votre menu aux \u00ab&nbsp;invi\u00adt\u00e9s&nbsp;\u00bb, vous man\u00adge\u00adrez ensemble et vous aurez l\u2019oc\u00adca\u00adsion d\u2019\u00e9\u00adchan\u00adger des id\u00e9es sur la nour\u00adri\u00adture, la cui\u00adsine, les Cara\u00efbes et leur art, la culture, la musique et bien d\u2019autres sujets. Vous serez accueillis avec des cock\u00adtails cari\u00adb\u00e9ens. Klaus Buch\u00adner offri\u00adra un r\u00e9gal musi\u00adcal avec des sons mer\u00adveilleux au handpan.<br>\nUne conf\u00e9\u00adrence sur la culture et l\u2019art du pays concer\u00adn\u00e9 aura lieu \u00e0 la VHS avant le repas. Atten\u00addez-vous \u00e0 un same\u00addi ins\u00adpi\u00adrant et \u00e0 des moments de plai\u00adsir pour les yeux, le go\u00fbt et l\u2019ou\u00efe.<\/p>\n<p><strong>Co\u00fbt&nbsp;: 25,00 \u20ac.<\/strong><\/p>\n<p>Veuillez <strong>r\u00e9ser\u00adver le repas<\/strong> sous le num\u00e9\u00adro de cours 232\u201330302, la <strong>danse<\/strong> sous le num\u00e9\u00adro de cours 232\u201330303 et la <strong>cui\u00adsine<\/strong> sous le num\u00e9\u00adro 232\u201330301.<\/p>\n","protected":false},"author":12,"featured_media":38467,"template":"","class_list":["post-38485","event","type-event","status-publish","has-post-thumbnail","hentry","event_category-loisirs"],"acf":{"event-recurring":false,"event-category":50,"event-is-language-course":false,"event-recurring-still-active":true,"event-display-details":true,"event-schedules-recurring":null,"event-schedules-calendar":[{"event-calendar-day":"20230624","event-calendar-time":"19:00 - 22:00 Uhr","event-calendar-time-text":""}],"event-is-online":false,"event-online-url":"","event-location-building":"ibz, EG, Gro\u00dfer Saal","event-location-street":"Kaiserallee 12 d","event-location-zip":"76133","event-location-city":"Karlsruhe","event-location-contact-person":"","event-location-phone":"232-30302","event-location-phone-2":"","event-location-mail":"","event-location-mail-2":"","event-location-website":"https:\/\/www.ibz-karlsruhe.de\/events\/karibischer-abend\/","event-target-group":[{"target-group":"tous"}],"event-target-group-comment":"","event-free":false,"event-organiser":34261,"event-header-copyright-overlay":true,"event-copyright-note-description-end":false},"featured_image_urls_v2":{"full":["https:\/\/www.anika-net.de\/wp-content\/uploads\/2023\/05\/Bild-Karibisch-Kochen_.jpg",1200,800,false],"thumbnail":["https:\/\/www.anika-net.de\/wp-content\/uploads\/2023\/05\/Bild-Karibisch-Kochen_-150x150.jpg",150,150,true],"medium":["https:\/\/www.anika-net.de\/wp-content\/uploads\/2023\/05\/Bild-Karibisch-Kochen_-300x200.jpg",300,200,true],"medium_large":["https:\/\/www.anika-net.de\/wp-content\/uploads\/2023\/05\/Bild-Karibisch-Kochen_-768x512.jpg",640,427,true],"large":["https:\/\/www.anika-net.de\/wp-content\/uploads\/2023\/05\/Bild-Karibisch-Kochen_-1024x683.jpg",640,427,true],"1536x1536":["https:\/\/www.anika-net.de\/wp-content\/uploads\/2023\/05\/Bild-Karibisch-Kochen_.jpg",1200,800,false],"2048x2048":["https:\/\/www.anika-net.de\/wp-content\/uploads\/2023\/05\/Bild-Karibisch-Kochen_.jpg",1200,800,false],"event-overview":["https:\/\/www.anika-net.de\/wp-content\/uploads\/2023\/05\/Bild-Karibisch-Kochen_-960x640.jpg",960,640,true],"event-archive-thumb":["https:\/\/www.anika-net.de\/wp-content\/uploads\/2023\/05\/Bild-Karibisch-Kochen_-480x320.jpg",480,320,true],"grid-item-thumbnail":["https:\/\/www.anika-net.de\/wp-content\/uploads\/2023\/05\/Bild-Karibisch-Kochen_-360x200.jpg",360,200,true],"network-partner-icon":["https:\/\/www.anika-net.de\/wp-content\/uploads\/2023\/05\/Bild-Karibisch-Kochen_-100x100.jpg",100,100,true],"organiser-icon":["https:\/\/www.anika-net.de\/wp-content\/uploads\/2023\/05\/Bild-Karibisch-Kochen_-200x200.jpg",200,200,true],"gform-image-choice-sm":["https:\/\/www.anika-net.de\/wp-content\/uploads\/2023\/05\/Bild-Karibisch-Kochen_.jpg",300,200,false],"gform-image-choice-md":["https:\/\/www.anika-net.de\/wp-content\/uploads\/2023\/05\/Bild-Karibisch-Kochen_.jpg",400,267,false],"gform-image-choice-lg":["https:\/\/www.anika-net.de\/wp-content\/uploads\/2023\/05\/Bild-Karibisch-Kochen_.jpg",600,400,false]},"post_excerpt_stackable_v2":"<p>Soi\u00adr\u00e9e Cara\u00efbes&nbsp;: PAYS. PERSONNES. D\u00c9LICATESSES Ce soir-l\u00e0, vous pour\u00adrez d\u00e9gus\u00adter une cui\u00adsine cari\u00adb\u00e9enne. Vous pr\u00e9\u00adpa\u00adre\u00adrez des mets d\u00e9li\u00adcats des Cara\u00efbes en petit groupe, sous la direc\u00adtion d\u2019un expert. \u00c0 par\u00adtir de 19 heures, vous ser\u00advi\u00adrez votre menu aux \u00ab&nbsp;invi\u00adt\u00e9s&nbsp;\u00bb, vous man\u00adge\u00adrez ensemble et vous aurez l\u2019oc\u00adca\u00adsion d\u2019\u00e9\u00adchan\u00adger des id\u00e9es sur la nour\u00adri\u00adture, la cui\u00adsine, les Cara\u00efbes et leur art, la culture, la musique et bien d\u2019autres sujets. Vous serez accueillis avec des cock\u00adtails cari\u00adb\u00e9ens. Klaus Buch\u00adner offri\u00adra un r\u00e9gal musi\u00adcal avec des sons mer\u00adveilleux au hand\u00adpan. Une conf\u00e9\u00adrence sur la culture et l\u2019art du pays concer\u00adn\u00e9 aura lieu \u00e0&nbsp;la\u2026<\/p>\n","category_list_v2":"","author_info_v2":{"name":"Andrea Ramirez","url":"https:\/\/www.anika-net.de\/fr\/author\/andrea-ramirez\/"},"comments_num_v2":"0 commentaire","uagb_featured_image_src":{"full":["https:\/\/www.anika-net.de\/wp-content\/uploads\/2023\/05\/Bild-Karibisch-Kochen_.jpg",1200,800,false],"thumbnail":["https:\/\/www.anika-net.de\/wp-content\/uploads\/2023\/05\/Bild-Karibisch-Kochen_-150x150.jpg",150,150,true],"medium":["https:\/\/www.anika-net.de\/wp-content\/uploads\/2023\/05\/Bild-Karibisch-Kochen_-300x200.jpg",300,200,true],"medium_large":["https:\/\/www.anika-net.de\/wp-content\/uploads\/2023\/05\/Bild-Karibisch-Kochen_-768x512.jpg",640,427,true],"large":["https:\/\/www.anika-net.de\/wp-content\/uploads\/2023\/05\/Bild-Karibisch-Kochen_-1024x683.jpg",640,427,true],"1536x1536":["https:\/\/www.anika-net.de\/wp-content\/uploads\/2023\/05\/Bild-Karibisch-Kochen_.jpg",1200,800,false],"2048x2048":["https:\/\/www.anika-net.de\/wp-content\/uploads\/2023\/05\/Bild-Karibisch-Kochen_.jpg",1200,800,false],"event-overview":["https:\/\/www.anika-net.de\/wp-content\/uploads\/2023\/05\/Bild-Karibisch-Kochen_-960x640.jpg",960,640,true],"event-archive-thumb":["https:\/\/www.anika-net.de\/wp-content\/uploads\/2023\/05\/Bild-Karibisch-Kochen_-480x320.jpg",480,320,true],"grid-item-thumbnail":["https:\/\/www.anika-net.de\/wp-content\/uploads\/2023\/05\/Bild-Karibisch-Kochen_-360x200.jpg",360,200,true],"network-partner-icon":["https:\/\/www.anika-net.de\/wp-content\/uploads\/2023\/05\/Bild-Karibisch-Kochen_-100x100.jpg",100,100,true],"organiser-icon":["https:\/\/www.anika-net.de\/wp-content\/uploads\/2023\/05\/Bild-Karibisch-Kochen_-200x200.jpg",200,200,true],"gform-image-choice-sm":["https:\/\/www.anika-net.de\/wp-content\/uploads\/2023\/05\/Bild-Karibisch-Kochen_.jpg",300,200,false],"gform-image-choice-md":["https:\/\/www.anika-net.de\/wp-content\/uploads\/2023\/05\/Bild-Karibisch-Kochen_.jpg",400,267,false],"gform-image-choice-lg":["https:\/\/www.anika-net.de\/wp-content\/uploads\/2023\/05\/Bild-Karibisch-Kochen_.jpg",600,400,false]},"uagb_author_info":{"display_name":"Andrea Ramirez","author_link":"https:\/\/www.anika-net.de\/fr\/author\/andrea-ramirez\/"},"uagb_comment_info":0,"uagb_excerpt":"Soi\u00adr\u00e9e Cara\u00efbes&nbsp;: PAYS. PERSONNES. D\u00c9LICATESSES Ce soir-l\u00e0, vous pour\u00adrez d\u00e9gus\u00adter une cui\u00adsine cari\u00adb\u00e9enne. Vous pr\u00e9\u00adpa\u00adre\u00adrez des mets d\u00e9li\u00adcats des Cara\u00efbes en petit groupe, sous la direc\u00adtion d\u2019un expert. \u00c0 par\u00adtir&nbsp;lire plus","_links":{"self":[{"href":"https:\/\/www.anika-net.de\/fr\/wp-json\/wp\/v2\/event\/38485","targetHints":{"allow":["GET"]}}],"collection":[{"href":"https:\/\/www.anika-net.de\/fr\/wp-json\/wp\/v2\/event"}],"about":[{"href":"https:\/\/www.anika-net.de\/fr\/wp-json\/wp\/v2\/types\/event"}],"author":[{"embeddable":true,"href":"https:\/\/www.anika-net.de\/fr\/wp-json\/wp\/v2\/users\/12"}],"version-history":[{"count":0,"href":"https:\/\/www.anika-net.de\/fr\/wp-json\/wp\/v2\/event\/38485\/revisions"}],"acf:post":[{"embeddable":true,"href":"https:\/\/www.anika-net.de\/fr\/wp-json\/wp\/v2\/organiser\/34261"}],"acf:term":[{"embeddable":true,"taxonomy":"event_category","href":"https:\/\/www.anika-net.de\/fr\/wp-json\/wp\/v2\/event_category\/50"}],"wp:featuredmedia":[{"embeddable":true,"href":"https:\/\/www.anika-net.de\/fr\/wp-json\/wp\/v2\/media\/38467"}],"wp:attachment":[{"href":"https:\/\/www.anika-net.de\/fr\/wp-json\/wp\/v2\/media?parent=38485"}],"curies":[{"name":"wp","href":"https:\/\/api.w.org\/{rel}","templated":true}]}}