{"id":33844,"date":"2023-02-27T12:23:47","date_gmt":"2023-02-27T11:23:47","guid":{"rendered":"https:\/\/www.anika-net.de\/event\/mondo-2023-une-fete-pour-tous\/"},"modified":"2023-05-31T10:16:59","modified_gmt":"2023-05-31T08:16:59","slug":"mondo-2023-une-fete-pour-tous","status":"publish","type":"event","link":"https:\/\/www.anika-net.de\/fr\/event\/mondo-2023-une-fete-pour-tous\/","title":{"rendered":"MONDO 17. Juni \u2013 une f\u00eate pour&nbsp;tous"},"content":{"rendered":"<h2>MONDO \u2013 une f\u00eate pour&nbsp;tous<\/h2>\n<p>MONDO signi\u00adfie \u00ab&nbsp;monde&nbsp;\u00bb. Son nom en dit long&nbsp;: Le fes\u00adti\u00adval montre la diver\u00adsi\u00adt\u00e9 cultu\u00adrelle des citoyens de Karls\u00adruhe venus du monde entier. Les asso\u00adcia\u00adtions et ins\u00adti\u00adtu\u00adtions ger\u00adma\u00adno-\u00e9tran\u00adg\u00e8res se pr\u00e9\u00adsentent avec des stands et un pro\u00adgramme cultu\u00adrel vari\u00e9. Ils informent sur les pro\u00adjets, acti\u00advi\u00adt\u00e9s et \u00e9v\u00e9\u00adne\u00adments actuels concer\u00adnant le tra\u00advail inter\u00adcul\u00adtu\u00adrel et inter\u00adna\u00adtio\u00adnal \u00e0 Karls\u00adruhe. Des sp\u00e9\u00adcia\u00adli\u00adt\u00e9s du monde entier seront pro\u00adpo\u00ads\u00e9es par\u00adtout. Les b\u00e9n\u00e9\u00advoles des asso\u00adcia\u00adtions sont res\u00adpon\u00adsables des plats et garan\u00adtissent ain\u00adsi une authen\u00adti\u00adci\u00adt\u00e9 que l\u2019on ne retrouve gu\u00e8re dans d\u2019autres festivals.<\/p>\n","protected":false},"author":12,"featured_media":39451,"template":"","class_list":["post-33844","event","type-event","status-publish","has-post-thumbnail","hentry","event_category-loisirs"],"acf":{"event-recurring":false,"event-category":50,"event-is-language-course":false,"event-recurring-still-active":true,"event-display-details":true,"event-schedules-recurring":null,"event-schedules-calendar":[{"event-calendar-day":"20230617","event-calendar-time":"14:00 - 22:30","event-calendar-time-text":""}],"event-is-online":false,"event-online-url":"","event-location-building":"Markplatz ","event-location-street":"","event-location-zip":"76133","event-location-city":"Karlsruhe","event-location-contact-person":"ibz","event-location-phone":"072189 33 37 10","event-location-phone-2":"","event-location-mail":"info@ibz-karlsruhe.de","event-location-mail-2":"","event-location-website":"https:\/\/www.ibz-karlsruhe.de\/ibz-projekte\/mondo\/","event-target-group":[{"target-group":"all"}],"event-target-group-comment":"","event-free":true,"event-organiser":[11462,13627,11477],"event-header-copyright-overlay":true,"event-copyright-note-description-end":true},"featured_image_urls_v2":{"full":["https:\/\/www.anika-net.de\/wp-content\/uploads\/2019\/06\/mondo-.png",818,817,false],"thumbnail":["https:\/\/www.anika-net.de\/wp-content\/uploads\/2019\/06\/mondo--150x150.png",150,150,true],"medium":["https:\/\/www.anika-net.de\/wp-content\/uploads\/2019\/06\/mondo--300x300.png",300,300,true],"medium_large":["https:\/\/www.anika-net.de\/wp-content\/uploads\/2019\/06\/mondo--768x767.png",640,639,true],"large":["https:\/\/www.anika-net.de\/wp-content\/uploads\/2019\/06\/mondo-.png",640,639,false],"1536x1536":["https:\/\/www.anika-net.de\/wp-content\/uploads\/2019\/06\/mondo-.png",818,817,false],"2048x2048":["https:\/\/www.anika-net.de\/wp-content\/uploads\/2019\/06\/mondo-.png",818,817,false],"event-overview":["https:\/\/www.anika-net.de\/wp-content\/uploads\/2019\/06\/mondo--818x640.png",818,640,true],"event-archive-thumb":["https:\/\/www.anika-net.de\/wp-content\/uploads\/2019\/06\/mondo--480x479.png",480,479,true],"grid-item-thumbnail":["https:\/\/www.anika-net.de\/wp-content\/uploads\/2019\/06\/mondo--360x200.png",360,200,true],"network-partner-icon":["https:\/\/www.anika-net.de\/wp-content\/uploads\/2019\/06\/mondo--100x100.png",100,100,true],"organiser-icon":["https:\/\/www.anika-net.de\/wp-content\/uploads\/2019\/06\/mondo--200x200.png",200,200,true],"gform-image-choice-sm":["https:\/\/www.anika-net.de\/wp-content\/uploads\/2019\/06\/mondo-.png",300,300,false],"gform-image-choice-md":["https:\/\/www.anika-net.de\/wp-content\/uploads\/2019\/06\/mondo-.png",400,400,false],"gform-image-choice-lg":["https:\/\/www.anika-net.de\/wp-content\/uploads\/2019\/06\/mondo-.png",600,600,false]},"post_excerpt_stackable_v2":"<p>MONDO \u2013 une f\u00eate pour&nbsp;tous MONDO signi\u00adfie \u00ab&nbsp;monde&nbsp;\u00bb. Son nom en dit long&nbsp;: Le fes\u00adti\u00adval montre la diver\u00adsi\u00adt\u00e9 cultu\u00adrelle des citoyens de Karls\u00adruhe venus du monde entier. Les asso\u00adcia\u00adtions et ins\u00adti\u00adtu\u00adtions ger\u00ad\u00adma\u00ad\u00adno-\u00e9tran\u00ad\u00adg\u00e8res se pr\u00e9\u00adsentent avec des stands et un pro\u00adgramme cultu\u00adrel vari\u00e9. Ils informent sur les pro\u00adjets, acti\u00advi\u00adt\u00e9s et \u00e9v\u00e9\u00adne\u00adments actuels concer\u00adnant le tra\u00advail inter\u00adcul\u00adtu\u00adrel et inter\u00adna\u00adtio\u00adnal \u00e0 Karls\u00adruhe. Des sp\u00e9\u00adcia\u00adli\u00adt\u00e9s du monde entier seront pro\u00adpo\u00ads\u00e9es par\u00adtout. Les b\u00e9n\u00e9\u00advoles des asso\u00adcia\u00adtions sont res\u00adpon\u00adsables des plats et garan\u00adtissent ain\u00adsi une authen\u00adti\u00adci\u00adt\u00e9 que l\u2019on ne retrouve gu\u00e8re dans d\u2019autres festivals.<\/p>\n","category_list_v2":"","author_info_v2":{"name":"Andrea Ramirez","url":"https:\/\/www.anika-net.de\/fr\/author\/andrea-ramirez\/"},"comments_num_v2":"0 commentaire","uagb_featured_image_src":{"full":["https:\/\/www.anika-net.de\/wp-content\/uploads\/2019\/06\/mondo-.png",818,817,false],"thumbnail":["https:\/\/www.anika-net.de\/wp-content\/uploads\/2019\/06\/mondo--150x150.png",150,150,true],"medium":["https:\/\/www.anika-net.de\/wp-content\/uploads\/2019\/06\/mondo--300x300.png",300,300,true],"medium_large":["https:\/\/www.anika-net.de\/wp-content\/uploads\/2019\/06\/mondo--768x767.png",640,639,true],"large":["https:\/\/www.anika-net.de\/wp-content\/uploads\/2019\/06\/mondo-.png",640,639,false],"1536x1536":["https:\/\/www.anika-net.de\/wp-content\/uploads\/2019\/06\/mondo-.png",818,817,false],"2048x2048":["https:\/\/www.anika-net.de\/wp-content\/uploads\/2019\/06\/mondo-.png",818,817,false],"event-overview":["https:\/\/www.anika-net.de\/wp-content\/uploads\/2019\/06\/mondo--818x640.png",818,640,true],"event-archive-thumb":["https:\/\/www.anika-net.de\/wp-content\/uploads\/2019\/06\/mondo--480x479.png",480,479,true],"grid-item-thumbnail":["https:\/\/www.anika-net.de\/wp-content\/uploads\/2019\/06\/mondo--360x200.png",360,200,true],"network-partner-icon":["https:\/\/www.anika-net.de\/wp-content\/uploads\/2019\/06\/mondo--100x100.png",100,100,true],"organiser-icon":["https:\/\/www.anika-net.de\/wp-content\/uploads\/2019\/06\/mondo--200x200.png",200,200,true],"gform-image-choice-sm":["https:\/\/www.anika-net.de\/wp-content\/uploads\/2019\/06\/mondo-.png",300,300,false],"gform-image-choice-md":["https:\/\/www.anika-net.de\/wp-content\/uploads\/2019\/06\/mondo-.png",400,400,false],"gform-image-choice-lg":["https:\/\/www.anika-net.de\/wp-content\/uploads\/2019\/06\/mondo-.png",600,600,false]},"uagb_author_info":{"display_name":"Andrea Ramirez","author_link":"https:\/\/www.anika-net.de\/fr\/author\/andrea-ramirez\/"},"uagb_comment_info":0,"uagb_excerpt":"MONDO \u2013 une f\u00eate pour&nbsp;tous MONDO signi\u00adfie \u00ab&nbsp;monde&nbsp;\u00bb. Son nom en dit long&nbsp;: Le fes\u00adti\u00adval montre la diver\u00adsi\u00adt\u00e9 cultu\u00adrelle des citoyens de Karls\u00adruhe venus du monde entier. Les asso\u00adcia\u00adtions et&nbsp;lire plus","_links":{"self":[{"href":"https:\/\/www.anika-net.de\/fr\/wp-json\/wp\/v2\/event\/33844","targetHints":{"allow":["GET"]}}],"collection":[{"href":"https:\/\/www.anika-net.de\/fr\/wp-json\/wp\/v2\/event"}],"about":[{"href":"https:\/\/www.anika-net.de\/fr\/wp-json\/wp\/v2\/types\/event"}],"author":[{"embeddable":true,"href":"https:\/\/www.anika-net.de\/fr\/wp-json\/wp\/v2\/users\/12"}],"version-history":[{"count":0,"href":"https:\/\/www.anika-net.de\/fr\/wp-json\/wp\/v2\/event\/33844\/revisions"}],"acf:post":[{"embeddable":true,"href":"https:\/\/www.anika-net.de\/fr\/wp-json\/wp\/v2\/organiser\/11477"},{"embeddable":true,"href":"https:\/\/www.anika-net.de\/fr\/wp-json\/wp\/v2\/organiser\/13627"},{"embeddable":true,"href":"https:\/\/www.anika-net.de\/fr\/wp-json\/wp\/v2\/organiser\/11462"}],"acf:term":[{"embeddable":true,"taxonomy":"event_category","href":"https:\/\/www.anika-net.de\/fr\/wp-json\/wp\/v2\/event_category\/50"}],"wp:featuredmedia":[{"embeddable":true,"href":"https:\/\/www.anika-net.de\/fr\/wp-json\/wp\/v2\/media\/39451"}],"wp:attachment":[{"href":"https:\/\/www.anika-net.de\/fr\/wp-json\/wp\/v2\/media?parent=33844"}],"curies":[{"name":"wp","href":"https:\/\/api.w.org\/{rel}","templated":true}]}}