{"id":32234,"date":"2023-02-08T11:00:03","date_gmt":"2023-02-08T10:00:03","guid":{"rendered":"https:\/\/www.anika-net.de\/event\/videos-explicatives-sur-le-systeme-educatif-du-bade-wurtemberg\/"},"modified":"2025-03-24T14:21:42","modified_gmt":"2025-03-24T13:21:42","slug":"videos-explicatives-sur-le-systeme-educatif-du-bade-wurtemberg","status":"publish","type":"event","link":"https:\/\/www.anika-net.de\/fr\/event\/videos-explicatives-sur-le-systeme-educatif-du-bade-wurtemberg\/","title":{"rendered":"Vid\u00e9os expli\u00adca\u00adtives sur le sys\u00adt\u00e8me \u00e9du\u00adca\u00adtif du Bade-Wurtemberg"},"content":{"rendered":"<h4><span style=\"color: #666699;\">Qu\u2019il s\u2019a\u00adgisse d\u2019un jar\u00addin d\u2019en\u00adfants, d\u2019une \u00e9cole ou d\u2019une for\u00adma\u00adtion professionnelle.<br>\nDe nom\u00adbreuses d\u00e9ci\u00adsions doivent \u00eatre prises apr\u00e8s un d\u00e9m\u00e9nagement.<\/span><\/h4>\n<figure id=\"attachment_60172\" aria-describedby=\"caption-attachment-60172\" style=\"width: 300px\" class=\"wp-caption alignnone\"><img decoding=\"async\" class=\"size-medium wp-image-60172\" src=\"https:\/\/www.anika-net.de\/wp-content\/uploads\/2023\/02\/wege-im-Bildungssystem-300x180.png\" alt width=\"300\" height=\"180\" srcset=\"https:\/\/www.anika-net.de\/wp-content\/uploads\/2023\/02\/wege-im-Bildungssystem-300x180.png 300w, https:\/\/www.anika-net.de\/wp-content\/uploads\/2023\/02\/wege-im-Bildungssystem-1024x614.png 1024w, https:\/\/www.anika-net.de\/wp-content\/uploads\/2023\/02\/wege-im-Bildungssystem-768x461.png 768w, https:\/\/www.anika-net.de\/wp-content\/uploads\/2023\/02\/wege-im-Bildungssystem-480x288.png 480w, https:\/\/www.anika-net.de\/wp-content\/uploads\/2023\/02\/wege-im-Bildungssystem.png 1410w\" sizes=\"(max-width: 300px) 100vw, 300px\"><figcaption id=\"caption-attachment-60172\" class=\"wp-caption-text\">@Elternstiftung Baden W\u00fcrttemberg<\/figcaption><\/figure>\n<h1><span style=\"color: #ff9900;\">Vid\u00e9os expli\u00adca\u00adtives sur le sys\u00adt\u00e8me \u00e9du\u00adca\u00adtif du Bade-Wurtemberg<\/span><\/h1>\n<p>Pour aider les parents nou\u00advel\u00adle\u00adment arri\u00adv\u00e9s, Elterns\u00adtif\u00adtung Baden-W\u00fcrt\u00adtem\u00adberg a pro\u00adduit des vid\u00e9os expli\u00adca\u00adtives en<strong> treize langues<\/strong> sur le sys\u00adt\u00e8me \u00e9du\u00adca\u00adtif du Bade-Wurtemberg.<br>\nCes vid\u00e9os expli\u00adca\u00adtives ont pour but d\u2019in\u00adfor\u00admer et d\u2019o\u00adrien\u00adter toute per\u00adsonne nou\u00advel\u00adle\u00adment arri\u00adv\u00e9e \u00e0 Karls\u00adruhe sur des sujets tels que la cr\u00e8che, l\u2019\u00e9\u00adcole et la soci\u00e9t\u00e9.<\/p>\n<h4><span style=\"color: #008080;\">A qui s\u2019a\u00addressent les vid\u00e9os explicatives&nbsp;?<\/span><\/h4>\n<p>Ce guide aide les parents \u00e0 s\u2019o\u00adrien\u00adter dans leur nou\u00adveau pays et indique aux res\u00adpon\u00adsables de l\u2019in\u00adt\u00e9\u00adgra\u00adtion, aux repr\u00e9\u00adsen\u00adtants des parents, aux ensei\u00adgnants, aux men\u00adtors paren\u00adtaux et aux autres per\u00adsonnes qui sont en contact avec les parents nou\u00advel\u00adle\u00adment arri\u00adv\u00e9s les dif\u00adf\u00e9\u00adrentes pos\u00adsi\u00adbi\u00adli\u00adt\u00e9s de soutien.<\/p>\n<p><strong><a href=\"https:\/\/www.wegweiser-bw.de\/videos\" rel=\"noopener\"><strong>Vers les vid\u00e9os expli\u00adca\u00adtives sur le sys\u00adt\u00e8me \u00e9du\u00adca\u00adtif du Bade-Wurtemberg<\/strong><\/a><\/strong><\/p>\n","protected":false},"author":12,"featured_media":32200,"template":"","class_list":["post-32234","event","type-event","status-publish","has-post-thumbnail","hentry","event_category-education"],"acf":{"event-recurring":true,"event-category":49,"event-is-language-course":false,"event-recurring-still-active":true,"event-display-details":true,"event-schedules-recurring":null,"event-schedules-calendar":null,"event-is-online":false,"event-online-url":"","event-location-building":"Gemeinn\u00fctzige Elternstiftung Baden-W\u00fcrttemberg ","event-location-street":"Silberburgstr. 158 ","event-location-zip":"70178","event-location-city":"Stuttgart","event-location-contact-person":"","event-location-phone":"0711- 27 34 150","event-location-phone-2":"","event-location-mail":"info@elternstiftung.de","event-location-mail-2":"","event-location-website":"https:\/\/www.wegweiser-bw.de\/videos","event-target-group":[{"target-group":"families"},{"target-group":"parents"}],"event-target-group-comment":"","event-free":true,"event-organiser":[32213],"event-header-copyright-overlay":true,"event-copyright-note-description-end":true},"featured_image_urls_v2":{"full":["https:\/\/www.anika-net.de\/wp-content\/uploads\/2023\/02\/Erklaerfilm-Schulformen-Baden-Wuerttemberg-06-scaled.jpg",2560,1440,false],"thumbnail":["https:\/\/www.anika-net.de\/wp-content\/uploads\/2023\/02\/Erklaerfilm-Schulformen-Baden-Wuerttemberg-06-150x150.jpg",150,150,true],"medium":["https:\/\/www.anika-net.de\/wp-content\/uploads\/2023\/02\/Erklaerfilm-Schulformen-Baden-Wuerttemberg-06-300x169.jpg",300,169,true],"medium_large":["https:\/\/www.anika-net.de\/wp-content\/uploads\/2023\/02\/Erklaerfilm-Schulformen-Baden-Wuerttemberg-06-768x432.jpg",640,360,true],"large":["https:\/\/www.anika-net.de\/wp-content\/uploads\/2023\/02\/Erklaerfilm-Schulformen-Baden-Wuerttemberg-06-1024x576.jpg",640,360,true],"1536x1536":["https:\/\/www.anika-net.de\/wp-content\/uploads\/2023\/02\/Erklaerfilm-Schulformen-Baden-Wuerttemberg-06-1536x864.jpg",1536,864,true],"2048x2048":["https:\/\/www.anika-net.de\/wp-content\/uploads\/2023\/02\/Erklaerfilm-Schulformen-Baden-Wuerttemberg-06-2048x1152.jpg",2048,1152,true],"event-overview":["https:\/\/www.anika-net.de\/wp-content\/uploads\/2023\/02\/Erklaerfilm-Schulformen-Baden-Wuerttemberg-06-960x640.jpg",960,640,true],"event-archive-thumb":["https:\/\/www.anika-net.de\/wp-content\/uploads\/2023\/02\/Erklaerfilm-Schulformen-Baden-Wuerttemberg-06-480x270.jpg",480,270,true],"grid-item-thumbnail":["https:\/\/www.anika-net.de\/wp-content\/uploads\/2023\/02\/Erklaerfilm-Schulformen-Baden-Wuerttemberg-06-360x200.jpg",360,200,true],"network-partner-icon":["https:\/\/www.anika-net.de\/wp-content\/uploads\/2023\/02\/Erklaerfilm-Schulformen-Baden-Wuerttemberg-06-100x100.jpg",100,100,true],"organiser-icon":["https:\/\/www.anika-net.de\/wp-content\/uploads\/2023\/02\/Erklaerfilm-Schulformen-Baden-Wuerttemberg-06-200x200.jpg",200,200,true],"gform-image-choice-sm":["https:\/\/www.anika-net.de\/wp-content\/uploads\/2023\/02\/Erklaerfilm-Schulformen-Baden-Wuerttemberg-06-scaled.jpg",300,169,false],"gform-image-choice-md":["https:\/\/www.anika-net.de\/wp-content\/uploads\/2023\/02\/Erklaerfilm-Schulformen-Baden-Wuerttemberg-06-scaled.jpg",400,225,false],"gform-image-choice-lg":["https:\/\/www.anika-net.de\/wp-content\/uploads\/2023\/02\/Erklaerfilm-Schulformen-Baden-Wuerttemberg-06-scaled.jpg",600,338,false]},"post_excerpt_stackable_v2":"<p>Qu\u2019il s\u2019a\u00adgisse d\u2019un jar\u00addin d\u2019en\u00adfants, d\u2019une \u00e9cole ou d\u2019une for\u00adma\u00adtion pro\u00adfes\u00adsion\u00adnelle. De nom\u00adbreuses d\u00e9ci\u00adsions doivent \u00eatre prises apr\u00e8s un d\u00e9m\u00e9\u00adna\u00adge\u00adment. @Elternstiftung Baden W\u00fcrt\u00adtem\u00adberg Vid\u00e9os expli\u00adca\u00adtives sur le sys\u00adt\u00e8me \u00e9du\u00adca\u00adtif du Bade-Wur\u00adtem\u00adberg Pour aider les parents nou\u00advel\u00adle\u00adment arri\u00adv\u00e9s, Elterns\u00adtif\u00adtung Baden-W\u00fcrt\u00ad\u00adtem\u00ad\u00adberg a pro\u00adduit des vid\u00e9os expli\u00adca\u00adtives en treize langues sur le sys\u00adt\u00e8me \u00e9du\u00adca\u00adtif du Bade-Wur\u00adtem\u00adberg. Ces vid\u00e9os expli\u00adca\u00adtives ont pour but d\u2019in\u00adfor\u00admer et d\u2019o\u00adrien\u00adter toute per\u00adsonne nou\u00advel\u00adle\u00adment arri\u00adv\u00e9e \u00e0 Karls\u00adruhe sur des sujets tels que la cr\u00e8che, l\u2019\u00e9\u00adcole et la soci\u00e9\u00adt\u00e9. A qui s\u2019a\u00addressent les vid\u00e9os expli\u00adca\u00adtives&nbsp;? Ce guide aide les parents \u00e0 s\u2019o\u00adrien\u00adter dans leur nou\u00adveau pays et indique aux responsables\u2026<\/p>\n","category_list_v2":"","author_info_v2":{"name":"Andrea Ramirez","url":"https:\/\/www.anika-net.de\/fr\/author\/andrea-ramirez\/"},"comments_num_v2":"0 commentaire","uagb_featured_image_src":{"full":["https:\/\/www.anika-net.de\/wp-content\/uploads\/2023\/02\/Erklaerfilm-Schulformen-Baden-Wuerttemberg-06-scaled.jpg",2560,1440,false],"thumbnail":["https:\/\/www.anika-net.de\/wp-content\/uploads\/2023\/02\/Erklaerfilm-Schulformen-Baden-Wuerttemberg-06-150x150.jpg",150,150,true],"medium":["https:\/\/www.anika-net.de\/wp-content\/uploads\/2023\/02\/Erklaerfilm-Schulformen-Baden-Wuerttemberg-06-300x169.jpg",300,169,true],"medium_large":["https:\/\/www.anika-net.de\/wp-content\/uploads\/2023\/02\/Erklaerfilm-Schulformen-Baden-Wuerttemberg-06-768x432.jpg",640,360,true],"large":["https:\/\/www.anika-net.de\/wp-content\/uploads\/2023\/02\/Erklaerfilm-Schulformen-Baden-Wuerttemberg-06-1024x576.jpg",640,360,true],"1536x1536":["https:\/\/www.anika-net.de\/wp-content\/uploads\/2023\/02\/Erklaerfilm-Schulformen-Baden-Wuerttemberg-06-1536x864.jpg",1536,864,true],"2048x2048":["https:\/\/www.anika-net.de\/wp-content\/uploads\/2023\/02\/Erklaerfilm-Schulformen-Baden-Wuerttemberg-06-2048x1152.jpg",2048,1152,true],"event-overview":["https:\/\/www.anika-net.de\/wp-content\/uploads\/2023\/02\/Erklaerfilm-Schulformen-Baden-Wuerttemberg-06-960x640.jpg",960,640,true],"event-archive-thumb":["https:\/\/www.anika-net.de\/wp-content\/uploads\/2023\/02\/Erklaerfilm-Schulformen-Baden-Wuerttemberg-06-480x270.jpg",480,270,true],"grid-item-thumbnail":["https:\/\/www.anika-net.de\/wp-content\/uploads\/2023\/02\/Erklaerfilm-Schulformen-Baden-Wuerttemberg-06-360x200.jpg",360,200,true],"network-partner-icon":["https:\/\/www.anika-net.de\/wp-content\/uploads\/2023\/02\/Erklaerfilm-Schulformen-Baden-Wuerttemberg-06-100x100.jpg",100,100,true],"organiser-icon":["https:\/\/www.anika-net.de\/wp-content\/uploads\/2023\/02\/Erklaerfilm-Schulformen-Baden-Wuerttemberg-06-200x200.jpg",200,200,true],"gform-image-choice-sm":["https:\/\/www.anika-net.de\/wp-content\/uploads\/2023\/02\/Erklaerfilm-Schulformen-Baden-Wuerttemberg-06-scaled.jpg",300,169,false],"gform-image-choice-md":["https:\/\/www.anika-net.de\/wp-content\/uploads\/2023\/02\/Erklaerfilm-Schulformen-Baden-Wuerttemberg-06-scaled.jpg",400,225,false],"gform-image-choice-lg":["https:\/\/www.anika-net.de\/wp-content\/uploads\/2023\/02\/Erklaerfilm-Schulformen-Baden-Wuerttemberg-06-scaled.jpg",600,338,false]},"uagb_author_info":{"display_name":"Andrea Ramirez","author_link":"https:\/\/www.anika-net.de\/fr\/author\/andrea-ramirez\/"},"uagb_comment_info":0,"uagb_excerpt":"Qu\u2019il s\u2019a\u00adgisse d\u2019un jar\u00addin d\u2019en\u00adfants, d\u2019une \u00e9cole ou d\u2019une for\u00adma\u00adtion professionnelle. De nom\u00adbreuses d\u00e9ci\u00adsions doivent \u00eatre prises apr\u00e8s un d\u00e9m\u00e9nagement. Vid\u00e9os expli\u00adca\u00adtives sur le sys\u00adt\u00e8me \u00e9du\u00adca\u00adtif du Bade-Wurtemberg Pour aider&nbsp;lire plus","_links":{"self":[{"href":"https:\/\/www.anika-net.de\/fr\/wp-json\/wp\/v2\/event\/32234","targetHints":{"allow":["GET"]}}],"collection":[{"href":"https:\/\/www.anika-net.de\/fr\/wp-json\/wp\/v2\/event"}],"about":[{"href":"https:\/\/www.anika-net.de\/fr\/wp-json\/wp\/v2\/types\/event"}],"author":[{"embeddable":true,"href":"https:\/\/www.anika-net.de\/fr\/wp-json\/wp\/v2\/users\/12"}],"version-history":[{"count":1,"href":"https:\/\/www.anika-net.de\/fr\/wp-json\/wp\/v2\/event\/32234\/revisions"}],"predecessor-version":[{"id":60210,"href":"https:\/\/www.anika-net.de\/fr\/wp-json\/wp\/v2\/event\/32234\/revisions\/60210"}],"acf:post":[{"embeddable":true,"href":"https:\/\/www.anika-net.de\/fr\/wp-json\/wp\/v2\/organiser\/32213"}],"acf:term":[{"embeddable":true,"taxonomy":"event_category","href":"https:\/\/www.anika-net.de\/fr\/wp-json\/wp\/v2\/event_category\/49"}],"wp:featuredmedia":[{"embeddable":true,"href":"https:\/\/www.anika-net.de\/fr\/wp-json\/wp\/v2\/media\/32200"}],"wp:attachment":[{"href":"https:\/\/www.anika-net.de\/fr\/wp-json\/wp\/v2\/media?parent=32234"}],"curies":[{"name":"wp","href":"https:\/\/api.w.org\/{rel}","templated":true}]}}