{"id":27659,"date":"2022-10-07T12:03:01","date_gmt":"2022-10-07T10:03:01","guid":{"rendered":"https:\/\/www.anika-net.de\/event\/film-espagnol-las-letras-de-jordi-en-anglais\/"},"modified":"2022-11-18T12:51:12","modified_gmt":"2022-11-18T11:51:12","slug":"film-espagnol-las-letras-de-jordi-en-anglais","status":"publish","type":"event","link":"https:\/\/www.anika-net.de\/fr\/event\/film-espagnol-las-letras-de-jordi-en-anglais\/","title":{"rendered":"Film espa\u00adgnol \u00ab&nbsp;Las letras de Jor\u00addi&nbsp;\u00bb (en anglais)"},"content":{"rendered":"<p>Film espa\u00adgnol <em>\u00ab&nbsp;Las letras de Jor\u00addi&nbsp;\u00bb<\/em> de 2019 avec sous-titres. Dur\u00e9e approxi\u00adma\u00adtive. 70 minutes.<br>\nSui\u00advi d\u2019un \u00e9change bilingue de 30 minutes sur le film dans le foyer de la Cin\u00e9\u00adma\u00adth\u00e8que&nbsp;; conclu\u00adsion au res\u00adtau\u00adrant mexi\u00adcain \u00ab&nbsp;El Taqui\u00adto&nbsp;\u00bb dans le Kaiserpassage.<\/p>\n<p><strong>Synop\u00adsis<\/strong><br>\nJor\u00addi est n\u00e9 il y a 51 ans avec une infir\u00admi\u00adt\u00e9 motrice c\u00e9r\u00e9\u00adbrale. Cepen\u00addant, il ne se consi\u00add\u00e8re pas comme malade. Bien qu\u2019il ne puisse pas par\u00adler, il essaie de bavar\u00adder \u00e0 tra\u00advers sa planche en car\u00adton. C\u2019est comme \u00e7a qu\u2019il com\u00admu\u00adnique avec moi. \u00c0 l\u2019\u00e2ge de 21 ans, il a sen\u00adti que Dieu lui par\u00adlait pour la pre\u00admi\u00e8re fois. Aujourd\u2019\u00adhui, cepen\u00addant, apr\u00e8s avoir quit\u00adt\u00e9 sa mai\u00adson et ses parents et avoir emm\u00e9\u00adna\u00adg\u00e9 dans une mai\u00adson de retraite, il ne res\u00adsent pas la pr\u00e9\u00adsence de Dieu. Jor\u00addi est vide \u00e0 cause de son silence. Ce film parle de l\u2019a\u00admour de Dieu et de la parole d\u2019un homme&nbsp;libre.<\/p>\n<p>\u00c0 qui&nbsp;: Tous les cin\u00e9astes qui aiment le cin\u00e9\u00adma et les films espagnols.<\/p>\n<p>&nbsp;<\/p>\n","protected":false},"author":12,"featured_media":27644,"template":"","class_list":["post-27659","event","type-event","status-publish","has-post-thumbnail","hentry","event_category-loisirs"],"acf":{"event-recurring":false,"event-category":50,"event-is-language-course":false,"event-recurring-still-active":true,"event-display-details":true,"event-schedules-recurring":null,"event-schedules-calendar":[{"event-calendar-day":"20221217","event-calendar-time":"18:00","event-calendar-time-text":""}],"event-is-online":false,"event-online-url":"","event-location-building":"Kinemathek Karlsruhe","event-location-street":"Kaiserpassage 6","event-location-zip":"76133","event-location-city":"Karlsruhe","event-location-contact-person":"Daniel Hassel","event-location-phone":"+49 721 84 34 27","event-location-phone-2":"","event-location-mail":"DSG_Karlsruhe@web.de","event-location-mail-2":"kontakt@DSG-Karlsruhe.de","event-location-website":"http:\/\/dsg-karlsruhe.de\/","event-target-group":[{"target-group":"adults"}],"event-target-group-comment":"","event-free":false,"event-organiser":27625,"event-header-copyright-overlay":true,"event-copyright-note-description-end":true},"featured_image_urls_v2":{"full":["https:\/\/www.anika-net.de\/wp-content\/uploads\/2022\/10\/Las-letras-de-jordi.jpg",1920,1246,false],"thumbnail":["https:\/\/www.anika-net.de\/wp-content\/uploads\/2022\/10\/Las-letras-de-jordi-150x150.jpg",150,150,true],"medium":["https:\/\/www.anika-net.de\/wp-content\/uploads\/2022\/10\/Las-letras-de-jordi-300x195.jpg",300,195,true],"medium_large":["https:\/\/www.anika-net.de\/wp-content\/uploads\/2022\/10\/Las-letras-de-jordi-768x498.jpg",640,415,true],"large":["https:\/\/www.anika-net.de\/wp-content\/uploads\/2022\/10\/Las-letras-de-jordi-1024x665.jpg",640,416,true],"1536x1536":["https:\/\/www.anika-net.de\/wp-content\/uploads\/2022\/10\/Las-letras-de-jordi-1536x997.jpg",1536,997,true],"2048x2048":["https:\/\/www.anika-net.de\/wp-content\/uploads\/2022\/10\/Las-letras-de-jordi.jpg",1920,1246,false],"event-overview":["https:\/\/www.anika-net.de\/wp-content\/uploads\/2022\/10\/Las-letras-de-jordi-960x640.jpg",960,640,true],"event-archive-thumb":["https:\/\/www.anika-net.de\/wp-content\/uploads\/2022\/10\/Las-letras-de-jordi-480x312.jpg",480,312,true],"grid-item-thumbnail":["https:\/\/www.anika-net.de\/wp-content\/uploads\/2022\/10\/Las-letras-de-jordi-360x200.jpg",360,200,true],"network-partner-icon":["https:\/\/www.anika-net.de\/wp-content\/uploads\/2022\/10\/Las-letras-de-jordi-100x100.jpg",100,100,true],"organiser-icon":["https:\/\/www.anika-net.de\/wp-content\/uploads\/2022\/10\/Las-letras-de-jordi-200x200.jpg",200,200,true],"gform-image-choice-sm":["https:\/\/www.anika-net.de\/wp-content\/uploads\/2022\/10\/Las-letras-de-jordi.jpg",300,195,false],"gform-image-choice-md":["https:\/\/www.anika-net.de\/wp-content\/uploads\/2022\/10\/Las-letras-de-jordi.jpg",400,260,false],"gform-image-choice-lg":["https:\/\/www.anika-net.de\/wp-content\/uploads\/2022\/10\/Las-letras-de-jordi.jpg",600,389,false]},"post_excerpt_stackable_v2":"<p>Film espa\u00adgnol \u00ab&nbsp;Las letras de Jor\u00addi&nbsp;\u00bb de 2019 avec sous-titres. Dur\u00e9e approxi\u00adma\u00adtive. 70 minutes. Sui\u00advi d\u2019un \u00e9change bilingue de 30 minutes sur le film dans le foyer de la Cin\u00e9\u00adma\u00adth\u00e8que&nbsp;; conclu\u00adsion au res\u00adtau\u00adrant mexi\u00adcain \u00ab&nbsp;El Taqui\u00adto&nbsp;\u00bb dans le Kai\u00adser\u00adpas\u00adsage. Synop\u00adsis Jor\u00addi est n\u00e9 il y a 51 ans avec une infir\u00admi\u00adt\u00e9 motrice c\u00e9r\u00e9\u00adbrale. Cepen\u00addant, il ne se consi\u00add\u00e8re pas comme malade. Bien qu\u2019il ne puisse pas par\u00adler, il essaie de bavar\u00adder \u00e0 tra\u00advers sa planche en car\u00adton. C\u2019est comme \u00e7a qu\u2019il com\u00admu\u00adnique avec moi. \u00c0 l\u2019\u00e2ge de 21 ans, il a sen\u00adti que Dieu lui par\u00adlait pour la pre\u00admi\u00e8re&nbsp;fois.\u2026<\/p>\n","category_list_v2":"","author_info_v2":{"name":"Andrea Ramirez","url":"https:\/\/www.anika-net.de\/fr\/author\/andrea-ramirez\/"},"comments_num_v2":"0 commentaire","uagb_featured_image_src":{"full":["https:\/\/www.anika-net.de\/wp-content\/uploads\/2022\/10\/Las-letras-de-jordi.jpg",1920,1246,false],"thumbnail":["https:\/\/www.anika-net.de\/wp-content\/uploads\/2022\/10\/Las-letras-de-jordi-150x150.jpg",150,150,true],"medium":["https:\/\/www.anika-net.de\/wp-content\/uploads\/2022\/10\/Las-letras-de-jordi-300x195.jpg",300,195,true],"medium_large":["https:\/\/www.anika-net.de\/wp-content\/uploads\/2022\/10\/Las-letras-de-jordi-768x498.jpg",640,415,true],"large":["https:\/\/www.anika-net.de\/wp-content\/uploads\/2022\/10\/Las-letras-de-jordi-1024x665.jpg",640,416,true],"1536x1536":["https:\/\/www.anika-net.de\/wp-content\/uploads\/2022\/10\/Las-letras-de-jordi-1536x997.jpg",1536,997,true],"2048x2048":["https:\/\/www.anika-net.de\/wp-content\/uploads\/2022\/10\/Las-letras-de-jordi.jpg",1920,1246,false],"event-overview":["https:\/\/www.anika-net.de\/wp-content\/uploads\/2022\/10\/Las-letras-de-jordi-960x640.jpg",960,640,true],"event-archive-thumb":["https:\/\/www.anika-net.de\/wp-content\/uploads\/2022\/10\/Las-letras-de-jordi-480x312.jpg",480,312,true],"grid-item-thumbnail":["https:\/\/www.anika-net.de\/wp-content\/uploads\/2022\/10\/Las-letras-de-jordi-360x200.jpg",360,200,true],"network-partner-icon":["https:\/\/www.anika-net.de\/wp-content\/uploads\/2022\/10\/Las-letras-de-jordi-100x100.jpg",100,100,true],"organiser-icon":["https:\/\/www.anika-net.de\/wp-content\/uploads\/2022\/10\/Las-letras-de-jordi-200x200.jpg",200,200,true],"gform-image-choice-sm":["https:\/\/www.anika-net.de\/wp-content\/uploads\/2022\/10\/Las-letras-de-jordi.jpg",300,195,false],"gform-image-choice-md":["https:\/\/www.anika-net.de\/wp-content\/uploads\/2022\/10\/Las-letras-de-jordi.jpg",400,260,false],"gform-image-choice-lg":["https:\/\/www.anika-net.de\/wp-content\/uploads\/2022\/10\/Las-letras-de-jordi.jpg",600,389,false]},"uagb_author_info":{"display_name":"Andrea Ramirez","author_link":"https:\/\/www.anika-net.de\/fr\/author\/andrea-ramirez\/"},"uagb_comment_info":0,"uagb_excerpt":"Film espa\u00adgnol \u00ab&nbsp;Las letras de Jor\u00addi&nbsp;\u00bb de 2019 avec sous-titres. Dur\u00e9e approxi\u00adma\u00adtive. 70 minutes. Sui\u00advi d\u2019un \u00e9change bilingue de 30 minutes sur le film dans le foyer de la Cin\u00e9\u00adma\u00adth\u00e8que&nbsp;;&nbsp;lire plus","_links":{"self":[{"href":"https:\/\/www.anika-net.de\/fr\/wp-json\/wp\/v2\/event\/27659","targetHints":{"allow":["GET"]}}],"collection":[{"href":"https:\/\/www.anika-net.de\/fr\/wp-json\/wp\/v2\/event"}],"about":[{"href":"https:\/\/www.anika-net.de\/fr\/wp-json\/wp\/v2\/types\/event"}],"author":[{"embeddable":true,"href":"https:\/\/www.anika-net.de\/fr\/wp-json\/wp\/v2\/users\/12"}],"version-history":[{"count":0,"href":"https:\/\/www.anika-net.de\/fr\/wp-json\/wp\/v2\/event\/27659\/revisions"}],"acf:post":[{"embeddable":true,"href":"https:\/\/www.anika-net.de\/fr\/wp-json\/wp\/v2\/organiser\/27625"}],"acf:term":[{"embeddable":true,"taxonomy":"event_category","href":"https:\/\/www.anika-net.de\/fr\/wp-json\/wp\/v2\/event_category\/50"}],"wp:featuredmedia":[{"embeddable":true,"href":"https:\/\/www.anika-net.de\/fr\/wp-json\/wp\/v2\/media\/27644"}],"wp:attachment":[{"href":"https:\/\/www.anika-net.de\/fr\/wp-json\/wp\/v2\/media?parent=27659"}],"curies":[{"name":"wp","href":"https:\/\/api.w.org\/{rel}","templated":true}]}}