{"id":12816,"date":"2020-02-25T12:35:14","date_gmt":"2020-02-25T11:35:14","guid":{"rendered":"https:\/\/www.anika-net.de\/event\/lernbox-karlsruhe\/"},"modified":"2025-07-10T13:43:09","modified_gmt":"2025-07-10T11:43:09","slug":"lernbox-karlsruhe","status":"publish","type":"event","link":"https:\/\/www.anika-net.de\/fr\/event\/lernbox-karlsruhe\/","title":{"rendered":"LERNBOX &amp; Wel\u00adcome Caf\u00e9 par Fl\u00fccht\u00adling\u00adshilfe Karlsruhe"},"content":{"rendered":"<h1><span style=\"color: #ffcc00\">LERNBOX &amp; Wel\u00adcome Caf\u00e9 -<span style=\"color: #666699\"><strong> Fl\u00fccht\u00adling\u00adshilfe Karls\u00adruhe e.V.<\/strong><\/span><\/span><\/h1>\n<p>Cur\u00adrent\u00adly, the pro\u00adjects <strong>LERNBOX<\/strong> and Wel\u00adcome Caf\u00e9 <strong>SALON RESOURCE<\/strong> of Fl\u00fccht\u00adling\u00adshilfe Karls\u00adruhe e.V. take place eve\u00adry after\u00adnoon from&nbsp;<strong>Mon\u00adday to Fri\u00adday from 3 pm to 6 pm <\/strong>in the house Alter Schlach\u00adthof 11 in Karlsruhe.<\/p>\n<p>Here at Fl\u00fccht\u00adling\u00adshilfe Karls\u00adruhe e.V. you can learn Ger\u00adman, get to know other people and much more, which sup\u00adports refu\u00adgees and enables them to par\u00adti\u00adci\u00adpate in our society.<\/p>\n<p>In the Salon Res\u00adsource we have also set up some <strong>lear\u00adning spaces<\/strong>.<\/p>\n\n<p>\u2705<strong> Please note<\/strong><\/p>\n\n<p><strong>Regis\u00adtra\u00adtion is requi\u00adred&nbsp;:<\/strong><br>\ud83d\udce7 info@fluechtlingshilfe-karlsruhe.de<br>\ud83d\udcde 0170\u201329219 99&nbsp;<\/p>\n\n<h3 class=\"wp-block-heading\"><strong><em>We are very exci\u00adted to see&nbsp;you&nbsp;!<\/em><\/strong><\/h3>\n\n<div class=\"wp-block-stackable-tabs stk-block-tabs stk-block stk-f4b655b\" data-initial-tab=\"1\" data-block-id=\"f4b655b\">.stk-f4b655b .stk-block-tab-content .stk-block-content .stk-block-column[hidden]{display:none !impor\u00adtant;}<div class=\"stk-row stk-inner-blocks stk-block-content stk-block-tabs--horizontal stk-block-tabs--fade stk-content-align stk-f4b655b-column\">\n<div class=\"wp-block-stackable-tab-labels stk-block-tab-labels stk-block stk-b206f62\" data-block-id=\"b206f62\">.stk-b206f62 .stk-block-tabs__tab{color:#999999 !important;background:transparent !important;border-style:solid !important;border-color:transparent !important;border-top-width:0px !important;border-right-width:0px !important;border-bottom-width:2px !important;border-left-width:0px !important;}.stk-b206f62 .stk-block-tabs__tab.stk-block-tabs__tab\u2013active .stk-block-tab-labels__text{color:#000000 !important;}.stk-b206f62 {box-shadow:inset 0px \u20111px 0px 0px #0000001a !important;}.stk-b206f62 .stk-block-tab-labels__text{color:#999999 !important;}.stk-b206f62 .stk-block-tabs__\u00adtab .stk\u2013inner-svg svg:last-child, .stk-b206f62 .stk-block-tabs__\u00adtab .stk\u2013inner-svg svg:last-child :is(g, path, rect, poly\u00adgon, ellipse){fill:#909090 !important;}.stk-b206f62 .stk-block-tabs__tab:not(.stk-block-tabs__tab\u2013active):hover .stk\u2013inner-svg svg:last-child, .stk-b206f62 .stk-block-tabs__tab:not(.stk-block-tabs__tab\u2013active):hover .stk\u2013inner-svg svg:last-child :is(g, path, rect, poly\u00adgon, ellipse){fill:#909090 !important;}.stk-b206f62 .stk-block-tabs__tab.stk-block-tabs__tab\u2013active{border-color:#000000 !important;}.stk-b206f62 .stk-block-tabs__tab.stk-block-tabs__tab\u2013active .stk\u2013inner-svg svg:last-child, .stk-b206f62 .stk-block-tabs__tab.stk-block-tabs__tab\u2013active .stk\u2013inner-svg svg:last-child :is(g, path, rect, poly\u00adgon, ellipse){fill:#000000 !important;}.stk-b206f62 .stk-block-tabs__tab.stk-block-tabs__tab\u2013active:hover .stk\u2013inner-svg svg:last-child, .stk-b206f62 .stk-block-tabs__tab.stk-block-tabs__tab\u2013active:hover .stk\u2013inner-svg svg:last-child :is(g, path, rect, poly\u00adgon, ellipse){fill:#000000 !impor\u00adtant;}<div class=\"stk-block-tab-labels__wrapper\" role=\"tablist\"><button class=\"stk-block-tabs__tab\" role=\"tab\"><div class=\"stk-block-tab-labels__text\"><span>Through the Bureaucratic Jungle<\/span><\/div><\/button><button class=\"stk-block-tabs__tab\" role=\"tab\"><div class=\"stk-block-tab-labels__text\"><span>Learning Tandems<\/span><\/div><\/button><\/div><\/div>\n\n\n\n<div class=\"wp-block-stackable-tab-content stk-block-tab-content stk-block stk-08a1b1e\" data-block-id=\"08a1b1e\"><div class=\"stk-row stk-inner-blocks stk-block-content stk-content-align stk-08a1b1e-column\">\n<div class=\"wp-block-stackable-column stk-block-column stk-column stk-block stk-e13bfbb\" data-v=\"4\" role=\"tabpanel\" data-block-id=\"e13bfbb\"><div class=\"stk-column-wrapper stk-block-column__content stk-container stk-e13bfbb-container stk--no-background stk--no-padding\"><div class=\"stk-block-content stk-inner-blocks stk-e13bfbb-inner-blocks\">\n<p>An offi\u00adcial let\u00adter arrives in the mail\u00adbox \u2014 but it\u2019s impos\u00adsible to unders\u00adtand. <br>The Job\u00adcen\u00adter sends forms that need to be filled out. And how do you write an appli\u00adca\u00adtion for an inter\u00adn\u00adship&nbsp;? For many refu\u00adgees, dea\u00adling with autho\u00adri\u00adties is a real chal\u00adlenge. <br>At <strong>Fl\u00fccht\u00adling\u00adshilfe Karls\u00adruhe<\/strong>, we offer sup\u00adport&nbsp;: we help read through appli\u00adca\u00adtions, pick up the phone to call the Job\u00adcen\u00adter, or explain offi\u00adcial documents.<\/p>\n<\/div><\/div><\/div>\n\n\n\n<div class=\"wp-block-stackable-column stk-block-column stk-column stk-block stk-85d0879\" data-v=\"4\" role=\"tabpanel\" data-block-id=\"85d0879\"><div class=\"stk-column-wrapper stk-block-column__content stk-container stk-85d0879-container stk--no-background stk--no-padding\"><div class=\"stk-block-content stk-inner-blocks stk-85d0879-inner-blocks\">\n<p>Whe\u00adther it\u2019s Ger\u00adman, English, or che\u00admis\u00adtry \u2013 the refu\u00adgees who come to us have very indi\u00advi\u00addual tuto\u00adring needs. Some attend school, some are in voca\u00adtio\u00adnal trai\u00adning, and others stu\u00addy at uni\u00adver\u00adsi\u00adty. That\u2019s why our range of tuto\u00adring sub\u00adjects is so broad.<br><br>If you feel confi\u00addent in a par\u00adti\u00adcu\u00adlar sub\u00adject, we\u2019ll look for a sui\u00adtable per\u00adson who could bene\u00adfit from your sup\u00adport. The ses\u00adsions take place either at our space in the <strong>Alter Schlach\u00adthof<\/strong> or <strong>online<\/strong>. Our coor\u00addi\u00adna\u00adtor will be your main contact and sup\u00adport your tan\u00addem. We also hold regu\u00adlar team mee\u00adtups where eve\u00adryone can exchange ideas and experiences.<\/p>\n<\/div><\/div><\/div>\n<\/div><\/div>\n<\/div><\/div>\n\n<div class=\"wp-block-stackable-divider stk-block-divider stk-block stk-b6705fd\" data-block-id=\"b6705fd\"><hr class=\"stk-block-divider__hr\"><\/div>\n\n<p><strong><span style=\"color: #abb8c3\" class=\"stk-highlight\">Other pro\u00adjects of Fl\u00fccht\u00adling\u00adshilfe Karls\u00adruhe e.V.<\/span><\/strong><br>\u2197\ufe0f <strong><a href=\"https:\/\/www.anika-net.de\/event\/stadtpiraten-karlsruhe\/\">Stadt\u00adpi\u00adra\u00adten Karls\u00adruhe \u2014 Children\u2019s Project<\/a><\/strong><\/p>\n\n<div class=\"wp-block-stackable-spacer stk-block-spacer stk--no-padding stk-block stk-068aa03\" data-block-id=\"068aa03\"><\/div>\n","protected":false},"author":12,"featured_media":117830,"template":"","class_list":["post-12816","event","type-event","status-publish","has-post-thumbnail","hentry","event_category-counselling-assistance-services"],"acf":{"event-recurring":true,"event-category":48,"event-is-language-course":false,"event-recurring-still-active":true,"event-display-details":true,"event-schedules-recurring":[{"event-recurring-week-day":false,"event-recurring-time":"15:00 - 18:00","event-recurring-time-text":""},{"event-recurring-week-day":"1","event-recurring-time":"15:00 - 18:00","event-recurring-time-text":""},{"event-recurring-week-day":"2","event-recurring-time":"15:00 - 18:00","event-recurring-time-text":""},{"event-recurring-week-day":"3","event-recurring-time":"15:00 - 18:00","event-recurring-time-text":""}],"event-schedules-calendar":null,"event-is-online":false,"event-online-url":"","event-location-building":"Fl\u00fcchtlingshilfe Karlsruhe e.V.","event-location-street":"Alter Schlachthof 11 (Haltestelle Tullastr.)","event-location-zip":"76131","event-location-city":"Karlsruhe","event-location-contact-person":"Gertrud Weber (Coodinator)","event-location-phone":"0170\/ 29219 99","event-location-phone-2":"","event-location-mail":"info@fluechtlingshilfe-karlsruhe.de","event-location-mail-2":"","event-location-website":"https:\/\/fluechtlingshilfe-karlsruhe.de\/","event-target-group":[{"target-group":""}],"event-target-group-comment":"Pour tous ceux qui veulent apprendre l'allemand, y compris les personnes qui ne sont pas (encore) autoris\u00e9es \u00e0 suivre des cours de langue ou d'int\u00e9gration.","event-free":true,"event-organiser":[11434],"event-header-copyright-overlay":true,"event-copyright-note-description-end":true},"featured_image_urls_v2":{"full":["https:\/\/www.anika-net.de\/wp-content\/uploads\/2020\/02\/Fluechtlingshilfe-KA.jpeg",1380,1602,false],"thumbnail":["https:\/\/www.anika-net.de\/wp-content\/uploads\/2020\/02\/Fluechtlingshilfe-KA-150x150.jpeg",150,150,true],"medium":["https:\/\/www.anika-net.de\/wp-content\/uploads\/2020\/02\/Fluechtlingshilfe-KA-258x300.jpeg",258,300,true],"medium_large":["https:\/\/www.anika-net.de\/wp-content\/uploads\/2020\/02\/Fluechtlingshilfe-KA-768x892.jpeg",640,743,true],"large":["https:\/\/www.anika-net.de\/wp-content\/uploads\/2020\/02\/Fluechtlingshilfe-KA-882x1024.jpeg",640,743,true],"1536x1536":["https:\/\/www.anika-net.de\/wp-content\/uploads\/2020\/02\/Fluechtlingshilfe-KA-1323x1536.jpeg",1323,1536,true],"2048x2048":["https:\/\/www.anika-net.de\/wp-content\/uploads\/2020\/02\/Fluechtlingshilfe-KA.jpeg",1380,1602,false],"event-overview":["https:\/\/www.anika-net.de\/wp-content\/uploads\/2020\/02\/Fluechtlingshilfe-KA-960x640.jpeg",960,640,true],"event-archive-thumb":["https:\/\/www.anika-net.de\/wp-content\/uploads\/2020\/02\/Fluechtlingshilfe-KA-480x557.jpeg",480,557,true],"grid-item-thumbnail":["https:\/\/www.anika-net.de\/wp-content\/uploads\/2020\/02\/Fluechtlingshilfe-KA-360x200.jpeg",360,200,true],"network-partner-icon":["https:\/\/www.anika-net.de\/wp-content\/uploads\/2020\/02\/Fluechtlingshilfe-KA-100x100.jpeg",100,100,true],"organiser-icon":["https:\/\/www.anika-net.de\/wp-content\/uploads\/2020\/02\/Fluechtlingshilfe-KA-200x200.jpeg",200,200,true],"gform-image-choice-sm":["https:\/\/www.anika-net.de\/wp-content\/uploads\/2020\/02\/Fluechtlingshilfe-KA.jpeg",258,300,false],"gform-image-choice-md":["https:\/\/www.anika-net.de\/wp-content\/uploads\/2020\/02\/Fluechtlingshilfe-KA.jpeg",345,400,false],"gform-image-choice-lg":["https:\/\/www.anika-net.de\/wp-content\/uploads\/2020\/02\/Fluechtlingshilfe-KA.jpeg",517,600,false]},"post_excerpt_stackable_v2":"<p>LERNBOX &amp; Wel\u00adcome Caf\u00e9 \u2013 Fl\u00fccht\u00adling\u00adshilfe Karls\u00adruhe e.V. Cur\u00adrent\u00adly, the pro\u00adjects LERNBOX and Wel\u00adcome Caf\u00e9 SALON RESOURCE of Fl\u00fccht\u00adling\u00adshilfe Karls\u00adruhe e.V. take place eve\u00adry after\u00adnoon from&nbsp;Mon\u00adday to Fri\u00adday from 3 pm to 6 pm in the house Alter Schlach\u00adthof 11 in Karls\u00adruhe. Here at Fl\u00fccht\u00adling\u00adshilfe Karls\u00adruhe e.V. you can learn Ger\u00adman, get to know other people and much more, which sup\u00adports refu\u00adgees and enables them to par\u00adti\u00adci\u00adpate in our socie\u00adty. In the Salon Res\u00adsource we have also set up some lear\u00adning spaces. \u2705 Please note Regis\u00adtra\u00adtion is requi\u00adred&nbsp;:\ud83d\udce7 info@fluechtlingshilfe-karlsruhe.de\ud83d\udcde 0170\u201329219 99&nbsp; We are very exci\u00adted to see&nbsp;you&nbsp;! .stk-phgid5k .stk-block-tab-content .stk-block-content\u2026<\/p>\n","category_list_v2":"","author_info_v2":{"name":"Andrea Ramirez","url":"https:\/\/www.anika-net.de\/fr\/author\/andrea-ramirez\/"},"comments_num_v2":"0 commentaire","uagb_featured_image_src":{"full":["https:\/\/www.anika-net.de\/wp-content\/uploads\/2020\/02\/Fluechtlingshilfe-KA.jpeg",1380,1602,false],"thumbnail":["https:\/\/www.anika-net.de\/wp-content\/uploads\/2020\/02\/Fluechtlingshilfe-KA-150x150.jpeg",150,150,true],"medium":["https:\/\/www.anika-net.de\/wp-content\/uploads\/2020\/02\/Fluechtlingshilfe-KA-258x300.jpeg",258,300,true],"medium_large":["https:\/\/www.anika-net.de\/wp-content\/uploads\/2020\/02\/Fluechtlingshilfe-KA-768x892.jpeg",640,743,true],"large":["https:\/\/www.anika-net.de\/wp-content\/uploads\/2020\/02\/Fluechtlingshilfe-KA-882x1024.jpeg",640,743,true],"1536x1536":["https:\/\/www.anika-net.de\/wp-content\/uploads\/2020\/02\/Fluechtlingshilfe-KA-1323x1536.jpeg",1323,1536,true],"2048x2048":["https:\/\/www.anika-net.de\/wp-content\/uploads\/2020\/02\/Fluechtlingshilfe-KA.jpeg",1380,1602,false],"event-overview":["https:\/\/www.anika-net.de\/wp-content\/uploads\/2020\/02\/Fluechtlingshilfe-KA-960x640.jpeg",960,640,true],"event-archive-thumb":["https:\/\/www.anika-net.de\/wp-content\/uploads\/2020\/02\/Fluechtlingshilfe-KA-480x557.jpeg",480,557,true],"grid-item-thumbnail":["https:\/\/www.anika-net.de\/wp-content\/uploads\/2020\/02\/Fluechtlingshilfe-KA-360x200.jpeg",360,200,true],"network-partner-icon":["https:\/\/www.anika-net.de\/wp-content\/uploads\/2020\/02\/Fluechtlingshilfe-KA-100x100.jpeg",100,100,true],"organiser-icon":["https:\/\/www.anika-net.de\/wp-content\/uploads\/2020\/02\/Fluechtlingshilfe-KA-200x200.jpeg",200,200,true],"gform-image-choice-sm":["https:\/\/www.anika-net.de\/wp-content\/uploads\/2020\/02\/Fluechtlingshilfe-KA.jpeg",258,300,false],"gform-image-choice-md":["https:\/\/www.anika-net.de\/wp-content\/uploads\/2020\/02\/Fluechtlingshilfe-KA.jpeg",345,400,false],"gform-image-choice-lg":["https:\/\/www.anika-net.de\/wp-content\/uploads\/2020\/02\/Fluechtlingshilfe-KA.jpeg",517,600,false]},"uagb_author_info":{"display_name":"Andrea Ramirez","author_link":"https:\/\/www.anika-net.de\/fr\/author\/andrea-ramirez\/"},"uagb_comment_info":0,"uagb_excerpt":"LERNBOX &amp; Wel\u00adcome Caf\u00e9 - Fl\u00fccht\u00adling\u00adshilfe Karls\u00adruhe e.V. Cur\u00adrent\u00adly, the pro\u00adjects LERNBOX and Wel\u00adcome Caf\u00e9 SALON RESOURCE of Fl\u00fccht\u00adling\u00adshilfe Karls\u00adruhe e.V. take place eve\u00adry after\u00adnoon from&nbsp;Mon\u00adday to Fri\u00adday from 3&nbsp;lire plus","_links":{"self":[{"href":"https:\/\/www.anika-net.de\/fr\/wp-json\/wp\/v2\/event\/12816","targetHints":{"allow":["GET"]}}],"collection":[{"href":"https:\/\/www.anika-net.de\/fr\/wp-json\/wp\/v2\/event"}],"about":[{"href":"https:\/\/www.anika-net.de\/fr\/wp-json\/wp\/v2\/types\/event"}],"author":[{"embeddable":true,"href":"https:\/\/www.anika-net.de\/fr\/wp-json\/wp\/v2\/users\/12"}],"version-history":[{"count":1,"href":"https:\/\/www.anika-net.de\/fr\/wp-json\/wp\/v2\/event\/12816\/revisions"}],"predecessor-version":[{"id":63322,"href":"https:\/\/www.anika-net.de\/fr\/wp-json\/wp\/v2\/event\/12816\/revisions\/63322"}],"acf:post":[{"embeddable":true,"href":"https:\/\/www.anika-net.de\/fr\/wp-json\/wp\/v2\/organiser\/11434"}],"acf:term":[{"embeddable":true,"taxonomy":"event_category","href":"https:\/\/www.anika-net.de\/fr\/wp-json\/wp\/v2\/event_category\/48"}],"wp:featuredmedia":[{"embeddable":true,"href":"https:\/\/www.anika-net.de\/fr\/wp-json\/wp\/v2\/media\/117830"}],"wp:attachment":[{"href":"https:\/\/www.anika-net.de\/fr\/wp-json\/wp\/v2\/media?parent=12816"}],"curies":[{"name":"wp","href":"https:\/\/api.w.org\/{rel}","templated":true}]}}