{"id":12793,"date":"2019-02-07T09:47:05","date_gmt":"2019-02-07T08:47:05","guid":{"rendered":"https:\/\/www.anika-net.de\/event\/kinemathek-karlsruhe\/"},"modified":"2024-07-11T11:34:26","modified_gmt":"2024-07-11T09:34:26","slug":"kinemathek-karlsruhe","status":"publish","type":"event","link":"https:\/\/www.anika-net.de\/fr\/event\/kinemathek-karlsruhe\/","title":{"rendered":"Kine\u00adma\u00adthek Karlsruhe"},"content":{"rendered":"<p>La Kine\u00adma\u00adthek est une mai\u00adson d\u2019art cin\u00e9\u00adma\u00adto\u00adgra\u00adphique \u00e0 but non lucra\u00adtif de Karls\u00adruhe qui d\u00e9couvre, pr\u00e9\u00adserve et expose des films. Gr\u00e2ce \u00e0 un tra\u00advail minu\u00adtieux et conti\u00adnu, \u00e0 des \u00e9changes avec des dis\u00adtri\u00adbu\u00adteurs et des archives, \u00e0 des recherches sur l\u2019his\u00adtoire du cin\u00e9\u00adma et \u00e0 une r\u00e9flexion esth\u00e9\u00adtique, les s\u00e9ries de pro\u00adgrammes sont orga\u00adni\u00ads\u00e9es et m\u00e9diatis\u00e9es.<br>\nC\u2019est gr\u00e2ce \u00e0 l\u2019en\u00adthou\u00adsiasme et \u00e0 l\u2019en\u00adga\u00adge\u00adment volon\u00adtaire que la Kine\u00adma\u00adthek est en mesure de pro\u00adpo\u00adser depuis plus de qua\u00adrante ans un pro\u00adgramme de films qui sti\u00admule la r\u00e9flexion et la dis\u00adcus\u00adsion, qui reste dans l\u2019air du temps et qui convainc par sa qua\u00adli\u00adt\u00e9 artistique.<\/p>\n<p>Avec 600 \u00e9v\u00e9\u00adne\u00adments et envi\u00adron 17 000 spec\u00adta\u00adteurs par an, la Kine\u00adma\u00adthek est consi\u00add\u00e9\u00adr\u00e9e comme une pla\u00adte\u00adforme d\u2019\u00e9\u00adchange social et un lieu de ren\u00adcontre pour dif\u00adf\u00e9\u00adrentes g\u00e9n\u00e9\u00adra\u00adtions, mais aus\u00adsi comme une \u00e9cole de vision au milieu du d\u00e9luge m\u00e9dia\u00adtique contemporain.<\/p>\n<p><span style=\"color: #008080;\"><strong>\ud83c\udf9e\ufe0f <a href=\"https:\/\/kinemathek-karlsruhe.de\/spielplan\/\" rel=\"noopener\">Pro\u00adgramme de&nbsp;films<\/a><\/strong><\/span><\/p>\n<h3><span style=\"color: #008080;\">Prix<\/span><\/h3>\n<p><strong>Prix nor\u00admal&nbsp;:<\/strong> 8<br>\n<strong>R\u00e9duit&nbsp;:<\/strong> 7&nbsp;\u20ac<br>\n<strong>Membres&nbsp;:<\/strong> 6&nbsp;\u20ac<br>\n3,00 \u20ac pour le cin\u00e9\u00adma pour enfants<br>\n2,00 \u20ac pour le club de cin\u00e9\u00adma pour enfants<\/p>\n<p><strong>\ud83d\udca1Les<\/strong> films<strong>sont pro\u00adje\u00adt\u00e9s dans la langue ori\u00adgi\u00adnale<\/strong> avec des sous-titres alle\u00admands (le cas \u00e9ch\u00e9ant). La Junge Kine\u00adma\u00adthek fait excep\u00adtion \u00e0 cette&nbsp;r\u00e8gle.<\/p>\n<p>\ud83c\udfac Nous pro\u00adje\u00adtons des films pour enfants soi\u00adgneu\u00adse\u00adment s\u00e9lectionn\u00e9s&nbsp;<span style=\"color: #008080;\"><br>\n  <strong>soi\u00adgneu\u00adse\u00adment s\u00e9lec\u00adtion\u00adn\u00e9s, le dimanche \u00e0 15 heures, \u00e0 un prix sp\u00e9\u00adcial pour les familles.<\/strong><br>\n<\/span><\/p>\n","protected":false},"author":12,"featured_media":13044,"template":"","class_list":["post-12793","event","type-event","status-publish","has-post-thumbnail","hentry","event_category-loisirs"],"acf":{"event-recurring":true,"event-category":50,"event-is-language-course":false,"event-recurring-still-active":true,"event-display-details":true,"event-schedules-recurring":[{"event-recurring-week-day":"3","event-recurring-time":"18:00 - 22:00","event-recurring-time-text":""},{"event-recurring-week-day":"4","event-recurring-time":"18:00 - 22:00","event-recurring-time-text":""},{"event-recurring-week-day":"5","event-recurring-time":"14:00 - 22:00","event-recurring-time-text":""},{"event-recurring-week-day":"6","event-recurring-time":"14:00 - 22:00","event-recurring-time-text":""}],"event-schedules-calendar":null,"event-is-online":false,"event-online-url":"","event-location-building":"Kinemathek Karlsruhe","event-location-street":"Kaiserpassage 6","event-location-zip":"76133","event-location-city":"Karlsruhe","event-location-contact-person":"","event-location-phone":"+49 721 83189585 (Cinema box office)","event-location-phone-2":"","event-location-mail":"info@kinemathek-karlsruhe.de","event-location-mail-2":"","event-location-website":"http:\/\/kinemathek-karlsruhe.de","event-target-group":[{"target-group":"all"}],"event-target-group-comment":"","event-free":false,"event-organiser":[11300],"event-header-copyright-overlay":true,"event-copyright-note-description-end":true},"featured_image_urls_v2":{"full":["https:\/\/www.anika-net.de\/wp-content\/uploads\/2021\/12\/42019-09-26-Kinemathek-Logo-schwarz-RGB.png",356,356,false],"thumbnail":["https:\/\/www.anika-net.de\/wp-content\/uploads\/2021\/12\/42019-09-26-Kinemathek-Logo-schwarz-RGB-150x150.png",150,150,true],"medium":["https:\/\/www.anika-net.de\/wp-content\/uploads\/2021\/12\/42019-09-26-Kinemathek-Logo-schwarz-RGB-300x300.png",300,300,true],"medium_large":["https:\/\/www.anika-net.de\/wp-content\/uploads\/2021\/12\/42019-09-26-Kinemathek-Logo-schwarz-RGB.png",356,356,false],"large":["https:\/\/www.anika-net.de\/wp-content\/uploads\/2021\/12\/42019-09-26-Kinemathek-Logo-schwarz-RGB.png",356,356,false],"1536x1536":["https:\/\/www.anika-net.de\/wp-content\/uploads\/2021\/12\/42019-09-26-Kinemathek-Logo-schwarz-RGB.png",356,356,false],"2048x2048":["https:\/\/www.anika-net.de\/wp-content\/uploads\/2021\/12\/42019-09-26-Kinemathek-Logo-schwarz-RGB.png",356,356,false],"event-overview":["https:\/\/www.anika-net.de\/wp-content\/uploads\/2021\/12\/42019-09-26-Kinemathek-Logo-schwarz-RGB.png",356,356,false],"event-archive-thumb":["https:\/\/www.anika-net.de\/wp-content\/uploads\/2021\/12\/42019-09-26-Kinemathek-Logo-schwarz-RGB.png",356,356,false],"grid-item-thumbnail":["https:\/\/www.anika-net.de\/wp-content\/uploads\/2021\/12\/42019-09-26-Kinemathek-Logo-schwarz-RGB-356x200.png",356,200,true],"network-partner-icon":["https:\/\/www.anika-net.de\/wp-content\/uploads\/2021\/12\/42019-09-26-Kinemathek-Logo-schwarz-RGB-100x100.png",100,100,true],"organiser-icon":["https:\/\/www.anika-net.de\/wp-content\/uploads\/2021\/12\/42019-09-26-Kinemathek-Logo-schwarz-RGB-200x200.png",200,200,true],"gform-image-choice-sm":["https:\/\/www.anika-net.de\/wp-content\/uploads\/2021\/12\/42019-09-26-Kinemathek-Logo-schwarz-RGB.png",300,300,false],"gform-image-choice-md":["https:\/\/www.anika-net.de\/wp-content\/uploads\/2021\/12\/42019-09-26-Kinemathek-Logo-schwarz-RGB.png",356,356,false],"gform-image-choice-lg":["https:\/\/www.anika-net.de\/wp-content\/uploads\/2021\/12\/42019-09-26-Kinemathek-Logo-schwarz-RGB.png",356,356,false]},"post_excerpt_stackable_v2":"<p>La Kine\u00adma\u00adthek est une mai\u00adson d\u2019art cin\u00e9\u00adma\u00adto\u00adgra\u00adphique \u00e0 but non lucra\u00adtif de Karls\u00adruhe qui d\u00e9couvre, pr\u00e9\u00adserve et expose des films. Gr\u00e2ce \u00e0 un tra\u00advail minu\u00adtieux et conti\u00adnu, \u00e0 des \u00e9changes avec des dis\u00adtri\u00adbu\u00adteurs et des archives, \u00e0 des recherches sur l\u2019his\u00adtoire du cin\u00e9\u00adma et \u00e0 une r\u00e9flexion esth\u00e9\u00adtique, les s\u00e9ries de pro\u00adgrammes sont orga\u00adni\u00ads\u00e9es et m\u00e9dia\u00adti\u00ads\u00e9es. C\u2019est gr\u00e2ce \u00e0 l\u2019en\u00adthou\u00adsiasme et \u00e0 l\u2019en\u00adga\u00adge\u00adment volon\u00adtaire que la Kine\u00adma\u00adthek est en mesure de pro\u00adpo\u00adser depuis plus de qua\u00adrante ans un pro\u00adgramme de films qui sti\u00admule la r\u00e9flexion et la dis\u00adcus\u00adsion, qui reste dans l\u2019air du temps et qui convainc par sa qualit\u00e9\u2026<\/p>\n","category_list_v2":"","author_info_v2":{"name":"Andrea Ramirez","url":"https:\/\/www.anika-net.de\/fr\/author\/andrea-ramirez\/"},"comments_num_v2":"0 commentaire","uagb_featured_image_src":{"full":["https:\/\/www.anika-net.de\/wp-content\/uploads\/2021\/12\/42019-09-26-Kinemathek-Logo-schwarz-RGB.png",356,356,false],"thumbnail":["https:\/\/www.anika-net.de\/wp-content\/uploads\/2021\/12\/42019-09-26-Kinemathek-Logo-schwarz-RGB-150x150.png",150,150,true],"medium":["https:\/\/www.anika-net.de\/wp-content\/uploads\/2021\/12\/42019-09-26-Kinemathek-Logo-schwarz-RGB-300x300.png",300,300,true],"medium_large":["https:\/\/www.anika-net.de\/wp-content\/uploads\/2021\/12\/42019-09-26-Kinemathek-Logo-schwarz-RGB.png",356,356,false],"large":["https:\/\/www.anika-net.de\/wp-content\/uploads\/2021\/12\/42019-09-26-Kinemathek-Logo-schwarz-RGB.png",356,356,false],"1536x1536":["https:\/\/www.anika-net.de\/wp-content\/uploads\/2021\/12\/42019-09-26-Kinemathek-Logo-schwarz-RGB.png",356,356,false],"2048x2048":["https:\/\/www.anika-net.de\/wp-content\/uploads\/2021\/12\/42019-09-26-Kinemathek-Logo-schwarz-RGB.png",356,356,false],"event-overview":["https:\/\/www.anika-net.de\/wp-content\/uploads\/2021\/12\/42019-09-26-Kinemathek-Logo-schwarz-RGB.png",356,356,false],"event-archive-thumb":["https:\/\/www.anika-net.de\/wp-content\/uploads\/2021\/12\/42019-09-26-Kinemathek-Logo-schwarz-RGB.png",356,356,false],"grid-item-thumbnail":["https:\/\/www.anika-net.de\/wp-content\/uploads\/2021\/12\/42019-09-26-Kinemathek-Logo-schwarz-RGB-356x200.png",356,200,true],"network-partner-icon":["https:\/\/www.anika-net.de\/wp-content\/uploads\/2021\/12\/42019-09-26-Kinemathek-Logo-schwarz-RGB-100x100.png",100,100,true],"organiser-icon":["https:\/\/www.anika-net.de\/wp-content\/uploads\/2021\/12\/42019-09-26-Kinemathek-Logo-schwarz-RGB-200x200.png",200,200,true],"gform-image-choice-sm":["https:\/\/www.anika-net.de\/wp-content\/uploads\/2021\/12\/42019-09-26-Kinemathek-Logo-schwarz-RGB.png",300,300,false],"gform-image-choice-md":["https:\/\/www.anika-net.de\/wp-content\/uploads\/2021\/12\/42019-09-26-Kinemathek-Logo-schwarz-RGB.png",356,356,false],"gform-image-choice-lg":["https:\/\/www.anika-net.de\/wp-content\/uploads\/2021\/12\/42019-09-26-Kinemathek-Logo-schwarz-RGB.png",356,356,false]},"uagb_author_info":{"display_name":"Andrea Ramirez","author_link":"https:\/\/www.anika-net.de\/fr\/author\/andrea-ramirez\/"},"uagb_comment_info":0,"uagb_excerpt":"La Kine\u00adma\u00adthek est une mai\u00adson d\u2019art cin\u00e9\u00adma\u00adto\u00adgra\u00adphique \u00e0 but non lucra\u00adtif de Karls\u00adruhe qui d\u00e9couvre, pr\u00e9\u00adserve et expose des films. Gr\u00e2ce \u00e0 un tra\u00advail minu\u00adtieux et conti\u00adnu, \u00e0 des \u00e9changes&nbsp;lire plus","_links":{"self":[{"href":"https:\/\/www.anika-net.de\/fr\/wp-json\/wp\/v2\/event\/12793","targetHints":{"allow":["GET"]}}],"collection":[{"href":"https:\/\/www.anika-net.de\/fr\/wp-json\/wp\/v2\/event"}],"about":[{"href":"https:\/\/www.anika-net.de\/fr\/wp-json\/wp\/v2\/types\/event"}],"author":[{"embeddable":true,"href":"https:\/\/www.anika-net.de\/fr\/wp-json\/wp\/v2\/users\/12"}],"version-history":[{"count":0,"href":"https:\/\/www.anika-net.de\/fr\/wp-json\/wp\/v2\/event\/12793\/revisions"}],"acf:post":[{"embeddable":true,"href":"https:\/\/www.anika-net.de\/fr\/wp-json\/wp\/v2\/organiser\/11300"}],"acf:term":[{"embeddable":true,"taxonomy":"event_category","href":"https:\/\/www.anika-net.de\/fr\/wp-json\/wp\/v2\/event_category\/50"}],"wp:featuredmedia":[{"embeddable":true,"href":"https:\/\/www.anika-net.de\/fr\/wp-json\/wp\/v2\/media\/13044"}],"wp:attachment":[{"href":"https:\/\/www.anika-net.de\/fr\/wp-json\/wp\/v2\/media?parent=12793"}],"curies":[{"name":"wp","href":"https:\/\/api.w.org\/{rel}","templated":true}]}}