{"id":12755,"date":"2019-03-21T17:00:05","date_gmt":"2019-03-21T16:00:05","guid":{"rendered":"https:\/\/www.anika-net.de\/event\/integrationsmanagement\/"},"modified":"2022-01-19T19:46:09","modified_gmt":"2022-01-19T18:46:09","slug":"integrationsmanagement","status":"publish","type":"event","link":"https:\/\/www.anika-net.de\/fr\/event\/integrationsmanagement\/","title":{"rendered":"Int\u00e9\u00adgra\u00adtion"},"content":{"rendered":"<p>Int\u00e9\u00adgra\u00adtion durable des r\u00e9fu\u00adgi\u00e9s vivant \u00e0 Karlsruhe<\/p>\n<p>&nbsp;<\/p>\n<p>Les r\u00e9fu\u00adgi\u00e9s vivant \u00e0 Karls\u00adruhe dans des loge\u00adments de sui\u00advi sont sou\u00adte\u00adnus dans le but de construire une vie ind\u00e9\u00adpen\u00addante. Cela ne peut \u00eatre r\u00e9a\u00adli\u00ads\u00e9 \u00e0 long terme que lorsque le peuple a<\/p>\n<ul>\n<li>avoir acquis la langue allemande<\/li>\n<li>avoir un emploi qui leur per\u00admette de sub\u00adve\u00adnir \u00e0 leurs besoins et \u00e0 ceux de leur famille<\/li>\n<li>dis\u00adpo\u00adser d\u2019un loge\u00adment ad\u00e9quat<\/li>\n<li>peuvent g\u00e9rer leurs res\u00adpon\u00adsa\u00adbi\u00adli\u00adt\u00e9s paren\u00adtales, s\u2019ils ont des enfants. (Cela inclut, entre autres, la fr\u00e9\u00adquen\u00adta\u00adtion d\u2019une cr\u00e8che, d\u2019une \u00e9cole ou l\u2019ac\u00adqui\u00adsi\u00adtion d\u2019une \u00e9du\u00adca\u00adtion extrascolaire)<\/li>\n<li>avoir une par\u00adti\u00adci\u00adpa\u00adtion \u00e0 la com\u00admu\u00adnau\u00adt\u00e9 par l\u2019in\u00adt\u00e9\u00adgra\u00adtion sociale<\/li>\n<\/ul>\n<p>&nbsp;<\/p>\n<p>La ges\u00adtion de l\u2019in\u00adt\u00e9\u00adgra\u00adtion four\u00adnit une assis\u00adtance, accom\u00adpagne et sou\u00adtient les per\u00adsonnes pour une int\u00e9\u00adgra\u00adtion r\u00e9us\u00adsie dans la soci\u00e9\u00adt\u00e9. Les t\u00e2ches typiques pour la r\u00e9a\u00adli\u00adsa\u00adtion des objec\u00adtifs sont, entre autres, les suivantes<\/p>\n<ul>\n<li>l\u2019\u00e9\u00adla\u00adbo\u00adra\u00adtion conjointe d\u2019un plan de sou\u00adtien indi\u00advi\u00adduel avec des objec\u00adtifs temporels<\/li>\n<li>l\u2019o\u00adrien\u00adta\u00adtion vers des ser\u00advices sp\u00e9\u00adcia\u00adli\u00ads\u00e9s en cas de pro\u00adbl\u00e8mes psychosociaux<\/li>\n<li>conseiller les parents sur les ques\u00adtions de paren\u00adta\u00adli\u00adt\u00e9 et d\u2019\u00e9ducation<\/li>\n<li>M\u00e9dia\u00adtion d\u2019offres pour l\u2019ac\u00adqui\u00adsi\u00adtion de com\u00adp\u00e9\u00adtences en langue allemande<\/li>\n<li>M\u00e9dia\u00adtion des offres de for\u00adma\u00adtion conti\u00adnue dans le cadre de l\u2019\u00e9\u00advo\u00adlu\u00adtion professionnelle<\/li>\n<li>Sou\u00adte\u00adnir les per\u00adsonnes dans leurs d\u00e9marches sur le mar\u00adch\u00e9 du travail<\/li>\n<li>M\u00e9dia\u00adtion d\u2019offres de loi\u00adsirs (clubs, offres cultu\u00adrelles, etc.)<\/li>\n<li>Conseils sur le droit d\u2019a\u00adsile et de s\u00e9jour ain\u00adsi que sur les ques\u00adtions de regrou\u00adpe\u00adment familial<\/li>\n<li>D\u00e9ve\u00adlop\u00adpe\u00adment de la com\u00admu\u00adni\u00adca\u00adtion inter\u00adcul\u00adtu\u00adrelle et des lieux de rencontre<\/li>\n<\/ul>\n<p>&nbsp;<\/p>\n<p>Heures de bureau&nbsp;: Ren\u00addez-vous sur ren\u00addez-vous par t\u00e9l\u00e9phone<\/p>\n<p>Heures d\u2019ou\u00adver\u00adture&nbsp;:<\/p>\n<p>Du lun\u00addi au ven\u00addre\u00addi&nbsp;: 9h00 \u2013&nbsp;12h00<\/p>\n<p>Du lun\u00addi au jeu\u00addi&nbsp;: 14 \u2013&nbsp;16h<\/p>\n<p>&nbsp;<\/p>\n<p>Dis\u00adpo\u00adni\u00adbi\u00adli\u00adt\u00e9 par t\u00e9l\u00e9phone&nbsp;:<\/p>\n<p>Du lun\u00addi au ven\u00addre\u00addi&nbsp;: de 8 h 30 \u00e0 12 h&nbsp;30.<\/p>\n<p>Du lun\u00addi au jeu\u00addi&nbsp;: 13h30 \u00e0 16 heures<\/p>\n<p>Ren\u00addez-vous par accord t\u00e9l\u00e9phonique<\/p>\n<p>&nbsp;<\/p>\n<p>D\u00e9pliant \u00e0 <a href=\"https:\/\/www.anika-net.de\/wp-content\/uploads\/2022\/01\/OMD_4_Integrationsmanagement_2021-12.pdf\" target=\"_blank\" rel=\"noopener\">t\u00e9l\u00e9\u00adchar\u00adger<\/a><\/p>\n<p>&nbsp;<\/p>\n<p>Sou\u00adtien&nbsp;par<\/p>\n<p>&nbsp;<\/p>\n<p><img decoding=\"async\" class=\" wp-image-6982\" src=\"https:\/\/www.anika-net.de\/wp-content\/uploads\/2021\/10\/karlsruhe-logo-black-v3.png\" alt width=\"139\" height=\"152\"> <img decoding=\"async\" class=\"alignnone size-full wp-image-6988\" src=\"https:\/\/www.anika-net.de\/wp-content\/uploads\/2021\/10\/Baden-Wuerttenberg.png\" alt width=\"301\" height=\"167\"><\/p>\n","protected":false},"author":1,"featured_media":34980,"template":"","class_list":["post-12755","event","type-event","status-publish","has-post-thumbnail","hentry","event_category-counselling-assistance-services"],"acf":{"event-recurring":true,"event-category":48,"event-is-language-course":false,"event-recurring-still-active":true,"event-display-details":true,"event-schedules-recurring":[{"event-recurring-week-day":false,"event-recurring-time":"09.00 - 12.00 \/ 14.00 - 16.00","event-recurring-time-text":""},{"event-recurring-week-day":false,"event-recurring-time":"09.00 - 12.00 ","event-recurring-time-text":""},{"event-recurring-week-day":false,"event-recurring-time":"09.00 - 12.00 ","event-recurring-time-text":""},{"event-recurring-week-day":false,"event-recurring-time":"09.00 - 12.00 \/ 14.00 - 16.00","event-recurring-time-text":""},{"event-recurring-week-day":false,"event-recurring-time":"09.00 - 12.00 ","event-recurring-time-text":""}],"event-schedules-calendar":null,"event-is-online":false,"event-online-url":"","event-location-building":"Beratungs- und Familienzentrum Caritashaus","event-location-street":"Sophienstra\u00dfe  33","event-location-zip":"76133","event-location-city":"Karlsruhe","event-location-contact-person":"Tamara Hillens","event-location-phone":"+49 721 91243-16","event-location-phone-2":"+49 721 91243-99","event-location-mail":"sekretariat-oemd@caritas-karlsruhe.de","event-location-mail-2":"","event-location-website":"https:\/\/www.caritas-karlsruhe.de\/oemd","event-target-group":[{"target-group":"adults"}],"event-target-group-comment":"pour tous les sexes et tous les \u00e2ges","event-free":true,"event-organiser":[11467,11473],"event-header-copyright-overlay":true,"event-copyright-note-description-end":false},"featured_image_urls_v2":{"full":["https:\/\/www.anika-net.de\/wp-content\/uploads\/2019\/03\/Caritas-und-Diakonie.jpg",1181,709,false],"thumbnail":["https:\/\/www.anika-net.de\/wp-content\/uploads\/2019\/03\/Caritas-und-Diakonie-150x150.jpg",150,150,true],"medium":["https:\/\/www.anika-net.de\/wp-content\/uploads\/2019\/03\/Caritas-und-Diakonie-300x180.jpg",300,180,true],"medium_large":["https:\/\/www.anika-net.de\/wp-content\/uploads\/2019\/03\/Caritas-und-Diakonie-768x461.jpg",640,384,true],"large":["https:\/\/www.anika-net.de\/wp-content\/uploads\/2019\/03\/Caritas-und-Diakonie-1024x615.jpg",640,384,true],"1536x1536":["https:\/\/www.anika-net.de\/wp-content\/uploads\/2019\/03\/Caritas-und-Diakonie.jpg",1181,709,false],"2048x2048":["https:\/\/www.anika-net.de\/wp-content\/uploads\/2019\/03\/Caritas-und-Diakonie.jpg",1181,709,false],"event-overview":["https:\/\/www.anika-net.de\/wp-content\/uploads\/2019\/03\/Caritas-und-Diakonie-960x640.jpg",960,640,true],"event-archive-thumb":["https:\/\/www.anika-net.de\/wp-content\/uploads\/2019\/03\/Caritas-und-Diakonie-480x288.jpg",480,288,true],"grid-item-thumbnail":["https:\/\/www.anika-net.de\/wp-content\/uploads\/2019\/03\/Caritas-und-Diakonie-360x200.jpg",360,200,true],"network-partner-icon":["https:\/\/www.anika-net.de\/wp-content\/uploads\/2019\/03\/Caritas-und-Diakonie-100x100.jpg",100,100,true],"organiser-icon":["https:\/\/www.anika-net.de\/wp-content\/uploads\/2019\/03\/Caritas-und-Diakonie-200x200.jpg",200,200,true],"gform-image-choice-sm":["https:\/\/www.anika-net.de\/wp-content\/uploads\/2019\/03\/Caritas-und-Diakonie.jpg",300,180,false],"gform-image-choice-md":["https:\/\/www.anika-net.de\/wp-content\/uploads\/2019\/03\/Caritas-und-Diakonie.jpg",400,240,false],"gform-image-choice-lg":["https:\/\/www.anika-net.de\/wp-content\/uploads\/2019\/03\/Caritas-und-Diakonie.jpg",600,360,false]},"post_excerpt_stackable_v2":"<p>Int\u00e9\u00adgra\u00adtion durable des r\u00e9fu\u00adgi\u00e9s vivant \u00e0 Karls\u00adruhe &nbsp; Les r\u00e9fu\u00adgi\u00e9s vivant \u00e0 Karls\u00adruhe dans des loge\u00adments de sui\u00advi sont sou\u00adte\u00adnus dans le but de construire une vie ind\u00e9\u00adpen\u00addante. Cela ne peut \u00eatre r\u00e9a\u00adli\u00ads\u00e9 \u00e0 long terme que lorsque le peuple a avoir acquis la langue alle\u00admande avoir un emploi qui leur per\u00admette de sub\u00adve\u00adnir \u00e0 leurs besoins et \u00e0 ceux de leur famille dis\u00adpo\u00adser d\u2019un loge\u00adment ad\u00e9\u00adquat peuvent g\u00e9rer leurs res\u00adpon\u00adsa\u00adbi\u00adli\u00adt\u00e9s paren\u00adtales, s\u2019ils ont des enfants. (Cela inclut, entre autres, la fr\u00e9\u00adquen\u00adta\u00adtion d\u2019une cr\u00e8che, d\u2019une \u00e9cole ou l\u2019ac\u00adqui\u00adsi\u00adtion d\u2019une \u00e9du\u00adca\u00adtion extra\u00ads\u00adco\u00adlaire) avoir une par\u00adti\u00adci\u00adpa\u00adtion \u00e0 la com\u00admu\u00adnau\u00adt\u00e9 par l\u2019in\u00adt\u00e9\u00adgra\u00adtion sociale\u2026<\/p>\n","category_list_v2":"","author_info_v2":{"name":"saasweb-admin","url":"https:\/\/www.anika-net.de\/fr\/author\/saasweb-admin\/"},"comments_num_v2":"0 commentaire","uagb_featured_image_src":{"full":["https:\/\/www.anika-net.de\/wp-content\/uploads\/2019\/03\/Caritas-und-Diakonie.jpg",1181,709,false],"thumbnail":["https:\/\/www.anika-net.de\/wp-content\/uploads\/2019\/03\/Caritas-und-Diakonie-150x150.jpg",150,150,true],"medium":["https:\/\/www.anika-net.de\/wp-content\/uploads\/2019\/03\/Caritas-und-Diakonie-300x180.jpg",300,180,true],"medium_large":["https:\/\/www.anika-net.de\/wp-content\/uploads\/2019\/03\/Caritas-und-Diakonie-768x461.jpg",640,384,true],"large":["https:\/\/www.anika-net.de\/wp-content\/uploads\/2019\/03\/Caritas-und-Diakonie-1024x615.jpg",640,384,true],"1536x1536":["https:\/\/www.anika-net.de\/wp-content\/uploads\/2019\/03\/Caritas-und-Diakonie.jpg",1181,709,false],"2048x2048":["https:\/\/www.anika-net.de\/wp-content\/uploads\/2019\/03\/Caritas-und-Diakonie.jpg",1181,709,false],"event-overview":["https:\/\/www.anika-net.de\/wp-content\/uploads\/2019\/03\/Caritas-und-Diakonie-960x640.jpg",960,640,true],"event-archive-thumb":["https:\/\/www.anika-net.de\/wp-content\/uploads\/2019\/03\/Caritas-und-Diakonie-480x288.jpg",480,288,true],"grid-item-thumbnail":["https:\/\/www.anika-net.de\/wp-content\/uploads\/2019\/03\/Caritas-und-Diakonie-360x200.jpg",360,200,true],"network-partner-icon":["https:\/\/www.anika-net.de\/wp-content\/uploads\/2019\/03\/Caritas-und-Diakonie-100x100.jpg",100,100,true],"organiser-icon":["https:\/\/www.anika-net.de\/wp-content\/uploads\/2019\/03\/Caritas-und-Diakonie-200x200.jpg",200,200,true],"gform-image-choice-sm":["https:\/\/www.anika-net.de\/wp-content\/uploads\/2019\/03\/Caritas-und-Diakonie.jpg",300,180,false],"gform-image-choice-md":["https:\/\/www.anika-net.de\/wp-content\/uploads\/2019\/03\/Caritas-und-Diakonie.jpg",400,240,false],"gform-image-choice-lg":["https:\/\/www.anika-net.de\/wp-content\/uploads\/2019\/03\/Caritas-und-Diakonie.jpg",600,360,false]},"uagb_author_info":{"display_name":"saasweb-admin","author_link":"https:\/\/www.anika-net.de\/fr\/author\/saasweb-admin\/"},"uagb_comment_info":0,"uagb_excerpt":"Int\u00e9\u00adgra\u00adtion durable des r\u00e9fu\u00adgi\u00e9s vivant \u00e0 Karlsruhe &nbsp; Les r\u00e9fu\u00adgi\u00e9s vivant \u00e0 Karls\u00adruhe dans des loge\u00adments de sui\u00advi sont sou\u00adte\u00adnus dans le but de construire une vie ind\u00e9\u00adpen\u00addante. Cela ne&nbsp;lire plus","_links":{"self":[{"href":"https:\/\/www.anika-net.de\/fr\/wp-json\/wp\/v2\/event\/12755","targetHints":{"allow":["GET"]}}],"collection":[{"href":"https:\/\/www.anika-net.de\/fr\/wp-json\/wp\/v2\/event"}],"about":[{"href":"https:\/\/www.anika-net.de\/fr\/wp-json\/wp\/v2\/types\/event"}],"author":[{"embeddable":true,"href":"https:\/\/www.anika-net.de\/fr\/wp-json\/wp\/v2\/users\/1"}],"version-history":[{"count":0,"href":"https:\/\/www.anika-net.de\/fr\/wp-json\/wp\/v2\/event\/12755\/revisions"}],"acf:post":[{"embeddable":true,"href":"https:\/\/www.anika-net.de\/fr\/wp-json\/wp\/v2\/organiser\/11473"},{"embeddable":true,"href":"https:\/\/www.anika-net.de\/fr\/wp-json\/wp\/v2\/organiser\/11467"}],"acf:term":[{"embeddable":true,"taxonomy":"event_category","href":"https:\/\/www.anika-net.de\/fr\/wp-json\/wp\/v2\/event_category\/48"}],"wp:featuredmedia":[{"embeddable":true,"href":"https:\/\/www.anika-net.de\/fr\/wp-json\/wp\/v2\/media\/34980"}],"wp:attachment":[{"href":"https:\/\/www.anika-net.de\/fr\/wp-json\/wp\/v2\/media?parent=12755"}],"curies":[{"name":"wp","href":"https:\/\/api.w.org\/{rel}","templated":true}]}}