{"id":12226,"date":"2021-10-15T15:39:11","date_gmt":"2021-10-15T13:39:11","guid":{"rendered":"https:\/\/www.anika-net.de\/event\/technical-talk-and-discussion\/"},"modified":"2021-11-10T11:08:19","modified_gmt":"2021-11-10T10:08:19","slug":"expose-technique-et-discussion","status":"publish","type":"event","link":"https:\/\/www.anika-net.de\/fr\/event\/expose-technique-et-discussion\/","title":{"rendered":"Expo\u00ads\u00e9 tech\u00adnique et discussion"},"content":{"rendered":"<p>Soins \u00e0 domi\u00adcile 24 heures sur 24 dans des mai\u00adsons pri\u00adv\u00e9es \u2013 condi\u00adtions pour des soins \u00e9quitables<\/p>\n<p>Un r\u00e9cent arr\u00eat de la Cour f\u00e9d\u00e9\u00adrale du tra\u00advail alle\u00admande a mis le sujet des soins \u00e0 domi\u00adcile \u00e0 l\u2019ordre du&nbsp;jour.<br>\nLes soins \u00e0 domi\u00adcile font de plus en plus l\u2019ob\u00adjet d\u2019une atten\u00adtion publique. Cepen\u00addant, de nom\u00adbreuses ques\u00adtions res\u00adtent sans r\u00e9ponse&nbsp;: Com\u00adment seront struc\u00adtu\u00adr\u00e9es les condi\u00adtions de tra\u00advail des soi\u00adgnants tra\u00advaillant 24 heures sur 24 apr\u00e8s l\u2019ar\u00adr\u00eat BAG&nbsp;? Qu\u2019est-ce qui doit chan\u00adger&nbsp;? \u00c0 quoi peuvent res\u00adsem\u00adbler des soins \u00e0 domi\u00adcile humains et \u00e9qui\u00adtables pour les employ\u00e9s et les per\u00adsonnes dont ils s\u2019oc\u00adcupent&nbsp;? O\u00f9 trou\u00adver les struc\u00adtures sur les\u00adquelles s\u2019ap\u00adpuyer&nbsp;? O\u00f9 doit-on appor\u00adter des am\u00e9\u00adlio\u00adra\u00adtions&nbsp;? Des experts des domaines de l\u2019\u00e9\u00adga\u00adli\u00adt\u00e9, des soins et du mar\u00adch\u00e9 du tra\u00advail appor\u00adte\u00adront leur point de vue. L\u2019\u00e9\u00adv\u00e9\u00adne\u00adment four\u00adni\u00adra des infor\u00adma\u00adtions dif\u00adf\u00e9\u00adren\u00adci\u00e9es sur ce sujet com\u00adplexe et dis\u00adcu\u00adte\u00adra des solu\u00adtions pos\u00adsibles. Les exp\u00e9\u00adriences du point de contact IN VIA \u00ab&nbsp;aides m\u00e9na\u00adg\u00e8res cos\u00admo\u00adbiles&nbsp;\u00bb \u00e0 la mis\u00adsion de la gare de Karls\u00adruhe, qui existe depuis dix ans, vien\u00addront com\u00adpl\u00e9\u00adter la discussion.<\/p>\n<p>Ins\u00adcrip\u00adtion sur info@ibz-karlsruhe.de<\/p>\n<div class><\/div>\n","protected":false},"author":12,"featured_media":8334,"template":"","class_list":["post-12226","event","type-event","status-publish","has-post-thumbnail","hentry","event_category-loisirs"],"acf":{"event-recurring":false,"event-category":50,"event-is-language-course":false,"event-recurring-still-active":true,"event-display-details":true,"event-schedules-recurring":null,"event-schedules-calendar":[{"event-calendar-day":"20211118","event-calendar-time":"19:00","event-calendar-time-text":""}],"event-is-online":false,"event-online-url":"","event-location-building":"Internationales Begegnungszentrum Karlsruhe e.V.","event-location-street":"Kaiserallee 12 d","event-location-zip":"76133","event-location-city":"Karlsruhe","event-location-contact-person":"","event-location-phone":"+49 (0) 721 89 33 37 10","event-location-phone-2":"","event-location-mail":"info@ibz-karlsruhe.de","event-location-mail-2":"","event-location-website":"https:\/\/www.ibz-karlsruhe.de\/","event-target-group":null,"event-target-group-comment":"","event-free":false,"event-organiser":[11477,11462,11467,11325],"event-header-copyright-overlay":true,"event-copyright-note-description-end":false},"featured_image_urls_v2":{"full":["https:\/\/www.anika-net.de\/wp-content\/uploads\/2021\/10\/hands-4344711_1280.jpg",1200,800,false],"thumbnail":["https:\/\/www.anika-net.de\/wp-content\/uploads\/2021\/10\/hands-4344711_1280-150x150.jpg",150,150,true],"medium":["https:\/\/www.anika-net.de\/wp-content\/uploads\/2021\/10\/hands-4344711_1280-300x200.jpg",300,200,true],"medium_large":["https:\/\/www.anika-net.de\/wp-content\/uploads\/2021\/10\/hands-4344711_1280-768x512.jpg",640,427,true],"large":["https:\/\/www.anika-net.de\/wp-content\/uploads\/2021\/10\/hands-4344711_1280-1024x683.jpg",640,427,true],"1536x1536":["https:\/\/www.anika-net.de\/wp-content\/uploads\/2021\/10\/hands-4344711_1280.jpg",1200,800,false],"2048x2048":["https:\/\/www.anika-net.de\/wp-content\/uploads\/2021\/10\/hands-4344711_1280.jpg",1200,800,false],"event-overview":["https:\/\/www.anika-net.de\/wp-content\/uploads\/2021\/10\/hands-4344711_1280-960x640.jpg",960,640,true],"event-archive-thumb":["https:\/\/www.anika-net.de\/wp-content\/uploads\/2021\/10\/hands-4344711_1280-480x320.jpg",480,320,true],"grid-item-thumbnail":["https:\/\/www.anika-net.de\/wp-content\/uploads\/2021\/10\/hands-4344711_1280-360x200.jpg",360,200,true],"network-partner-icon":["https:\/\/www.anika-net.de\/wp-content\/uploads\/2021\/10\/hands-4344711_1280-100x100.jpg",100,100,true],"organiser-icon":["https:\/\/www.anika-net.de\/wp-content\/uploads\/2021\/10\/hands-4344711_1280-200x200.jpg",200,200,true],"gform-image-choice-sm":["https:\/\/www.anika-net.de\/wp-content\/uploads\/2021\/10\/hands-4344711_1280.jpg",300,200,false],"gform-image-choice-md":["https:\/\/www.anika-net.de\/wp-content\/uploads\/2021\/10\/hands-4344711_1280.jpg",400,267,false],"gform-image-choice-lg":["https:\/\/www.anika-net.de\/wp-content\/uploads\/2021\/10\/hands-4344711_1280.jpg",600,400,false]},"post_excerpt_stackable_v2":"<p>Soins \u00e0 domi\u00adcile 24 heures sur 24 dans des mai\u00adsons pri\u00adv\u00e9es \u2013 condi\u00adtions pour des soins \u00e9qui\u00adtables Un r\u00e9cent arr\u00eat de la Cour f\u00e9d\u00e9\u00adrale du tra\u00advail alle\u00admande a mis le sujet des soins \u00e0 domi\u00adcile \u00e0 l\u2019ordre du&nbsp;jour. Les soins \u00e0 domi\u00adcile font de plus en plus l\u2019ob\u00adjet d\u2019une atten\u00adtion publique. Cepen\u00addant, de nom\u00adbreuses ques\u00adtions res\u00adtent sans r\u00e9ponse&nbsp;: Com\u00adment seront struc\u00adtu\u00adr\u00e9es les condi\u00adtions de tra\u00advail des soi\u00adgnants tra\u00advaillant 24 heures sur 24 apr\u00e8s l\u2019ar\u00adr\u00eat BAG&nbsp;? Qu\u2019est-ce qui doit chan\u00adger&nbsp;? \u00c0 quoi peuvent res\u00adsem\u00adbler des soins \u00e0 domi\u00adcile humains et \u00e9qui\u00adtables pour les employ\u00e9s et les per\u00adsonnes dont ils s\u2019oc\u00adcupent&nbsp;?&nbsp;O\u00f9\u2026<\/p>\n","category_list_v2":"","author_info_v2":{"name":"Andrea Ramirez","url":"https:\/\/www.anika-net.de\/fr\/author\/andrea-ramirez\/"},"comments_num_v2":"0 commentaire","uagb_featured_image_src":{"full":["https:\/\/www.anika-net.de\/wp-content\/uploads\/2021\/10\/hands-4344711_1280.jpg",1200,800,false],"thumbnail":["https:\/\/www.anika-net.de\/wp-content\/uploads\/2021\/10\/hands-4344711_1280-150x150.jpg",150,150,true],"medium":["https:\/\/www.anika-net.de\/wp-content\/uploads\/2021\/10\/hands-4344711_1280-300x200.jpg",300,200,true],"medium_large":["https:\/\/www.anika-net.de\/wp-content\/uploads\/2021\/10\/hands-4344711_1280-768x512.jpg",640,427,true],"large":["https:\/\/www.anika-net.de\/wp-content\/uploads\/2021\/10\/hands-4344711_1280-1024x683.jpg",640,427,true],"1536x1536":["https:\/\/www.anika-net.de\/wp-content\/uploads\/2021\/10\/hands-4344711_1280.jpg",1200,800,false],"2048x2048":["https:\/\/www.anika-net.de\/wp-content\/uploads\/2021\/10\/hands-4344711_1280.jpg",1200,800,false],"event-overview":["https:\/\/www.anika-net.de\/wp-content\/uploads\/2021\/10\/hands-4344711_1280-960x640.jpg",960,640,true],"event-archive-thumb":["https:\/\/www.anika-net.de\/wp-content\/uploads\/2021\/10\/hands-4344711_1280-480x320.jpg",480,320,true],"grid-item-thumbnail":["https:\/\/www.anika-net.de\/wp-content\/uploads\/2021\/10\/hands-4344711_1280-360x200.jpg",360,200,true],"network-partner-icon":["https:\/\/www.anika-net.de\/wp-content\/uploads\/2021\/10\/hands-4344711_1280-100x100.jpg",100,100,true],"organiser-icon":["https:\/\/www.anika-net.de\/wp-content\/uploads\/2021\/10\/hands-4344711_1280-200x200.jpg",200,200,true],"gform-image-choice-sm":["https:\/\/www.anika-net.de\/wp-content\/uploads\/2021\/10\/hands-4344711_1280.jpg",300,200,false],"gform-image-choice-md":["https:\/\/www.anika-net.de\/wp-content\/uploads\/2021\/10\/hands-4344711_1280.jpg",400,267,false],"gform-image-choice-lg":["https:\/\/www.anika-net.de\/wp-content\/uploads\/2021\/10\/hands-4344711_1280.jpg",600,400,false]},"uagb_author_info":{"display_name":"Andrea Ramirez","author_link":"https:\/\/www.anika-net.de\/fr\/author\/andrea-ramirez\/"},"uagb_comment_info":0,"uagb_excerpt":"Soins \u00e0 domi\u00adcile 24 heures sur 24 dans des mai\u00adsons pri\u00adv\u00e9es \u2013 condi\u00adtions pour des soins \u00e9quitables Un r\u00e9cent arr\u00eat de la Cour f\u00e9d\u00e9\u00adrale du tra\u00advail alle\u00admande a mis le&nbsp;lire plus","_links":{"self":[{"href":"https:\/\/www.anika-net.de\/fr\/wp-json\/wp\/v2\/event\/12226","targetHints":{"allow":["GET"]}}],"collection":[{"href":"https:\/\/www.anika-net.de\/fr\/wp-json\/wp\/v2\/event"}],"about":[{"href":"https:\/\/www.anika-net.de\/fr\/wp-json\/wp\/v2\/types\/event"}],"author":[{"embeddable":true,"href":"https:\/\/www.anika-net.de\/fr\/wp-json\/wp\/v2\/users\/12"}],"version-history":[{"count":0,"href":"https:\/\/www.anika-net.de\/fr\/wp-json\/wp\/v2\/event\/12226\/revisions"}],"acf:post":[{"embeddable":true,"href":"https:\/\/www.anika-net.de\/fr\/wp-json\/wp\/v2\/organiser\/11325"},{"embeddable":true,"href":"https:\/\/www.anika-net.de\/fr\/wp-json\/wp\/v2\/organiser\/11467"},{"embeddable":true,"href":"https:\/\/www.anika-net.de\/fr\/wp-json\/wp\/v2\/organiser\/11462"},{"embeddable":true,"href":"https:\/\/www.anika-net.de\/fr\/wp-json\/wp\/v2\/organiser\/11477"}],"acf:term":[{"embeddable":true,"taxonomy":"event_category","href":"https:\/\/www.anika-net.de\/fr\/wp-json\/wp\/v2\/event_category\/50"}],"wp:featuredmedia":[{"embeddable":true,"href":"https:\/\/www.anika-net.de\/fr\/wp-json\/wp\/v2\/media\/8334"}],"wp:attachment":[{"href":"https:\/\/www.anika-net.de\/fr\/wp-json\/wp\/v2\/media?parent=12226"}],"curies":[{"name":"wp","href":"https:\/\/api.w.org\/{rel}","templated":true}]}}