{"id":121082,"date":"2026-04-20T13:52:42","date_gmt":"2026-04-20T11:52:42","guid":{"rendered":"https:\/\/www.anika-net.de\/event\/vivre-pour-aider-a-karlsruhe\/"},"modified":"2026-04-21T10:56:14","modified_gmt":"2026-04-21T08:56:14","slug":"vivre-pour-aider-a-karlsruhe","status":"publish","type":"event","link":"https:\/\/www.anika-net.de\/fr\/event\/vivre-pour-aider-a-karlsruhe\/","title":{"rendered":"Vivre pour aider \u00e0 Karlsruhe"},"content":{"rendered":"\n<h2 class=\"wp-block-heading\"><em><span style=\"color: #6358a3;\" class=\"stk-highlight\">Un mod\u00e8le de vie par\u00adta\u00adg\u00e9e bas\u00e9 sur le sou\u00adtien et la communaut\u00e9<\/span><\/em><\/h2>\n\n<p>Vous cher\u00adchez un loge\u00adment abor\u00addable \u00e0 Karls\u00adruhe&nbsp;? Vous avez une chambre \u00e0 offrir et vous avez besoin d\u2019un sou\u00adtien dans la vie quotidienne&nbsp;?&nbsp;<\/p>\n\n<p>Le <strong>pro\u00adgramme \u00ab&nbsp;Vivre pour aider&nbsp;\u00bb (Woh\u00adnen f\u00fcr Hilfe)<\/strong> met en rela\u00adtion des per\u00adsonnes dis\u00adpo\u00adsant d\u2019un espace de vie dis\u00adpo\u00adnible avec des per\u00adsonnes \u00e0 la recherche d\u2019un loge\u00adment et d\u00e9si\u00adreuses d\u2019ap\u00adpor\u00adter leur aide en retour.<br><br>Le <strong>pro\u00adjet \u00ab&nbsp;Living for Help&nbsp;\u00bb est d\u00e9sor\u00admais ouvert \u00e0 toute per\u00adsonne \u00e0 la recherche d\u2019un loge\u00adment \u00e0 Karls\u00adruhe<\/strong>, et pas seule\u00adment aux \u00e9tu\u00addiants (par exemple, les sta\u00adgiaires, les pro\u00adfes\u00adsion\u00adnels, les retrai\u00adt\u00e9s).<br>L\u2019<strong>objec\u00adtif<\/strong> est de r\u00e9duire la p\u00e9nu\u00adrie de loge\u00adments, d\u2019u\u00adti\u00adli\u00adser l\u2019es\u00adpace de vie de mani\u00e8re plus effi\u00adcace et de ren\u00adfor\u00adcer les liens sociaux. Les coor\u00addi\u00adna\u00adteurs de pro\u00adjet sou\u00adtiennent et guident les par\u00adti\u00adci\u00adpants tout au long du processus.&nbsp;<\/p>\n\n<h3 class=\"wp-block-heading\">Com\u00adment cela fonctionne-t-il&nbsp;?<\/h3>\n\n<p><strong><span style=\"color: #0b8b7d;\" class=\"stk-highlight\">Au lieu de payer un loyer, les r\u00e9si\u00addents offrent leur temps et leur sou\u00adtien.<\/span><\/strong><br>En r\u00e8gle g\u00e9n\u00e9\u00adrale&nbsp;:<br>\ud83d\udc49 <strong>1 heure d\u2019aide par mois pour chaque m\u00e8tre car\u00adr\u00e9 d\u2019es\u00adpace de vie<\/strong>.<\/p>\n\n<p>Ce sou\u00adtien peut comprendre<\/p>\n\n<ul class=\"wp-block-list\">\n<li>aide aux t\u00e2ches m\u00e9nag\u00e8res<\/li>\n\n\n\n<li>l\u2019\u00e9\u00adpi\u00adce\u00adrie<\/li>\n\n\n\n<li>jar\u00addi\u00adnage<\/li>\n\n\n\n<li>accom\u00adpa\u00adgne\u00adment et acti\u00advi\u00adt\u00e9s de loisirs<\/li>\n<\/ul>\n\n<p>\u26a0\ufe0f <em><strong>Veuillez noter qu\u2019il<\/strong> ne s\u2019a\u00adgit pas d\u2019un ser\u00advice de soins ou d\u2019infirmerie.<\/em><\/p>\n\n<p>Les r\u00e9si\u00addents ne paient que les <strong>co\u00fbts des ser\u00advices publics (par exemple, l\u2019\u00e9lec\u00adtri\u00adci\u00adt\u00e9, l\u2019eau, le chauffage).<\/strong><\/p>\n\n<h3 class=\"wp-block-heading\">\u00c0 qui s\u2019adresse-t-il&nbsp;?<\/h3>\n\n<h2 class=\"wp-block-heading\"><strong>Cr\u00e9\u00e9 \u00e0 l\u2019o\u00adri\u00adgine pour les \u00e9tu\u00addiants<\/strong>, le pro\u00adjet <strong>est d\u00e9sor\u00admais ouvert \u00e0 un groupe plus&nbsp;large&nbsp;:<\/strong><\/h2>\n\n<ul class=\"wp-block-list\">\n<li>\u00e9tu\u00addiants<\/li>\n\n\n\n<li>sta\u00adgiaires (appren\u00adtis)<\/li>\n\n\n\n<li>les pro\u00adfes\u00adsion\u00adnels en activit\u00e9<\/li>\n\n\n\n<li>retrai\u00adt\u00e9s<\/li>\n\n\n\n<li>toute per\u00adsonne \u00e0 la recherche d\u2019un loge\u00adment et d\u00e9si\u00adreuse de s\u2019impliquer<\/li>\n<\/ul>\n\n<p>Les per\u00adsonnes qui pro\u00adposent un loge\u00adment peuvent \u00eatre<\/p>\n\n<ul class=\"wp-block-list\">\n<li>les per\u00adsonnes \u00e2g\u00e9es<\/li>\n\n\n\n<li>familles<\/li>\n\n\n\n<li>les per\u00adsonnes handicap\u00e9es<\/li>\n\n\n\n<li>les per\u00adsonnes qui ont besoin d\u2019un sou\u00adtien dans la vie quotidienne<\/li>\n<\/ul>\n\n<p><strong> <strong><a href=\"https:\/\/www.paritaet-ka.de\/wp-content\/uploads\/2022\/09\/Wohnen-fuer-Hilfe-Flyer.pdf\" rel=\"noopener\">T\u00e9l\u00e9\u00adchar\u00adgez le&nbsp;flyer<\/a><\/strong><\/strong><\/p>\n\n<hr class=\"wp-block-separator has-alpha-channel-opacity\">\n\n<h3 class=\"wp-block-heading\">Pour\u00adquoi adh\u00e9rer&nbsp;?<\/h3>\n\n<p>Le pro\u00adgramme \u00ab&nbsp;Vivre pour aider&nbsp;\u00bb assure la promotion&nbsp;:<\/p>\n\n<ul class=\"wp-block-list\">\n<li>plus d\u2019op\u00adtions de loge\u00adment abordable<\/li>\n\n\n\n<li>une meilleure uti\u00adli\u00adsa\u00adtion de l\u2019es\u00adpace de vie disponible<\/li>\n\n\n\n<li>le lien social et le sou\u00adtien mutuel<\/li>\n<\/ul>\n\n<p>Le pro\u00adjet est g\u00e9r\u00e9 par <strong>Parit\u00e4\u00adtische Sozial\u00addienste Karls\u00adruhe<\/strong> en coop\u00e9\u00adra\u00adtion avec le <strong>Stu\u00addie\u00adren\u00adden\u00adwerk Karls\u00adruhe<\/strong>, sous le patro\u00adnage du maire de Karlsruhe.<\/p>\n\n<hr class=\"wp-block-separator has-alpha-channel-opacity\">\n\n<h3 class=\"wp-block-heading\">Pas \u00e0&nbsp;pas<\/h3>\n\n<ol class=\"wp-block-list\">\n<li>Pos\u00adtu\u00adlez en tant que <strong>four\u00adnis\u00adseur<\/strong> ou <strong>deman\u00addeur<\/strong><\/li>\n\n\n\n<li>Par\u00adti\u00adci\u00adpez \u00e0 une <strong>consul\u00adta\u00adtion personnelle<\/strong><\/li>\n\n\n\n<li>Rece\u00advoir une <strong>pro\u00adpo\u00adsi\u00adtion de contrepartie<\/strong><\/li>\n\n\n\n<li>Signer un <strong>accord<\/strong><\/li>\n\n\n\n<li>Lan\u00adcez votre <strong>par\u00adte\u00adna\u00adriat de vie partag\u00e9e<\/strong><\/li>\n<\/ol>\n\n<hr class=\"wp-block-separator has-alpha-channel-opacity\">\n\n<p>\ud83d\udc49 Vous \u00eates sou\u00adte\u00adnu tout au long du pro\u00adces\u00adsus par les coor\u00addi\u00adna\u00adteurs de pro\u00adjet, qui guident et conseillent les deux parties.<\/p>\n\n<hr class=\"wp-block-separator has-alpha-channel-opacity\">\n\n<p>Si vous \u00eates int\u00e9\u00adres\u00ads\u00e9 par un <strong>loge\u00adment abor\u00addable et un \u00e9change signi\u00adfi\u00adca\u00adtif<\/strong>, \u00ab&nbsp;Living for Help&nbsp;\u00bb pour\u00adrait \u00eatre la bonne oppor\u00adtu\u00adni\u00adt\u00e9 pour&nbsp;vous&nbsp;\ud83c\udf31<\/p>\n","protected":false},"author":12,"featured_media":121081,"template":"","class_list":["post-121082","event","type-event","status-publish","has-post-thumbnail","hentry","event_category-accomodation"],"acf":{"event-recurring":true,"event-category":47,"event-is-language-course":false,"event-recurring-still-active":true,"event-display-details":true,"event-schedules-recurring":[{"event-recurring-week-day":false,"event-recurring-time":"","event-recurring-time-text":""},{"event-recurring-week-day":"2","event-recurring-time":"","event-recurring-time-text":"08:00 - 15:00 | Disponibilit\u00e9 par t\u00e9l\u00e9phone"}],"event-schedules-calendar":null,"event-is-online":false,"event-online-url":"","event-location-building":"Parit\u00e4tische Sozialdienste ","event-location-street":"Kanalweg 40\/42","event-location-zip":"76149 ","event-location-city":"Karlsruhe","event-location-contact-person":"Maike Sommer, Panajoti Ko\u00e7a & Tanja Henkenhaf","event-location-phone":"0721 91230-70","event-location-phone-2":"","event-location-mail":"wohnen@paritaet-ka.de","event-location-mail-2":"","event-location-website":"https:\/\/www.paritaet-ka.de\/fuer-seniorinnen\/wohnen-fuer-hilfe-wohnpartnerschaften\/","event-target-group":null,"event-target-group-comment":"  toutes les personnes \u00e0 la recherche d'un logement \u00e0 Karlsruhe","event-free":false,"event-organiser":[121068,11445],"event-header-copyright-overlay":true,"event-copyright-note-description-end":false},"featured_image_urls_v2":{"full":["https:\/\/www.anika-net.de\/wp-content\/uploads\/2026\/04\/Paritten_Karlsruhe.png",1500,474,false],"thumbnail":["https:\/\/www.anika-net.de\/wp-content\/uploads\/2026\/04\/Paritten_Karlsruhe-150x150.png",150,150,true],"medium":["https:\/\/www.anika-net.de\/wp-content\/uploads\/2026\/04\/Paritten_Karlsruhe-300x95.png",300,95,true],"medium_large":["https:\/\/www.anika-net.de\/wp-content\/uploads\/2026\/04\/Paritten_Karlsruhe-768x243.png",640,203,true],"large":["https:\/\/www.anika-net.de\/wp-content\/uploads\/2026\/04\/Paritten_Karlsruhe-1024x324.png",640,203,true],"1536x1536":["https:\/\/www.anika-net.de\/wp-content\/uploads\/2026\/04\/Paritten_Karlsruhe.png",1500,474,false],"2048x2048":["https:\/\/www.anika-net.de\/wp-content\/uploads\/2026\/04\/Paritten_Karlsruhe.png",1500,474,false],"event-overview":["https:\/\/www.anika-net.de\/wp-content\/uploads\/2026\/04\/Paritten_Karlsruhe-960x474.png",960,474,true],"event-archive-thumb":["https:\/\/www.anika-net.de\/wp-content\/uploads\/2026\/04\/Paritten_Karlsruhe-480x152.png",480,152,true],"grid-item-thumbnail":["https:\/\/www.anika-net.de\/wp-content\/uploads\/2026\/04\/Paritten_Karlsruhe-360x200.png",360,200,true],"network-partner-icon":["https:\/\/www.anika-net.de\/wp-content\/uploads\/2026\/04\/Paritten_Karlsruhe-100x100.png",100,100,true],"organiser-icon":["https:\/\/www.anika-net.de\/wp-content\/uploads\/2026\/04\/Paritten_Karlsruhe-200x200.png",200,200,true],"gform-image-choice-sm":["https:\/\/www.anika-net.de\/wp-content\/uploads\/2026\/04\/Paritten_Karlsruhe.png",300,95,false],"gform-image-choice-md":["https:\/\/www.anika-net.de\/wp-content\/uploads\/2026\/04\/Paritten_Karlsruhe.png",400,126,false],"gform-image-choice-lg":["https:\/\/www.anika-net.de\/wp-content\/uploads\/2026\/04\/Paritten_Karlsruhe.png",600,190,false]},"post_excerpt_stackable_v2":"<p>Un mod\u00e8le de vie par\u00adta\u00adg\u00e9e bas\u00e9 sur le sou\u00adtien et la com\u00admu\u00adnau\u00adt\u00e9 Vous cher\u00adchez un loge\u00adment abor\u00addable \u00e0 Karls\u00adruhe&nbsp;? Vous avez une chambre \u00e0 offrir et vous avez besoin d\u2019un sou\u00adtien dans la vie quo\u00adti\u00addienne&nbsp;?&nbsp; Le pro\u00adgramme \u00ab&nbsp;Vivre pour aider&nbsp;\u00bb (Woh\u00adnen f\u00fcr Hilfe) met en rela\u00adtion des per\u00adsonnes dis\u00adpo\u00adsant d\u2019un espace de vie dis\u00adpo\u00adnible avec des per\u00adsonnes \u00e0 la recherche d\u2019un loge\u00adment et d\u00e9si\u00adreuses d\u2019ap\u00adpor\u00adter leur aide en retour.Le pro\u00adjet \u00ab&nbsp;Living for Help&nbsp;\u00bb est d\u00e9sor\u00admais ouvert \u00e0 toute per\u00adsonne \u00e0 la recherche d\u2019un loge\u00adment \u00e0 Karls\u00adruhe, et pas seule\u00adment aux \u00e9tu\u00addiants (par exemple, les sta\u00adgiaires, les pro\u00adfes\u00adsion\u00adnels, les retrai\u00adt\u00e9s).L\u2019objec\u00adtif&nbsp;est\u2026<\/p>\n","category_list_v2":"","author_info_v2":{"name":"Andrea Ramirez","url":"https:\/\/www.anika-net.de\/fr\/author\/andrea-ramirez\/"},"comments_num_v2":"0 commentaire","uagb_featured_image_src":{"full":["https:\/\/www.anika-net.de\/wp-content\/uploads\/2026\/04\/Paritten_Karlsruhe.png",1500,474,false],"thumbnail":["https:\/\/www.anika-net.de\/wp-content\/uploads\/2026\/04\/Paritten_Karlsruhe-150x150.png",150,150,true],"medium":["https:\/\/www.anika-net.de\/wp-content\/uploads\/2026\/04\/Paritten_Karlsruhe-300x95.png",300,95,true],"medium_large":["https:\/\/www.anika-net.de\/wp-content\/uploads\/2026\/04\/Paritten_Karlsruhe-768x243.png",640,203,true],"large":["https:\/\/www.anika-net.de\/wp-content\/uploads\/2026\/04\/Paritten_Karlsruhe-1024x324.png",640,203,true],"1536x1536":["https:\/\/www.anika-net.de\/wp-content\/uploads\/2026\/04\/Paritten_Karlsruhe.png",1500,474,false],"2048x2048":["https:\/\/www.anika-net.de\/wp-content\/uploads\/2026\/04\/Paritten_Karlsruhe.png",1500,474,false],"event-overview":["https:\/\/www.anika-net.de\/wp-content\/uploads\/2026\/04\/Paritten_Karlsruhe-960x474.png",960,474,true],"event-archive-thumb":["https:\/\/www.anika-net.de\/wp-content\/uploads\/2026\/04\/Paritten_Karlsruhe-480x152.png",480,152,true],"grid-item-thumbnail":["https:\/\/www.anika-net.de\/wp-content\/uploads\/2026\/04\/Paritten_Karlsruhe-360x200.png",360,200,true],"network-partner-icon":["https:\/\/www.anika-net.de\/wp-content\/uploads\/2026\/04\/Paritten_Karlsruhe-100x100.png",100,100,true],"organiser-icon":["https:\/\/www.anika-net.de\/wp-content\/uploads\/2026\/04\/Paritten_Karlsruhe-200x200.png",200,200,true],"gform-image-choice-sm":["https:\/\/www.anika-net.de\/wp-content\/uploads\/2026\/04\/Paritten_Karlsruhe.png",300,95,false],"gform-image-choice-md":["https:\/\/www.anika-net.de\/wp-content\/uploads\/2026\/04\/Paritten_Karlsruhe.png",400,126,false],"gform-image-choice-lg":["https:\/\/www.anika-net.de\/wp-content\/uploads\/2026\/04\/Paritten_Karlsruhe.png",600,190,false]},"uagb_author_info":{"display_name":"Andrea Ramirez","author_link":"https:\/\/www.anika-net.de\/fr\/author\/andrea-ramirez\/"},"uagb_comment_info":0,"uagb_excerpt":"Un mod\u00e8le de vie par\u00adta\u00adg\u00e9e bas\u00e9 sur le sou\u00adtien et la communaut\u00e9 Vous cher\u00adchez un loge\u00adment abor\u00addable \u00e0 Karls\u00adruhe&nbsp;? Vous avez une chambre \u00e0 offrir et vous avez besoin d\u2019un&nbsp;lire plus","_links":{"self":[{"href":"https:\/\/www.anika-net.de\/fr\/wp-json\/wp\/v2\/event\/121082","targetHints":{"allow":["GET"]}}],"collection":[{"href":"https:\/\/www.anika-net.de\/fr\/wp-json\/wp\/v2\/event"}],"about":[{"href":"https:\/\/www.anika-net.de\/fr\/wp-json\/wp\/v2\/types\/event"}],"author":[{"embeddable":true,"href":"https:\/\/www.anika-net.de\/fr\/wp-json\/wp\/v2\/users\/12"}],"version-history":[{"count":2,"href":"https:\/\/www.anika-net.de\/fr\/wp-json\/wp\/v2\/event\/121082\/revisions"}],"predecessor-version":[{"id":121158,"href":"https:\/\/www.anika-net.de\/fr\/wp-json\/wp\/v2\/event\/121082\/revisions\/121158"}],"acf:post":[{"embeddable":true,"href":"https:\/\/www.anika-net.de\/fr\/wp-json\/wp\/v2\/organiser\/11445"},{"embeddable":true,"href":"https:\/\/www.anika-net.de\/fr\/wp-json\/wp\/v2\/organiser\/121068"}],"acf:term":[{"embeddable":true,"taxonomy":"event_category","href":"https:\/\/www.anika-net.de\/fr\/wp-json\/wp\/v2\/event_category\/47"}],"wp:featuredmedia":[{"embeddable":true,"href":"https:\/\/www.anika-net.de\/fr\/wp-json\/wp\/v2\/media\/121081"}],"wp:attachment":[{"href":"https:\/\/www.anika-net.de\/fr\/wp-json\/wp\/v2\/media?parent=121082"}],"curies":[{"name":"wp","href":"https:\/\/api.w.org\/{rel}","templated":true}]}}