{"id":119577,"date":"2026-03-04T15:19:42","date_gmt":"2026-03-04T14:19:42","guid":{"rendered":"https:\/\/www.anika-net.de\/event\/elterntalk-baden-wurttemberg\/"},"modified":"2026-03-09T11:33:21","modified_gmt":"2026-03-09T10:33:21","slug":"elterntalk-baden-wurttemberg","status":"publish","type":"event","link":"https:\/\/www.anika-net.de\/fr\/event\/elterntalk-baden-wurttemberg\/","title":{"rendered":"Eltern\u00adtalk Baden-W\u00fcrttemberg"},"content":{"rendered":"\n<h2 class=\"wp-block-heading\">Eltern\u00adtalk \u2013 Un espace de ren\u00adcontre pour les parents pour par\u00adler de la vie de famille et des m\u00e9dias<\/h2>\n\n<h3 class=\"wp-block-heading\">Qu\u2019est-ce que Elterntalk&nbsp;?<\/h3>\n\n<p>Eltern\u00adtalk est un lieu o\u00f9 les m\u00e8res et les p\u00e8res peuvent se ren\u00adcon\u00adtrer dans un cadre d\u00e9ten\u00addu pour par\u00adler de la vie fami\u00adliale quo\u00adti\u00addienne, de l\u2019u\u00adti\u00adli\u00adsa\u00adtion des m\u00e9dias, des exp\u00e9\u00adriences avec les smart\u00adphones et l\u2019in\u00adter\u00adnet, des jeux num\u00e9\u00adriques et d\u2019autres sujets li\u00e9s \u00e0 l\u2019\u00e9\u00addu\u00adca\u00adtion des enfants. Les r\u00e9unions sont ani\u00adm\u00e9es par des parents for\u00adm\u00e9s, elles sont gra\u00adtuites et peuvent se d\u00e9rou\u00adler en plu\u00adsieurs langues si n\u00e9ces\u00adsaire. Elles se d\u00e9roulent dans un cadre pri\u00adv\u00e9 et per\u00adson\u00adnel, par exemple au domi\u00adcile des parents ou dans des lieux fami\u00adliers du quartier.&nbsp;<\/p>\n\n<p>Eltern\u00adtalk fait par\u00adtie d\u2019un pro\u00adjet natio\u00adnal g\u00e9r\u00e9 par Aktion Jugend\u00adschutz Lan\u00adde\u00adsar\u00adbeitss\u00adtelle Baden-W\u00fcrt\u00adtem\u00adberg e. V. (ajs). Il est finan\u00adc\u00e9 par la fon\u00adda\u00adtion Kin\u00adder\u00adland Baden-W\u00fcrt\u00adtem\u00adberg et par des fonds publics approu\u00adv\u00e9s par le par\u00adle\u00adment du Baden-W\u00fcrttemberg.&nbsp;<\/p>\n\n<p>\u00c0 Karls\u00adruhe, la ville est l\u2019un des pre\u00admiers sites de pro\u00adjet de l\u2019\u00c9\u00adtat \u00e0 dis\u00adpo\u00adser d\u2019un bureau des enfants dans le domaine de la pro\u00adtec\u00adtion de l\u2019en\u00adfance et de la jeunesse.<\/p>\n\n<h3 class=\"wp-block-heading\">Com\u00adment puis-je participer&nbsp;?<\/h3>\n\n<p><strong>En tant qu\u2019in\u00advi\u00adt\u00e9<\/strong>, vous \u00eates invi\u00adt\u00e9 \u00e0 par\u00adta\u00adger vos exp\u00e9\u00adriences et vos questions.<\/p>\n\n<p><strong>En tant qu\u2019\u00adh\u00f4te<\/strong>, vous invi\u00adtez quatre \u00e0 six autres parents \u00e0 par\u00adti\u00adci\u00adper \u00e0 un groupe de discussion.<\/p>\n\n<p>En tant <strong>que mod\u00e9\u00adra\u00adteur<\/strong>, vous \u00eates vous-m\u00eame un parent et vous aimez ani\u00admer des groupes de dis\u00adcus\u00adsion. Les mod\u00e9\u00adra\u00adteurs suivent une for\u00adma\u00adtion et re\u00e7oivent une indem\u00adni\u00adt\u00e9 de frais. Des docu\u00adments d\u2019in\u00adfor\u00adma\u00adtion sont fournis.&nbsp;<\/p>\n\n<div class=\"wp-block-stackable-divider stk-block-divider stk-block stk-17f5163\" data-block-id=\"17f5163\"><hr class=\"stk-block-divider__hr\"><\/div>\n\n<p><strong>Other offers from the Karls\u00adruhe Children\u2019s Office<\/strong><br>\u2197\ufe0f <a href=\"https:\/\/www.anika-net.de\/event\/kinderburo-on-air-online-information-for-parents\/\">Kin\u00adderb\u00fc\u00adro ON AIR \u2013 Online Infor\u00adma\u00adtion for Parents<\/a><\/p>\n\n<div class=\"wp-block-stackable-spacer stk-block-spacer stk--no-padding stk-block stk-ff5b50c\" data-block-id=\"ff5b50c\"><\/div>\n","protected":false},"author":12,"featured_media":119576,"template":"","class_list":["post-119577","event","type-event","status-publish","has-post-thumbnail","hentry","event_category-education"],"acf":{"event-recurring":true,"event-category":49,"event-is-language-course":false,"event-recurring-still-active":true,"event-display-details":true,"event-schedules-recurring":null,"event-schedules-calendar":null,"event-is-online":false,"event-online-url":"","event-location-building":"Kinderb\u00fcro - Stadt Karlsruhe","event-location-street":"Ernst-Frey-Stra\u00dfe 10","event-location-zip":"76135","event-location-city":"Karlruhe","event-location-contact-person":"Svenja Stober (Regional representative for the city of Karlsruhe)","event-location-phone":"0152 072 62 908","event-location-phone-2":"","event-location-mail":"elterntalk@sjb.karlsruhe.de","event-location-mail-2":"","event-location-website":"https:\/\/www.elterntalk-bw.de\/","event-target-group":[{"target-group":"parents"}],"event-target-group-comment":"des enfants \u00e2g\u00e9s de 0 \u00e0 14 ans","event-free":true,"event-organiser":[46610],"event-header-copyright-overlay":true,"event-copyright-note-description-end":false},"featured_image_urls_v2":{"full":["https:\/\/www.anika-net.de\/wp-content\/uploads\/2026\/03\/ajs_logo_elterntalk_4c.jpg",1280,603,false],"thumbnail":["https:\/\/www.anika-net.de\/wp-content\/uploads\/2026\/03\/ajs_logo_elterntalk_4c-150x150.jpg",150,150,true],"medium":["https:\/\/www.anika-net.de\/wp-content\/uploads\/2026\/03\/ajs_logo_elterntalk_4c-300x141.jpg",300,141,true],"medium_large":["https:\/\/www.anika-net.de\/wp-content\/uploads\/2026\/03\/ajs_logo_elterntalk_4c-768x362.jpg",640,302,true],"large":["https:\/\/www.anika-net.de\/wp-content\/uploads\/2026\/03\/ajs_logo_elterntalk_4c-1024x482.jpg",640,301,true],"1536x1536":["https:\/\/www.anika-net.de\/wp-content\/uploads\/2026\/03\/ajs_logo_elterntalk_4c.jpg",1280,603,false],"2048x2048":["https:\/\/www.anika-net.de\/wp-content\/uploads\/2026\/03\/ajs_logo_elterntalk_4c.jpg",1280,603,false],"event-overview":["https:\/\/www.anika-net.de\/wp-content\/uploads\/2026\/03\/ajs_logo_elterntalk_4c-960x603.jpg",960,603,true],"event-archive-thumb":["https:\/\/www.anika-net.de\/wp-content\/uploads\/2026\/03\/ajs_logo_elterntalk_4c-480x226.jpg",480,226,true],"grid-item-thumbnail":["https:\/\/www.anika-net.de\/wp-content\/uploads\/2026\/03\/ajs_logo_elterntalk_4c-360x200.jpg",360,200,true],"network-partner-icon":["https:\/\/www.anika-net.de\/wp-content\/uploads\/2026\/03\/ajs_logo_elterntalk_4c-100x100.jpg",100,100,true],"organiser-icon":["https:\/\/www.anika-net.de\/wp-content\/uploads\/2026\/03\/ajs_logo_elterntalk_4c-200x200.jpg",200,200,true],"gform-image-choice-sm":["https:\/\/www.anika-net.de\/wp-content\/uploads\/2026\/03\/ajs_logo_elterntalk_4c.jpg",300,141,false],"gform-image-choice-md":["https:\/\/www.anika-net.de\/wp-content\/uploads\/2026\/03\/ajs_logo_elterntalk_4c.jpg",400,188,false],"gform-image-choice-lg":["https:\/\/www.anika-net.de\/wp-content\/uploads\/2026\/03\/ajs_logo_elterntalk_4c.jpg",600,283,false]},"post_excerpt_stackable_v2":"<p>Eltern\u00adtalk \u2013 Un espace de ren\u00adcontre pour les parents pour par\u00adler de la vie de famille et des m\u00e9dias Qu\u2019est-ce que Eltern\u00adtalk&nbsp;? Eltern\u00adtalk est un lieu o\u00f9 les m\u00e8res et les p\u00e8res peuvent se ren\u00adcon\u00adtrer dans un cadre d\u00e9ten\u00addu pour par\u00adler de la vie fami\u00adliale quo\u00adti\u00addienne, de l\u2019u\u00adti\u00adli\u00adsa\u00adtion des m\u00e9dias, des exp\u00e9\u00adriences avec les smart\u00adphones et l\u2019in\u00adter\u00adnet, des jeux num\u00e9\u00adriques et d\u2019autres sujets li\u00e9s \u00e0 l\u2019\u00e9\u00addu\u00adca\u00adtion des enfants. Les r\u00e9unions sont ani\u00adm\u00e9es par des parents for\u00adm\u00e9s, elles sont gra\u00adtuites et peuvent se d\u00e9rou\u00adler en plu\u00adsieurs langues si n\u00e9ces\u00adsaire. Elles se d\u00e9roulent dans un cadre pri\u00adv\u00e9 et per\u00adson\u00adnel, par exemple au\u2026<\/p>\n","category_list_v2":"","author_info_v2":{"name":"Andrea Ramirez","url":"https:\/\/www.anika-net.de\/fr\/author\/andrea-ramirez\/"},"comments_num_v2":"0 commentaire","uagb_featured_image_src":{"full":["https:\/\/www.anika-net.de\/wp-content\/uploads\/2026\/03\/ajs_logo_elterntalk_4c.jpg",1280,603,false],"thumbnail":["https:\/\/www.anika-net.de\/wp-content\/uploads\/2026\/03\/ajs_logo_elterntalk_4c-150x150.jpg",150,150,true],"medium":["https:\/\/www.anika-net.de\/wp-content\/uploads\/2026\/03\/ajs_logo_elterntalk_4c-300x141.jpg",300,141,true],"medium_large":["https:\/\/www.anika-net.de\/wp-content\/uploads\/2026\/03\/ajs_logo_elterntalk_4c-768x362.jpg",640,302,true],"large":["https:\/\/www.anika-net.de\/wp-content\/uploads\/2026\/03\/ajs_logo_elterntalk_4c-1024x482.jpg",640,301,true],"1536x1536":["https:\/\/www.anika-net.de\/wp-content\/uploads\/2026\/03\/ajs_logo_elterntalk_4c.jpg",1280,603,false],"2048x2048":["https:\/\/www.anika-net.de\/wp-content\/uploads\/2026\/03\/ajs_logo_elterntalk_4c.jpg",1280,603,false],"event-overview":["https:\/\/www.anika-net.de\/wp-content\/uploads\/2026\/03\/ajs_logo_elterntalk_4c-960x603.jpg",960,603,true],"event-archive-thumb":["https:\/\/www.anika-net.de\/wp-content\/uploads\/2026\/03\/ajs_logo_elterntalk_4c-480x226.jpg",480,226,true],"grid-item-thumbnail":["https:\/\/www.anika-net.de\/wp-content\/uploads\/2026\/03\/ajs_logo_elterntalk_4c-360x200.jpg",360,200,true],"network-partner-icon":["https:\/\/www.anika-net.de\/wp-content\/uploads\/2026\/03\/ajs_logo_elterntalk_4c-100x100.jpg",100,100,true],"organiser-icon":["https:\/\/www.anika-net.de\/wp-content\/uploads\/2026\/03\/ajs_logo_elterntalk_4c-200x200.jpg",200,200,true],"gform-image-choice-sm":["https:\/\/www.anika-net.de\/wp-content\/uploads\/2026\/03\/ajs_logo_elterntalk_4c.jpg",300,141,false],"gform-image-choice-md":["https:\/\/www.anika-net.de\/wp-content\/uploads\/2026\/03\/ajs_logo_elterntalk_4c.jpg",400,188,false],"gform-image-choice-lg":["https:\/\/www.anika-net.de\/wp-content\/uploads\/2026\/03\/ajs_logo_elterntalk_4c.jpg",600,283,false]},"uagb_author_info":{"display_name":"Andrea Ramirez","author_link":"https:\/\/www.anika-net.de\/fr\/author\/andrea-ramirez\/"},"uagb_comment_info":0,"uagb_excerpt":"Eltern\u00adtalk \u2013 Un espace de ren\u00adcontre pour les parents pour par\u00adler de la vie de famille et des m\u00e9dias Qu\u2019est-ce que Elterntalk&nbsp;? Eltern\u00adtalk est un lieu o\u00f9 les m\u00e8res et&nbsp;lire plus","_links":{"self":[{"href":"https:\/\/www.anika-net.de\/fr\/wp-json\/wp\/v2\/event\/119577","targetHints":{"allow":["GET"]}}],"collection":[{"href":"https:\/\/www.anika-net.de\/fr\/wp-json\/wp\/v2\/event"}],"about":[{"href":"https:\/\/www.anika-net.de\/fr\/wp-json\/wp\/v2\/types\/event"}],"author":[{"embeddable":true,"href":"https:\/\/www.anika-net.de\/fr\/wp-json\/wp\/v2\/users\/12"}],"version-history":[{"count":2,"href":"https:\/\/www.anika-net.de\/fr\/wp-json\/wp\/v2\/event\/119577\/revisions"}],"predecessor-version":[{"id":119637,"href":"https:\/\/www.anika-net.de\/fr\/wp-json\/wp\/v2\/event\/119577\/revisions\/119637"}],"acf:post":[{"embeddable":true,"href":"https:\/\/www.anika-net.de\/fr\/wp-json\/wp\/v2\/organiser\/46610"}],"acf:term":[{"embeddable":true,"taxonomy":"event_category","href":"https:\/\/www.anika-net.de\/fr\/wp-json\/wp\/v2\/event_category\/49"}],"wp:featuredmedia":[{"embeddable":true,"href":"https:\/\/www.anika-net.de\/fr\/wp-json\/wp\/v2\/media\/119576"}],"wp:attachment":[{"href":"https:\/\/www.anika-net.de\/fr\/wp-json\/wp\/v2\/media?parent=119577"}],"curies":[{"name":"wp","href":"https:\/\/api.w.org\/{rel}","templated":true}]}}