{"id":11895,"date":"2020-01-07T09:52:29","date_gmt":"2020-01-07T08:52:29","guid":{"rendered":"https:\/\/www.anika-net.de\/event\/de-beratung-zum-wiedereinstieg\/"},"modified":"2023-09-25T13:42:47","modified_gmt":"2023-09-25T11:42:47","slug":"conseils-sur-le-retour-au-travail","status":"publish","type":"event","link":"https:\/\/www.anika-net.de\/fr\/event\/conseils-sur-le-retour-au-travail\/","title":{"rendered":"Conseils sur le retour au&nbsp;pays"},"content":{"rendered":"<h3><strong>R\u00e9in\u00adser\u00adtion professionnelle<\/strong><\/h3>\n<p>Vous vous deman\u00addez par\u00adfois si vous avez des chances sur le mar\u00adch\u00e9 du tra\u00advail actuel&nbsp;?<br>\nOu bien vous deman\u00addez-vous s\u2019il serait pos\u00adsible de faire un appren\u00adtis\u00adsage&nbsp;? Peut-\u00eatre m\u00eame \u00e0 temps partiel&nbsp;?<br>\nPeut-\u00eatre dans une pro\u00adfes\u00adsion qui vous \u00e9pa\u00adnouit et vous per\u00admet de vivre sans aide financi\u00e8re&nbsp;?<\/p>\n<p><strong>Gra\u00adtui\u00adte\u00adment et sans obligation<\/strong><br>\nNos conseillers d\u2019o\u00adrien\u00adta\u00adtion pro\u00adfes\u00adsion\u00adnelle sont \u00e0 votre dis\u00adpo\u00adsi\u00adtion avec toutes leurs connais\u00adsances et leurs contacts pour des conseils d\u2019o\u00adrien\u00adta\u00adtion. Ils prennent le temps de s\u2019in\u00adt\u00e9\u00adres\u00adser \u00e0 vos pr\u00e9\u00adoc\u00adcu\u00adpa\u00adtions et peuvent dis\u00adcu\u00adter avec vous de vos id\u00e9es et peut-\u00eatre d\u00e9j\u00e0 ini\u00adtier les pro\u00adchaines \u00e9tapes.<\/p>\n<p>T\u00e9l\u00e9\u00adchar\u00adger le <a href=\"https:\/\/www.anika-net.de\/wp-content\/uploads\/2022\/11\/2106_Flyer-BBiE.pdf\">pros\u00adpec\u00adtus<\/a><\/p>\n<p>\u00a9Flyer-Bun\u00adde\u00adsa\u00adgen\u00adtur f\u00fcr Arbeit<\/p>\n<p>&nbsp;<\/p>\n","protected":false},"author":12,"featured_media":9004,"template":"","class_list":["post-11895","event","type-event","status-publish","has-post-thumbnail","hentry","event_category-work"],"acf":{"event-recurring":true,"event-category":51,"event-is-language-course":false,"event-recurring-still-active":true,"event-display-details":true,"event-schedules-recurring":null,"event-schedules-calendar":null,"event-is-online":false,"event-online-url":"","event-location-building":"Agentur f\u00fcr Arbeit Karlsruhe-Rastatt","event-location-street":"Brauerstr. 10","event-location-zip":"76135","event-location-city":"Karlsruhe","event-location-contact-person":"Berufsberatung im Erwerbsleben (BBiE)","event-location-phone":"+49 721 823 2555 Beratungshotline","event-location-phone-2":"","event-location-mail":"Oberrhein.BBiE@arbeitsagentur.de","event-location-mail-2":"","event-location-website":"https:\/\/www.arbeitsagentur.de\/datei\/die-lebensbegleitende-berufsberatung-der-ba_ba035445.pdf","event-target-group":[{"target-group":"all"}],"event-target-group-comment":"Les personnes avant la r\u00e9insertion professionnelle","event-free":true,"event-organiser":[11275],"event-header-copyright-overlay":false,"event-copyright-note-description-end":true},"featured_image_urls_v2":{"full":["https:\/\/www.anika-net.de\/wp-content\/uploads\/2021\/10\/870x489_bundesagentur_fuer_arbeit_logo-1280x640-1.jpg",870,489,false],"thumbnail":["https:\/\/www.anika-net.de\/wp-content\/uploads\/2021\/10\/870x489_bundesagentur_fuer_arbeit_logo-1280x640-1-150x150.jpg",150,150,true],"medium":["https:\/\/www.anika-net.de\/wp-content\/uploads\/2021\/10\/870x489_bundesagentur_fuer_arbeit_logo-1280x640-1-300x169.jpg",300,169,true],"medium_large":["https:\/\/www.anika-net.de\/wp-content\/uploads\/2021\/10\/870x489_bundesagentur_fuer_arbeit_logo-1280x640-1-768x432.jpg",640,360,true],"large":["https:\/\/www.anika-net.de\/wp-content\/uploads\/2021\/10\/870x489_bundesagentur_fuer_arbeit_logo-1280x640-1.jpg",640,360,false],"1536x1536":["https:\/\/www.anika-net.de\/wp-content\/uploads\/2021\/10\/870x489_bundesagentur_fuer_arbeit_logo-1280x640-1.jpg",870,489,false],"2048x2048":["https:\/\/www.anika-net.de\/wp-content\/uploads\/2021\/10\/870x489_bundesagentur_fuer_arbeit_logo-1280x640-1.jpg",870,489,false],"event-overview":["https:\/\/www.anika-net.de\/wp-content\/uploads\/2021\/10\/870x489_bundesagentur_fuer_arbeit_logo-1280x640-1.jpg",870,489,false],"event-archive-thumb":["https:\/\/www.anika-net.de\/wp-content\/uploads\/2021\/10\/870x489_bundesagentur_fuer_arbeit_logo-1280x640-1-480x270.jpg",480,270,true],"grid-item-thumbnail":["https:\/\/www.anika-net.de\/wp-content\/uploads\/2021\/10\/870x489_bundesagentur_fuer_arbeit_logo-1280x640-1-360x200.jpg",360,200,true],"network-partner-icon":["https:\/\/www.anika-net.de\/wp-content\/uploads\/2021\/10\/870x489_bundesagentur_fuer_arbeit_logo-1280x640-1-100x100.jpg",100,100,true],"organiser-icon":["https:\/\/www.anika-net.de\/wp-content\/uploads\/2021\/10\/870x489_bundesagentur_fuer_arbeit_logo-1280x640-1-200x200.jpg",200,200,true],"gform-image-choice-sm":["https:\/\/www.anika-net.de\/wp-content\/uploads\/2021\/10\/870x489_bundesagentur_fuer_arbeit_logo-1280x640-1.jpg",300,169,false],"gform-image-choice-md":["https:\/\/www.anika-net.de\/wp-content\/uploads\/2021\/10\/870x489_bundesagentur_fuer_arbeit_logo-1280x640-1.jpg",400,225,false],"gform-image-choice-lg":["https:\/\/www.anika-net.de\/wp-content\/uploads\/2021\/10\/870x489_bundesagentur_fuer_arbeit_logo-1280x640-1.jpg",600,337,false]},"post_excerpt_stackable_v2":"<p>R\u00e9in\u00adser\u00adtion pro\u00adfes\u00adsion\u00adnelle Vous vous deman\u00addez par\u00adfois si vous avez des chances sur le mar\u00adch\u00e9 du tra\u00advail actuel&nbsp;? Ou bien vous deman\u00ad\u00addez-vous s\u2019il serait pos\u00adsible de faire un appren\u00adtis\u00adsage&nbsp;? Peut-\u00eatre m\u00eame \u00e0 temps par\u00adtiel&nbsp;? Peut-\u00eatre dans une pro\u00adfes\u00adsion qui vous \u00e9pa\u00adnouit et vous per\u00admet de vivre sans aide finan\u00adci\u00e8re&nbsp;? Gra\u00adtui\u00adte\u00adment et sans obli\u00adga\u00adtion Nos conseillers d\u2019o\u00adrien\u00adta\u00adtion pro\u00adfes\u00adsion\u00adnelle sont \u00e0 votre dis\u00adpo\u00adsi\u00adtion avec toutes leurs connais\u00adsances et leurs contacts pour des conseils d\u2019o\u00adrien\u00adta\u00adtion. Ils prennent le temps de s\u2019in\u00adt\u00e9\u00adres\u00adser \u00e0 vos pr\u00e9\u00adoc\u00adcu\u00adpa\u00adtions et peuvent dis\u00adcu\u00adter avec vous de vos id\u00e9es et peut-\u00eatre d\u00e9j\u00e0 ini\u00adtier les pro\u00adchaines \u00e9tapes. T\u00e9l\u00e9\u00adchar\u00adger le pros\u00adpec\u00adtus \u00a9Flyer-Bun\u00ad\u00adde\u00ad\u00adsa\u00ad\u00adgen\u00ad\u00adtur&nbsp;f\u00fcr\u2026<\/p>\n","category_list_v2":"","author_info_v2":{"name":"Andrea Ramirez","url":"https:\/\/www.anika-net.de\/fr\/author\/andrea-ramirez\/"},"comments_num_v2":"0 commentaire","uagb_featured_image_src":{"full":["https:\/\/www.anika-net.de\/wp-content\/uploads\/2021\/10\/870x489_bundesagentur_fuer_arbeit_logo-1280x640-1.jpg",870,489,false],"thumbnail":["https:\/\/www.anika-net.de\/wp-content\/uploads\/2021\/10\/870x489_bundesagentur_fuer_arbeit_logo-1280x640-1-150x150.jpg",150,150,true],"medium":["https:\/\/www.anika-net.de\/wp-content\/uploads\/2021\/10\/870x489_bundesagentur_fuer_arbeit_logo-1280x640-1-300x169.jpg",300,169,true],"medium_large":["https:\/\/www.anika-net.de\/wp-content\/uploads\/2021\/10\/870x489_bundesagentur_fuer_arbeit_logo-1280x640-1-768x432.jpg",640,360,true],"large":["https:\/\/www.anika-net.de\/wp-content\/uploads\/2021\/10\/870x489_bundesagentur_fuer_arbeit_logo-1280x640-1.jpg",640,360,false],"1536x1536":["https:\/\/www.anika-net.de\/wp-content\/uploads\/2021\/10\/870x489_bundesagentur_fuer_arbeit_logo-1280x640-1.jpg",870,489,false],"2048x2048":["https:\/\/www.anika-net.de\/wp-content\/uploads\/2021\/10\/870x489_bundesagentur_fuer_arbeit_logo-1280x640-1.jpg",870,489,false],"event-overview":["https:\/\/www.anika-net.de\/wp-content\/uploads\/2021\/10\/870x489_bundesagentur_fuer_arbeit_logo-1280x640-1.jpg",870,489,false],"event-archive-thumb":["https:\/\/www.anika-net.de\/wp-content\/uploads\/2021\/10\/870x489_bundesagentur_fuer_arbeit_logo-1280x640-1-480x270.jpg",480,270,true],"grid-item-thumbnail":["https:\/\/www.anika-net.de\/wp-content\/uploads\/2021\/10\/870x489_bundesagentur_fuer_arbeit_logo-1280x640-1-360x200.jpg",360,200,true],"network-partner-icon":["https:\/\/www.anika-net.de\/wp-content\/uploads\/2021\/10\/870x489_bundesagentur_fuer_arbeit_logo-1280x640-1-100x100.jpg",100,100,true],"organiser-icon":["https:\/\/www.anika-net.de\/wp-content\/uploads\/2021\/10\/870x489_bundesagentur_fuer_arbeit_logo-1280x640-1-200x200.jpg",200,200,true],"gform-image-choice-sm":["https:\/\/www.anika-net.de\/wp-content\/uploads\/2021\/10\/870x489_bundesagentur_fuer_arbeit_logo-1280x640-1.jpg",300,169,false],"gform-image-choice-md":["https:\/\/www.anika-net.de\/wp-content\/uploads\/2021\/10\/870x489_bundesagentur_fuer_arbeit_logo-1280x640-1.jpg",400,225,false],"gform-image-choice-lg":["https:\/\/www.anika-net.de\/wp-content\/uploads\/2021\/10\/870x489_bundesagentur_fuer_arbeit_logo-1280x640-1.jpg",600,337,false]},"uagb_author_info":{"display_name":"Andrea Ramirez","author_link":"https:\/\/www.anika-net.de\/fr\/author\/andrea-ramirez\/"},"uagb_comment_info":0,"uagb_excerpt":"R\u00e9in\u00adser\u00adtion professionnelle Vous vous deman\u00addez par\u00adfois si vous avez des chances sur le mar\u00adch\u00e9 du tra\u00advail actuel&nbsp;? Ou bien vous deman\u00addez-vous s\u2019il serait pos\u00adsible de faire un appren\u00adtis\u00adsage&nbsp;? Peut-\u00eatre m\u00eame&nbsp;lire plus","_links":{"self":[{"href":"https:\/\/www.anika-net.de\/fr\/wp-json\/wp\/v2\/event\/11895","targetHints":{"allow":["GET"]}}],"collection":[{"href":"https:\/\/www.anika-net.de\/fr\/wp-json\/wp\/v2\/event"}],"about":[{"href":"https:\/\/www.anika-net.de\/fr\/wp-json\/wp\/v2\/types\/event"}],"author":[{"embeddable":true,"href":"https:\/\/www.anika-net.de\/fr\/wp-json\/wp\/v2\/users\/12"}],"version-history":[{"count":0,"href":"https:\/\/www.anika-net.de\/fr\/wp-json\/wp\/v2\/event\/11895\/revisions"}],"acf:post":[{"embeddable":true,"href":"https:\/\/www.anika-net.de\/fr\/wp-json\/wp\/v2\/organiser\/11275"}],"acf:term":[{"embeddable":true,"taxonomy":"event_category","href":"https:\/\/www.anika-net.de\/fr\/wp-json\/wp\/v2\/event_category\/51"}],"wp:featuredmedia":[{"embeddable":true,"href":"https:\/\/www.anika-net.de\/fr\/wp-json\/wp\/v2\/media\/9004"}],"wp:attachment":[{"href":"https:\/\/www.anika-net.de\/fr\/wp-json\/wp\/v2\/media?parent=11895"}],"curies":[{"name":"wp","href":"https:\/\/api.w.org\/{rel}","templated":true}]}}