{"id":11886,"date":"2019-11-20T20:13:42","date_gmt":"2019-11-20T19:13:42","guid":{"rendered":"https:\/\/www.anika-net.de\/event\/all-under-one-roof\/"},"modified":"2024-08-05T12:13:07","modified_gmt":"2024-08-05T10:13:07","slug":"tous-sous-un-meme-toit","status":"publish","type":"event","link":"https:\/\/www.anika-net.de\/fr\/event\/tous-sous-un-meme-toit\/","title":{"rendered":"Tous sous un m\u00eame&nbsp;toit"},"content":{"rendered":"<h2><span style=\"color: #666699;\"><strong>Dans le centre de jeu\u00adnesse, la Land\u00adsmann\u00adschaft der Deut\u00adschen aus Russ\u00adland e.V. pro\u00adpose des acti\u00advi\u00adt\u00e9s de loi\u00adsirs int\u00e9\u00adres\u00adsantes pour ren\u00adfor\u00adcer le poten\u00adtiel des immi\u00adgr\u00e9s, des conseils pour les familles et bien plus encore.<\/strong><\/span><\/h2>\n<h1><span style=\"color: #ffcc00;\">Alle unter einem Dach (Tous sous un m\u00eame&nbsp;toit)<\/span><\/h1>\n<ul>\n<li>Sou\u00adtien indi\u00advi\u00adduel aux enfants d\u2019\u00e2ge sco\u00adlaire et pr\u00e9scolaire.<\/li>\n<li>Pr\u00e9\u00adpa\u00adrer les enfants d\u2019\u00e2ge pr\u00e9\u00adsco\u00adlaire \u00e0 la tran\u00adsi\u00adtion vers l\u2019\u00e9cole.<\/li>\n<li>D\u00e9ve\u00adlop\u00adpe\u00adment des acti\u00advi\u00adt\u00e9s de loi\u00adsirs pour les enfants dans les domaines du th\u00e9\u00e2tre, de l\u2019art, de la musique, de la danse et du mouvement.<\/li>\n<li>Coop\u00e9\u00adra\u00adtion avec les parents, orga\u00adni\u00adsa\u00adtion d\u2019\u00e9\u00adv\u00e9\u00adne\u00adments pour les parents.<\/li>\n<li>Am\u00e9\u00adlio\u00adrer les com\u00adp\u00e9\u00adtences m\u00e9dia\u00adtiques, la lutte contre le har\u00adc\u00e8\u00adle\u00adment et la pr\u00e9\u00adven\u00adtion de la vio\u00adlence pour les enfants, les jeunes et leurs parents<\/li>\n<\/ul>\n<p>  Nous nous r\u00e9jouis\u00adsons <strong>d\u2019ac\u00adcueillir tous ceux<\/strong> qui viennent \u00e0&nbsp;nous.&nbsp;<\/p>\n<h3><strong><span style=\"color: #008080;\">L\u2019\u00e9\u00adquipe<\/span><\/strong><\/h3>\n<p>  Notre \u00e9quipe qua\u00adli\u00adfi\u00e9e est com\u00adpo\u00ads\u00e9e de sp\u00e9\u00adcia\u00adlistes ayant de nom\u00adbreuses ann\u00e9es d\u2019ex\u00adp\u00e9\u00adrience dans les domaines de l\u2019en\u00adsei\u00adgne\u00adment, de la musique, de l\u2019art, du sport et de l\u2019\u00e9\u00addu\u00adca\u00adtion sociale.<br>\nNombre de nos ensei\u00adgnants vivent en Alle\u00admagne depuis long\u00adtemps et sont heu\u00adreux d\u2019ai\u00adder les nou\u00adveaux arri\u00advants \u00e0 s\u2019in\u00adt\u00e9\u00adgrer avec suc\u00adc\u00e8s lors de leurs pre\u00admiers pas dans leur nou\u00adveau&nbsp;pays.<br>\nNous offrons \u00e9ga\u00adle\u00adment aux nou\u00adveaux immi\u00adgrants la pos\u00adsi\u00adbi\u00adli\u00adt\u00e9 de tra\u00advailler dans leur pro\u00adfes\u00adsion et de trou\u00adver une nou\u00advelle orientation.&nbsp;<\/p>\n<h3><span style=\"color: #008080;\"><strong>Offres<\/strong><\/span><\/h3>\n<ul>\n<li><a href=\"https:\/\/www.anika-net.de\/event\/advice-and-support-for-migrants\/\"><strong>Conseils aux migrants<\/strong><\/a><\/li>\n<li><strong><a href=\"https:\/\/www.anika-net.de\/event\/learning-german-through-play\/\"><a href=\"https:\/\/www.anika-net.de\/event\/learning-german-through-play\/\">Apprendre l\u2019al\u00adle\u00admand par le jeu<\/a><\/a> <\/strong><\/li>\n<li><a href=\"https:\/\/www.anika-net.de\/event\/preschool-support\/\"><strong>Sou\u00adtien aux enfants d\u2019\u00e2ge pr\u00e9scolaire<\/strong><\/a><\/li>\n<\/ul>\n","protected":false},"author":12,"featured_media":5827,"template":"","class_list":["post-11886","event","type-event","status-publish","has-post-thumbnail","hentry","event_category-counselling-assistance-services"],"acf":{"event-recurring":true,"event-category":48,"event-is-language-course":false,"event-recurring-still-active":true,"event-display-details":true,"event-schedules-recurring":null,"event-schedules-calendar":null,"event-is-online":false,"event-online-url":"","event-location-building":"Jugendhaus Karlsruhe","event-location-street":"Scheffelstra\u00dfe 54 (Hof)","event-location-zip":"76135","event-location-city":"Karlsruhe","event-location-contact-person":"","event-location-phone":"0721\/ 831 45 70","event-location-phone-2":"","event-location-mail":"infojugendhauskarlsruhe@gmail.com","event-location-mail-2":"","event-location-website":"https:\/\/alle-unter-einem-dach.com\/","event-target-group":[{"target-group":"all"}],"event-target-group-comment":"Enfants, jeunes, adultes et personnes \u00e2g\u00e9es de toutes nationalit\u00e9s","event-free":true,"event-organiser":[11451],"event-header-copyright-overlay":false,"event-copyright-note-description-end":false},"featured_image_urls_v2":{"full":["https:\/\/www.anika-net.de\/wp-content\/uploads\/2021\/10\/csm_Wappen-LmDR_61c8ac2f85.png",1202,802,false],"thumbnail":["https:\/\/www.anika-net.de\/wp-content\/uploads\/2021\/10\/csm_Wappen-LmDR_61c8ac2f85-150x150.png",150,150,true],"medium":["https:\/\/www.anika-net.de\/wp-content\/uploads\/2021\/10\/csm_Wappen-LmDR_61c8ac2f85-300x200.png",300,200,true],"medium_large":["https:\/\/www.anika-net.de\/wp-content\/uploads\/2021\/10\/csm_Wappen-LmDR_61c8ac2f85-768x512.png",640,427,true],"large":["https:\/\/www.anika-net.de\/wp-content\/uploads\/2021\/10\/csm_Wappen-LmDR_61c8ac2f85-1024x683.png",640,427,true],"1536x1536":["https:\/\/www.anika-net.de\/wp-content\/uploads\/2021\/10\/csm_Wappen-LmDR_61c8ac2f85.png",1202,802,false],"2048x2048":["https:\/\/www.anika-net.de\/wp-content\/uploads\/2021\/10\/csm_Wappen-LmDR_61c8ac2f85.png",1202,802,false],"event-overview":["https:\/\/www.anika-net.de\/wp-content\/uploads\/2021\/10\/csm_Wappen-LmDR_61c8ac2f85-960x640.png",960,640,true],"event-archive-thumb":["https:\/\/www.anika-net.de\/wp-content\/uploads\/2021\/10\/csm_Wappen-LmDR_61c8ac2f85.png",480,320,false],"grid-item-thumbnail":["https:\/\/www.anika-net.de\/wp-content\/uploads\/2021\/10\/csm_Wappen-LmDR_61c8ac2f85-360x200.png",360,200,true],"network-partner-icon":["https:\/\/www.anika-net.de\/wp-content\/uploads\/2021\/10\/csm_Wappen-LmDR_61c8ac2f85-100x100.png",100,100,true],"organiser-icon":["https:\/\/www.anika-net.de\/wp-content\/uploads\/2021\/10\/csm_Wappen-LmDR_61c8ac2f85.png",200,133,false],"gform-image-choice-sm":["https:\/\/www.anika-net.de\/wp-content\/uploads\/2021\/10\/csm_Wappen-LmDR_61c8ac2f85.png",300,200,false],"gform-image-choice-md":["https:\/\/www.anika-net.de\/wp-content\/uploads\/2021\/10\/csm_Wappen-LmDR_61c8ac2f85.png",400,267,false],"gform-image-choice-lg":["https:\/\/www.anika-net.de\/wp-content\/uploads\/2021\/10\/csm_Wappen-LmDR_61c8ac2f85.png",600,400,false]},"post_excerpt_stackable_v2":"<p>Dans le centre de jeu\u00adnesse, la Land\u00adsmann\u00adschaft der Deut\u00adschen aus Russ\u00adland e.V. pro\u00adpose des acti\u00advi\u00adt\u00e9s de loi\u00adsirs int\u00e9\u00adres\u00adsantes pour ren\u00adfor\u00adcer le poten\u00adtiel des immi\u00adgr\u00e9s, des conseils pour les familles et bien plus encore. Alle unter einem Dach (Tous sous un m\u00eame&nbsp;toit) Sou\u00adtien indi\u00advi\u00adduel aux enfants d\u2019\u00e2ge sco\u00adlaire et pr\u00e9\u00adsco\u00adlaire. Pr\u00e9\u00adpa\u00adrer les enfants d\u2019\u00e2ge pr\u00e9\u00adsco\u00adlaire \u00e0 la tran\u00adsi\u00adtion vers l\u2019\u00e9cole. D\u00e9ve\u00adlop\u00adpe\u00adment des acti\u00advi\u00adt\u00e9s de loi\u00adsirs pour les enfants dans les domaines du th\u00e9\u00e2tre, de l\u2019art, de la musique, de la danse et du mou\u00adve\u00adment. Coop\u00e9\u00adra\u00adtion avec les parents, orga\u00adni\u00adsa\u00adtion d\u2019\u00e9\u00adv\u00e9\u00adne\u00adments pour les parents. Am\u00e9\u00adlio\u00adrer les com\u00adp\u00e9\u00adtences m\u00e9dia\u00adtiques, la lutte contre le\u2026<\/p>\n","category_list_v2":"","author_info_v2":{"name":"Andrea Ramirez","url":"https:\/\/www.anika-net.de\/fr\/author\/andrea-ramirez\/"},"comments_num_v2":"0 commentaire","uagb_featured_image_src":{"full":["https:\/\/www.anika-net.de\/wp-content\/uploads\/2021\/10\/csm_Wappen-LmDR_61c8ac2f85.png",1202,802,false],"thumbnail":["https:\/\/www.anika-net.de\/wp-content\/uploads\/2021\/10\/csm_Wappen-LmDR_61c8ac2f85-150x150.png",150,150,true],"medium":["https:\/\/www.anika-net.de\/wp-content\/uploads\/2021\/10\/csm_Wappen-LmDR_61c8ac2f85-300x200.png",300,200,true],"medium_large":["https:\/\/www.anika-net.de\/wp-content\/uploads\/2021\/10\/csm_Wappen-LmDR_61c8ac2f85-768x512.png",640,427,true],"large":["https:\/\/www.anika-net.de\/wp-content\/uploads\/2021\/10\/csm_Wappen-LmDR_61c8ac2f85-1024x683.png",640,427,true],"1536x1536":["https:\/\/www.anika-net.de\/wp-content\/uploads\/2021\/10\/csm_Wappen-LmDR_61c8ac2f85.png",1202,802,false],"2048x2048":["https:\/\/www.anika-net.de\/wp-content\/uploads\/2021\/10\/csm_Wappen-LmDR_61c8ac2f85.png",1202,802,false],"event-overview":["https:\/\/www.anika-net.de\/wp-content\/uploads\/2021\/10\/csm_Wappen-LmDR_61c8ac2f85-960x640.png",960,640,true],"event-archive-thumb":["https:\/\/www.anika-net.de\/wp-content\/uploads\/2021\/10\/csm_Wappen-LmDR_61c8ac2f85.png",480,320,false],"grid-item-thumbnail":["https:\/\/www.anika-net.de\/wp-content\/uploads\/2021\/10\/csm_Wappen-LmDR_61c8ac2f85-360x200.png",360,200,true],"network-partner-icon":["https:\/\/www.anika-net.de\/wp-content\/uploads\/2021\/10\/csm_Wappen-LmDR_61c8ac2f85-100x100.png",100,100,true],"organiser-icon":["https:\/\/www.anika-net.de\/wp-content\/uploads\/2021\/10\/csm_Wappen-LmDR_61c8ac2f85.png",200,133,false],"gform-image-choice-sm":["https:\/\/www.anika-net.de\/wp-content\/uploads\/2021\/10\/csm_Wappen-LmDR_61c8ac2f85.png",300,200,false],"gform-image-choice-md":["https:\/\/www.anika-net.de\/wp-content\/uploads\/2021\/10\/csm_Wappen-LmDR_61c8ac2f85.png",400,267,false],"gform-image-choice-lg":["https:\/\/www.anika-net.de\/wp-content\/uploads\/2021\/10\/csm_Wappen-LmDR_61c8ac2f85.png",600,400,false]},"uagb_author_info":{"display_name":"Andrea Ramirez","author_link":"https:\/\/www.anika-net.de\/fr\/author\/andrea-ramirez\/"},"uagb_comment_info":0,"uagb_excerpt":"Dans le centre de jeu\u00adnesse, la Land\u00adsmann\u00adschaft der Deut\u00adschen aus Russ\u00adland e.V. pro\u00adpose des acti\u00advi\u00adt\u00e9s de loi\u00adsirs int\u00e9\u00adres\u00adsantes pour ren\u00adfor\u00adcer le poten\u00adtiel des immi\u00adgr\u00e9s, des conseils pour les familles et&nbsp;lire plus","_links":{"self":[{"href":"https:\/\/www.anika-net.de\/fr\/wp-json\/wp\/v2\/event\/11886","targetHints":{"allow":["GET"]}}],"collection":[{"href":"https:\/\/www.anika-net.de\/fr\/wp-json\/wp\/v2\/event"}],"about":[{"href":"https:\/\/www.anika-net.de\/fr\/wp-json\/wp\/v2\/types\/event"}],"author":[{"embeddable":true,"href":"https:\/\/www.anika-net.de\/fr\/wp-json\/wp\/v2\/users\/12"}],"version-history":[{"count":1,"href":"https:\/\/www.anika-net.de\/fr\/wp-json\/wp\/v2\/event\/11886\/revisions"}],"predecessor-version":[{"id":52842,"href":"https:\/\/www.anika-net.de\/fr\/wp-json\/wp\/v2\/event\/11886\/revisions\/52842"}],"acf:post":[{"embeddable":true,"href":"https:\/\/www.anika-net.de\/fr\/wp-json\/wp\/v2\/organiser\/11451"}],"acf:term":[{"embeddable":true,"taxonomy":"event_category","href":"https:\/\/www.anika-net.de\/fr\/wp-json\/wp\/v2\/event_category\/48"}],"wp:featuredmedia":[{"embeddable":true,"href":"https:\/\/www.anika-net.de\/fr\/wp-json\/wp\/v2\/media\/5827"}],"wp:attachment":[{"href":"https:\/\/www.anika-net.de\/fr\/wp-json\/wp\/v2\/media?parent=11886"}],"curies":[{"name":"wp","href":"https:\/\/api.w.org\/{rel}","templated":true}]}}