{"id":11852,"date":"2020-07-28T12:28:19","date_gmt":"2020-07-28T10:28:19","guid":{"rendered":"https:\/\/www.anika-net.de\/event\/karlsruhe-nub-network\/"},"modified":"2021-11-10T10:54:58","modified_gmt":"2021-11-10T09:54:58","slug":"reseau-nub-de-karlsruhe","status":"publish","type":"event","link":"https:\/\/www.anika-net.de\/fr\/event\/reseau-nub-de-karlsruhe\/","title":{"rendered":"R\u00e9seau NUB de Karlsruhe"},"content":{"rendered":"<p><strong>D\u00e9cou\u00advrir ensemble la nature et l\u2019environnement<\/strong><\/p>\n<p>Les acteurs de l\u2019\u00e9\u00addu\u00adca\u00adtion \u00e0 la nature et \u00e0 l\u2019en\u00advi\u00adron\u00adne\u00adment de Karls\u00adruhe se sont don\u00adn\u00e9s pour mis\u00adsion de sen\u00adsi\u00adbi\u00adli\u00adser les habi\u00adtants \u00e0 la nature et \u00e0 un mode de vie durable gr\u00e2ce \u00e0 leurs diverses offres de pro\u00adgrammes. Ils sou\u00adhaitent ain\u00adsi d\u00e9ve\u00adlop\u00adper les connais\u00adsances et la com\u00adpr\u00e9\u00adhen\u00adsion de la nature.<br>\nLa cr\u00e9a\u00adtion du r\u00e9seau de Karls\u00adruhe pour l\u2019\u00e9\u00addu\u00adca\u00adtion \u00e0 la nature et \u00e0 l\u2019en\u00advi\u00adron\u00adne\u00adment a per\u00admis de regrou\u00adper sur une pla\u00adte\u00adforme cen\u00adtrale les infor\u00adma\u00adtions rela\u00adtives aux dif\u00adf\u00e9\u00adrents pro\u00adgrammes \u00e9du\u00adca\u00adtifs et exp\u00e9\u00adri\u00admen\u00adtaux pro\u00adpo\u00ads\u00e9s par les par\u00adte\u00adnaires de la coop\u00e9\u00adra\u00adtion. Vous trou\u00adve\u00adrez ici un large aper\u00ad\u00e7u de l\u2019offre diver\u00adsi\u00adfi\u00e9e de Karlsruhe.<\/p>\n","protected":false},"author":12,"featured_media":8753,"template":"","class_list":["post-11852","event","type-event","status-publish","has-post-thumbnail","hentry","event_category-education"],"acf":{"event-recurring":true,"event-category":49,"event-is-language-course":false,"event-recurring-still-active":true,"event-display-details":true,"event-schedules-recurring":null,"event-schedules-calendar":null,"event-is-online":false,"event-online-url":"","event-location-building":"Karlsruher Netzwerk f\u00fcr Natur- und Umweltbildung, c\/o Umwelt- und Arbeitsschutz der Stadt Karlsruhe","event-location-street":"Umwelt\u00adp\u00e4d\u00adago\u00adgik","event-location-zip":"76131","event-location-city":"Karlsruhe","event-location-contact-person":"Susanne Gerner","event-location-phone":"0721\/133 3101","event-location-phone-2":"","event-location-mail":"nubnetzwerk@karlsruhe.de","event-location-mail-2":"","event-location-website":"https:\/\/www.karlsruhe.de\/b3\/natur_und_umwelt\/nubnetzwerk\/netzwerk","event-target-group":[{"target-group":"all"}],"event-target-group-comment":"","event-free":true,"event-organiser":[11477],"event-header-copyright-overlay":true,"event-copyright-note-description-end":false},"featured_image_urls_v2":{"full":["https:\/\/www.anika-net.de\/wp-content\/uploads\/2021\/10\/NUB-1.png",1202,800,false],"thumbnail":["https:\/\/www.anika-net.de\/wp-content\/uploads\/2021\/10\/NUB-1-150x150.png",150,150,true],"medium":["https:\/\/www.anika-net.de\/wp-content\/uploads\/2021\/10\/NUB-1-300x200.png",300,200,true],"medium_large":["https:\/\/www.anika-net.de\/wp-content\/uploads\/2021\/10\/NUB-1-768x511.png",640,426,true],"large":["https:\/\/www.anika-net.de\/wp-content\/uploads\/2021\/10\/NUB-1-1024x682.png",640,426,true],"1536x1536":["https:\/\/www.anika-net.de\/wp-content\/uploads\/2021\/10\/NUB-1.png",1202,800,false],"2048x2048":["https:\/\/www.anika-net.de\/wp-content\/uploads\/2021\/10\/NUB-1.png",1202,800,false],"event-overview":["https:\/\/www.anika-net.de\/wp-content\/uploads\/2021\/10\/NUB-1-960x640.png",960,640,true],"event-archive-thumb":["https:\/\/www.anika-net.de\/wp-content\/uploads\/2021\/10\/NUB-1-480x319.png",480,319,true],"grid-item-thumbnail":["https:\/\/www.anika-net.de\/wp-content\/uploads\/2021\/10\/NUB-1-360x200.png",360,200,true],"network-partner-icon":["https:\/\/www.anika-net.de\/wp-content\/uploads\/2021\/10\/NUB-1-100x100.png",100,100,true],"organiser-icon":["https:\/\/www.anika-net.de\/wp-content\/uploads\/2021\/10\/NUB-1-200x200.png",200,200,true],"gform-image-choice-sm":["https:\/\/www.anika-net.de\/wp-content\/uploads\/2021\/10\/NUB-1.png",300,200,false],"gform-image-choice-md":["https:\/\/www.anika-net.de\/wp-content\/uploads\/2021\/10\/NUB-1.png",400,266,false],"gform-image-choice-lg":["https:\/\/www.anika-net.de\/wp-content\/uploads\/2021\/10\/NUB-1.png",600,399,false]},"post_excerpt_stackable_v2":"<p>D\u00e9cou\u00advrir ensemble la nature et l\u2019environnement Les acteurs de l\u2019\u00e9\u00addu\u00adca\u00adtion \u00e0 la nature et \u00e0 l\u2019en\u00advi\u00adron\u00adne\u00adment de Karls\u00adruhe se sont don\u00adn\u00e9s pour mis\u00adsion de sen\u00adsi\u00adbi\u00adli\u00adser les habi\u00adtants \u00e0 la nature et \u00e0 un mode de vie durable gr\u00e2ce \u00e0 leurs diverses offres de pro\u00adgrammes. Ils sou\u00adhaitent ain\u00adsi d\u00e9ve\u00adlop\u00adper les connais\u00adsances et la com\u00adpr\u00e9\u00adhen\u00adsion de la nature. La cr\u00e9a\u00adtion du r\u00e9seau de Karls\u00adruhe pour l\u2019\u00e9\u00addu\u00adca\u00adtion \u00e0 la nature et \u00e0 l\u2019en\u00advi\u00adron\u00adne\u00adment a per\u00admis de regrou\u00adper sur une pla\u00adte\u00adforme cen\u00adtrale les infor\u00adma\u00adtions rela\u00adtives aux dif\u00adf\u00e9\u00adrents pro\u00adgrammes \u00e9du\u00adca\u00adtifs et exp\u00e9\u00adri\u00admen\u00adtaux pro\u00adpo\u00ads\u00e9s par les par\u00adte\u00adnaires de la coop\u00e9\u00adra\u00adtion. Vous trou\u00adve\u00adrez ici un large aper\u00e7u\u2026<\/p>\n","category_list_v2":"","author_info_v2":{"name":"Andrea Ramirez","url":"https:\/\/www.anika-net.de\/fr\/author\/andrea-ramirez\/"},"comments_num_v2":"0 commentaire","uagb_featured_image_src":{"full":["https:\/\/www.anika-net.de\/wp-content\/uploads\/2021\/10\/NUB-1.png",1202,800,false],"thumbnail":["https:\/\/www.anika-net.de\/wp-content\/uploads\/2021\/10\/NUB-1-150x150.png",150,150,true],"medium":["https:\/\/www.anika-net.de\/wp-content\/uploads\/2021\/10\/NUB-1-300x200.png",300,200,true],"medium_large":["https:\/\/www.anika-net.de\/wp-content\/uploads\/2021\/10\/NUB-1-768x511.png",640,426,true],"large":["https:\/\/www.anika-net.de\/wp-content\/uploads\/2021\/10\/NUB-1-1024x682.png",640,426,true],"1536x1536":["https:\/\/www.anika-net.de\/wp-content\/uploads\/2021\/10\/NUB-1.png",1202,800,false],"2048x2048":["https:\/\/www.anika-net.de\/wp-content\/uploads\/2021\/10\/NUB-1.png",1202,800,false],"event-overview":["https:\/\/www.anika-net.de\/wp-content\/uploads\/2021\/10\/NUB-1-960x640.png",960,640,true],"event-archive-thumb":["https:\/\/www.anika-net.de\/wp-content\/uploads\/2021\/10\/NUB-1-480x319.png",480,319,true],"grid-item-thumbnail":["https:\/\/www.anika-net.de\/wp-content\/uploads\/2021\/10\/NUB-1-360x200.png",360,200,true],"network-partner-icon":["https:\/\/www.anika-net.de\/wp-content\/uploads\/2021\/10\/NUB-1-100x100.png",100,100,true],"organiser-icon":["https:\/\/www.anika-net.de\/wp-content\/uploads\/2021\/10\/NUB-1-200x200.png",200,200,true],"gform-image-choice-sm":["https:\/\/www.anika-net.de\/wp-content\/uploads\/2021\/10\/NUB-1.png",300,200,false],"gform-image-choice-md":["https:\/\/www.anika-net.de\/wp-content\/uploads\/2021\/10\/NUB-1.png",400,266,false],"gform-image-choice-lg":["https:\/\/www.anika-net.de\/wp-content\/uploads\/2021\/10\/NUB-1.png",600,399,false]},"uagb_author_info":{"display_name":"Andrea Ramirez","author_link":"https:\/\/www.anika-net.de\/fr\/author\/andrea-ramirez\/"},"uagb_comment_info":0,"uagb_excerpt":"D\u00e9cou\u00advrir ensemble la nature et l\u2019environnement Les acteurs de l\u2019\u00e9\u00addu\u00adca\u00adtion \u00e0 la nature et \u00e0 l\u2019en\u00advi\u00adron\u00adne\u00adment de Karls\u00adruhe se sont don\u00adn\u00e9s pour mis\u00adsion de sen\u00adsi\u00adbi\u00adli\u00adser les habi\u00adtants \u00e0 la nature&nbsp;lire plus","_links":{"self":[{"href":"https:\/\/www.anika-net.de\/fr\/wp-json\/wp\/v2\/event\/11852","targetHints":{"allow":["GET"]}}],"collection":[{"href":"https:\/\/www.anika-net.de\/fr\/wp-json\/wp\/v2\/event"}],"about":[{"href":"https:\/\/www.anika-net.de\/fr\/wp-json\/wp\/v2\/types\/event"}],"author":[{"embeddable":true,"href":"https:\/\/www.anika-net.de\/fr\/wp-json\/wp\/v2\/users\/12"}],"version-history":[{"count":0,"href":"https:\/\/www.anika-net.de\/fr\/wp-json\/wp\/v2\/event\/11852\/revisions"}],"acf:post":[{"embeddable":true,"href":"https:\/\/www.anika-net.de\/fr\/wp-json\/wp\/v2\/organiser\/11477"}],"acf:term":[{"embeddable":true,"taxonomy":"event_category","href":"https:\/\/www.anika-net.de\/fr\/wp-json\/wp\/v2\/event_category\/49"}],"wp:featuredmedia":[{"embeddable":true,"href":"https:\/\/www.anika-net.de\/fr\/wp-json\/wp\/v2\/media\/8753"}],"wp:attachment":[{"href":"https:\/\/www.anika-net.de\/fr\/wp-json\/wp\/v2\/media?parent=11852"}],"curies":[{"name":"wp","href":"https:\/\/api.w.org\/{rel}","templated":true}]}}