{"id":11846,"date":"2019-02-07T09:52:31","date_gmt":"2019-02-07T08:52:31","guid":{"rendered":"https:\/\/www.anika-net.de\/event\/volksbuhne-karlsruhe-e-v\/"},"modified":"2026-03-31T11:47:59","modified_gmt":"2026-03-31T09:47:59","slug":"volksbuhne-karlsruhe-e-v","status":"publish","type":"event","link":"https:\/\/www.anika-net.de\/fr\/event\/volksbuhne-karlsruhe-e-v\/","title":{"rendered":"La culture pour tous \u2013 Volksb\u00fchne Karls\u00adruhe e.V."},"content":{"rendered":"<h3><em><span style=\"color: #666699;\">Nous vous per\u00admet\u00adtons de visi\u00adter le th\u00e9\u00e2tre \u00e0 un prix raisonnable<\/span><\/em><\/h3>\n<h1><strong><span style=\"color: #333399;\">La culture pour&nbsp;tous<\/span><\/strong><\/h1>\n<p>Sous la devise \u00ab&nbsp;<strong>CULTURE POUR TOUS<\/strong>&nbsp;\u00bb, nous nous enga\u00adgeons \u00e0 rendre l\u2019art et la culture acces\u00adsibles \u00e0 tous. Qu\u2019il s\u2019a\u00adgisse de th\u00e9\u00e2tre, de com\u00e9\u00addies musi\u00adcales ou d\u2019o\u00adp\u00e9\u00adra, nous pro\u00adpo\u00adsons des options abor\u00addables pour que cha\u00adcun puisse pro\u00adfi\u00adter du monde du th\u00e9\u00e2tre.&nbsp;<\/p>\n<p>C\u2019est pour\u00adquoi nous vous pro\u00adpo\u00adsons dif\u00adf\u00e9\u00adrentes for\u00admules d\u2019a\u00adbon\u00adne\u00adment au th\u00e9\u00e2tre.<br>Vous choi\u00adsis\u00adsez et nous vous livrons les billets pour le nombre de repr\u00e9\u00adsen\u00adta\u00adtions que vous sou\u00adhai\u00adtez dans les th\u00e9\u00e2tres de Karls\u00adruhe de votre&nbsp;choix.<\/p>\n<p>En pas\u00adsant votre com\u00admande, vous deve\u00adnez membre de la Volksb\u00fchne e. V. (sans frais sup\u00adpl\u00e9\u00admen\u00adtaires) et pou\u00advez pro\u00adfi\u00adter de notre vaste gamme de services.&nbsp;<\/p>\n<h4><span style=\"color: #008080;\"><strong>Les th\u00e9\u00e2tres sui\u00advants sont inclus dans notre programme&nbsp;:<\/strong><\/span><\/h4>\n\n<ul class=\"wp-block-list\">\n<li><a href=\"https:\/\/www.staatstheater-karlsruhe.de\/\" rel=\"noopener\">Badisches Staats\u00adthea\u00adter Karlsruhe<\/a><\/li>\n\n\n\n<li><a href=\"https:\/\/kammertheater-karlsruhe.de\/\" rel=\"noopener\">Kam\u00admer\u00adthea\u00adter Karlsruhe<\/a><\/li>\n\n\n\n<li><a href=\"https:\/\/www.das-sandkorn.de\/\" rel=\"noopener\">Das Sand\u00adkorn<\/a><\/li>\n\n\n\n<li><a href=\"https:\/\/jakobus-theater.de\/\" rel=\"noopener\">Th\u00e9\u00e2tre Jako\u00adbus de Karlsruhe<\/a><\/li>\n\n\n\n<li><a href=\"https:\/\/www.badisch-buehn.de\/\" rel=\"noopener\">Badisch B\u00fchn \u2013 Mun\u00addart\u00adthea\u00adter Karlsruhe<\/a><\/li>\n\n\n\n<li><a href=\"https:\/\/www.kulturzentrum-tempel.de\/\" rel=\"noopener\">Centre cultu\u00adrel de Tempel<\/a><\/li>\n\n\n\n<li><a href=\"https:\/\/www.schubertiade.de\/\" rel=\"noopener\">schu\u00adber\u00adtiade Ettlingen<\/a><\/li>\n\n\n\n<li><a href=\"https:\/\/www.schlossfestspiele-ettlingen.de\/\" rel=\"noopener\">Ettlin\u00adger Schloss\u00adfest\u00adspiele (jeu de r\u00f4le du ch\u00e2\u00adteau d\u2019Ettlinger)<\/a><\/li>\n\n\n\n<li><a href=\"https:\/\/www.marotte-theater.de\/\" rel=\"noopener\">marotte Thea\u00adter Karlsruhe<\/a><\/li>\n\n\n\n<li>WIENER KLASSIK au Konzerthaus<\/li>\n<\/ul>\n","protected":false},"author":12,"featured_media":27049,"template":"","class_list":["post-11846","event","type-event","status-publish","has-post-thumbnail","hentry","event_category-loisirs"],"acf":{"event-recurring":true,"event-category":50,"event-is-language-course":false,"event-recurring-still-active":true,"event-display-details":true,"event-schedules-recurring":[{"event-recurring-week-day":"0","event-recurring-time":"10:00 - 13:00","event-recurring-time-text":""},{"event-recurring-week-day":"3","event-recurring-time":"14:00 - 17:00","event-recurring-time-text":""}],"event-schedules-calendar":null,"event-is-online":false,"event-online-url":"","event-location-building":"Volksb\u00fchne Karlsruhe e.V.","event-location-street":"Schillerstra\u00dfe 23","event-location-zip":"76135","event-location-city":"Karlsruhe","event-location-contact-person":"Frau Huhn; Herr Enzmann","event-location-phone":"0721 \/ 2 84 86","event-location-phone-2":"","event-location-mail":"info@volksbuehne-karlsruhe.de","event-location-mail-2":"","event-location-website":"http:\/\/volksbuehne-karlsruhe.de\/","event-target-group":[{"target-group":"all"}],"event-target-group-comment":"","event-free":false,"event-organiser":[11458],"event-header-copyright-overlay":true,"event-copyright-note-description-end":true},"featured_image_urls_v2":{"full":["https:\/\/www.anika-net.de\/wp-content\/uploads\/2022\/09\/Logo_Kultur_Fuer_Alle_mit_Volksbuehne_unten_transparent.png",320,181,false],"thumbnail":["https:\/\/www.anika-net.de\/wp-content\/uploads\/2022\/09\/Logo_Kultur_Fuer_Alle_mit_Volksbuehne_unten_transparent-150x150.png",150,150,true],"medium":["https:\/\/www.anika-net.de\/wp-content\/uploads\/2022\/09\/Logo_Kultur_Fuer_Alle_mit_Volksbuehne_unten_transparent-300x170.png",300,170,true],"medium_large":["https:\/\/www.anika-net.de\/wp-content\/uploads\/2022\/09\/Logo_Kultur_Fuer_Alle_mit_Volksbuehne_unten_transparent.png",320,181,false],"large":["https:\/\/www.anika-net.de\/wp-content\/uploads\/2022\/09\/Logo_Kultur_Fuer_Alle_mit_Volksbuehne_unten_transparent.png",320,181,false],"1536x1536":["https:\/\/www.anika-net.de\/wp-content\/uploads\/2022\/09\/Logo_Kultur_Fuer_Alle_mit_Volksbuehne_unten_transparent.png",320,181,false],"2048x2048":["https:\/\/www.anika-net.de\/wp-content\/uploads\/2022\/09\/Logo_Kultur_Fuer_Alle_mit_Volksbuehne_unten_transparent.png",320,181,false],"event-overview":["https:\/\/www.anika-net.de\/wp-content\/uploads\/2022\/09\/Logo_Kultur_Fuer_Alle_mit_Volksbuehne_unten_transparent.png",320,181,false],"event-archive-thumb":["https:\/\/www.anika-net.de\/wp-content\/uploads\/2022\/09\/Logo_Kultur_Fuer_Alle_mit_Volksbuehne_unten_transparent.png",320,181,false],"grid-item-thumbnail":["https:\/\/www.anika-net.de\/wp-content\/uploads\/2022\/09\/Logo_Kultur_Fuer_Alle_mit_Volksbuehne_unten_transparent.png",320,181,false],"network-partner-icon":["https:\/\/www.anika-net.de\/wp-content\/uploads\/2022\/09\/Logo_Kultur_Fuer_Alle_mit_Volksbuehne_unten_transparent-100x100.png",100,100,true],"organiser-icon":["https:\/\/www.anika-net.de\/wp-content\/uploads\/2022\/09\/Logo_Kultur_Fuer_Alle_mit_Volksbuehne_unten_transparent-200x181.png",200,181,true],"gform-image-choice-sm":["https:\/\/www.anika-net.de\/wp-content\/uploads\/2022\/09\/Logo_Kultur_Fuer_Alle_mit_Volksbuehne_unten_transparent.png",300,170,false],"gform-image-choice-md":["https:\/\/www.anika-net.de\/wp-content\/uploads\/2022\/09\/Logo_Kultur_Fuer_Alle_mit_Volksbuehne_unten_transparent.png",320,181,false],"gform-image-choice-lg":["https:\/\/www.anika-net.de\/wp-content\/uploads\/2022\/09\/Logo_Kultur_Fuer_Alle_mit_Volksbuehne_unten_transparent.png",320,181,false]},"post_excerpt_stackable_v2":"<p>Nous vous per\u00admet\u00adtons de visi\u00adter le th\u00e9\u00e2tre \u00e0 un prix rai\u00adson\u00adnable La culture pour&nbsp;tous Sous la devise \u00ab&nbsp;CULTURE POUR TOUS&nbsp;\u00bb, nous nous enga\u00adgeons \u00e0 rendre l\u2019art et la culture acces\u00adsibles \u00e0 tous. Qu\u2019il s\u2019a\u00adgisse de th\u00e9\u00e2tre, de com\u00e9\u00addies musi\u00adcales ou d\u2019o\u00adp\u00e9\u00adra, nous pro\u00adpo\u00adsons des options abor\u00addables pour que cha\u00adcun puisse pro\u00adfi\u00adter du monde du th\u00e9\u00e2tre.&nbsp; C\u2019est pour\u00adquoi nous vous pro\u00adpo\u00adsons dif\u00adf\u00e9\u00adrentes for\u00admules d\u2019a\u00adbon\u00adne\u00adment au th\u00e9\u00e2tre.Vous choi\u00adsis\u00adsez et nous vous livrons les billets pour le nombre de repr\u00e9\u00adsen\u00adta\u00adtions que vous sou\u00adhai\u00adtez dans les th\u00e9\u00e2tres de Karls\u00adruhe de votre&nbsp;choix. En pas\u00adsant votre com\u00admande, vous deve\u00adnez membre de la Volksb\u00fchne e. V. (sans\u2026<\/p>\n","category_list_v2":"","author_info_v2":{"name":"Andrea Ramirez","url":"https:\/\/www.anika-net.de\/fr\/author\/andrea-ramirez\/"},"comments_num_v2":"0 commentaire","uagb_featured_image_src":{"full":["https:\/\/www.anika-net.de\/wp-content\/uploads\/2022\/09\/Logo_Kultur_Fuer_Alle_mit_Volksbuehne_unten_transparent.png",320,181,false],"thumbnail":["https:\/\/www.anika-net.de\/wp-content\/uploads\/2022\/09\/Logo_Kultur_Fuer_Alle_mit_Volksbuehne_unten_transparent-150x150.png",150,150,true],"medium":["https:\/\/www.anika-net.de\/wp-content\/uploads\/2022\/09\/Logo_Kultur_Fuer_Alle_mit_Volksbuehne_unten_transparent-300x170.png",300,170,true],"medium_large":["https:\/\/www.anika-net.de\/wp-content\/uploads\/2022\/09\/Logo_Kultur_Fuer_Alle_mit_Volksbuehne_unten_transparent.png",320,181,false],"large":["https:\/\/www.anika-net.de\/wp-content\/uploads\/2022\/09\/Logo_Kultur_Fuer_Alle_mit_Volksbuehne_unten_transparent.png",320,181,false],"1536x1536":["https:\/\/www.anika-net.de\/wp-content\/uploads\/2022\/09\/Logo_Kultur_Fuer_Alle_mit_Volksbuehne_unten_transparent.png",320,181,false],"2048x2048":["https:\/\/www.anika-net.de\/wp-content\/uploads\/2022\/09\/Logo_Kultur_Fuer_Alle_mit_Volksbuehne_unten_transparent.png",320,181,false],"event-overview":["https:\/\/www.anika-net.de\/wp-content\/uploads\/2022\/09\/Logo_Kultur_Fuer_Alle_mit_Volksbuehne_unten_transparent.png",320,181,false],"event-archive-thumb":["https:\/\/www.anika-net.de\/wp-content\/uploads\/2022\/09\/Logo_Kultur_Fuer_Alle_mit_Volksbuehne_unten_transparent.png",320,181,false],"grid-item-thumbnail":["https:\/\/www.anika-net.de\/wp-content\/uploads\/2022\/09\/Logo_Kultur_Fuer_Alle_mit_Volksbuehne_unten_transparent.png",320,181,false],"network-partner-icon":["https:\/\/www.anika-net.de\/wp-content\/uploads\/2022\/09\/Logo_Kultur_Fuer_Alle_mit_Volksbuehne_unten_transparent-100x100.png",100,100,true],"organiser-icon":["https:\/\/www.anika-net.de\/wp-content\/uploads\/2022\/09\/Logo_Kultur_Fuer_Alle_mit_Volksbuehne_unten_transparent-200x181.png",200,181,true],"gform-image-choice-sm":["https:\/\/www.anika-net.de\/wp-content\/uploads\/2022\/09\/Logo_Kultur_Fuer_Alle_mit_Volksbuehne_unten_transparent.png",300,170,false],"gform-image-choice-md":["https:\/\/www.anika-net.de\/wp-content\/uploads\/2022\/09\/Logo_Kultur_Fuer_Alle_mit_Volksbuehne_unten_transparent.png",320,181,false],"gform-image-choice-lg":["https:\/\/www.anika-net.de\/wp-content\/uploads\/2022\/09\/Logo_Kultur_Fuer_Alle_mit_Volksbuehne_unten_transparent.png",320,181,false]},"uagb_author_info":{"display_name":"Andrea Ramirez","author_link":"https:\/\/www.anika-net.de\/fr\/author\/andrea-ramirez\/"},"uagb_comment_info":0,"uagb_excerpt":"Nous vous per\u00admet\u00adtons de visi\u00adter le th\u00e9\u00e2tre \u00e0 un prix raisonnable La culture pour&nbsp;tous Sous la devise \u00ab&nbsp;CULTURE POUR TOUS&nbsp;\u00bb, nous nous enga\u00adgeons \u00e0 rendre l\u2019art et la culture acces\u00adsibles&nbsp;lire plus","_links":{"self":[{"href":"https:\/\/www.anika-net.de\/fr\/wp-json\/wp\/v2\/event\/11846","targetHints":{"allow":["GET"]}}],"collection":[{"href":"https:\/\/www.anika-net.de\/fr\/wp-json\/wp\/v2\/event"}],"about":[{"href":"https:\/\/www.anika-net.de\/fr\/wp-json\/wp\/v2\/types\/event"}],"author":[{"embeddable":true,"href":"https:\/\/www.anika-net.de\/fr\/wp-json\/wp\/v2\/users\/12"}],"version-history":[{"count":2,"href":"https:\/\/www.anika-net.de\/fr\/wp-json\/wp\/v2\/event\/11846\/revisions"}],"predecessor-version":[{"id":120218,"href":"https:\/\/www.anika-net.de\/fr\/wp-json\/wp\/v2\/event\/11846\/revisions\/120218"}],"acf:post":[{"embeddable":true,"href":"https:\/\/www.anika-net.de\/fr\/wp-json\/wp\/v2\/organiser\/11458"}],"acf:term":[{"embeddable":true,"taxonomy":"event_category","href":"https:\/\/www.anika-net.de\/fr\/wp-json\/wp\/v2\/event_category\/50"}],"wp:featuredmedia":[{"embeddable":true,"href":"https:\/\/www.anika-net.de\/fr\/wp-json\/wp\/v2\/media\/27049"}],"wp:attachment":[{"href":"https:\/\/www.anika-net.de\/fr\/wp-json\/wp\/v2\/media?parent=11846"}],"curies":[{"name":"wp","href":"https:\/\/api.w.org\/{rel}","templated":true}]}}