{"id":118283,"date":"2026-01-27T14:34:25","date_gmt":"2026-01-27T13:34:25","guid":{"rendered":"https:\/\/www.anika-net.de\/event\/my-turn-les-femmes-et-le-travail\/"},"modified":"2026-01-28T11:29:23","modified_gmt":"2026-01-28T10:29:23","slug":"my-turn-les-femmes-et-le-travail","status":"publish","type":"event","link":"https:\/\/www.anika-net.de\/fr\/event\/my-turn-les-femmes-et-le-travail\/","title":{"rendered":"My Turn \u2013 Les femmes et le travail"},"content":{"rendered":"\n<h2 class=\"wp-block-heading\">Aide \u00e0 la car\u00adri\u00e8re pour les femmes migrantes \u00e0 Karlsruhe<\/h2>\n\n<p><strong>My Turn \u2013 Women and Work<\/strong> est un pro\u00adgramme d\u2019aide \u00e0 la car\u00adri\u00e8re des\u00adti\u00adn\u00e9 aux femmes migrantes de Karls\u00adruhe et des envi\u00adrons qui sou\u00adhaitent (r\u00e9)int\u00e9grer le mar\u00adch\u00e9 du tra\u00advail en Allemagne.<\/p>\n\n<p>Vous \u00eates une femme n\u00e9e dans un autre pays et vous \u00eates venue en Alle\u00admagne&nbsp;?<br>Vous sou\u00adhai\u00adtez b\u00e9n\u00e9\u00adfi\u00adcier d\u2019un accom\u00adpa\u00adgne\u00adment pro\u00adfes\u00adsion\u00adnel et d\u2019un sou\u00adtien \u00e0 long terme pour d\u00e9ve\u00adlop\u00adper votre carri\u00e8re&nbsp;?<\/p>\n\n<p>Vous vou\u00addrez peut-\u00eatre&nbsp;:<\/p>\n\n<ul class=\"wp-block-list\">\n<li>am\u00e9\u00adlio\u00adrer vos com\u00adp\u00e9\u00adtences en allemand<\/li>\n\n\n\n<li>com\u00admen\u00adcer une for\u00adma\u00adtion pro\u00adfes\u00adsion\u00adnelle ou un ensei\u00adgne\u00adment compl\u00e9mentaire<\/li>\n\n\n\n<li>trou\u00adver un emploi qui cor\u00adres\u00adponde \u00e0 vos com\u00adp\u00e9\u00adtences et \u00e0 vos int\u00e9r\u00eats<\/li>\n\n\n\n<li>gagner votre propre reve\u00adnu tout en conci\u00adliant tra\u00advail et vie de famille<\/li>\n<\/ul>\n\n<p>Nous sou\u00adte\u00adnons les femmes migrantes avec&nbsp;:<\/p>\n\n<ul class=\"wp-block-list\">\n<li>recon\u00adnais\u00adsance des cer\u00adti\u00adfi\u00adcats et qua\u00adli\u00adfi\u00adca\u00adtions \u00e9trangers<\/li>\n\n\n\n<li>trou\u00adver un cours d\u2019al\u00adle\u00admand adapt\u00e9<\/li>\n\n\n\n<li>iden\u00adti\u00adfier la bonne pro\u00adfes\u00adsion ou for\u00adma\u00adtion professionnelle<\/li>\n\n\n\n<li>r\u00e9di\u00adger des CV et des demandes d\u2019emploi<\/li>\n\n\n\n<li>la conci\u00adlia\u00adtion des res\u00adpon\u00adsa\u00adbi\u00adli\u00adt\u00e9s fami\u00adliales et de la vie professionnelle<\/li>\n<\/ul>\n\n<h3 class=\"wp-block-heading\">Ce que nous offrons&nbsp;<\/h3>\n\n<ul class=\"wp-block-list\">\n<li>une per\u00adsonne de contact f\u00e9minine<\/li>\n\n\n\n<li>des s\u00e9ances r\u00e9gu\u00adli\u00e8res de conseil individuel<\/li>\n\n\n\n<li>des ate\u00adliers de groupe sur des sujets li\u00e9s \u00e0 la carri\u00e8re<\/li>\n\n\n\n<li>sou\u00adtien \u00e0 long terme jus\u00adqu\u2019en <strong>d\u00e9cembre 2028<\/strong><\/li>\n\n\n\n<li>l\u2019in\u00adt\u00e9\u00adgra\u00adtion durable dans le mar\u00adch\u00e9 du travail<\/li>\n\n\n\n<li>l\u2019o\u00adrien\u00adta\u00adtion vers des ser\u00advices de sou\u00adtien sup\u00adpl\u00e9\u00admen\u00adtaires four\u00adnis par la fka, tels que des cours de langue, des th\u00e9\u00adra\u00adpies pour les r\u00e9fu\u00adgi\u00e9s et des conseils sp\u00e9cialis\u00e9s.<\/li>\n<\/ul>\n\n<h3 class=\"wp-block-heading\">\u00c0 qui s\u2019a\u00addresse le pro\u00adjet My&nbsp;Turn&nbsp;?<\/h3>\n\n<p>Le pro\u00adjet <strong>My Turn \u2013 Women and Work<\/strong> s\u2019a\u00addresse aux femmes migrantes de Karls\u00adruhe et de la r\u00e9gion envi\u00adron\u00adnante qui sou\u00adhaitent entrer ou retour\u00adner sur le mar\u00adch\u00e9 du travail.<\/p>\n\n<p>Finan\u00adc\u00e9 par le <strong>pro\u00adgramme ESF Plus \u00ab&nbsp;MY TURN \u2013 Women with Migra\u00adtion Expe\u00adrience Get Star\u00adted&nbsp;\u00bb,<\/strong> le pro\u00adjet aide les femmes \u00e0 d\u00e9ve\u00adlop\u00adper un ave\u00adnir pro\u00adfes\u00adsion\u00adnel bas\u00e9 sur leurs forces, leurs com\u00adp\u00e9\u00adtences et leurs objec\u00adtifs individuels.<\/p>\n\n<p>Notre groupe cible com\u00adprend en par\u00adti\u00adcu\u00adlier les femmes nou\u00advel\u00adle\u00adment arri\u00adv\u00e9es&nbsp;qui&nbsp;:<\/p>\n\n<ul class=\"wp-block-list\">\n<li>avoir un sta\u00adtut de r\u00e9sident s\u00fbr<\/li>\n\n\n\n<li>avoir des com\u00adp\u00e9\u00adtences lin\u00adguis\u00adtiques suf\u00adfi\u00adsantes en allemand<\/li>\n\n\n\n<li>n\u2019ont pas encore de qua\u00adli\u00adfi\u00adca\u00adtion pro\u00adfes\u00adsion\u00adnelle recon\u00adnue en Allemagne<\/li>\n\n\n\n<li>ou n\u2019ont pas \u00e9t\u00e9 employ\u00e9s depuis au moins quatre ans<\/li>\n<\/ul>\n\n<p>Gr\u00e2ce \u00e0 des conseils indi\u00advi\u00adduels et \u00e0 des ate\u00adliers de groupe, nous favo\u00adri\u00adsons l\u2019<strong>int\u00e9\u00adgra\u00adtion \u00e0 long terme sur le mar\u00adch\u00e9 du tra\u00advail allemand.<\/strong><\/p>\n\n<h3 class=\"wp-block-heading\">Conseils aux femmes migrantes<\/h3>\n\n<p>Les th\u00e8mes pos\u00adsibles des conseils et des ate\u00adliers sont les suivants<\/p>\n\n<ul class=\"wp-block-list\">\n<li>trou\u00adver des cours de langue avanc\u00e9s<\/li>\n\n\n\n<li>R\u00e9dac\u00adtion de CV et de demandes d\u2019emploi<\/li>\n\n\n\n<li>conseils en mati\u00e8re de conci\u00adlia\u00adtion travail-famille<\/li>\n\n\n\n<li>ate\u00adliers d\u2019au\u00adto\u00adno\u00admi\u00adsa\u00adtion et de ren\u00adfor\u00adce\u00adment de la confiance en&nbsp;soi<\/li>\n\n\n\n<li>pla\u00adce\u00adment en&nbsp;stage<\/li>\n\n\n\n<li>recon\u00adnais\u00adsance des qua\u00adli\u00adfi\u00adca\u00adtions \u00e9trang\u00e8res<\/li>\n\n\n\n<li>des infor\u00adma\u00adtions sur les pos\u00adsi\u00adbi\u00adli\u00adt\u00e9s de car\u00adri\u00e8re et de formation<\/li>\n\n\n\n<li>ana\u00adlyse des com\u00adp\u00e9\u00adtences et du potentiel<\/li>\n\n\n\n<li>for\u00adma\u00adtion \u00e0 la candidature<\/li>\n<\/ul>\n\n<h3 class=\"wp-block-heading\">Ate\u00adliers&nbsp;: R\u00e9dac\u00adtion d\u2019un CV et d\u2019une demande d\u2019emploi<\/h3>\n\n<p>Actuel\u00adle\u00adment, nous pro\u00adpo\u00adsons <strong>chaque mois<\/strong> un <strong>ate\u00adlier de plu\u00adsieurs jours<\/strong> sur la <strong>r\u00e9dac\u00adtion d\u2019un CV et d\u2019une demande d\u2019emploi<\/strong>.<br>La par\u00adti\u00adci\u00adpa\u00adtion est pos\u00adsible <strong>ind\u00e9\u00adpen\u00addam\u00adment de la consul\u00adta\u00adtion individuelle.<\/strong><\/p>\n\n<p>\ud83d\udce9 <strong>Contac\u00adtez-nous pour plus d\u2019in\u00adfor\u00adma\u00adtions ou pour vous inscrire<\/strong><\/p>\n","protected":false},"author":12,"featured_media":118282,"template":"","class_list":["post-118283","event","type-event","status-publish","has-post-thumbnail","hentry","event_category-work"],"acf":{"event-recurring":false,"event-category":51,"event-is-language-course":false,"event-recurring-still-active":true,"event-display-details":true,"event-schedules-recurring":null,"event-schedules-calendar":null,"event-is-online":false,"event-online-url":"","event-location-building":"fka - Freundeskreis Asyl Karlsruhe e.V. ","event-location-street":"Alter Schlachthof 59","event-location-zip":"76131","event-location-city":"Karlruhe","event-location-contact-person":"Yassmin Dawallu-P\u00f6hler \/ Sophie Burkart","event-location-phone":"0176 \u2013 4229 7070","event-location-phone-2":"0160 \u2013 147 01 88","event-location-mail":"yassmin.dawallu-poehler@fka-ka.de","event-location-mail-2":"sophie.burkart@fka-ka.de","event-location-website":"https:\/\/fka-ka.de\/my-turn-frau-und-beruf\/","event-target-group":[{"target-group":"women"}],"event-target-group-comment":"","event-free":true,"event-organiser":[11400],"event-header-copyright-overlay":true,"event-copyright-note-description-end":false},"featured_image_urls_v2":{"full":["https:\/\/www.anika-net.de\/wp-content\/uploads\/2026\/01\/My-Turn.jpg",748,382,false],"thumbnail":["https:\/\/www.anika-net.de\/wp-content\/uploads\/2026\/01\/My-Turn-150x150.jpg",150,150,true],"medium":["https:\/\/www.anika-net.de\/wp-content\/uploads\/2026\/01\/My-Turn-300x153.jpg",300,153,true],"medium_large":["https:\/\/www.anika-net.de\/wp-content\/uploads\/2026\/01\/My-Turn.jpg",640,327,false],"large":["https:\/\/www.anika-net.de\/wp-content\/uploads\/2026\/01\/My-Turn.jpg",640,327,false],"1536x1536":["https:\/\/www.anika-net.de\/wp-content\/uploads\/2026\/01\/My-Turn.jpg",748,382,false],"2048x2048":["https:\/\/www.anika-net.de\/wp-content\/uploads\/2026\/01\/My-Turn.jpg",748,382,false],"event-overview":["https:\/\/www.anika-net.de\/wp-content\/uploads\/2026\/01\/My-Turn.jpg",748,382,false],"event-archive-thumb":["https:\/\/www.anika-net.de\/wp-content\/uploads\/2026\/01\/My-Turn-480x245.jpg",480,245,true],"grid-item-thumbnail":["https:\/\/www.anika-net.de\/wp-content\/uploads\/2026\/01\/My-Turn-360x200.jpg",360,200,true],"network-partner-icon":["https:\/\/www.anika-net.de\/wp-content\/uploads\/2026\/01\/My-Turn-100x100.jpg",100,100,true],"organiser-icon":["https:\/\/www.anika-net.de\/wp-content\/uploads\/2026\/01\/My-Turn-200x200.jpg",200,200,true],"gform-image-choice-sm":["https:\/\/www.anika-net.de\/wp-content\/uploads\/2026\/01\/My-Turn.jpg",300,153,false],"gform-image-choice-md":["https:\/\/www.anika-net.de\/wp-content\/uploads\/2026\/01\/My-Turn.jpg",400,204,false],"gform-image-choice-lg":["https:\/\/www.anika-net.de\/wp-content\/uploads\/2026\/01\/My-Turn.jpg",600,306,false]},"post_excerpt_stackable_v2":"<p>Aide \u00e0 la car\u00adri\u00e8re pour les femmes migrantes \u00e0 Karls\u00adruhe My Turn \u2013 Women and Work est un pro\u00adgramme d\u2019aide \u00e0 la car\u00adri\u00e8re des\u00adti\u00adn\u00e9 aux femmes migrantes de Karls\u00adruhe et des envi\u00adrons qui sou\u00adhaitent (r\u00e9)int\u00e9grer le mar\u00adch\u00e9 du tra\u00advail en Alle\u00admagne. Vous \u00eates une femme n\u00e9e dans un autre pays et vous \u00eates venue en Alle\u00admagne&nbsp;?Vous sou\u00adhai\u00adtez b\u00e9n\u00e9\u00adfi\u00adcier d\u2019un accom\u00adpa\u00adgne\u00adment pro\u00adfes\u00adsion\u00adnel et d\u2019un sou\u00adtien \u00e0 long terme pour d\u00e9ve\u00adlop\u00adper votre car\u00adri\u00e8re&nbsp;? Vous vou\u00addrez peut-\u00eatre&nbsp;: am\u00e9\u00adlio\u00adrer vos com\u00adp\u00e9\u00adtences en alle\u00admand com\u00admen\u00adcer une for\u00adma\u00adtion pro\u00adfes\u00adsion\u00adnelle ou un ensei\u00adgne\u00adment com\u00adpl\u00e9\u00admen\u00adtaire trou\u00adver un emploi qui cor\u00adres\u00adponde \u00e0 vos com\u00adp\u00e9\u00adtences et \u00e0 vos int\u00e9\u00adr\u00eats gagner\u2026<\/p>\n","category_list_v2":"","author_info_v2":{"name":"Andrea Ramirez","url":"https:\/\/www.anika-net.de\/fr\/author\/andrea-ramirez\/"},"comments_num_v2":"0 commentaire","uagb_featured_image_src":{"full":["https:\/\/www.anika-net.de\/wp-content\/uploads\/2026\/01\/My-Turn.jpg",748,382,false],"thumbnail":["https:\/\/www.anika-net.de\/wp-content\/uploads\/2026\/01\/My-Turn-150x150.jpg",150,150,true],"medium":["https:\/\/www.anika-net.de\/wp-content\/uploads\/2026\/01\/My-Turn-300x153.jpg",300,153,true],"medium_large":["https:\/\/www.anika-net.de\/wp-content\/uploads\/2026\/01\/My-Turn.jpg",640,327,false],"large":["https:\/\/www.anika-net.de\/wp-content\/uploads\/2026\/01\/My-Turn.jpg",640,327,false],"1536x1536":["https:\/\/www.anika-net.de\/wp-content\/uploads\/2026\/01\/My-Turn.jpg",748,382,false],"2048x2048":["https:\/\/www.anika-net.de\/wp-content\/uploads\/2026\/01\/My-Turn.jpg",748,382,false],"event-overview":["https:\/\/www.anika-net.de\/wp-content\/uploads\/2026\/01\/My-Turn.jpg",748,382,false],"event-archive-thumb":["https:\/\/www.anika-net.de\/wp-content\/uploads\/2026\/01\/My-Turn-480x245.jpg",480,245,true],"grid-item-thumbnail":["https:\/\/www.anika-net.de\/wp-content\/uploads\/2026\/01\/My-Turn-360x200.jpg",360,200,true],"network-partner-icon":["https:\/\/www.anika-net.de\/wp-content\/uploads\/2026\/01\/My-Turn-100x100.jpg",100,100,true],"organiser-icon":["https:\/\/www.anika-net.de\/wp-content\/uploads\/2026\/01\/My-Turn-200x200.jpg",200,200,true],"gform-image-choice-sm":["https:\/\/www.anika-net.de\/wp-content\/uploads\/2026\/01\/My-Turn.jpg",300,153,false],"gform-image-choice-md":["https:\/\/www.anika-net.de\/wp-content\/uploads\/2026\/01\/My-Turn.jpg",400,204,false],"gform-image-choice-lg":["https:\/\/www.anika-net.de\/wp-content\/uploads\/2026\/01\/My-Turn.jpg",600,306,false]},"uagb_author_info":{"display_name":"Andrea Ramirez","author_link":"https:\/\/www.anika-net.de\/fr\/author\/andrea-ramirez\/"},"uagb_comment_info":0,"uagb_excerpt":"Aide \u00e0 la car\u00adri\u00e8re pour les femmes migrantes \u00e0 Karlsruhe My Turn \u2013 Women and Work est un pro\u00adgramme d\u2019aide \u00e0 la car\u00adri\u00e8re des\u00adti\u00adn\u00e9 aux femmes migrantes de Karls\u00adruhe et&nbsp;lire plus","_links":{"self":[{"href":"https:\/\/www.anika-net.de\/fr\/wp-json\/wp\/v2\/event\/118283","targetHints":{"allow":["GET"]}}],"collection":[{"href":"https:\/\/www.anika-net.de\/fr\/wp-json\/wp\/v2\/event"}],"about":[{"href":"https:\/\/www.anika-net.de\/fr\/wp-json\/wp\/v2\/types\/event"}],"author":[{"embeddable":true,"href":"https:\/\/www.anika-net.de\/fr\/wp-json\/wp\/v2\/users\/12"}],"version-history":[{"count":2,"href":"https:\/\/www.anika-net.de\/fr\/wp-json\/wp\/v2\/event\/118283\/revisions"}],"predecessor-version":[{"id":118319,"href":"https:\/\/www.anika-net.de\/fr\/wp-json\/wp\/v2\/event\/118283\/revisions\/118319"}],"acf:post":[{"embeddable":true,"href":"https:\/\/www.anika-net.de\/fr\/wp-json\/wp\/v2\/organiser\/11400"}],"acf:term":[{"embeddable":true,"taxonomy":"event_category","href":"https:\/\/www.anika-net.de\/fr\/wp-json\/wp\/v2\/event_category\/51"}],"wp:featuredmedia":[{"embeddable":true,"href":"https:\/\/www.anika-net.de\/fr\/wp-json\/wp\/v2\/media\/118282"}],"wp:attachment":[{"href":"https:\/\/www.anika-net.de\/fr\/wp-json\/wp\/v2\/media?parent=118283"}],"curies":[{"name":"wp","href":"https:\/\/api.w.org\/{rel}","templated":true}]}}