{"id":11750,"date":"2017-06-07T11:15:43","date_gmt":"2017-06-07T09:15:43","guid":{"rendered":"https:\/\/www.anika-net.de\/event\/open-consulation-hours-for-refugees\/"},"modified":"2026-01-12T13:43:15","modified_gmt":"2026-01-12T12:43:15","slug":"heures-de-consultation-ouvertes-pour-les-refugies","status":"publish","type":"event","link":"https:\/\/www.anika-net.de\/fr\/event\/heures-de-consultation-ouvertes-pour-les-refugies\/","title":{"rendered":"Bureau de consu\u00adla\u00adtion pour les futurs \u00e9tu\u00addiants ayant le sta\u00adtut de r\u00e9fugi\u00e9\/migrant"},"content":{"rendered":"<h2><span style=\"color: #ff9900;\">Bureau de consu\u00adla\u00adtion pour les futurs \u00e9tu\u00addiants ayant le sta\u00adtut de r\u00e9fugi\u00e9\/migrant<\/span><\/h2>\n<p><strong>Vous sou\u00adhai\u00adtez \u00e9tu\u00addier en Alle\u00admagne&nbsp;?<\/strong><br>Lors de nos heures de consul\u00adta\u00adtion, nous r\u00e9pon\u00addons \u00e0 vos ques\u00adtions sur l\u2019admission.<\/p>\n<p>Veillez \u00e0 ce que vos docu\u00adments soient pr\u00eats pour le rendez-vous&nbsp;:<\/p>\n<ul>\n<li>Cer\u00adti\u00adfi\u00adcat de langue<\/li>\n<li>Cer\u00adti\u00adfi\u00adcat de fin d\u2019\u00e9\u00adtudes et dipl\u00f4me universitaire<\/li>\n<li>Per\u00admis de s\u00e9jour en Allemagne<\/li>\n<\/ul>\n<p><strong>\ud83d\udce7 Consul\u00adta\u00adtions en ligne<br>Tous les jeu\u00addis, de <\/strong>14h00 \u00e0 16h00<br>Pour les consul\u00adta\u00adtions en ligne, veuillez nous envoyer un e\u2011mail pour prendre rendez-vous.<\/p>\n<p><strong>\ud83d\udde3\ufe0f Consul\u00adta\u00adtions en face \u00e0 face<br><\/strong>De 14h00 \u00e0 16h00 \u00e0 Ade\u00adnauer\u00adring 2<br>b\u00e2ti\u00adment 50.20, salle&nbsp;005<\/p>\n<p>\ud83d\udccc <strong><span style=\"color: #008080;\">Dates 2026 En pr\u00e9\u00adsence&nbsp;:<\/span><br><\/strong> 22. Jan\u00advier \u2013 05. &amp; 19. F\u00e9vrier<br>05. &amp; 19. Mars \u2013 23. Avril<br>07. Mai \u2013 11. &amp; 25. Juin<br>09. &amp; 23. Juillet \u2013 17. Sep\u00adtembre<br>01. &amp; 15. Octobre \u2013 05. &amp; 19. Novembre<br>10. D\u00e9cembre            <\/p>\n\n<p>\ud83d\udccc <strong><span style=\"color: #089084;\" class=\"stk-highlight\">Dates 2026 <\/span><span style=\"color: #86098f;\" class=\"stk-highlight\">en ligne<\/span><span style=\"color: #089084;\" class=\"stk-highlight\">&nbsp;:<\/span><br><\/strong>15. &amp; 29. jan\u00advier \u2013 12. &amp; 26. F\u00e9vrier<br>12 &amp; 26 Mars \u2013 30 Avril<br>21. Mai \u2013 16. Juin<br>2. &amp; 16. Juillet \u2013 24. Sep\u00adtembre<br>8. Octobre \u2013 12. et 26. Novembre<br>3. &amp; 17. D\u00e9cembre&nbsp;<\/p>\n\n<p><\/p>\n","protected":false},"author":12,"featured_media":2865,"template":"","class_list":["post-11750","event","type-event","status-publish","has-post-thumbnail","hentry","event_category-education"],"acf":{"event-recurring":true,"event-category":49,"event-is-language-course":false,"event-recurring-still-active":true,"event-display-details":true,"event-schedules-recurring":[{"event-recurring-week-day":"3","event-recurring-time":"14:00 - 16:00","event-recurring-time-text":""}],"event-schedules-calendar":[{"event-calendar-day":"20230907","event-calendar-time":"14:00 - 16:00","event-calendar-time-text":""},{"event-calendar-day":"20231005","event-calendar-time":"14:00 - 16:00","event-calendar-time-text":""},{"event-calendar-day":"20231102","event-calendar-time":"14:00 - 16:00","event-calendar-time-text":""},{"event-calendar-day":"20231207","event-calendar-time":"14:00 - 16:00","event-calendar-time-text":""}],"event-is-online":false,"event-online-url":"","event-location-building":"International Students Office (IStO) \/ Geb\u00e4ude 50.20, Raum 005","event-location-street":"Adenauerring 2","event-location-zip":"76131","event-location-city":"Karlsruhe","event-location-contact-person":"Daniela von R\u00fcden","event-location-phone":"+49 721 608-41302","event-location-phone-2":"","event-location-mail":"migrants@intl.kit.edu","event-location-mail-2":"","event-location-website":"http:\/\/www.intl.kit.edu\/migrants","event-target-group":[{"target-group":"students"}],"event-target-group-comment":"ayant le statut de r\u00e9fugi\u00e9\/migrant","event-free":true,"event-organiser":[11374,11318],"event-header-copyright-overlay":true,"event-copyright-note-description-end":false},"featured_image_urls_v2":{"full":["https:\/\/www.anika-net.de\/wp-content\/uploads\/2021\/09\/KITlogo_4c_deutsch_RGB_02.jpg",817,376,false],"thumbnail":["https:\/\/www.anika-net.de\/wp-content\/uploads\/2021\/09\/KITlogo_4c_deutsch_RGB_02-150x150.jpg",150,150,true],"medium":["https:\/\/www.anika-net.de\/wp-content\/uploads\/2021\/09\/KITlogo_4c_deutsch_RGB_02-300x138.jpg",300,138,true],"medium_large":["https:\/\/www.anika-net.de\/wp-content\/uploads\/2021\/09\/KITlogo_4c_deutsch_RGB_02-768x353.jpg",640,294,true],"large":["https:\/\/www.anika-net.de\/wp-content\/uploads\/2021\/09\/KITlogo_4c_deutsch_RGB_02.jpg",640,295,false],"1536x1536":["https:\/\/www.anika-net.de\/wp-content\/uploads\/2021\/09\/KITlogo_4c_deutsch_RGB_02.jpg",817,376,false],"2048x2048":["https:\/\/www.anika-net.de\/wp-content\/uploads\/2021\/09\/KITlogo_4c_deutsch_RGB_02.jpg",817,376,false],"event-overview":["https:\/\/www.anika-net.de\/wp-content\/uploads\/2021\/09\/KITlogo_4c_deutsch_RGB_02.jpg",817,376,false],"event-archive-thumb":["https:\/\/www.anika-net.de\/wp-content\/uploads\/2021\/09\/KITlogo_4c_deutsch_RGB_02.jpg",480,221,false],"grid-item-thumbnail":["https:\/\/www.anika-net.de\/wp-content\/uploads\/2021\/09\/KITlogo_4c_deutsch_RGB_02-360x200.jpg",360,200,true],"network-partner-icon":["https:\/\/www.anika-net.de\/wp-content\/uploads\/2021\/09\/KITlogo_4c_deutsch_RGB_02-100x100.jpg",100,100,true],"organiser-icon":["https:\/\/www.anika-net.de\/wp-content\/uploads\/2021\/09\/KITlogo_4c_deutsch_RGB_02.jpg",200,92,false],"gform-image-choice-sm":["https:\/\/www.anika-net.de\/wp-content\/uploads\/2021\/09\/KITlogo_4c_deutsch_RGB_02.jpg",300,138,false],"gform-image-choice-md":["https:\/\/www.anika-net.de\/wp-content\/uploads\/2021\/09\/KITlogo_4c_deutsch_RGB_02.jpg",400,184,false],"gform-image-choice-lg":["https:\/\/www.anika-net.de\/wp-content\/uploads\/2021\/09\/KITlogo_4c_deutsch_RGB_02.jpg",600,276,false]},"post_excerpt_stackable_v2":"<p>Bureau de consu\u00adla\u00adtion pour les futurs \u00e9tu\u00addiants ayant le sta\u00adtut de r\u00e9fugi\u00e9\/migrant Vous sou\u00adhai\u00adtez \u00e9tu\u00addier en Alle\u00admagne&nbsp;?Lors de nos heures de consul\u00adta\u00adtion, nous r\u00e9pon\u00addons \u00e0 vos ques\u00adtions sur l\u2019admission. Veillez \u00e0 ce que vos docu\u00adments soient pr\u00eats pour le ren\u00addez-vous&nbsp;: Cer\u00adti\u00adfi\u00adcat de langue Cer\u00adti\u00adfi\u00adcat de fin d\u2019\u00e9\u00adtudes et dipl\u00f4me uni\u00adver\u00adsi\u00adtaire Per\u00admis de s\u00e9jour en Alle\u00admagne \ud83d\udce7 Consul\u00adta\u00adtions en ligne\u00adTous les jeu\u00addis, de 14h00 \u00e0 16h00Pour les consul\u00adta\u00adtions en ligne, veuillez nous envoyer un e\u2011mail pour prendre ren\u00addez-vous. \ud83d\udde3\ufe0f Consul\u00adta\u00adtions en face \u00e0 faceDe 14h00 \u00e0 16h00 \u00e0 Ade\u00adnauer\u00adring 2b\u00e2ti\u00adment 50.20, salle&nbsp;005 \ud83d\udccc Dates 2026 En pr\u00e9\u00adsence&nbsp;: 22. Jan\u00advier \u2013&nbsp;05.\u2026<\/p>\n","category_list_v2":"","author_info_v2":{"name":"Andrea Ramirez","url":"https:\/\/www.anika-net.de\/fr\/author\/andrea-ramirez\/"},"comments_num_v2":"0 commentaire","uagb_featured_image_src":{"full":["https:\/\/www.anika-net.de\/wp-content\/uploads\/2021\/09\/KITlogo_4c_deutsch_RGB_02.jpg",817,376,false],"thumbnail":["https:\/\/www.anika-net.de\/wp-content\/uploads\/2021\/09\/KITlogo_4c_deutsch_RGB_02-150x150.jpg",150,150,true],"medium":["https:\/\/www.anika-net.de\/wp-content\/uploads\/2021\/09\/KITlogo_4c_deutsch_RGB_02-300x138.jpg",300,138,true],"medium_large":["https:\/\/www.anika-net.de\/wp-content\/uploads\/2021\/09\/KITlogo_4c_deutsch_RGB_02-768x353.jpg",640,294,true],"large":["https:\/\/www.anika-net.de\/wp-content\/uploads\/2021\/09\/KITlogo_4c_deutsch_RGB_02.jpg",640,295,false],"1536x1536":["https:\/\/www.anika-net.de\/wp-content\/uploads\/2021\/09\/KITlogo_4c_deutsch_RGB_02.jpg",817,376,false],"2048x2048":["https:\/\/www.anika-net.de\/wp-content\/uploads\/2021\/09\/KITlogo_4c_deutsch_RGB_02.jpg",817,376,false],"event-overview":["https:\/\/www.anika-net.de\/wp-content\/uploads\/2021\/09\/KITlogo_4c_deutsch_RGB_02.jpg",817,376,false],"event-archive-thumb":["https:\/\/www.anika-net.de\/wp-content\/uploads\/2021\/09\/KITlogo_4c_deutsch_RGB_02.jpg",480,221,false],"grid-item-thumbnail":["https:\/\/www.anika-net.de\/wp-content\/uploads\/2021\/09\/KITlogo_4c_deutsch_RGB_02-360x200.jpg",360,200,true],"network-partner-icon":["https:\/\/www.anika-net.de\/wp-content\/uploads\/2021\/09\/KITlogo_4c_deutsch_RGB_02-100x100.jpg",100,100,true],"organiser-icon":["https:\/\/www.anika-net.de\/wp-content\/uploads\/2021\/09\/KITlogo_4c_deutsch_RGB_02.jpg",200,92,false],"gform-image-choice-sm":["https:\/\/www.anika-net.de\/wp-content\/uploads\/2021\/09\/KITlogo_4c_deutsch_RGB_02.jpg",300,138,false],"gform-image-choice-md":["https:\/\/www.anika-net.de\/wp-content\/uploads\/2021\/09\/KITlogo_4c_deutsch_RGB_02.jpg",400,184,false],"gform-image-choice-lg":["https:\/\/www.anika-net.de\/wp-content\/uploads\/2021\/09\/KITlogo_4c_deutsch_RGB_02.jpg",600,276,false]},"uagb_author_info":{"display_name":"Andrea Ramirez","author_link":"https:\/\/www.anika-net.de\/fr\/author\/andrea-ramirez\/"},"uagb_comment_info":0,"uagb_excerpt":"Bureau de consu\u00adla\u00adtion pour les futurs \u00e9tu\u00addiants ayant le sta\u00adtut de r\u00e9fugi\u00e9\/migrant Vous sou\u00adhai\u00adtez \u00e9tu\u00addier en Alle\u00admagne&nbsp;?Lors de nos heures de consul\u00adta\u00adtion, nous r\u00e9pon\u00addons \u00e0 vos ques\u00adtions sur l\u2019admission. Veillez&nbsp;lire plus","_links":{"self":[{"href":"https:\/\/www.anika-net.de\/fr\/wp-json\/wp\/v2\/event\/11750","targetHints":{"allow":["GET"]}}],"collection":[{"href":"https:\/\/www.anika-net.de\/fr\/wp-json\/wp\/v2\/event"}],"about":[{"href":"https:\/\/www.anika-net.de\/fr\/wp-json\/wp\/v2\/types\/event"}],"author":[{"embeddable":true,"href":"https:\/\/www.anika-net.de\/fr\/wp-json\/wp\/v2\/users\/12"}],"version-history":[{"count":2,"href":"https:\/\/www.anika-net.de\/fr\/wp-json\/wp\/v2\/event\/11750\/revisions"}],"predecessor-version":[{"id":118024,"href":"https:\/\/www.anika-net.de\/fr\/wp-json\/wp\/v2\/event\/11750\/revisions\/118024"}],"acf:post":[{"embeddable":true,"href":"https:\/\/www.anika-net.de\/fr\/wp-json\/wp\/v2\/organiser\/11318"},{"embeddable":true,"href":"https:\/\/www.anika-net.de\/fr\/wp-json\/wp\/v2\/organiser\/11374"}],"acf:term":[{"embeddable":true,"taxonomy":"event_category","href":"https:\/\/www.anika-net.de\/fr\/wp-json\/wp\/v2\/event_category\/49"}],"wp:featuredmedia":[{"embeddable":true,"href":"https:\/\/www.anika-net.de\/fr\/wp-json\/wp\/v2\/media\/2865"}],"wp:attachment":[{"href":"https:\/\/www.anika-net.de\/fr\/wp-json\/wp\/v2\/media?parent=11750"}],"curies":[{"name":"wp","href":"https:\/\/api.w.org\/{rel}","templated":true}]}}