{"id":11484,"date":"2019-05-15T11:16:22","date_gmt":"2019-05-15T09:16:22","guid":{"rendered":"https:\/\/www.anika-net.de\/event\/termination-action-for-eviction\/"},"modified":"2024-01-09T12:42:10","modified_gmt":"2024-01-09T11:42:10","slug":"resiliation-expulsion","status":"publish","type":"event","link":"https:\/\/www.anika-net.de\/fr\/event\/resiliation-expulsion\/","title":{"rendered":"R\u00e9si\u00adlia\u00adtion du contrat de loca\u00adtion et perte du logement"},"content":{"rendered":"<h2><span style=\"color: #800080;\">R\u00e9si\u00adlia\u00adtion du contrat de loca\u00adtion et perte du logement<\/span><\/h2>\n<p><span style=\"color: #008080;\"><strong>Que faire&nbsp;?<\/strong><\/span><\/p>\n<p>Vous trou\u00adve\u00adrez ici des infor\u00adma\u00adtions impor\u00adtantes sur les sujets suivants&nbsp;:<\/p>\n<ul>\n<li>Avis de r\u00e9si\u00adlia\u00adtion du contrat de location<\/li>\n<li>Pro\u00adc\u00e9\u00addures d\u2019expulsion<\/li>\n<li>Perte de logement.<\/li>\n<\/ul>\n<h4>\u2139 <a href=\"https:\/\/www.karlsruhe.de\/securedl\/sdl-eyJ0eXAiOiJKV1QiLCJhbGciOiJIUzI1NiJ9.eyJpYXQiOjE2NTczNTY0NjMsInVzZXIiOjAsImdyb3VwcyI6WzAsLTFdLCJmaWxlIjoiZmlsZWFkbWluXC91c2VyX3VwbG9hZFwvMDJfQmlsZHVuZ19Tb3ppYWxlc1wvT0VBX1NKQl9QREZfRGF0ZWllblwvU29UZWlcL1N0YWR0X0thcmxzcnVoZV9GYWx0YmxhdHRfS3VlbmRpZ3VuZ19SYWV1bXVuZ3NrbGFnZS5wZGYiLCJwYWdlIjoxMDExfQ.h3wdk21abjH1QtiPghQ0icCgkx-rOSOnQFtIHZd6qpY\/Stadt_Karlsruhe_Faltblatt_Kuendigung_Raeumungsklage.pdf\" rel=\"noopener\"><br>\n  <strong>Fiche d\u2019in\u00adfor\u00adma\u00adtion<\/strong><br>\n<\/a><\/h4>\n<p>\u00c0 une \u00e9poque o\u00f9 les loge\u00adments abor\u00addables se font rares, il est impor\u00adtant que vous ne per\u00addiez pas votre loge\u00adment \u00e0 cause d\u2019un avis de r\u00e9si\u00adlia\u00adtion du contrat de loca\u00adtion ou d\u2019une action d\u2019expulsion.<br>\nS\u2019il n\u2019y a pas d\u2019autre loge\u00adment dis\u00adpo\u00adnible, la r\u00e9si\u00adlia\u00adtion d\u2019un appar\u00adte\u00adment ou une mesure d\u2019ex\u00adpul\u00adsion signi\u00adfie une cou\u00adpure pro\u00adfonde dans votre vie et une menace existentielle.<br>\nDans de nom\u00adbreux cas, la perte de votre loge\u00adment peut \u00eatre \u00e9vi\u00adt\u00e9e si vous agis\u00adsez \u00e0 temps et faites valoir vos droits.<\/p>\n","protected":false},"author":12,"featured_media":27863,"template":"","class_list":["post-11484","event","type-event","status-publish","has-post-thumbnail","hentry","event_category-accomodation"],"acf":{"event-recurring":true,"event-category":47,"event-is-language-course":false,"event-recurring-still-active":true,"event-display-details":true,"event-schedules-recurring":[{"event-recurring-week-day":false,"event-recurring-time":"08:00 - 12:00 \/ 14:00 - 15:30 ","event-recurring-time-text":""},{"event-recurring-week-day":"1","event-recurring-time":"08:00 - 12:00 \/ 14:00 - 15:30 ","event-recurring-time-text":""},{"event-recurring-week-day":"2","event-recurring-time":"08:00 - 12:00 \/ 14:00 - 15:30 ","event-recurring-time-text":""},{"event-recurring-week-day":"3","event-recurring-time":"08:00 - 12:00 \/ 14:00 - 17:00","event-recurring-time-text":""},{"event-recurring-week-day":"4","event-recurring-time":"08:00 - 12:00 ","event-recurring-time-text":""}],"event-schedules-calendar":null,"event-is-online":false,"event-online-url":"","event-location-building":"Fachstelle Wohnungssicherung \/ Sozial- und Jugendbeh\u00f6rde","event-location-street":"Ernst-Frey-Stra\u00dfe 10","event-location-zip":"76135","event-location-city":"Karlsruhe","event-location-contact-person":"Informations- und Anlaufstelle","event-location-phone":"0721 133-5415","event-location-phone-2":"0721 133-5452","event-location-mail":"","event-location-mail-2":"","event-location-website":"","event-target-group":[{"target-group":"all"}],"event-target-group-comment":"","event-free":true,"event-organiser":[11190],"event-header-copyright-overlay":true,"event-copyright-note-description-end":true},"featured_image_urls_v2":{"full":["https:\/\/www.anika-net.de\/wp-content\/uploads\/2019\/05\/move-2481718_1920.jpg",1920,1253,false],"thumbnail":["https:\/\/www.anika-net.de\/wp-content\/uploads\/2019\/05\/move-2481718_1920-150x150.jpg",150,150,true],"medium":["https:\/\/www.anika-net.de\/wp-content\/uploads\/2019\/05\/move-2481718_1920-300x196.jpg",300,196,true],"medium_large":["https:\/\/www.anika-net.de\/wp-content\/uploads\/2019\/05\/move-2481718_1920-768x501.jpg",640,418,true],"large":["https:\/\/www.anika-net.de\/wp-content\/uploads\/2019\/05\/move-2481718_1920-1024x668.jpg",640,418,true],"1536x1536":["https:\/\/www.anika-net.de\/wp-content\/uploads\/2019\/05\/move-2481718_1920-1536x1002.jpg",1536,1002,true],"2048x2048":["https:\/\/www.anika-net.de\/wp-content\/uploads\/2019\/05\/move-2481718_1920.jpg",1920,1253,false],"event-overview":["https:\/\/www.anika-net.de\/wp-content\/uploads\/2019\/05\/move-2481718_1920-960x640.jpg",960,640,true],"event-archive-thumb":["https:\/\/www.anika-net.de\/wp-content\/uploads\/2019\/05\/move-2481718_1920-480x313.jpg",480,313,true],"grid-item-thumbnail":["https:\/\/www.anika-net.de\/wp-content\/uploads\/2019\/05\/move-2481718_1920-360x200.jpg",360,200,true],"network-partner-icon":["https:\/\/www.anika-net.de\/wp-content\/uploads\/2019\/05\/move-2481718_1920-100x100.jpg",100,100,true],"organiser-icon":["https:\/\/www.anika-net.de\/wp-content\/uploads\/2019\/05\/move-2481718_1920-200x200.jpg",200,200,true],"gform-image-choice-sm":["https:\/\/www.anika-net.de\/wp-content\/uploads\/2019\/05\/move-2481718_1920.jpg",300,196,false],"gform-image-choice-md":["https:\/\/www.anika-net.de\/wp-content\/uploads\/2019\/05\/move-2481718_1920.jpg",400,261,false],"gform-image-choice-lg":["https:\/\/www.anika-net.de\/wp-content\/uploads\/2019\/05\/move-2481718_1920.jpg",600,392,false]},"post_excerpt_stackable_v2":"<p>R\u00e9si\u00adlia\u00adtion du contrat de loca\u00adtion et perte du loge\u00adment Que faire&nbsp;? Vous trou\u00adve\u00adrez ici des infor\u00adma\u00adtions impor\u00adtantes sur les sujets sui\u00advants&nbsp;: Avis de r\u00e9si\u00adlia\u00adtion du contrat de loca\u00adtion Pro\u00adc\u00e9\u00addures d\u2019expulsion Perte de loge\u00adment. \u2139 Fiche d\u2019in\u00adfor\u00adma\u00adtion \u00c0 une \u00e9poque o\u00f9 les loge\u00adments abor\u00addables se font rares, il est impor\u00adtant que vous ne per\u00addiez pas votre loge\u00adment \u00e0 cause d\u2019un avis de r\u00e9si\u00adlia\u00adtion du contrat de loca\u00adtion ou d\u2019une action d\u2019expulsion. S\u2019il n\u2019y a pas d\u2019autre loge\u00adment dis\u00adpo\u00adnible, la r\u00e9si\u00adlia\u00adtion d\u2019un appar\u00adte\u00adment ou une mesure d\u2019ex\u00adpul\u00adsion signi\u00adfie une cou\u00adpure pro\u00adfonde dans votre vie et une menace exis\u00adten\u00adtielle. Dans de nom\u00adbreux&nbsp;cas,\u2026<\/p>\n","category_list_v2":"","author_info_v2":{"name":"Andrea Ramirez","url":"https:\/\/www.anika-net.de\/fr\/author\/andrea-ramirez\/"},"comments_num_v2":"0 commentaire","uagb_featured_image_src":{"full":["https:\/\/www.anika-net.de\/wp-content\/uploads\/2019\/05\/move-2481718_1920.jpg",1920,1253,false],"thumbnail":["https:\/\/www.anika-net.de\/wp-content\/uploads\/2019\/05\/move-2481718_1920-150x150.jpg",150,150,true],"medium":["https:\/\/www.anika-net.de\/wp-content\/uploads\/2019\/05\/move-2481718_1920-300x196.jpg",300,196,true],"medium_large":["https:\/\/www.anika-net.de\/wp-content\/uploads\/2019\/05\/move-2481718_1920-768x501.jpg",640,418,true],"large":["https:\/\/www.anika-net.de\/wp-content\/uploads\/2019\/05\/move-2481718_1920-1024x668.jpg",640,418,true],"1536x1536":["https:\/\/www.anika-net.de\/wp-content\/uploads\/2019\/05\/move-2481718_1920-1536x1002.jpg",1536,1002,true],"2048x2048":["https:\/\/www.anika-net.de\/wp-content\/uploads\/2019\/05\/move-2481718_1920.jpg",1920,1253,false],"event-overview":["https:\/\/www.anika-net.de\/wp-content\/uploads\/2019\/05\/move-2481718_1920-960x640.jpg",960,640,true],"event-archive-thumb":["https:\/\/www.anika-net.de\/wp-content\/uploads\/2019\/05\/move-2481718_1920-480x313.jpg",480,313,true],"grid-item-thumbnail":["https:\/\/www.anika-net.de\/wp-content\/uploads\/2019\/05\/move-2481718_1920-360x200.jpg",360,200,true],"network-partner-icon":["https:\/\/www.anika-net.de\/wp-content\/uploads\/2019\/05\/move-2481718_1920-100x100.jpg",100,100,true],"organiser-icon":["https:\/\/www.anika-net.de\/wp-content\/uploads\/2019\/05\/move-2481718_1920-200x200.jpg",200,200,true],"gform-image-choice-sm":["https:\/\/www.anika-net.de\/wp-content\/uploads\/2019\/05\/move-2481718_1920.jpg",300,196,false],"gform-image-choice-md":["https:\/\/www.anika-net.de\/wp-content\/uploads\/2019\/05\/move-2481718_1920.jpg",400,261,false],"gform-image-choice-lg":["https:\/\/www.anika-net.de\/wp-content\/uploads\/2019\/05\/move-2481718_1920.jpg",600,392,false]},"uagb_author_info":{"display_name":"Andrea Ramirez","author_link":"https:\/\/www.anika-net.de\/fr\/author\/andrea-ramirez\/"},"uagb_comment_info":0,"uagb_excerpt":"R\u00e9si\u00adlia\u00adtion du contrat de loca\u00adtion et perte du logement Que faire&nbsp;? Vous trou\u00adve\u00adrez ici des infor\u00adma\u00adtions impor\u00adtantes sur les sujets suivants&nbsp;: Avis de r\u00e9si\u00adlia\u00adtion du contrat de location Pro\u00adc\u00e9\u00addures d\u2019expulsion&nbsp;lire plus","_links":{"self":[{"href":"https:\/\/www.anika-net.de\/fr\/wp-json\/wp\/v2\/event\/11484","targetHints":{"allow":["GET"]}}],"collection":[{"href":"https:\/\/www.anika-net.de\/fr\/wp-json\/wp\/v2\/event"}],"about":[{"href":"https:\/\/www.anika-net.de\/fr\/wp-json\/wp\/v2\/types\/event"}],"author":[{"embeddable":true,"href":"https:\/\/www.anika-net.de\/fr\/wp-json\/wp\/v2\/users\/12"}],"version-history":[{"count":0,"href":"https:\/\/www.anika-net.de\/fr\/wp-json\/wp\/v2\/event\/11484\/revisions"}],"acf:post":[{"embeddable":true,"href":"https:\/\/www.anika-net.de\/fr\/wp-json\/wp\/v2\/organiser\/11190"}],"acf:term":[{"embeddable":true,"taxonomy":"event_category","href":"https:\/\/www.anika-net.de\/fr\/wp-json\/wp\/v2\/event_category\/47"}],"wp:featuredmedia":[{"embeddable":true,"href":"https:\/\/www.anika-net.de\/fr\/wp-json\/wp\/v2\/media\/27863"}],"wp:attachment":[{"href":"https:\/\/www.anika-net.de\/fr\/wp-json\/wp\/v2\/media?parent=11484"}],"curies":[{"name":"wp","href":"https:\/\/api.w.org\/{rel}","templated":true}]}}