{"id":24352,"date":"2022-08-09T12:38:49","date_gmt":"2022-08-09T10:38:49","guid":{"rendered":"https:\/\/www.anika-net.de\/llegando-a\/ninos-y-familia\/inscribir-a-su-hijo-en-una-escuela\/"},"modified":"2025-02-10T11:43:12","modified_gmt":"2025-02-10T10:43:12","slug":"inscribir-a-su-hijo-en-una-escuela","status":"publish","type":"page","link":"https:\/\/www.anika-net.de\/es\/llegando-a\/ninos-y-familia\/inscribir-a-su-hijo-en-una-escuela\/","title":{"rendered":"\u00bfC\u00f3mo ins\u00adcri\u00adbo a mi hijo en una escuela?"},"content":{"rendered":"\n<p class=\"has-text-color\" style=\"color:#124e71\">Tu hijo pue\u00adde ir a la escue\u00adla, y debes ins\u00adcri\u00adbir\u00adlo en una escue\u00adla en los seis meses siguien\u00adtes a su resi\u00adden\u00adcia en Ale\u00adma\u00adnia. La asis\u00adten\u00adcia a la escue\u00adla es obli\u00adga\u00adto\u00adria.<br>Visi\u00adta el ayun\u00adta\u00admien\u00adto de tu loca\u00adli\u00addad para infor\u00admar\u00adte sobre las opcio\u00adnes esco\u00adla\u00adres de tu hijo. Hay cla\u00adses dis\u00adpo\u00adni\u00adbles para ayu\u00addar a tu hijo a apren\u00adder ale\u00adm\u00e1n. Pue\u00addes encon\u00adtrar m\u00e1s infor\u00adma\u00adci\u00f3n <strong><a href=\"https:\/\/ka.schulamt-bw.de\/,Lde\/Startseite\/Unterstuetzung+_+Beratung\/Vorbereitungsklassen\" rel=\"noopener\">aqu\u00ed<\/a>.<\/strong>   <\/p>\n\n<details class=\"wp-block-stackable-accordion stk-block-accordion stk-inner-blocks stk-block-content stk-block stk-7616f47 is-style-default\" data-block-id=\"7616f47\">\n<summary class=\"wp-block-stackable-column stk-block-column stk-column stk-block stk-fba073a stk--container-small stk-block-accordion__heading\" data-v=\"4\" data-block-id=\"fba073a\"><div class=\"stk-column-wrapper stk-block-column__content stk-container stk-fba073a-container stk-hover-parent\"><div class=\"stk-block-content stk-inner-blocks stk-fba073a-inner-blocks\">\n<div class=\"wp-block-stackable-icon-label stk-block-icon-label stk-block stk-590bcb4\" data-block-id=\"590bcb4\"><div class=\"stk-row stk-inner-blocks stk-block-content\">\n<div class=\"wp-block-stackable-heading stk-block-heading stk-block-heading--v2 stk-block stk-ab7d1d1\" id=\"t\" data-block-id=\"ab7d1d1\"><h4 class=\"stk-block-heading__text\">Fechas de ins\u00adcrip\u00adci\u00f3n en las escue\u00adlas primarias<\/h4><\/div>\n\n\n\n<div class=\"wp-block-stackable-icon stk-block-icon stk-block stk-1114f9c\" data-block-id=\"1114f9c\"><span class=\"stk--svg-wrapper\"><div class=\"stk--inner-svg\"><svg style=\"height:0;width:0\"><defs><linearGradient id=\"linear-gradient-1114f9c\" x1=\"0\" x2=\"100%\" y1=\"0\" y2=\"0\"><stop offset=\"0%\" style=\"stop-opacity:1;stop-color:var(--linear-gradient-1114-f-9-c-color-1)\" \/><stop offset=\"100%\" style=\"stop-opacity:1;stop-color:var(--linear-gradient-1114-f-9-c-color-2)\" \/><\/linearGradient><\/defs><\/svg><svg data-prefix=\"fas\" data-icon=\"chevron-down\" class=\"svg-inline--fa fa-chevron-down fa-w-14\" viewBox=\"0 0 448 512\" aria-hidden=\"true\" width=\"32\" height=\"32\"><path fill=\"currentColor\" d=\"M207.029 381.476L12.686 187.132c-9.373-9.373-9.373-24.569 0-33.941l22.667-22.667c9.357-9.357 24.522-9.375 33.901-.04L224 284.505l154.745-154.021c9.379-9.335 24.544-9.317 33.901.04l22.667 22.667c9.373 9.373 9.373 24.569 0 33.941L240.971 381.476c-9.373 9.372-24.569 9.372-33.942 0z\" \/><\/svg><\/div><\/span><\/div>\n<\/div><\/div>\n<\/div><\/div><\/summary>\n\n\n\n<div class=\"wp-block-stackable-column stk-block-column stk-column stk-block stk-7645d33 stk-block-accordion__content\" data-v=\"4\" data-block-id=\"7645d33\"><div class=\"stk-column-wrapper stk-block-column__content stk-container stk-7645d33-container stk--no-background stk--no-padding\"><div class=\"stk-block-content stk-inner-blocks stk-7645d33-inner-blocks\">\n<div class=\"wp-block-stackable-text stk-block-text stk-block stk-bdf61ab\" data-block-id=\"bdf61ab\"><p class=\"stk-block-text__text\">Fecha l\u00edmi\u00adte: <strong>30 de junio <\/strong>(tu hijo debe tener 6 a\u00f1os en esta fecha)<br>Reci\u00adbi\u00adr\u00e1s una car\u00adta de la escue\u00adla. Si no la has reci\u00adbi\u00addo, ins\u00adcr\u00ed\u00adbe\u00adte en la escue\u00adla de tu zona.<br>Ins\u00adcrip\u00adci\u00f3n: <strong>15 de sep\u00adtiem\u00adbre de 2025<\/strong> <br><br>Infor\u00adma\u00adci\u00f3n sobre la esco\u00adla\u00adri\u00adza\u00adci\u00f3n (escue\u00adla pri\u00adma\u00adria) <strong><a href=\"https:\/\/www.grundschulen.net\/2623-checkliste-einschulung.html\" rel=\"noopener\">aqu\u00ed<\/a><\/strong><\/p><\/div>\n<\/div><\/div><\/div>\n<\/details>\n\n<details class=\"wp-block-stackable-accordion stk-block-accordion stk-inner-blocks stk-block-content stk-block stk-dc82e38 is-style-default\" data-block-id=\"dc82e38\">\n<summary class=\"wp-block-stackable-column stk-block-column stk-column stk-block stk-b848cf8 stk--container-small stk-block-accordion__heading\" data-v=\"4\" data-block-id=\"b848cf8\"><div class=\"stk-column-wrapper stk-block-column__content stk-container stk-b848cf8-container stk-hover-parent\"><div class=\"stk-block-content stk-inner-blocks stk-b848cf8-inner-blocks\">\n<div class=\"wp-block-stackable-icon-label stk-block-icon-label stk-block stk-f2f5bd9\" data-block-id=\"f2f5bd9\"><div class=\"stk-row stk-inner-blocks stk-block-content\">\n<div class=\"wp-block-stackable-heading stk-block-heading stk-block-heading--v2 stk-block stk-d4fb30c\" id=\"strong-egistration-dates-for-other-schools-secondary-schools-strong\" data-block-id=\"d4fb30c\"><h4 class=\"stk-block-heading__text\">Fechas de ins\u00adcrip\u00adci\u00f3n para otros cen\u00adtros (cen\u00adtros de secundaria)<\/h4><\/div>\n\n\n\n<div class=\"wp-block-stackable-icon stk-block-icon stk-block stk-4b4a05c\" data-block-id=\"4b4a05c\"><span class=\"stk--svg-wrapper\"><div class=\"stk--inner-svg\"><svg style=\"height:0;width:0\"><defs><linearGradient id=\"linear-gradient-4b4a05c\" x1=\"0\" x2=\"100%\" y1=\"0\" y2=\"0\"><stop offset=\"0%\" style=\"stop-opacity:1;stop-color:var(--linear-gradient-4-b-4-a-05-c-color-1)\" \/><stop offset=\"100%\" style=\"stop-opacity:1;stop-color:var(--linear-gradient-4-b-4-a-05-c-color-2)\" \/><\/linearGradient><\/defs><\/svg><svg data-prefix=\"fas\" data-icon=\"chevron-down\" class=\"svg-inline--fa fa-chevron-down fa-w-14\" viewBox=\"0 0 448 512\" aria-hidden=\"true\" width=\"32\" height=\"32\"><path fill=\"currentColor\" d=\"M207.029 381.476L12.686 187.132c-9.373-9.373-9.373-24.569 0-33.941l22.667-22.667c9.357-9.357 24.522-9.375 33.901-.04L224 284.505l154.745-154.021c9.379-9.335 24.544-9.317 33.901.04l22.667 22.667c9.373 9.373 9.373 24.569 0 33.941L240.971 381.476c-9.373 9.372-24.569 9.372-33.942 0z\" \/><\/svg><\/div><\/span><\/div>\n<\/div><\/div>\n<\/div><\/div><\/summary>\n\n\n\n<div class=\"wp-block-stackable-column stk-block-column stk-column stk-block stk-68bb8db stk-block-accordion__content\" data-v=\"4\" data-block-id=\"68bb8db\"><div class=\"stk-column-wrapper stk-block-column__content stk-container stk-68bb8db-container stk--no-background stk--no-padding\"><div class=\"stk-block-content stk-inner-blocks stk-68bb8db-inner-blocks\">\n<ul class=\"wp-block-list\">\n<li>Las fechas de ins\u00adcrip\u00adci\u00f3n son <strong>del 10 al 13 de mar\u00adzo de 2025.<\/strong> Con\u00adsul\u00adta con la escue\u00adla varias sema\u00adnas o meses antes de esta&nbsp;fecha.<\/li>\n\n\n\n<li>\ud83d\udca1 Los <strong>cen\u00adtros de for\u00adma\u00adci\u00f3n pro\u00adfe\u00adsio\u00adnal<\/strong> dis\u00adpo\u00adnen de una <strong><a href=\"https:\/\/www.landkreis-karlsruhe.de\/vaboanmeldung\" rel=\"noopener\">pla\u00adta\u00adfor\u00adma cen\u00adtral de ins\u00adcrip\u00adci\u00f3n en l\u00ednea<\/a> <br><\/strong>Reci\u00adbi\u00adr\u00e1s m\u00e1s infor\u00adma\u00adci\u00f3n tras la inscripci\u00f3n.<\/li>\n<\/ul>\n<\/div><\/div><\/div>\n<\/details>\n\n<details class=\"wp-block-stackable-accordion stk-block-accordion stk-inner-blocks stk-block-content stk-block stk-ab3a5f3 is-style-default\" data-block-id=\"ab3a5f3\">\n<summary class=\"wp-block-stackable-column stk-block-column stk-column stk-block stk-4464c93 stk--container-small stk-block-accordion__heading\" data-v=\"4\" data-block-id=\"4464c93\"><div class=\"stk-column-wrapper stk-block-column__content stk-container stk-4464c93-container stk-hover-parent\"><div class=\"stk-block-content stk-inner-blocks stk-4464c93-inner-blocks\">\n<div class=\"wp-block-stackable-icon-label stk-block-icon-label stk-block stk-2def0de\" data-block-id=\"2def0de\"><div class=\"stk-row stk-inner-blocks stk-block-content\">\n<div class=\"wp-block-stackable-heading stk-block-heading stk-block-heading--v2 stk-block stk-ce8f103\" id=\"span-style-color-128-b-81-class-stk-highlight-what-do-the-different-educational-qualifications-mean-span\" data-block-id=\"ce8f103\"><h4 class=\"stk-block-heading__text\"><span style=\"color: #128b81;\" class=\"stk-highlight\">\u00bfQu\u00e9 sig\u00adni\u00adfi\u00adcan las dis\u00adtin\u00adtas titulaciones?<\/span><\/h4><\/div>\n\n\n\n<div class=\"wp-block-stackable-icon stk-block-icon stk-block stk-49e853a\" data-block-id=\"49e853a\"><span class=\"stk--svg-wrapper\"><div class=\"stk--inner-svg\"><svg style=\"height:0;width:0\"><defs><linearGradient id=\"linear-gradient-49e853a\" x1=\"0\" x2=\"100%\" y1=\"0\" y2=\"0\"><stop offset=\"0%\" style=\"stop-opacity:1;stop-color:var(--linear-gradient-49-e-853-a-color-1)\" \/><stop offset=\"100%\" style=\"stop-opacity:1;stop-color:var(--linear-gradient-49-e-853-a-color-2)\" \/><\/linearGradient><\/defs><\/svg><svg data-prefix=\"fas\" data-icon=\"chevron-down\" class=\"svg-inline--fa fa-chevron-down fa-w-14\" viewBox=\"0 0 448 512\" aria-hidden=\"true\" width=\"32\" height=\"32\"><path fill=\"currentColor\" d=\"M207.029 381.476L12.686 187.132c-9.373-9.373-9.373-24.569 0-33.941l22.667-22.667c9.357-9.357 24.522-9.375 33.901-.04L224 284.505l154.745-154.021c9.379-9.335 24.544-9.317 33.901.04l22.667 22.667c9.373 9.373 9.373 24.569 0 33.941L240.971 381.476c-9.373 9.372-24.569 9.372-33.942 0z\" \/><\/svg><\/div><\/span><\/div>\n<\/div><\/div>\n<\/div><\/div><\/summary>\n\n\n\n<div class=\"wp-block-stackable-column stk-block-column stk-column stk-block stk-670e816 stk-block-accordion__content\" data-v=\"4\" data-block-id=\"670e816\"><div class=\"stk-column-wrapper stk-block-column__content stk-container stk-670e816-container stk--no-background stk--no-padding\"><div class=\"stk-block-content stk-inner-blocks stk-670e816-inner-blocks\">\n<div class=\"wp-block-stackable-text stk-block-text stk-block stk-61bc9c1\" data-block-id=\"61bc9c1\"><p class=\"stk-block-text__text\">Hay varios cer\u00adti\u00adfi\u00adca\u00addos de fin de estu\u00addios. Cuan\u00adto m\u00e1s alto sea el cer\u00adti\u00adfi\u00adca\u00addo de fin de estu\u00addios, m\u00e1s opcio\u00adnes ten\u00addr\u00e1s a la hora de ele\u00adgir una pro\u00adfe\u00adsi\u00f3n. Pero tam\u00adbi\u00e9n tie\u00adnes que ir a la escue\u00adla duran\u00adte m\u00e1s tiem\u00adpo. Con un t\u00edtu\u00adlo de secun\u00adda\u00adria <strong><em>Haupts\u00adchu\u00adlabs\u00adchluss<\/em> <\/strong>(cer\u00adti\u00adfi\u00adca\u00addo de fin de estu\u00addios \u2014 des\u00adpu\u00e9s del<sup>9\u00ba<\/sup> cur\u00adso) o un <em><strong>Mittle\u00adrer Bil\u00addung\u00adsabs\u00adchluss<\/strong><\/em> (pue\u00addes acce\u00adder a la for\u00adma\u00adci\u00f3n pro\u00adfe\u00adsio\u00adnal.     <br><br>Nece\u00adsi\u00adtas el <em><strong>Abi\u00adtur<\/strong><\/em> o t\u00edtu\u00adlo de acce\u00adso a la uni\u00adver\u00adsi\u00addad (des\u00adpu\u00e9s del<sup>12\u00ba<\/sup> o<sup> 13\u00ba<\/sup> cur\u00adso) <strong>para estu\u00addiar en una uni\u00adver\u00adsi\u00addad<\/strong>. Des\u00adpu\u00e9s de apro\u00adbar cada examen, pue\u00addes con\u00adti\u00adnuar tus estu\u00addios para obte\u00adner una titu\u00adla\u00adci\u00f3n de nivel supe\u00adrior. Aun\u00adque hayas aban\u00addo\u00adna\u00addo los estu\u00addios, pue\u00addes poner\u00adte al d\u00eda en tu cua\u00adli\u00adfi\u00adca\u00adci\u00f3n m\u00e1s ade\u00adlan\u00adte. Pue\u00addes hacer\u00adlo en una escue\u00adla de for\u00adma\u00adci\u00f3n pro\u00adfe\u00adsio\u00adnal, por ejem\u00adplo.     <br><br><strong>Los dis\u00adtin\u00adtos<\/strong> tipos de escue\u00adla<br>El Bil\u00addungs\u00adna\u00advi Baden W\u00fcrt\u00adtem\u00adberg mues\u00adtra las posi\u00adbi\u00adli\u00adda\u00addes y expli\u00adca los dis\u00adtin\u00adtos tipos de escue\u00adla: <a href=\"http:\/\/bildungsnavi-bw.de\" target=\"_blank\" rel=\"noreferrer noopener\">http:\/\/bildungsnavi-bw.de<\/a><\/p><\/div>\n<\/div><\/div><\/div>\n<\/details>\n\n<h2 class=\"wp-block-heading has-text-color\" id=\"my-child-doesn-t-speak-german-where-can-they-go-to-school\" style=\"color:#124e71\">Mi hijo no habla ale\u00adm\u00e1n. \u00bfD\u00f3n\u00adde pue\u00adden ir a la escuela?&nbsp;<\/h2>\n\n<p><strong><span style=\"color: #970773;\" class=\"stk-highlight\">Escue\u00adla pri\u00adma\u00adria<\/span><\/strong><br>A <strong>los ni\u00f1os que a\u00fan no hablan ale\u00adm\u00e1n<\/strong> se les colo\u00adca en una <em><strong>Vor\u00adbe\u00adrei\u00adtungs\u00adklas\u00adse<\/strong><\/em> (cla\u00adse pre\u00adpa\u00adra\u00adto\u00adria) para apren\u00adder el idio\u00adma. Su hijo asis\u00adti\u00adr\u00e1 a la escue\u00adla pri\u00adma\u00adria local. Depen\u00adde de d\u00f3n\u00adde vivas. <br><strong><a href=\"https:\/\/www.karlsruhe.de\/bildung-soziales\/liste-schulen\" rel=\"noopener\">Escue\u00adlas en Karlsruhe<\/a><\/strong><\/p>\n\n<h3 class=\"wp-block-heading\"><span style=\"color: #09928a;\" class=\"stk-highlight\">\u00bfC\u00f3mo ins\u00adcri\u00adbo a mi hijo en una escuela?<\/span><\/h3>\n\n<p><strong>Ins\u00adcri\u00adba a su hijo direc\u00adta\u00admen\u00adte en la escue\u00adla.<\/strong>  Con\u00adcier\u00adta una cita para la ins\u00adcrip\u00adci\u00f3n en la secre\u00adta\u00adr\u00eda de la escue\u00adla y lle\u00adva a tu hijo con\u00adti\u00adgo a la cita en persona.<\/p>\n\n<p><strong><span style=\"color: #820979;\" class=\"stk-highlight\">Escue\u00adla secun\u00adda\u00adria<\/span><\/strong><br>Si tu hijo tie\u00adne <strong>entre 11 y 15 a\u00f1os<\/strong> pero a\u00fan no habla ale\u00adm\u00e1n, pue\u00addes ins\u00adcri\u00adbir\u00adlo en una <strong><em>Vor\u00adbe\u00adrei\u00adtungs\u00adklas\u00adse<\/em> (cla\u00adse pre\u00adpa\u00adra\u00adto\u00adria, VKL <\/strong>) en un cen\u00adtro de ense\u00ad\u00f1an\u00adza secun\u00adda\u00adria. Para ello, p\u00f3n\u00adga\u00adse en con\u00adtac\u00adto con una de las escue\u00adlas que figu\u00adran a con\u00adti\u00adnua\u00adci\u00f3n. A con\u00adti\u00adnua\u00adci\u00f3n, su hijo ser\u00e1 ins\u00adcri\u00adto en un cole\u00adgio adecuado.<\/p>\n\n<div class=\"wp-block-ugb-columns ugb-columns ugb-37bbe50 ugb-columns--design-plain ugb-columns--columns-2 ugb-main-block\"><div class=\"ugb-inner-block\"><div class=\"ugb-block-content\"><div class=\"ugb-columns__item ugb-37bbe50-content-wrapper\">\n<div class=\"wp-block-ugb-column ugb-column ugb-2a29cd7 ugb-column--design-plain ugb-main-block\"><div class=\"ugb-inner-block\"><div class=\"ugb-block-content\"><div class=\"ugb-column__item ugb-2a29cd7-column-wrapper\"><div class=\"ugb-column__content-wrapper\">\n<p class=\"has-text-align-left\"><strong>Guten\u00adbergs\u00adchu\u00adle (GWRS)<\/strong><br>\ud83d\udccd Goethes\u00adtra\u00dfe 34<br>76135 Karls\u00adruhe<br>\ud83d\udce7 <a href=\"mailto:info@gutenbergschulekarlsruhe.de\">info@gutenbergschulekarlsruhe.de<\/a><br>\ud83d\udcde +49 (0)721 (0)133 \u20114674<\/p>\n<\/div><\/div><\/div><\/div><\/div>\n\n\n\n<div class=\"wp-block-ugb-column ugb-column ugb-83bfdc6 ugb-column--design-plain ugb-main-block\"><div class=\"ugb-inner-block\"><div class=\"ugb-block-content\"><div class=\"ugb-column__item ugb-83bfdc6-column-wrapper\"><div class=\"ugb-column__content-wrapper\">\n<p><strong>Pes\u00adta\u00adloz\u00adzis\u00adchu\u00adle (GWRS)<\/strong><br>\ud83d\udccd Chris\u00adtofs\u00adtra\u00dfe 23<br>76227 Karls\u00adruhe<br>\ud83d\udce7 <a href=\"mailto:poststelle@pestalozzischule-ka.schule.bwl.de\">poststelle@pestalozzischule-ka.schule.bwl.de<\/a><br>\ud83d\udcde +49 (0)721 (0)133 \u20114707<\/p>\n<\/div><\/div><\/div><\/div><\/div>\n<\/div><\/div><\/div><\/div>\n\n<p><strong>J\u00f3ve\u00adnes a par\u00adtir de 16 a\u00f1os<\/strong><br>Los j\u00f3ve\u00adnes a par\u00adtir de 16 a\u00f1os pue\u00adden ins\u00adcri\u00adbir\u00adse \u2011o ins\u00adcri\u00adbir\u00adse ellos mis\u00admos- en un <em><strong>Vor\u00adbe\u00adrei\u00adtungs\u00adklas\u00adse<\/strong><\/em> (cla\u00adse preparatoria,VABO) en un cen\u00adtro de for\u00adma\u00adci\u00f3n pro\u00adfe\u00adsio\u00adnal. Las cla\u00adses de VABO pre\u00adpa\u00adran a los j\u00f3ve\u00adnes para los ex\u00e1\u00adme\u00adnes de ale\u00adm\u00e1n de los nive\u00adles A2 a B1. Pue\u00addes ins\u00adcri\u00adbir\u00adte en una cla\u00adse VABO en l\u00ednea <a href=\"https:\/\/wes.karlsruhe.de\/anmeldung\/\" rel=\"noopener\"><strong>aqu\u00ed<\/strong><\/a> <\/p>\n\n<p>Des\u00adpu\u00e9s de las cla\u00adses de VABO, pue\u00addes pre\u00adpa\u00adrar\u00adte para obte\u00adner el cer\u00adti\u00adfi\u00adca\u00addo de fin de estu\u00addios en Ale\u00adma\u00adnia. Los ins\u00adti\u00adtu\u00adtos de for\u00adma\u00adci\u00f3n pro\u00adfe\u00adsio\u00adnal ofre\u00adcen cer\u00adti\u00adfi\u00adca\u00addos de fin de estu\u00addios en diver\u00adsas materias.&nbsp;<\/p>\n\n<div class=\"wp-block-ugb-spacer ugb-spacer ugb-6644542 ugb-spacer--v2 ugb-main-block\"><div class=\"ugb-inner-block\"><div class=\"ugb-block-content\"><div class=\"ugb-spacer--inner\"><\/div><\/div><\/div><\/div>\n\n<h2 class=\"wp-block-heading has-text-color\" id=\"my-child-already-speaks-german-where-can-they-go-to-school\" style=\"color:#124e71\">Mi hijo ya habla ale\u00adm\u00e1n. \u00bfD\u00f3n\u00adde pue\u00adden ir a la escuela?&nbsp;<\/h2>\n\n<p>Si tu hijo habla ale\u00adm\u00e1n y pue\u00adde asis\u00adtir a una escue\u00adla nor\u00admal, <strong>pue\u00addes poner\u00adte en con\u00adtac\u00adto direc\u00adta\u00admen\u00adte con una escue\u00adla<\/strong>. La direc\u00adci\u00f3n de la escue\u00adla te ase\u00adso\u00adra\u00adr\u00e1 al res\u00adpec\u00adto. Pue\u00addes encon\u00adtrar una lis\u00adta de escue\u00adlas p\u00fabli\u00adcas y pri\u00adva\u00addas en Karls\u00adruhe <strong><a href=\"https:\/\/www.karlsruhe.de\/bildung-soziales\/schulstadt-karlsruhe\" rel=\"noopener\">aqu\u00ed<\/a><\/strong> <\/p>\n\n<p><strong>\ud83d\udca1<\/strong> Karls\u00adruhe tam\u00adbi\u00e9n tie\u00adne <strong>escue\u00adlas con cla\u00adses bilin\u00adg\u00fces<\/strong> y una Escue\u00adla Euro\u00adpea con cla\u00adses regu\u00adla\u00adres en ale\u00adm\u00e1n, ingl\u00e9s o franc\u00e9s.<\/p>\n\n<h3 class=\"wp-block-heading has-text-color\" id=\"what-documents-should-i-take-with-me-when-i-register\" style=\"color:#124e71\">\u00bfQu\u00e9 docu\u00admen\u00adtos debo lle\u00advar cuan\u00addo me inscriba?<\/h3>\n\n<ul class=\"wp-block-list\">\n<li>El cer\u00adti\u00adfi\u00adca\u00addo de naci\u00admien\u00adto del&nbsp;ni\u00f1o<\/li>\n\n\n\n<li>El pasa\u00adpor\u00adte del&nbsp;ni\u00f1o<\/li>\n\n\n\n<li>Su pro\u00adpio pasaporte<\/li>\n\n\n\n<li>Infor\u00admes esco\u00adla\u00adres (si est\u00e1n dis\u00adpo\u00adni\u00adbles) para la ins\u00adcrip\u00adci\u00f3n en un cen\u00adtro de ense\u00ad\u00f1an\u00adza secundaria<\/li>\n<\/ul>\n","protected":false},"excerpt":{"rendered":"<p>Tu hijo pue\u00adde ir a la escue\u00adla, y debes ins\u00adcri\u00adbir\u00adlo en una escue\u00adla en los seis meses siguien\u00adtes a su resi\u00adden\u00adcia en Ale\u00adma\u00adnia. La asis\u00adten\u00adcia a la escue\u00adla es obli\u00adga\u00adto\u00adria.Visi\u00adta&nbsp;<a class=\"moretag\" href=\"https:\/\/www.anika-net.de\/es\/llegando-a\/ninos-y-familia\/inscribir-a-su-hijo-en-una-escuela\/\">leer m\u00e1s<\/a><\/p>\n","protected":false},"author":12,"featured_media":0,"parent":24298,"menu_order":11,"comment_status":"closed","ping_status":"closed","template":"","meta":{"_acf_changed":false,"inline_featured_image":false,"_uag_custom_page_level_css":"","wp_typography_post_enhancements_disabled":false,"footnotes":""},"class_list":["post-24352","page","type-page","status-publish","hentry"],"acf":[],"featured_image_urls_v2":{"full":"","thumbnail":"","medium":"","medium_large":"","large":"","1536x1536":"","2048x2048":"","event-overview":"","event-archive-thumb":"","grid-item-thumbnail":"","network-partner-icon":"","organiser-icon":"","gform-image-choice-sm":"","gform-image-choice-md":"","gform-image-choice-lg":""},"post_excerpt_stackable_v2":"<p>Tu hijo pue\u00adde ir a la escue\u00adla, y debes ins\u00adcri\u00adbir\u00adlo en una escue\u00adla en los seis meses siguien\u00adtes a su resi\u00adden\u00adcia en Ale\u00adma\u00adnia. La asis\u00adten\u00adcia a la escue\u00adla es obli\u00adga\u00adto\u00adria.Visi\u00adta el ayun\u00adta\u00admien\u00adto de tu loca\u00adli\u00addad para infor\u00admar\u00adte sobre las opcio\u00adnes esco\u00adla\u00adres de tu hijo. Hay cla\u00adses dis\u00adpo\u00adni\u00adbles para ayu\u00addar a tu hijo a apren\u00adder ale\u00adm\u00e1n. Pue\u00addes encon\u00adtrar m\u00e1s infor\u00adma\u00adci\u00f3n aqu\u00ed. Fechas de ins\u00adcrip\u00adci\u00f3n en las escue\u00adlas pri\u00adma\u00adrias Fecha l\u00edmi\u00adte: 30 de junio (tu hijo debe tener 6 a\u00f1os en esta fecha)Reci\u00adbi\u00adr\u00e1s una car\u00adta de la escue\u00adla. Si no la has reci\u00adbi\u00addo, ins\u00adcr\u00ed\u00adbe\u00adte en la escue\u00adla de tu zona.Ins\u00adcrip\u00adci\u00f3n: 15&nbsp;de\u2026<\/p>\n","category_list_v2":"","author_info_v2":{"name":"Andrea Ramirez","url":"https:\/\/www.anika-net.de\/es\/author\/andrea-ramirez\/"},"comments_num_v2":"0 comentarios","uagb_featured_image_src":{"full":false,"thumbnail":false,"medium":false,"medium_large":false,"large":false,"1536x1536":false,"2048x2048":false,"event-overview":false,"event-archive-thumb":false,"grid-item-thumbnail":false,"network-partner-icon":false,"organiser-icon":false,"gform-image-choice-sm":false,"gform-image-choice-md":false,"gform-image-choice-lg":false},"uagb_author_info":{"display_name":"Andrea Ramirez","author_link":"https:\/\/www.anika-net.de\/es\/author\/andrea-ramirez\/"},"uagb_comment_info":0,"uagb_excerpt":"Tu hijo pue\u00adde ir a la escue\u00adla, y debes ins\u00adcri\u00adbir\u00adlo en una escue\u00adla en los seis meses siguien\u00adtes a su resi\u00adden\u00adcia en Ale\u00adma\u00adnia. La asis\u00adten\u00adcia a la escue\u00adla es obli\u00adga\u00adto\u00adria.Visi\u00adta&nbsp;leer m\u00e1s","_links":{"self":[{"href":"https:\/\/www.anika-net.de\/es\/wp-json\/wp\/v2\/pages\/24352","targetHints":{"allow":["GET"]}}],"collection":[{"href":"https:\/\/www.anika-net.de\/es\/wp-json\/wp\/v2\/pages"}],"about":[{"href":"https:\/\/www.anika-net.de\/es\/wp-json\/wp\/v2\/types\/page"}],"author":[{"embeddable":true,"href":"https:\/\/www.anika-net.de\/es\/wp-json\/wp\/v2\/users\/12"}],"replies":[{"embeddable":true,"href":"https:\/\/www.anika-net.de\/es\/wp-json\/wp\/v2\/comments?post=24352"}],"version-history":[{"count":2,"href":"https:\/\/www.anika-net.de\/es\/wp-json\/wp\/v2\/pages\/24352\/revisions"}],"predecessor-version":[{"id":58241,"href":"https:\/\/www.anika-net.de\/es\/wp-json\/wp\/v2\/pages\/24352\/revisions\/58241"}],"up":[{"embeddable":true,"href":"https:\/\/www.anika-net.de\/es\/wp-json\/wp\/v2\/pages\/24298"}],"wp:attachment":[{"href":"https:\/\/www.anika-net.de\/es\/wp-json\/wp\/v2\/media?parent=24352"}],"curies":[{"name":"wp","href":"https:\/\/api.w.org\/{rel}","templated":true}]}}