{"id":24307,"date":"2022-08-09T12:38:11","date_gmt":"2022-08-09T10:38:11","guid":{"rendered":"https:\/\/www.anika-net.de\/llegando-a\/ninos-y-familia\/padres-con-ninos-de-hasta-seis-anos\/"},"modified":"2024-03-27T12:53:45","modified_gmt":"2024-03-27T11:53:45","slug":"padres-con-ninos-de-hasta-seis-anos","status":"publish","type":"page","link":"https:\/\/www.anika-net.de\/es\/llegando-a\/ninos-y-familia\/padres-con-ninos-de-hasta-seis-anos\/","title":{"rendered":"Caf\u00e9s para padres"},"content":{"rendered":"\n<p>Los <strong><a href=\"https:\/\/www.karlsruhe.de\/securedl\/sdl-eyJ0eXAiOiJKV1QiLCJhbGciOiJIUzI1NiJ9.eyJpYXQiOjE2NzkzOTcyNjIsImV4cCI6MzMyMTc2MjY0NTYsInVzZXIiOjAsImdyb3VwcyI6WzAsLTFdLCJmaWxlIjoiZmlsZWFkbWluL3VzZXJfdXBsb2FkLzAyX0JpbGR1bmdfU296aWFsZXMvT0VBX1NKQl9QREZfRGF0ZWllbi9CdVAvS2lCdWUvU3RhZHRfS2FybHNydWhlX0ZhbHRibGF0dF9TdGFydHB1bmt0X0VsdGVybmNhZmVzLnBkZiIsInBhZ2UiOjEwMDl9.oydYQ-_-RKo7nKf3qMMZN819l5lvkyF7mlOvUO5C6rk\/Stadt_Karlsruhe_Faltblatt_Startpunkt_Elterncafes.pdf\" rel=\"noopener\">Start\u00adpunkt-Eltern\u00adca\u00adf\u00e9s<\/a><\/strong> ofre\u00adcen un<strong> espa\u00adcio don\u00adde los padres o futu\u00adros padres se pue\u00adden jun\u00adtar y lle\u00advar a sus beb\u00e9s y ni\u00f1os peque\u00ad\u00f1os.<\/strong> Aqu\u00ed podr\u00e1 cono\u00adcer a otros padres y espe\u00adcia\u00adlis\u00adtas en edu\u00adca\u00adci\u00f3n e infor\u00admar\u00adse sobre acti\u00advi\u00adda\u00addes y ser\u00advi\u00adcios para beb\u00e9s y ni\u00f1os peque\u00f1os.<\/p>\n\n\n\n<p><strong><span style=\"color: #0a8472;\" class=\"stk-highlight\">Guar\u00adde\u00adr\u00eda para ni\u00f1os en edad pre\u00ades\u00adco\u00adlar<\/span><\/strong><br>En Ale\u00adma\u00adnia, la ley no obli\u00adga a los ni\u00f1os a acu\u00addir a <strong>una guar\u00adde\u00adr\u00eda o jar\u00add\u00edn infan\u00adtil (Kita).<\/strong> Sin embar\u00adgo, se reco\u00admien\u00adda enca\u00adre\u00adci\u00adda\u00admen\u00adte, ya que su hijo apren\u00adde\u00adr\u00e1 el idio\u00adma mucho m\u00e1s r\u00e1pi\u00addo. Encon\u00adtra\u00adr\u00e1 un resu\u00admen de las guar\u00adde\u00adr\u00edas para ni\u00f1os de 1 a 6 a\u00f1os en el por\u00adtal Karls\u00adruhe Kita: <a href=\"https:\/\/kitaportal.karlsruhe.de\/\" target=\"_blank\" rel=\"noreferrer noopener\">https:\/\/kitaportal.karlsruhe.de\/<\/a><\/p>\n\n\n\n<p>En la actua\u00adli\u00addad, debe pagar una <strong>con\u00adtri\u00adbu\u00adci\u00f3n<\/strong> si su hijo asis\u00adte a una Kita. Esta con\u00adtri\u00adbu\u00adci\u00f3n depen\u00adde de sus ingresos.<\/p>\n\n\n\n<p><strong>Si tie\u00adne algu\u00adna duda sobre la ins\u00adcrip\u00adci\u00f3n de su hijo en una Kita<\/strong>, dir\u00ed\u00adja\u00adse a la <em><strong>Ser\u00advi\u00adces\u00adte\u00adlle Kin\u00adder\u00adta\u00adges\u00adbe\u00adtreuung<\/strong> (<\/em>guar\u00adde\u00adr\u00eda) :<\/p>\n\n\n\n<p><strong><span style=\"color: #0a8472;\" class=\"stk-highlight\">Ser\u00advi\u00adcio de aten\u00adci\u00f3n a la infan\u00adcia<\/span><\/strong><br>Tel.: +49 (0)721 133 \u20115566<br>Hora\u00adrio de con\u00adsul\u00adta tele\u00adf\u00f3\u00adni\u00adca: Lunes 09:00 \u2014 12:00, mi\u00e9r\u00adco\u00adles 09:00 \u2014 12:00<br><a href=\"mailto:service@kita.karlsruhe.de\" data-type=\"URL\" target=\"_blank\" rel=\"noreferrer noopener\">service@kita.karlsruhe.de<\/a><\/p>\n\n\n\n<p>\u00bfNo gana lo sufi\u00adcien\u00adte para pagar la cuo\u00adta paren\u00adtal? Si es as\u00ed, pue\u00adde <strong><a href=\"https:\/\/www.karlsruhe.de\/bildung-soziales\/kinderbetreuung\/gebuehren-fuer-kindertagesbetreuung\" rel=\"noopener\">soli\u00adci\u00adtar una sub\u00adven\u00adci\u00f3n para su contribuci\u00f3n<\/a><\/strong><\/p>\n\n\n\n<h3 class=\"wp-block-heading\"><strong><span style=\"color: #0b9b93;\" class=\"stk-highlight\">Ase\u00adso\u00adra\u00admien\u00adto sobre guar\u00adde\u00adr\u00edas para ni\u00f1os peque\u00f1os<\/span><\/strong><\/h3>\n\n\n\n<p>El <strong>pro\u00adgra\u00adma Kita Entry (<a href=\"https:\/\/www.karlsruhe.de\/bildung-soziales\/kinderbetreuung\/kita-einstieg-1\" rel=\"noopener\">Kita-Eins\u00adtieg<\/a><\/strong>) ase\u00adso\u00adra e infor\u00adma a los padres sobre el cui\u00adda\u00addo de los ni\u00f1os y su ins\u00adcrip\u00adci\u00f3n en un&nbsp;Kita.<\/p>\n\n\n\n<p>Los gu\u00edas mul\u00adti\u00adlin\u00adg\u00fces <strong>(<a href=\"https:\/\/www.awo-karlsruhe.de\/leistungen\/familie-kind-und-jugend\/schulische-hilfen\/kitalotsinnen\/\" rel=\"noopener\">Kita-Lotsin\u00adnen<\/a><\/strong>) est\u00e1n a su dis\u00adpo\u00adsi\u00adci\u00f3n para ayu\u00addar\u00adle a ins\u00adcri\u00adbir a su(s) hijo(s) en un Kita y poner\u00adle en con\u00adtac\u00adto con otras acti\u00advi\u00adda\u00addes y servicios<\/p>\n","protected":false},"excerpt":{"rendered":"<p>Los Star\u00adt\u00ad\u00adpunkt-Elter\u00adn\u00ad\u00adca\u00ad\u00adf\u00e9s ofre\u00adcen un espa\u00adcio don\u00adde los padres o futu\u00adros padres se pue\u00adden jun\u00adtar y lle\u00advar a sus beb\u00e9s y ni\u00f1os peque\u00ad\u00f1os. Aqu\u00ed podr\u00e1 cono\u00adcer a otros padres y espe\u00adcia\u00adlis\u00adtas&nbsp;<a class=\"moretag\" href=\"https:\/\/www.anika-net.de\/es\/llegando-a\/ninos-y-familia\/padres-con-ninos-de-hasta-seis-anos\/\">leer m\u00e1s<\/a><\/p>\n","protected":false},"author":1,"featured_media":0,"parent":24298,"menu_order":0,"comment_status":"closed","ping_status":"closed","template":"","meta":{"_acf_changed":false,"inline_featured_image":false,"_uag_custom_page_level_css":"","wp_typography_post_enhancements_disabled":false,"footnotes":""},"class_list":["post-24307","page","type-page","status-publish","hentry"],"acf":[],"featured_image_urls_v2":{"full":"","thumbnail":"","medium":"","medium_large":"","large":"","1536x1536":"","2048x2048":"","event-overview":"","event-archive-thumb":"","grid-item-thumbnail":"","network-partner-icon":"","organiser-icon":"","gform-image-choice-sm":"","gform-image-choice-md":"","gform-image-choice-lg":""},"post_excerpt_stackable_v2":"<p>Los Star\u00adt\u00ad\u00adpunkt-Elter\u00adn\u00ad\u00adca\u00ad\u00adf\u00e9s ofre\u00adcen un espa\u00adcio don\u00adde los padres o futu\u00adros padres se pue\u00adden jun\u00adtar y lle\u00advar a sus beb\u00e9s y ni\u00f1os peque\u00ad\u00f1os. Aqu\u00ed podr\u00e1 cono\u00adcer a otros padres y espe\u00adcia\u00adlis\u00adtas en edu\u00adca\u00adci\u00f3n e infor\u00admar\u00adse sobre acti\u00advi\u00adda\u00addes y ser\u00advi\u00adcios para beb\u00e9s y ni\u00f1os peque\u00ad\u00f1os. Guar\u00adde\u00adr\u00eda para ni\u00f1os en edad pre\u00ades\u00adco\u00adlarEn Ale\u00adma\u00adnia, la ley no obli\u00adga a los ni\u00f1os a acu\u00addir a una guar\u00adde\u00adr\u00eda o jar\u00add\u00edn infan\u00adtil (Kita). Sin embar\u00adgo, se reco\u00admien\u00adda enca\u00adre\u00adci\u00adda\u00admen\u00adte, ya que su hijo apren\u00adde\u00adr\u00e1 el idio\u00adma mucho m\u00e1s r\u00e1pi\u00addo. Encon\u00adtra\u00adr\u00e1 un resu\u00admen de las guar\u00adde\u00adr\u00edas para ni\u00f1os de 1 a 6 a\u00f1os en el por\u00adtal Karls\u00adruhe Kita: https:\/\/kitaportal.karlsruhe.de\/\u2026<\/p>\n","category_list_v2":"","author_info_v2":{"name":"saasweb-admin","url":"https:\/\/www.anika-net.de\/es\/author\/saasweb-admin\/"},"comments_num_v2":"0 comentarios","uagb_featured_image_src":{"full":false,"thumbnail":false,"medium":false,"medium_large":false,"large":false,"1536x1536":false,"2048x2048":false,"event-overview":false,"event-archive-thumb":false,"grid-item-thumbnail":false,"network-partner-icon":false,"organiser-icon":false,"gform-image-choice-sm":false,"gform-image-choice-md":false,"gform-image-choice-lg":false},"uagb_author_info":{"display_name":"saasweb-admin","author_link":"https:\/\/www.anika-net.de\/es\/author\/saasweb-admin\/"},"uagb_comment_info":0,"uagb_excerpt":"Los Start\u00adpunkt-Eltern\u00adca\u00adf\u00e9s ofre\u00adcen un espa\u00adcio don\u00adde los padres o futu\u00adros padres se pue\u00adden jun\u00adtar y lle\u00advar a sus beb\u00e9s y ni\u00f1os peque\u00ad\u00f1os. Aqu\u00ed podr\u00e1 cono\u00adcer a otros padres y espe\u00adcia\u00adlis\u00adtas&nbsp;leer m\u00e1s","_links":{"self":[{"href":"https:\/\/www.anika-net.de\/es\/wp-json\/wp\/v2\/pages\/24307","targetHints":{"allow":["GET"]}}],"collection":[{"href":"https:\/\/www.anika-net.de\/es\/wp-json\/wp\/v2\/pages"}],"about":[{"href":"https:\/\/www.anika-net.de\/es\/wp-json\/wp\/v2\/types\/page"}],"author":[{"embeddable":true,"href":"https:\/\/www.anika-net.de\/es\/wp-json\/wp\/v2\/users\/1"}],"replies":[{"embeddable":true,"href":"https:\/\/www.anika-net.de\/es\/wp-json\/wp\/v2\/comments?post=24307"}],"version-history":[{"count":0,"href":"https:\/\/www.anika-net.de\/es\/wp-json\/wp\/v2\/pages\/24307\/revisions"}],"up":[{"embeddable":true,"href":"https:\/\/www.anika-net.de\/es\/wp-json\/wp\/v2\/pages\/24298"}],"wp:attachment":[{"href":"https:\/\/www.anika-net.de\/es\/wp-json\/wp\/v2\/media?parent=24307"}],"curies":[{"name":"wp","href":"https:\/\/api.w.org\/{rel}","templated":true}]}}