{"id":58752,"date":"2025-02-19T13:00:43","date_gmt":"2025-02-19T12:00:43","guid":{"rendered":"https:\/\/www.anika-net.de\/event\/tus-ideas-para-tu-ciudad-11a-conferencia-juvenil-de-karlsruhe\/"},"modified":"2025-02-19T13:00:43","modified_gmt":"2025-02-19T12:00:43","slug":"tus-ideas-para-tu-ciudad-11a-conferencia-juvenil-de-karlsruhe","status":"publish","type":"event","link":"https:\/\/www.anika-net.de\/es\/event\/tus-ideas-para-tu-ciudad-11a-conferencia-juvenil-de-karlsruhe\/","title":{"rendered":"Tus ideas para tu ciu\u00addad \u2014 11\u00aa Con\u00adfe\u00adren\u00adcia Juve\u00adnil de Karlsruhe"},"content":{"rendered":"<h4><span style=\"color: #666699;\">11\u00aa Con\u00adfe\u00adren\u00adcia Juve\u00adnil de Karlsruhe<\/span><\/h4>\n<h1><span style=\"color: #333399;\">Tus ideas para tu ciudad<\/span><\/h1>\n<blockquote>\n<p style=\"text-align: center;\"><em>\u201c\u00bfQu\u00e9 pasa con el cam\u00adpo de f\u00fat\u00adbol de tu dis\u00adtri\u00adto? \u00bfD\u00f3n\u00adde pue\u00addes reu\u00adnir\u00adte? \u00bfY qu\u00e9 te gus\u00adta\u00adr\u00eda cam\u00adbiar o mejo\u00adrar de Karlsruhe?\u201d<br>\n\u00c9stas son s\u00f3lo tres de las muchas pre\u00adgun\u00adtas que pue\u00adden abor\u00addar\u00adse en la Con\u00adfe\u00adren\u00adcia de la Juven\u00adtud de Karlsruhe.<\/em><\/p>\n<\/blockquote>\n<p>En la <strong>11\u00aa Con\u00adfe\u00adren\u00adcia de la Juven\u00adtud de Karls\u00adruhe<\/strong>, que ten\u00addr\u00e1 lugar el 22 de mar\u00adzo de 2025 en el Ayun\u00adta\u00admien\u00adto de Karls\u00adruhe, los j\u00f3ve\u00adnes podr\u00e1n par\u00adti\u00adci\u00adpar una vez m\u00e1s en la con\u00adfi\u00adgu\u00adra\u00adci\u00f3n de su ciu\u00addad y expe\u00adri\u00admen\u00adtar de pri\u00adme\u00adra mano los pro\u00adce\u00adsos democr\u00e1ticos.<\/p>\n<p>Se deba\u00adti\u00adr\u00e1 la via\u00adbi\u00adli\u00addad de las pro\u00adpues\u00adtas con repre\u00adsen\u00adtan\u00adtes de la pol\u00ed\u00adti\u00adca y la administraci\u00f3n.<br>\nTodos los j\u00f3ve\u00adnes mayo\u00adres de 14 a\u00f1os est\u00e1n invi\u00adta\u00addos a asis\u00adtir. Esta\u00adr\u00eda\u00admos encan\u00adta\u00addos de que muchos j\u00f3ve\u00adnes acu\u00addie\u00adran al Ayun\u00adta\u00admien\u00adto de Karls\u00adruhe y par\u00adti\u00adci\u00adpa\u00adran en el desa\u00adrro\u00adllo de la ciu\u00addad con sus pro\u00adpias ideas y sugerencias.&nbsp;<\/p>\n","protected":false},"author":12,"featured_media":58736,"template":"","class_list":["post-58752","event","type-event","status-publish","has-post-thumbnail","hentry","event_category-ocio"],"acf":{"event-recurring":false,"event-category":168,"event-is-language-course":false,"event-recurring-still-active":true,"event-display-details":true,"event-schedules-recurring":null,"event-schedules-calendar":[{"event-calendar-day":"20250322","event-calendar-time":"14:00","event-calendar-time-text":""}],"event-is-online":false,"event-online-url":"","event-location-building":"B\u00fcrgersaal (Rathaus Karlsruhe)","event-location-street":"Karl-Friedrich-Stra\u00dfe 10","event-location-zip":"76133","event-location-city":"Karlsruhe","event-location-contact-person":"Nicolai B\u00f6rckel","event-location-phone":"0721 133 5603","event-location-phone-2":"","event-location-mail":"n.boerckel@stja.de","event-location-mail-2":"","event-location-website":"https:\/\/karlsruherjugendkonferenz.de\/","event-target-group":[{"target-group":"teens"},{"target-group":"students"}],"event-target-group-comment":"","event-free":true,"event-organiser":[25014],"event-header-copyright-overlay":true,"event-copyright-note-description-end":false},"featured_image_urls_v2":{"full":["https:\/\/www.anika-net.de\/wp-content\/uploads\/2025\/02\/Jugendkonferenz.png",1414,2000,false],"thumbnail":["https:\/\/www.anika-net.de\/wp-content\/uploads\/2025\/02\/Jugendkonferenz-150x150.png",150,150,true],"medium":["https:\/\/www.anika-net.de\/wp-content\/uploads\/2025\/02\/Jugendkonferenz-212x300.png",212,300,true],"medium_large":["https:\/\/www.anika-net.de\/wp-content\/uploads\/2025\/02\/Jugendkonferenz-768x1086.png",640,905,true],"large":["https:\/\/www.anika-net.de\/wp-content\/uploads\/2025\/02\/Jugendkonferenz-724x1024.png",640,905,true],"1536x1536":["https:\/\/www.anika-net.de\/wp-content\/uploads\/2025\/02\/Jugendkonferenz-1086x1536.png",1086,1536,true],"2048x2048":["https:\/\/www.anika-net.de\/wp-content\/uploads\/2025\/02\/Jugendkonferenz.png",1414,2000,false],"event-overview":["https:\/\/www.anika-net.de\/wp-content\/uploads\/2025\/02\/Jugendkonferenz-960x640.png",960,640,true],"event-archive-thumb":["https:\/\/www.anika-net.de\/wp-content\/uploads\/2025\/02\/Jugendkonferenz-480x679.png",480,679,true],"grid-item-thumbnail":["https:\/\/www.anika-net.de\/wp-content\/uploads\/2025\/02\/Jugendkonferenz-360x200.png",360,200,true],"network-partner-icon":["https:\/\/www.anika-net.de\/wp-content\/uploads\/2025\/02\/Jugendkonferenz-100x100.png",100,100,true],"organiser-icon":["https:\/\/www.anika-net.de\/wp-content\/uploads\/2025\/02\/Jugendkonferenz-200x200.png",200,200,true],"gform-image-choice-sm":["https:\/\/www.anika-net.de\/wp-content\/uploads\/2025\/02\/Jugendkonferenz.png",212,300,false],"gform-image-choice-md":["https:\/\/www.anika-net.de\/wp-content\/uploads\/2025\/02\/Jugendkonferenz.png",283,400,false],"gform-image-choice-lg":["https:\/\/www.anika-net.de\/wp-content\/uploads\/2025\/02\/Jugendkonferenz.png",424,600,false]},"post_excerpt_stackable_v2":"<p>11\u00aa Con\u00adfe\u00adren\u00adcia Juve\u00adnil de Karls\u00adruhe Tus ideas para tu ciu\u00addad \u201c\u00bfQu\u00e9 pasa con el cam\u00adpo de f\u00fat\u00adbol de tu dis\u00adtri\u00adto? \u00bfD\u00f3n\u00adde pue\u00addes reu\u00adnir\u00adte? \u00bfY qu\u00e9 te gus\u00adta\u00adr\u00eda cam\u00adbiar o mejo\u00adrar de Karls\u00adruhe?\u201d \u00c9stas son s\u00f3lo tres de las muchas pre\u00adgun\u00adtas que pue\u00adden abor\u00addar\u00adse en la Con\u00adfe\u00adren\u00adcia de la Juven\u00adtud de Karls\u00adruhe. En la 11\u00aa Con\u00adfe\u00adren\u00adcia de la Juven\u00adtud de Karls\u00adruhe, que ten\u00addr\u00e1 lugar el 22 de mar\u00adzo de 2025 en el Ayun\u00adta\u00admien\u00adto de Karls\u00adruhe, los j\u00f3ve\u00adnes podr\u00e1n par\u00adti\u00adci\u00adpar una vez m\u00e1s en la con\u00adfi\u00adgu\u00adra\u00adci\u00f3n de su ciu\u00addad y expe\u00adri\u00admen\u00adtar de pri\u00adme\u00adra mano los pro\u00adce\u00adsos demo\u00adcr\u00e1\u00adti\u00adcos. Se deba\u00adti\u00adr\u00e1 la via\u00adbi\u00adli\u00addad&nbsp;de\u2026<\/p>\n","category_list_v2":"","author_info_v2":{"name":"Andrea Ramirez","url":"https:\/\/www.anika-net.de\/es\/author\/andrea-ramirez\/"},"comments_num_v2":"0 comentarios","uagb_featured_image_src":{"full":["https:\/\/www.anika-net.de\/wp-content\/uploads\/2025\/02\/Jugendkonferenz.png",1414,2000,false],"thumbnail":["https:\/\/www.anika-net.de\/wp-content\/uploads\/2025\/02\/Jugendkonferenz-150x150.png",150,150,true],"medium":["https:\/\/www.anika-net.de\/wp-content\/uploads\/2025\/02\/Jugendkonferenz-212x300.png",212,300,true],"medium_large":["https:\/\/www.anika-net.de\/wp-content\/uploads\/2025\/02\/Jugendkonferenz-768x1086.png",640,905,true],"large":["https:\/\/www.anika-net.de\/wp-content\/uploads\/2025\/02\/Jugendkonferenz-724x1024.png",640,905,true],"1536x1536":["https:\/\/www.anika-net.de\/wp-content\/uploads\/2025\/02\/Jugendkonferenz-1086x1536.png",1086,1536,true],"2048x2048":["https:\/\/www.anika-net.de\/wp-content\/uploads\/2025\/02\/Jugendkonferenz.png",1414,2000,false],"event-overview":["https:\/\/www.anika-net.de\/wp-content\/uploads\/2025\/02\/Jugendkonferenz-960x640.png",960,640,true],"event-archive-thumb":["https:\/\/www.anika-net.de\/wp-content\/uploads\/2025\/02\/Jugendkonferenz-480x679.png",480,679,true],"grid-item-thumbnail":["https:\/\/www.anika-net.de\/wp-content\/uploads\/2025\/02\/Jugendkonferenz-360x200.png",360,200,true],"network-partner-icon":["https:\/\/www.anika-net.de\/wp-content\/uploads\/2025\/02\/Jugendkonferenz-100x100.png",100,100,true],"organiser-icon":["https:\/\/www.anika-net.de\/wp-content\/uploads\/2025\/02\/Jugendkonferenz-200x200.png",200,200,true],"gform-image-choice-sm":["https:\/\/www.anika-net.de\/wp-content\/uploads\/2025\/02\/Jugendkonferenz.png",212,300,false],"gform-image-choice-md":["https:\/\/www.anika-net.de\/wp-content\/uploads\/2025\/02\/Jugendkonferenz.png",283,400,false],"gform-image-choice-lg":["https:\/\/www.anika-net.de\/wp-content\/uploads\/2025\/02\/Jugendkonferenz.png",424,600,false]},"uagb_author_info":{"display_name":"Andrea Ramirez","author_link":"https:\/\/www.anika-net.de\/es\/author\/andrea-ramirez\/"},"uagb_comment_info":0,"uagb_excerpt":"11\u00aa Con\u00adfe\u00adren\u00adcia Juve\u00adnil de Karlsruhe Tus ideas para tu ciudad \u201c\u00bfQu\u00e9 pasa con el cam\u00adpo de f\u00fat\u00adbol de tu dis\u00adtri\u00adto? \u00bfD\u00f3n\u00adde pue\u00addes reu\u00adnir\u00adte? \u00bfY qu\u00e9 te gus\u00adta\u00adr\u00eda cam\u00adbiar o mejo\u00adrar&nbsp;leer m\u00e1s","_links":{"self":[{"href":"https:\/\/www.anika-net.de\/es\/wp-json\/wp\/v2\/event\/58752","targetHints":{"allow":["GET"]}}],"collection":[{"href":"https:\/\/www.anika-net.de\/es\/wp-json\/wp\/v2\/event"}],"about":[{"href":"https:\/\/www.anika-net.de\/es\/wp-json\/wp\/v2\/types\/event"}],"author":[{"embeddable":true,"href":"https:\/\/www.anika-net.de\/es\/wp-json\/wp\/v2\/users\/12"}],"version-history":[{"count":0,"href":"https:\/\/www.anika-net.de\/es\/wp-json\/wp\/v2\/event\/58752\/revisions"}],"acf:post":[{"embeddable":true,"href":"https:\/\/www.anika-net.de\/es\/wp-json\/wp\/v2\/organiser\/25014"}],"acf:term":[{"embeddable":true,"taxonomy":"event_category","href":"https:\/\/www.anika-net.de\/es\/wp-json\/wp\/v2\/event_category\/168"}],"wp:featuredmedia":[{"embeddable":true,"href":"https:\/\/www.anika-net.de\/es\/wp-json\/wp\/v2\/media\/58736"}],"wp:attachment":[{"href":"https:\/\/www.anika-net.de\/es\/wp-json\/wp\/v2\/media?parent=58752"}],"curies":[{"name":"wp","href":"https:\/\/api.w.org\/{rel}","templated":true}]}}