{"id":53557,"date":"2024-09-16T12:54:19","date_gmt":"2024-09-16T10:54:19","guid":{"rendered":"https:\/\/www.anika-net.de\/event\/participacion-politica-en-una-sociedad-de-inmigracion\/"},"modified":"2024-09-16T12:54:19","modified_gmt":"2024-09-16T10:54:19","slug":"participacion-politica-en-una-sociedad-de-inmigracion","status":"publish","type":"event","link":"https:\/\/www.anika-net.de\/es\/event\/participacion-politica-en-una-sociedad-de-inmigracion\/","title":{"rendered":"Par\u00adti\u00adci\u00adpa\u00adci\u00f3n pol\u00ed\u00adti\u00adca en una socie\u00addad de inmigraci\u00f3n"},"content":{"rendered":"<h4><span style=\"color: #666699;\">Acto inau\u00adgu\u00adral en el mar\u00adco de la elec\u00adci\u00f3n del Comi\u00adt\u00e9 de Integraci\u00f3n<\/span><\/h4>\n<h2><span style=\"color: #993366;\">Par\u00adti\u00adci\u00adpa\u00adci\u00f3n pol\u00ed\u00adti\u00adca en una socie\u00addad de inmi\u00adgra\u00adci\u00f3n \u2014 \u00bfInte\u00adgra\u00adci\u00f3n a tra\u00adv\u00e9s de la par\u00adti\u00adci\u00adpa\u00adci\u00f3n pol\u00edtica?\u201d<\/span><\/h2>\n<p>  \u00bfC\u00f3mo pue\u00adde orga\u00adni\u00adzar\u00adse la par\u00adti\u00adci\u00adpa\u00adci\u00f3n pol\u00ed\u00adti\u00adca de las per\u00adso\u00adnas con expe\u00adrien\u00adcia migra\u00adto\u00adria en un pa\u00eds de inmi\u00adgra\u00adci\u00f3n moderno?<br>\n\u00bfQu\u00e9 barre\u00adras hay que eli\u00admi\u00adnar para que esto sea posible?<br>\nEstas pre\u00adgun\u00adtas son de gran actua\u00adli\u00addad en Karls\u00adruhe con moti\u00advo de la elec\u00adci\u00f3n de exper\u00adtos resi\u00adden\u00adtes para el Comi\u00adt\u00e9 de Inte\u00adgra\u00adci\u00f3n de la ciu\u00addad de Karls\u00adruhe el 10 de diciembre.<br>\nTras un dis\u00adcur\u00adso de bien\u00adve\u00adni\u00adda del alcal\u00adde Dr. Mar\u00adtin Lenz, Meri Uhlig, jefa de la Ofi\u00adci\u00adna de Inte\u00adgra\u00adci\u00f3n y Comi\u00adsa\u00adria de Inte\u00adgra\u00adci\u00f3n de la ciu\u00addad de Karls\u00adruhe, deba\u00adti\u00adr\u00e1 sobre ello con exper\u00adtos de renom\u00adbre: \u2014 Prof. Dr. Bir\u00adgit Locher-Fin\u00adke, Jefa del Depar\u00adta\u00admen\u00adto de Inte\u00adgra\u00adci\u00f3n del Minis\u00adte\u00adrio de Asun\u00adtos Socia\u00adles, Sani\u00addad e Inte\u00adgra\u00adci\u00f3n de Baden-Wur\u00adtem\u00adberg \u2014 Sra. Nas\u00adrin Farkha\u00adri, ase\u00adso\u00adra de la Ofi\u00adci\u00adna Anti\u00addis\u00adcri\u00admi\u00adna\u00adci\u00f3n de Karls\u00adruhe \u2014 Prof. Dr. Andreas W\u00fcst, Cate\u00addr\u00e1\u00adti\u00adco de Cien\u00adcias Pol\u00ed\u00adti\u00adcas de la Uni\u00adver\u00adsi\u00addad de Cien\u00adcias Apli\u00adca\u00addas de M\u00fanich \u2014 El alcal\u00adde Dr. Mar\u00adtin Lenz pro\u00adnun\u00adcia\u00adr\u00e1 el dis\u00adcur\u00adso de bienvenida.<br>\nLos ciu\u00adda\u00adda\u00adnos intere\u00adsa\u00addos est\u00e1n cor\u00addial\u00admen\u00adte invi\u00adta\u00addos. <strong>\ud83d\udccc Por favor, ins\u00adcr\u00ed\u00adbe\u00adte antes del 25 de sep\u00adtiem\u00adbre de 2024<\/strong> a tra\u00adv\u00e9s del correo elec\u00adtr\u00f3\u00adni\u00adco: ak-integrationsausschuss@sjb.karlsruhe.de    <\/p>\n","protected":false},"author":12,"featured_media":53542,"template":"","class_list":["post-53557","event","type-event","status-publish","has-post-thumbnail","hentry","event_category-ocio"],"acf":{"event-recurring":false,"event-category":168,"event-is-language-course":false,"event-recurring-still-active":true,"event-display-details":true,"event-schedules-recurring":null,"event-schedules-calendar":[{"event-calendar-day":"20240930","event-calendar-time":"19:00 - 21:30","event-calendar-time-text":""}],"event-is-online":false,"event-online-url":"","event-location-building":"St\u00e4ndehaussaal","event-location-street":"St\u00e4ndehausstra\u00dfe 2","event-location-zip":"76133","event-location-city":"Karlsruhe","event-location-contact-person":"","event-location-phone":"0721\/ 133-5761","event-location-phone-2":"","event-location-mail":"ak-integrationsausschuss@sjb.karlsruhe.de","event-location-mail-2":"","event-location-website":"https:\/\/kalender.karlsruhe.de\/db\/termine\/literatur\/politische_partizipation_in_einer_einwanderungsgesellsc","event-target-group":[{"target-group":"all"}],"event-target-group-comment":"","event-free":true,"event-organiser":[25046],"event-header-copyright-overlay":true,"event-copyright-note-description-end":false},"featured_image_urls_v2":{"full":["https:\/\/www.anika-net.de\/wp-content\/uploads\/2024\/09\/Gemainsam-Vielfalt-gestalten.png",794,591,false],"thumbnail":["https:\/\/www.anika-net.de\/wp-content\/uploads\/2024\/09\/Gemainsam-Vielfalt-gestalten-150x150.png",150,150,true],"medium":["https:\/\/www.anika-net.de\/wp-content\/uploads\/2024\/09\/Gemainsam-Vielfalt-gestalten-300x223.png",300,223,true],"medium_large":["https:\/\/www.anika-net.de\/wp-content\/uploads\/2024\/09\/Gemainsam-Vielfalt-gestalten-768x572.png",640,477,true],"large":["https:\/\/www.anika-net.de\/wp-content\/uploads\/2024\/09\/Gemainsam-Vielfalt-gestalten.png",640,476,false],"1536x1536":["https:\/\/www.anika-net.de\/wp-content\/uploads\/2024\/09\/Gemainsam-Vielfalt-gestalten.png",794,591,false],"2048x2048":["https:\/\/www.anika-net.de\/wp-content\/uploads\/2024\/09\/Gemainsam-Vielfalt-gestalten.png",794,591,false],"event-overview":["https:\/\/www.anika-net.de\/wp-content\/uploads\/2024\/09\/Gemainsam-Vielfalt-gestalten.png",794,591,false],"event-archive-thumb":["https:\/\/www.anika-net.de\/wp-content\/uploads\/2024\/09\/Gemainsam-Vielfalt-gestalten-480x357.png",480,357,true],"grid-item-thumbnail":["https:\/\/www.anika-net.de\/wp-content\/uploads\/2024\/09\/Gemainsam-Vielfalt-gestalten-360x200.png",360,200,true],"network-partner-icon":["https:\/\/www.anika-net.de\/wp-content\/uploads\/2024\/09\/Gemainsam-Vielfalt-gestalten-100x100.png",100,100,true],"organiser-icon":["https:\/\/www.anika-net.de\/wp-content\/uploads\/2024\/09\/Gemainsam-Vielfalt-gestalten-200x200.png",200,200,true],"gform-image-choice-sm":["https:\/\/www.anika-net.de\/wp-content\/uploads\/2024\/09\/Gemainsam-Vielfalt-gestalten.png",300,223,false],"gform-image-choice-md":["https:\/\/www.anika-net.de\/wp-content\/uploads\/2024\/09\/Gemainsam-Vielfalt-gestalten.png",400,298,false],"gform-image-choice-lg":["https:\/\/www.anika-net.de\/wp-content\/uploads\/2024\/09\/Gemainsam-Vielfalt-gestalten.png",600,447,false]},"post_excerpt_stackable_v2":"<p>Acto inau\u00adgu\u00adral en el mar\u00adco de la elec\u00adci\u00f3n del Comi\u00adt\u00e9 de Inte\u00adgra\u00adci\u00f3n Par\u00adti\u00adci\u00adpa\u00adci\u00f3n pol\u00ed\u00adti\u00adca en una socie\u00addad de inmi\u00adgra\u00adci\u00f3n \u2014 \u00bfInte\u00adgra\u00adci\u00f3n a tra\u00adv\u00e9s de la par\u00adti\u00adci\u00adpa\u00adci\u00f3n pol\u00ed\u00adti\u00adca?\u201d \u00bfC\u00f3mo pue\u00adde orga\u00adni\u00adzar\u00adse la par\u00adti\u00adci\u00adpa\u00adci\u00f3n pol\u00ed\u00adti\u00adca de las per\u00adso\u00adnas con expe\u00adrien\u00adcia migra\u00adto\u00adria en un pa\u00eds de inmi\u00adgra\u00adci\u00f3n moderno? \u00bfQu\u00e9 barre\u00adras hay que eli\u00admi\u00adnar para que esto sea posi\u00adble? Estas pre\u00adgun\u00adtas son de gran actua\u00adli\u00addad en Karls\u00adruhe con moti\u00advo de la elec\u00adci\u00f3n de exper\u00adtos resi\u00adden\u00adtes para el Comi\u00adt\u00e9 de Inte\u00adgra\u00adci\u00f3n de la ciu\u00addad de Karls\u00adruhe el 10 de diciem\u00adbre. Tras un dis\u00adcur\u00adso de bien\u00adve\u00adni\u00adda del alcal\u00adde Dr. Mar\u00adtin Lenz, Meri Uhlig, jefa de&nbsp;la\u2026<\/p>\n","category_list_v2":"","author_info_v2":{"name":"Andrea Ramirez","url":"https:\/\/www.anika-net.de\/es\/author\/andrea-ramirez\/"},"comments_num_v2":"0 comentarios","uagb_featured_image_src":{"full":["https:\/\/www.anika-net.de\/wp-content\/uploads\/2024\/09\/Gemainsam-Vielfalt-gestalten.png",794,591,false],"thumbnail":["https:\/\/www.anika-net.de\/wp-content\/uploads\/2024\/09\/Gemainsam-Vielfalt-gestalten-150x150.png",150,150,true],"medium":["https:\/\/www.anika-net.de\/wp-content\/uploads\/2024\/09\/Gemainsam-Vielfalt-gestalten-300x223.png",300,223,true],"medium_large":["https:\/\/www.anika-net.de\/wp-content\/uploads\/2024\/09\/Gemainsam-Vielfalt-gestalten-768x572.png",640,477,true],"large":["https:\/\/www.anika-net.de\/wp-content\/uploads\/2024\/09\/Gemainsam-Vielfalt-gestalten.png",640,476,false],"1536x1536":["https:\/\/www.anika-net.de\/wp-content\/uploads\/2024\/09\/Gemainsam-Vielfalt-gestalten.png",794,591,false],"2048x2048":["https:\/\/www.anika-net.de\/wp-content\/uploads\/2024\/09\/Gemainsam-Vielfalt-gestalten.png",794,591,false],"event-overview":["https:\/\/www.anika-net.de\/wp-content\/uploads\/2024\/09\/Gemainsam-Vielfalt-gestalten.png",794,591,false],"event-archive-thumb":["https:\/\/www.anika-net.de\/wp-content\/uploads\/2024\/09\/Gemainsam-Vielfalt-gestalten-480x357.png",480,357,true],"grid-item-thumbnail":["https:\/\/www.anika-net.de\/wp-content\/uploads\/2024\/09\/Gemainsam-Vielfalt-gestalten-360x200.png",360,200,true],"network-partner-icon":["https:\/\/www.anika-net.de\/wp-content\/uploads\/2024\/09\/Gemainsam-Vielfalt-gestalten-100x100.png",100,100,true],"organiser-icon":["https:\/\/www.anika-net.de\/wp-content\/uploads\/2024\/09\/Gemainsam-Vielfalt-gestalten-200x200.png",200,200,true],"gform-image-choice-sm":["https:\/\/www.anika-net.de\/wp-content\/uploads\/2024\/09\/Gemainsam-Vielfalt-gestalten.png",300,223,false],"gform-image-choice-md":["https:\/\/www.anika-net.de\/wp-content\/uploads\/2024\/09\/Gemainsam-Vielfalt-gestalten.png",400,298,false],"gform-image-choice-lg":["https:\/\/www.anika-net.de\/wp-content\/uploads\/2024\/09\/Gemainsam-Vielfalt-gestalten.png",600,447,false]},"uagb_author_info":{"display_name":"Andrea Ramirez","author_link":"https:\/\/www.anika-net.de\/es\/author\/andrea-ramirez\/"},"uagb_comment_info":0,"uagb_excerpt":"Acto inau\u00adgu\u00adral en el mar\u00adco de la elec\u00adci\u00f3n del Comi\u00adt\u00e9 de Integraci\u00f3n Par\u00adti\u00adci\u00adpa\u00adci\u00f3n pol\u00ed\u00adti\u00adca en una socie\u00addad de inmi\u00adgra\u00adci\u00f3n \u2014 \u00bfInte\u00adgra\u00adci\u00f3n a tra\u00adv\u00e9s de la par\u00adti\u00adci\u00adpa\u00adci\u00f3n pol\u00edtica?\u201d \u00bfC\u00f3mo pue\u00adde orga\u00adni\u00adzar\u00adse&nbsp;leer m\u00e1s","_links":{"self":[{"href":"https:\/\/www.anika-net.de\/es\/wp-json\/wp\/v2\/event\/53557","targetHints":{"allow":["GET"]}}],"collection":[{"href":"https:\/\/www.anika-net.de\/es\/wp-json\/wp\/v2\/event"}],"about":[{"href":"https:\/\/www.anika-net.de\/es\/wp-json\/wp\/v2\/types\/event"}],"author":[{"embeddable":true,"href":"https:\/\/www.anika-net.de\/es\/wp-json\/wp\/v2\/users\/12"}],"version-history":[{"count":0,"href":"https:\/\/www.anika-net.de\/es\/wp-json\/wp\/v2\/event\/53557\/revisions"}],"acf:post":[{"embeddable":true,"href":"https:\/\/www.anika-net.de\/es\/wp-json\/wp\/v2\/organiser\/25046"}],"acf:term":[{"embeddable":true,"taxonomy":"event_category","href":"https:\/\/www.anika-net.de\/es\/wp-json\/wp\/v2\/event_category\/168"}],"wp:featuredmedia":[{"embeddable":true,"href":"https:\/\/www.anika-net.de\/es\/wp-json\/wp\/v2\/media\/53542"}],"wp:attachment":[{"href":"https:\/\/www.anika-net.de\/es\/wp-json\/wp\/v2\/media?parent=53557"}],"curies":[{"name":"wp","href":"https:\/\/api.w.org\/{rel}","templated":true}]}}