{"id":40108,"date":"2023-06-13T12:19:22","date_gmt":"2023-06-13T10:19:22","guid":{"rendered":"https:\/\/www.anika-net.de\/event\/picnic-latino-para-mujeres\/"},"modified":"2023-06-13T12:21:51","modified_gmt":"2023-06-13T10:21:51","slug":"picnic-latino-para-mujeres","status":"publish","type":"event","link":"https:\/\/www.anika-net.de\/es\/event\/picnic-latino-para-mujeres\/","title":{"rendered":"Pic\u00adnic latino para mujeres"},"content":{"rendered":"<h3>Pic\u00adnic latino \u2014 Tri\u00adbu Lati\u00adna de Karlsruhe<\/h3>\n<p>El verano ya est\u00e1 aqu\u00ed y con \u00e9l, \u00a1el momen\u00adto per\u00adfec\u00adto para dis\u00adfru\u00adtar del buen tiem\u00adpo y los d\u00edas solea\u00addos! \u2600\ufe0f <strong>\u00bfQu\u00e9 mejor mane\u00adra de apro\u00adve\u00adchar esta esta\u00adci\u00f3n que reu\u00adnir\u00adse para dis\u00adfru\u00adtar de un deli\u00adcio\u00adso pic\u00adnic?<\/strong> \ud83e\uddfa\ud83c\udf1f Por eso este <strong>s\u00e1ba\u00addo 17.06<\/strong> orga\u00adni\u00adza\u00admos un <strong>pic\u00adnic exclu\u00adsi\u00advo para muje\u00adres lati\u00adnas<\/strong>. Que\u00adre\u00admos invi\u00adtar\u00adte a que te unas a noso\u00adtros y pases un d\u00eda mara\u00advi\u00adllo\u00adso lleno de risas, bue\u00adna comi\u00adda y momen\u00adtos especiales.<\/p>\n<p>Para hacer de este pic\u00adnic una expe\u00adrien\u00adcia a\u00fan m\u00e1s enri\u00adque\u00adce\u00addo\u00adra, te ani\u00adma\u00admos a que trai\u00adgas tu pro\u00adpia comi\u00adda y bebi\u00adda, y si te ape\u00adte\u00adce com\u00adpar\u00adtir algo deli\u00adcio\u00adso con todos, \u00a1no dudes en hacer\u00adlo! Ser\u00e1 estu\u00adpen\u00addo pro\u00adbar pla\u00adtos dife\u00adren\u00adtes y dis\u00adfru\u00adtar de la varie\u00addad de sabo\u00adres que todos pode\u00admos ofrecer.<\/p>\n<p>Tam\u00adbi\u00e9n hemos crea\u00addo un gru\u00adpo exclu\u00adsi\u00advo de WhatsApp para orga\u00adni\u00adzar este pic\u00adnic. En nues\u00adtras his\u00adto\u00adrias des\u00adta\u00adca\u00addas encon\u00adtra\u00adr\u00e1s el enla\u00adce para unir\u00adte. Ser\u00e1 el espa\u00adcio per\u00adfec\u00adto para man\u00adte\u00adner\u00adse en con\u00adtac\u00adto, com\u00adpar\u00adtir ideas y coor\u00addi\u00adnar los deta\u00adlles del evento.<\/p>\n<p>Que\u00adre\u00admos que sea un momen\u00adto espe\u00adcial para todos noso\u00adtros, en el que poda\u00admos refor\u00adzar los lazos de amis\u00adtad y apo\u00adyar\u00adnos mutua\u00admen\u00adte. No te lo pue\u00addes perder.<\/p>\n<p>Si cono\u00adces a otras muje\u00adres lati\u00adnas que pue\u00addan estar intere\u00adsa\u00addas en unir\u00adse, no dudes en com\u00adpar\u00adtir esta invi\u00adta\u00adci\u00f3n y el enla\u00adce al gru\u00adpo de WhatsApp. Cuan\u00adtos m\u00e1s sea\u00admos, m\u00e1s enri\u00adque\u00adce\u00addo\u00adra ser\u00e1 nues\u00adtra experiencia.<\/p>\n<p>\u00a1Pre\u00adp\u00e1\u00adra\u00adte para pasar un d\u00eda incre\u00ed\u00adble en nues\u00adtro pic\u00adnic de muje\u00adres lati\u00adnas en Karls\u00adruhe! \u00a1Le espe\u00adra\u00admos con los bra\u00adzos abiertos!<\/p>\n","protected":false},"author":12,"featured_media":40103,"template":"","class_list":["post-40108","event","type-event","status-publish","has-post-thumbnail","hentry","event_category-ocio"],"acf":{"event-recurring":false,"event-category":168,"event-is-language-course":false,"event-recurring-still-active":true,"event-display-details":true,"event-schedules-recurring":null,"event-schedules-calendar":[{"event-calendar-day":"20230617","event-calendar-time":"18:30 ","event-calendar-time-text":""}],"event-is-online":false,"event-online-url":"","event-location-building":"G\u00fcnther-Klotz-Anlage","event-location-street":"","event-location-zip":"","event-location-city":"Karlsruhe","event-location-contact-person":"","event-location-phone":"","event-location-phone-2":"","event-location-mail":"","event-location-mail-2":"","event-location-website":"https:\/\/www.instagram.com\/p\/CtWpYLUL-gW\/","event-target-group":[{"target-group":""}],"event-target-group-comment":"Mujeres latinas","event-free":true,"event-organiser":40089,"event-header-copyright-overlay":true,"event-copyright-note-description-end":false},"featured_image_urls_v2":{"full":["https:\/\/www.anika-net.de\/wp-content\/uploads\/2023\/06\/picnic-latino.jpg",822,427,false],"thumbnail":["https:\/\/www.anika-net.de\/wp-content\/uploads\/2023\/06\/picnic-latino-150x150.jpg",150,150,true],"medium":["https:\/\/www.anika-net.de\/wp-content\/uploads\/2023\/06\/picnic-latino-300x156.jpg",300,156,true],"medium_large":["https:\/\/www.anika-net.de\/wp-content\/uploads\/2023\/06\/picnic-latino-768x399.jpg",640,333,true],"large":["https:\/\/www.anika-net.de\/wp-content\/uploads\/2023\/06\/picnic-latino.jpg",640,332,false],"1536x1536":["https:\/\/www.anika-net.de\/wp-content\/uploads\/2023\/06\/picnic-latino.jpg",822,427,false],"2048x2048":["https:\/\/www.anika-net.de\/wp-content\/uploads\/2023\/06\/picnic-latino.jpg",822,427,false],"event-overview":["https:\/\/www.anika-net.de\/wp-content\/uploads\/2023\/06\/picnic-latino.jpg",822,427,false],"event-archive-thumb":["https:\/\/www.anika-net.de\/wp-content\/uploads\/2023\/06\/picnic-latino-480x249.jpg",480,249,true],"grid-item-thumbnail":["https:\/\/www.anika-net.de\/wp-content\/uploads\/2023\/06\/picnic-latino-360x200.jpg",360,200,true],"network-partner-icon":["https:\/\/www.anika-net.de\/wp-content\/uploads\/2023\/06\/picnic-latino-100x100.jpg",100,100,true],"organiser-icon":["https:\/\/www.anika-net.de\/wp-content\/uploads\/2023\/06\/picnic-latino-200x200.jpg",200,200,true],"gform-image-choice-sm":["https:\/\/www.anika-net.de\/wp-content\/uploads\/2023\/06\/picnic-latino.jpg",300,156,false],"gform-image-choice-md":["https:\/\/www.anika-net.de\/wp-content\/uploads\/2023\/06\/picnic-latino.jpg",400,208,false],"gform-image-choice-lg":["https:\/\/www.anika-net.de\/wp-content\/uploads\/2023\/06\/picnic-latino.jpg",600,312,false]},"post_excerpt_stackable_v2":"<p>Pic\u00adnic latino \u2014 Tri\u00adbu Lati\u00adna de Karls\u00adruhe El verano ya est\u00e1 aqu\u00ed y con \u00e9l, \u00a1el momen\u00adto per\u00adfec\u00adto para dis\u00adfru\u00adtar del buen tiem\u00adpo y los d\u00edas solea\u00addos! \u2600\ufe0f \u00bfQu\u00e9 mejor mane\u00adra de apro\u00adve\u00adchar esta esta\u00adci\u00f3n que reu\u00adnir\u00adse para dis\u00adfru\u00adtar de un deli\u00adcio\u00adso pic\u00adnic? \ud83e\uddfa\ud83c\udf1f Por eso este s\u00e1ba\u00addo 17.06 orga\u00adni\u00adza\u00admos un pic\u00adnic exclu\u00adsi\u00advo para muje\u00adres lati\u00adnas. Que\u00adre\u00admos invi\u00adtar\u00adte a que te unas a noso\u00adtros y pases un d\u00eda mara\u00advi\u00adllo\u00adso lleno de risas, bue\u00adna comi\u00adda y momen\u00adtos espe\u00adcia\u00adles. Para hacer de este pic\u00adnic una expe\u00adrien\u00adcia a\u00fan m\u00e1s enri\u00adque\u00adce\u00addo\u00adra, te ani\u00adma\u00admos a que trai\u00adgas tu pro\u00adpia comi\u00adda y bebi\u00adda, y si&nbsp;te\u2026<\/p>\n","category_list_v2":"","author_info_v2":{"name":"Andrea Ramirez","url":"https:\/\/www.anika-net.de\/es\/author\/andrea-ramirez\/"},"comments_num_v2":"0 comentarios","uagb_featured_image_src":{"full":["https:\/\/www.anika-net.de\/wp-content\/uploads\/2023\/06\/picnic-latino.jpg",822,427,false],"thumbnail":["https:\/\/www.anika-net.de\/wp-content\/uploads\/2023\/06\/picnic-latino-150x150.jpg",150,150,true],"medium":["https:\/\/www.anika-net.de\/wp-content\/uploads\/2023\/06\/picnic-latino-300x156.jpg",300,156,true],"medium_large":["https:\/\/www.anika-net.de\/wp-content\/uploads\/2023\/06\/picnic-latino-768x399.jpg",640,333,true],"large":["https:\/\/www.anika-net.de\/wp-content\/uploads\/2023\/06\/picnic-latino.jpg",640,332,false],"1536x1536":["https:\/\/www.anika-net.de\/wp-content\/uploads\/2023\/06\/picnic-latino.jpg",822,427,false],"2048x2048":["https:\/\/www.anika-net.de\/wp-content\/uploads\/2023\/06\/picnic-latino.jpg",822,427,false],"event-overview":["https:\/\/www.anika-net.de\/wp-content\/uploads\/2023\/06\/picnic-latino.jpg",822,427,false],"event-archive-thumb":["https:\/\/www.anika-net.de\/wp-content\/uploads\/2023\/06\/picnic-latino-480x249.jpg",480,249,true],"grid-item-thumbnail":["https:\/\/www.anika-net.de\/wp-content\/uploads\/2023\/06\/picnic-latino-360x200.jpg",360,200,true],"network-partner-icon":["https:\/\/www.anika-net.de\/wp-content\/uploads\/2023\/06\/picnic-latino-100x100.jpg",100,100,true],"organiser-icon":["https:\/\/www.anika-net.de\/wp-content\/uploads\/2023\/06\/picnic-latino-200x200.jpg",200,200,true],"gform-image-choice-sm":["https:\/\/www.anika-net.de\/wp-content\/uploads\/2023\/06\/picnic-latino.jpg",300,156,false],"gform-image-choice-md":["https:\/\/www.anika-net.de\/wp-content\/uploads\/2023\/06\/picnic-latino.jpg",400,208,false],"gform-image-choice-lg":["https:\/\/www.anika-net.de\/wp-content\/uploads\/2023\/06\/picnic-latino.jpg",600,312,false]},"uagb_author_info":{"display_name":"Andrea Ramirez","author_link":"https:\/\/www.anika-net.de\/es\/author\/andrea-ramirez\/"},"uagb_comment_info":0,"uagb_excerpt":"Pic\u00adnic latino \u2014 Tri\u00adbu Lati\u00adna de Karlsruhe El verano ya est\u00e1 aqu\u00ed y con \u00e9l, \u00a1el momen\u00adto per\u00adfec\u00adto para dis\u00adfru\u00adtar del buen tiem\u00adpo y los d\u00edas solea\u00addos! \u2600\ufe0f \u00bfQu\u00e9 mejor&nbsp;leer m\u00e1s","_links":{"self":[{"href":"https:\/\/www.anika-net.de\/es\/wp-json\/wp\/v2\/event\/40108","targetHints":{"allow":["GET"]}}],"collection":[{"href":"https:\/\/www.anika-net.de\/es\/wp-json\/wp\/v2\/event"}],"about":[{"href":"https:\/\/www.anika-net.de\/es\/wp-json\/wp\/v2\/types\/event"}],"author":[{"embeddable":true,"href":"https:\/\/www.anika-net.de\/es\/wp-json\/wp\/v2\/users\/12"}],"version-history":[{"count":0,"href":"https:\/\/www.anika-net.de\/es\/wp-json\/wp\/v2\/event\/40108\/revisions"}],"acf:post":[{"embeddable":true,"href":"https:\/\/www.anika-net.de\/es\/wp-json\/wp\/v2\/organiser\/40089"}],"acf:term":[{"embeddable":true,"taxonomy":"event_category","href":"https:\/\/www.anika-net.de\/es\/wp-json\/wp\/v2\/event_category\/168"}],"wp:featuredmedia":[{"embeddable":true,"href":"https:\/\/www.anika-net.de\/es\/wp-json\/wp\/v2\/media\/40103"}],"wp:attachment":[{"href":"https:\/\/www.anika-net.de\/es\/wp-json\/wp\/v2\/media?parent=40108"}],"curies":[{"name":"wp","href":"https:\/\/api.w.org\/{rel}","templated":true}]}}