{"id":38489,"date":"2023-05-15T10:55:23","date_gmt":"2023-05-15T08:55:23","guid":{"rendered":"https:\/\/www.anika-net.de\/event\/noche-caribena-paises-gente-delicacies\/"},"modified":"2023-05-15T10:55:23","modified_gmt":"2023-05-15T08:55:23","slug":"noche-caribena-paises-gente-delicacies","status":"publish","type":"event","link":"https:\/\/www.anika-net.de\/es\/event\/noche-caribena-paises-gente-delicacies\/","title":{"rendered":"Noche cari\u00adbe\u00ad\u00f1a: PA\u00cdSES. GENTE. DELICACIES"},"content":{"rendered":"<h3>Noche cari\u00adbe\u00ad\u00f1a: PA\u00cdSES. GENTE. DELICACIES<\/h3>\n<p>Esta noche podr\u00e1 dis\u00adfru\u00adtar de la coci\u00adna cari\u00adbe\u00ad\u00f1a. Pre\u00adpa\u00adra\u00adr\u00e1 deli\u00adcias del Cari\u00adbe en un gru\u00adpo redu\u00adci\u00addo y bajo la direc\u00adci\u00f3n de expertos.<br>\nA par\u00adtir de las 19.00 horas, ser\u00advi\u00adr\u00e1 su men\u00fa a los \u201cinvi\u00adta\u00addos\u201d, come\u00adr\u00e1n jun\u00adtos y ten\u00addr\u00e1 la opor\u00adtu\u00adni\u00addad de inter\u00adcam\u00adbiar ideas sobre comi\u00adda, coci\u00adna, el Cari\u00adbe y su arte, cul\u00adtu\u00adra, m\u00fasi\u00adca o muchos otros temas. Le dar\u00e1n la bien\u00adve\u00adni\u00adda con c\u00f3c\u00adte\u00adles cari\u00adbe\u00ad\u00f1os. Klaus Buch\u00adner ofre\u00adce\u00adr\u00e1 un rega\u00adlo musi\u00adcal con mara\u00advi\u00adllo\u00adsos soni\u00addos en el handpan.<br>\nAntes de la comi\u00adda ten\u00addr\u00e1 lugar en la Uni\u00adver\u00adsi\u00addad Popu\u00adlar una con\u00adfe\u00adren\u00adcia sobre la cul\u00adtu\u00adra y el arte del pa\u00eds res\u00adpec\u00adti\u00advo. Espe\u00adra\u00admos un s\u00e1ba\u00addo ins\u00adpi\u00adra\u00addor y momen\u00adtos de pla\u00adcer para la vis\u00adta, el gus\u00adto y el&nbsp;o\u00eddo.<\/p>\n<p><strong>Cos\u00adte: 25,00&nbsp;euros.<\/strong><\/p>\n<p>Se rue\u00adga <strong>reser\u00advar la comi\u00adda<\/strong> con el n\u00fame\u00adro de cur\u00adso 232\u201330302 en el vhs, el <strong>bai\u00adle<\/strong> con el n\u00fame\u00adro de cur\u00adso 232\u201330303 y <strong>la coci\u00adna<\/strong> con el 232\u201330301.<\/p>\n","protected":false},"author":12,"featured_media":38476,"template":"","class_list":["post-38489","event","type-event","status-publish","has-post-thumbnail","hentry","event_category-ocio"],"acf":{"event-recurring":false,"event-category":168,"event-is-language-course":false,"event-recurring-still-active":true,"event-display-details":true,"event-schedules-recurring":null,"event-schedules-calendar":[{"event-calendar-day":"20230624","event-calendar-time":"19:00 - 22:00 Uhr","event-calendar-time-text":""}],"event-is-online":false,"event-online-url":"","event-location-building":"ibz, EG, Gro\u00dfer Saal","event-location-street":"Kaiserallee 12 d","event-location-zip":"76133","event-location-city":"Karlsruhe","event-location-contact-person":"","event-location-phone":"232-30302","event-location-phone-2":"","event-location-mail":"","event-location-mail-2":"","event-location-website":"https:\/\/www.ibz-karlsruhe.de\/events\/karibischer-abend\/","event-target-group":[{"target-group":"todo"}],"event-target-group-comment":"","event-free":false,"event-organiser":34261,"event-header-copyright-overlay":true,"event-copyright-note-description-end":false},"featured_image_urls_v2":{"full":["https:\/\/www.anika-net.de\/wp-content\/uploads\/2023\/05\/Bild-Karibisch-Kochen_.jpg",1200,800,false],"thumbnail":["https:\/\/www.anika-net.de\/wp-content\/uploads\/2023\/05\/Bild-Karibisch-Kochen_-150x150.jpg",150,150,true],"medium":["https:\/\/www.anika-net.de\/wp-content\/uploads\/2023\/05\/Bild-Karibisch-Kochen_-300x200.jpg",300,200,true],"medium_large":["https:\/\/www.anika-net.de\/wp-content\/uploads\/2023\/05\/Bild-Karibisch-Kochen_-768x512.jpg",640,427,true],"large":["https:\/\/www.anika-net.de\/wp-content\/uploads\/2023\/05\/Bild-Karibisch-Kochen_-1024x683.jpg",640,427,true],"1536x1536":["https:\/\/www.anika-net.de\/wp-content\/uploads\/2023\/05\/Bild-Karibisch-Kochen_.jpg",1200,800,false],"2048x2048":["https:\/\/www.anika-net.de\/wp-content\/uploads\/2023\/05\/Bild-Karibisch-Kochen_.jpg",1200,800,false],"event-overview":["https:\/\/www.anika-net.de\/wp-content\/uploads\/2023\/05\/Bild-Karibisch-Kochen_-960x640.jpg",960,640,true],"event-archive-thumb":["https:\/\/www.anika-net.de\/wp-content\/uploads\/2023\/05\/Bild-Karibisch-Kochen_-480x320.jpg",480,320,true],"grid-item-thumbnail":["https:\/\/www.anika-net.de\/wp-content\/uploads\/2023\/05\/Bild-Karibisch-Kochen_-360x200.jpg",360,200,true],"network-partner-icon":["https:\/\/www.anika-net.de\/wp-content\/uploads\/2023\/05\/Bild-Karibisch-Kochen_-100x100.jpg",100,100,true],"organiser-icon":["https:\/\/www.anika-net.de\/wp-content\/uploads\/2023\/05\/Bild-Karibisch-Kochen_-200x200.jpg",200,200,true],"gform-image-choice-sm":["https:\/\/www.anika-net.de\/wp-content\/uploads\/2023\/05\/Bild-Karibisch-Kochen_.jpg",300,200,false],"gform-image-choice-md":["https:\/\/www.anika-net.de\/wp-content\/uploads\/2023\/05\/Bild-Karibisch-Kochen_.jpg",400,267,false],"gform-image-choice-lg":["https:\/\/www.anika-net.de\/wp-content\/uploads\/2023\/05\/Bild-Karibisch-Kochen_.jpg",600,400,false]},"post_excerpt_stackable_v2":"<p>Noche cari\u00adbe\u00ad\u00f1a: PA\u00cdSES. GENTE. DELICACIES Esta noche podr\u00e1 dis\u00adfru\u00adtar de la coci\u00adna cari\u00adbe\u00ad\u00f1a. Pre\u00adpa\u00adra\u00adr\u00e1 deli\u00adcias del Cari\u00adbe en un gru\u00adpo redu\u00adci\u00addo y bajo la direc\u00adci\u00f3n de exper\u00adtos. A par\u00adtir de las 19.00 horas, ser\u00advi\u00adr\u00e1 su men\u00fa a los \u201cinvi\u00adta\u00addos\u201d, come\u00adr\u00e1n jun\u00adtos y ten\u00addr\u00e1 la opor\u00adtu\u00adni\u00addad de inter\u00adcam\u00adbiar ideas sobre comi\u00adda, coci\u00adna, el Cari\u00adbe y su arte, cul\u00adtu\u00adra, m\u00fasi\u00adca o muchos otros temas. Le dar\u00e1n la bien\u00adve\u00adni\u00adda con c\u00f3c\u00adte\u00adles cari\u00adbe\u00ad\u00f1os. Klaus Buch\u00adner ofre\u00adce\u00adr\u00e1 un rega\u00adlo musi\u00adcal con mara\u00advi\u00adllo\u00adsos soni\u00addos en el hand\u00adpan. Antes de la comi\u00adda ten\u00addr\u00e1 lugar en la Uni\u00adver\u00adsi\u00addad Popu\u00adlar una con\u00adfe\u00adren\u00adcia sobre la cul\u00adtu\u00adra y el arte&nbsp;del\u2026<\/p>\n","category_list_v2":"","author_info_v2":{"name":"Andrea Ramirez","url":"https:\/\/www.anika-net.de\/es\/author\/andrea-ramirez\/"},"comments_num_v2":"0 comentarios","uagb_featured_image_src":{"full":["https:\/\/www.anika-net.de\/wp-content\/uploads\/2023\/05\/Bild-Karibisch-Kochen_.jpg",1200,800,false],"thumbnail":["https:\/\/www.anika-net.de\/wp-content\/uploads\/2023\/05\/Bild-Karibisch-Kochen_-150x150.jpg",150,150,true],"medium":["https:\/\/www.anika-net.de\/wp-content\/uploads\/2023\/05\/Bild-Karibisch-Kochen_-300x200.jpg",300,200,true],"medium_large":["https:\/\/www.anika-net.de\/wp-content\/uploads\/2023\/05\/Bild-Karibisch-Kochen_-768x512.jpg",640,427,true],"large":["https:\/\/www.anika-net.de\/wp-content\/uploads\/2023\/05\/Bild-Karibisch-Kochen_-1024x683.jpg",640,427,true],"1536x1536":["https:\/\/www.anika-net.de\/wp-content\/uploads\/2023\/05\/Bild-Karibisch-Kochen_.jpg",1200,800,false],"2048x2048":["https:\/\/www.anika-net.de\/wp-content\/uploads\/2023\/05\/Bild-Karibisch-Kochen_.jpg",1200,800,false],"event-overview":["https:\/\/www.anika-net.de\/wp-content\/uploads\/2023\/05\/Bild-Karibisch-Kochen_-960x640.jpg",960,640,true],"event-archive-thumb":["https:\/\/www.anika-net.de\/wp-content\/uploads\/2023\/05\/Bild-Karibisch-Kochen_-480x320.jpg",480,320,true],"grid-item-thumbnail":["https:\/\/www.anika-net.de\/wp-content\/uploads\/2023\/05\/Bild-Karibisch-Kochen_-360x200.jpg",360,200,true],"network-partner-icon":["https:\/\/www.anika-net.de\/wp-content\/uploads\/2023\/05\/Bild-Karibisch-Kochen_-100x100.jpg",100,100,true],"organiser-icon":["https:\/\/www.anika-net.de\/wp-content\/uploads\/2023\/05\/Bild-Karibisch-Kochen_-200x200.jpg",200,200,true],"gform-image-choice-sm":["https:\/\/www.anika-net.de\/wp-content\/uploads\/2023\/05\/Bild-Karibisch-Kochen_.jpg",300,200,false],"gform-image-choice-md":["https:\/\/www.anika-net.de\/wp-content\/uploads\/2023\/05\/Bild-Karibisch-Kochen_.jpg",400,267,false],"gform-image-choice-lg":["https:\/\/www.anika-net.de\/wp-content\/uploads\/2023\/05\/Bild-Karibisch-Kochen_.jpg",600,400,false]},"uagb_author_info":{"display_name":"Andrea Ramirez","author_link":"https:\/\/www.anika-net.de\/es\/author\/andrea-ramirez\/"},"uagb_comment_info":0,"uagb_excerpt":"Noche cari\u00adbe\u00ad\u00f1a: PA\u00cdSES. GENTE. DELICACIES Esta noche podr\u00e1 dis\u00adfru\u00adtar de la coci\u00adna cari\u00adbe\u00ad\u00f1a. Pre\u00adpa\u00adra\u00adr\u00e1 deli\u00adcias del Cari\u00adbe en un gru\u00adpo redu\u00adci\u00addo y bajo la direc\u00adci\u00f3n de expertos. A par\u00adtir de&nbsp;leer m\u00e1s","_links":{"self":[{"href":"https:\/\/www.anika-net.de\/es\/wp-json\/wp\/v2\/event\/38489","targetHints":{"allow":["GET"]}}],"collection":[{"href":"https:\/\/www.anika-net.de\/es\/wp-json\/wp\/v2\/event"}],"about":[{"href":"https:\/\/www.anika-net.de\/es\/wp-json\/wp\/v2\/types\/event"}],"author":[{"embeddable":true,"href":"https:\/\/www.anika-net.de\/es\/wp-json\/wp\/v2\/users\/12"}],"version-history":[{"count":0,"href":"https:\/\/www.anika-net.de\/es\/wp-json\/wp\/v2\/event\/38489\/revisions"}],"acf:post":[{"embeddable":true,"href":"https:\/\/www.anika-net.de\/es\/wp-json\/wp\/v2\/organiser\/34261"}],"acf:term":[{"embeddable":true,"taxonomy":"event_category","href":"https:\/\/www.anika-net.de\/es\/wp-json\/wp\/v2\/event_category\/168"}],"wp:featuredmedia":[{"embeddable":true,"href":"https:\/\/www.anika-net.de\/es\/wp-json\/wp\/v2\/media\/38476"}],"wp:attachment":[{"href":"https:\/\/www.anika-net.de\/es\/wp-json\/wp\/v2\/media?parent=38489"}],"curies":[{"name":"wp","href":"https:\/\/api.w.org\/{rel}","templated":true}]}}