{"id":25293,"date":"2022-08-09T14:18:20","date_gmt":"2022-08-09T12:18:20","guid":{"rendered":"https:\/\/www.anika-net.de\/event\/consejo-consultivo-de-migracion-de-la-ciudad-de-karlsruhe\/"},"modified":"2025-06-11T12:45:41","modified_gmt":"2025-06-11T10:45:41","slug":"comite-de-integracion-de-karlsruhe","status":"publish","type":"event","link":"https:\/\/www.anika-net.de\/es\/event\/comite-de-integracion-de-karlsruhe\/","title":{"rendered":"Comi\u00adt\u00e9 de Inte\u00adgra\u00adci\u00f3n de Karlsruhe"},"content":{"rendered":"<h2><span style=\"color: #ffcc00;\"><strong>Comi\u00adt\u00e9 de Inte\u00adgra\u00adci\u00f3n de la Ciu\u00addad de Karlsruhe<\/strong><\/span><\/h2>\n<blockquote>\n<h3><em><span style=\"color: #666699;\">Per\u00adso\u00adnas con diver\u00adsas expe\u00adrien\u00adcias (migra\u00adto\u00adrias) e influen\u00adcias cul\u00adtu\u00adra\u00adles, reli\u00adgio\u00adsas y de otros or\u00ed\u00adge\u00adnes socia\u00adles lla\u00adman a Karls\u00adruhe su hogar y enri\u00adque\u00adcen a dia\u00adrio la socie\u00addad de la ciudad.<\/span><\/em><\/h3>\n<\/blockquote>\n<p data-start=\"174\" data-end=\"393\">Para garan\u00adti\u00adzar la igual\u00addad de opor\u00adtu\u00adni\u00adda\u00addes a todos los habi\u00adtan\u00adtes de Karls\u00adruhe y poner de relie\u00adve los intere\u00adses y el poten\u00adcial de las per\u00adso\u00adnas de ori\u00adgen inmi\u00adgran\u00adte, la ciu\u00addad de Karls\u00adruhe ha crea\u00addo el <strong data-start=\"361\" data-end=\"392\">Comi\u00adt\u00e9 de Inte\u00adgra\u00adci\u00f3n (InA<\/strong>).<\/p>\n<p data-start=\"395\" data-end=\"609\">El comi\u00adt\u00e9 ase\u00adso\u00adra al ayun\u00adta\u00admien\u00adto en cues\u00adtio\u00adnes de pol\u00ed\u00adti\u00adca de inte\u00adgra\u00adci\u00f3n y abo\u00adga por la par\u00adti\u00adci\u00adpa\u00adci\u00f3n igua\u00adli\u00adta\u00adria de todas las per\u00adso\u00adnas \u2011con o sin ante\u00adce\u00adden\u00adtes migra\u00adto\u00adrios- en la socie\u00addad, la pol\u00ed\u00adti\u00adca, la cul\u00adtu\u00adra y la econom\u00eda.<\/p>\n<p data-start=\"611\" data-end=\"938\">Los miem\u00adbros del Comi\u00adt\u00e9 de Inte\u00adgra\u00adci\u00f3n dan voz a la diver\u00adsi\u00addad cul\u00adtu\u00adral de Karls\u00adruhe. Cons\u00adtru\u00adyen redes entre aso\u00adcia\u00adcio\u00adnes de inmi\u00adgran\u00adtes, ini\u00adcia\u00adti\u00advas, orga\u00adni\u00adza\u00adcio\u00adnes e ins\u00adti\u00adtu\u00adcio\u00adnes muni\u00adci\u00adpa\u00adles. Al hacer\u00adlo, pro\u00admue\u00adven el inter\u00adcam\u00adbio, refuer\u00adzan la par\u00adti\u00adci\u00adpa\u00adci\u00f3n demo\u00adcr\u00e1\u00adti\u00adca y apo\u00adyan acti\u00adva\u00admen\u00adte el pro\u00adce\u00adso de aper\u00adtu\u00adra intercultural.&nbsp;<\/p>\n<p data-start=\"940\" data-end=\"1086\">Las reunio\u00adnes del Comi\u00adt\u00e9 de Inte\u00adgra\u00adci\u00f3n sue\u00adlen estar abier\u00adtas al p\u00fabli\u00adco, y todos los habi\u00adtan\u00adtes de Karls\u00adruhe est\u00e1n cor\u00addial\u00admen\u00adte invi\u00adta\u00addos a asis\u00adtir como espectadores.<\/p>\n<p>&nbsp;<\/p>\n<hr>\n<h3 data-start=\"1093\" data-end=\"1112\"><span style=\"color: #808080;\"><strong data-start=\"1097\" data-end=\"1112\">Com\u00adpo\u00adsi\u00adci\u00f3n<\/strong><\/span><\/h3>\n<p data-start=\"1114\" data-end=\"1264\">El Comi\u00adt\u00e9 de Inte\u00adgra\u00adci\u00f3n est\u00e1 for\u00adma\u00addo por diez resi\u00adden\u00adtes exper\u00adtos y once miem\u00adbros del ayun\u00adta\u00admien\u00adto.<br data-start=\"1212\" data-end=\"1215\">Cada resi\u00adden\u00adte exper\u00adto tie\u00adne un suplen\u00adte designado.<\/p>\n<p data-start=\"1266\" data-end=\"1436\">El nom\u00adbra\u00admien\u00adto de resi\u00adden\u00adtes exper\u00adtos y de sus suplen\u00adtes para el Comi\u00adt\u00e9 de Inte\u00adgra\u00adci\u00f3n tie\u00adne lugar cada cin\u00adco a\u00f1os.<br data-start=\"1382\" data-end=\"1385\">La elec\u00adci\u00f3n m\u00e1s recien\u00adte se cele\u00adbr\u00f3 en diciem\u00adbre de&nbsp;2024.<\/p>\n<p data-start=\"1438\" data-end=\"1529\">Cada uno de los resi\u00adden\u00adtes exper\u00adtos es res\u00adpon\u00adsa\u00adble de una de las cin\u00adco \u00e1reas tem\u00e1\u00adti\u00adcas, tra\u00adba\u00adjan\u00addo por parejas.<\/p>\n<h3><span style=\"color: #808080;\"><strong>\u00c1reas tem\u00e1\u00adti\u00adcas<\/strong><\/span><\/h3>\n<ol data-start=\"1560\" data-end=\"1731\">\n<li data-start=\"1560\" data-end=\"1587\">\n<p data-start=\"1563\" data-end=\"1587\"><strong><span style=\"color: #008080;\">Len\u00adgua y Educaci\u00f3n<\/span><\/strong><\/p>\n<\/li>\n<li data-start=\"1588\" data-end=\"1623\">\n<p data-start=\"1591\" data-end=\"1623\"><strong><span style=\"color: #008080;\">Inte\u00adgra\u00adci\u00f3n jur\u00ed\u00addi\u00adca y econ\u00f3mica<\/span><\/strong><\/p>\n<\/li>\n<li data-start=\"1624\" data-end=\"1660\">\n<p data-start=\"1627\" data-end=\"1660\"><strong><span style=\"color: #008080;\">Cul\u00adtu\u00adra y Di\u00e1\u00adlo\u00adgo Interreligioso<\/span><\/strong><\/p>\n<\/li>\n<li data-start=\"1661\" data-end=\"1700\">\n<p data-start=\"1664\" data-end=\"1700\"><strong><span style=\"color: #008080;\">Aper\u00adtu\u00adra inter\u00adcul\u00adtu\u00adral y vivienda<\/span><\/strong><\/p>\n<\/li>\n<li data-start=\"1701\" data-end=\"1731\">\n<p data-start=\"1704\" data-end=\"1731\"><strong><span style=\"color: #008080;\">Salud, Mayo\u00adres y Deportes<\/span><\/strong><\/p>\n<\/li>\n<\/ol>\n<p><span style=\"color: #808080;\">Las \u00e1reas tem\u00e1\u00adti\u00adcas del Comi\u00adt\u00e9 de Inte\u00adgra\u00adci\u00f3n se basan en las \u00e1reas de acci\u00f3n defi\u00adni\u00addas en el <\/span><strong> <a href=\"https:\/\/www.karlsruhe.de\/bildung-soziales\/integration-chancengerechtigkeit\/integration-in-karlsruhe#c26098\" rel=\"noopener\"><span style=\"color: #808080;\"><strong data-start=\"1826\" data-end=\"1856\">Plan de Inte\u00adgra\u00adci\u00f3n de Karls\u00adruhe<\/strong>.<\/span><\/a><\/strong><\/p>\n<hr>\n<h4><strong><span style=\"color: #008080;\">Las reunio\u00adnes futu\u00adras se pue\u00adden encon\u00adtrar&nbsp;en<\/span><\/strong><br>\n<a href=\"https:\/\/sitzungskalender.karlsruhe.de\/db\/ratsinformation\/organisation-gr-39759\" rel=\"noopener\">Calen\u00adda\u00adrio de reunio\u00adnes Ciu\u00addad de Karlsruhe<\/a><\/h4>\n<p>&nbsp;<\/p>\n","protected":false},"author":12,"featured_media":44019,"template":"","class_list":["post-25293","event","type-event","status-publish","has-post-thumbnail","hentry","event_category-asesorias"],"acf":{"event-recurring":true,"event-category":166,"event-is-language-course":false,"event-recurring-still-active":true,"event-display-details":true,"event-schedules-recurring":null,"event-schedules-calendar":null,"event-is-online":false,"event-online-url":"","event-location-building":"B\u00fcro f\u00fcr Integration \/ Arbeitskreis Integrationsasusschuss","event-location-street":"Kaiserstra\u00dfe 235","event-location-zip":"76133","event-location-city":"Karlsruhe","event-location-contact-person":"","event-location-phone":"0721 133-5761","event-location-phone-2":"","event-location-mail":"ak-integrationsausschuss@sjb.karlsruhe.de","event-location-mail-2":"","event-location-website":"https:\/\/www.karlsruhe.de\/bildung-soziales\/integration-chancengerechtigkeit\/integration-in-karlsruhe","event-target-group":[{"target-group":"all"}],"event-target-group-comment":"","event-free":true,"event-organiser":[25046],"event-header-copyright-overlay":true,"event-copyright-note-description-end":false},"featured_image_urls_v2":{"full":["https:\/\/www.anika-net.de\/wp-content\/uploads\/2019\/02\/Integration.jpeg",720,720,false],"thumbnail":["https:\/\/www.anika-net.de\/wp-content\/uploads\/2019\/02\/Integration-150x150.jpeg",150,150,true],"medium":["https:\/\/www.anika-net.de\/wp-content\/uploads\/2019\/02\/Integration-300x300.jpeg",300,300,true],"medium_large":["https:\/\/www.anika-net.de\/wp-content\/uploads\/2019\/02\/Integration.jpeg",640,640,false],"large":["https:\/\/www.anika-net.de\/wp-content\/uploads\/2019\/02\/Integration.jpeg",640,640,false],"1536x1536":["https:\/\/www.anika-net.de\/wp-content\/uploads\/2019\/02\/Integration.jpeg",720,720,false],"2048x2048":["https:\/\/www.anika-net.de\/wp-content\/uploads\/2019\/02\/Integration.jpeg",720,720,false],"event-overview":["https:\/\/www.anika-net.de\/wp-content\/uploads\/2019\/02\/Integration-720x640.jpeg",720,640,true],"event-archive-thumb":["https:\/\/www.anika-net.de\/wp-content\/uploads\/2019\/02\/Integration-480x480.jpeg",480,480,true],"grid-item-thumbnail":["https:\/\/www.anika-net.de\/wp-content\/uploads\/2019\/02\/Integration-360x200.jpeg",360,200,true],"network-partner-icon":["https:\/\/www.anika-net.de\/wp-content\/uploads\/2019\/02\/Integration-100x100.jpeg",100,100,true],"organiser-icon":["https:\/\/www.anika-net.de\/wp-content\/uploads\/2019\/02\/Integration-200x200.jpeg",200,200,true],"gform-image-choice-sm":["https:\/\/www.anika-net.de\/wp-content\/uploads\/2019\/02\/Integration.jpeg",300,300,false],"gform-image-choice-md":["https:\/\/www.anika-net.de\/wp-content\/uploads\/2019\/02\/Integration.jpeg",400,400,false],"gform-image-choice-lg":["https:\/\/www.anika-net.de\/wp-content\/uploads\/2019\/02\/Integration.jpeg",600,600,false]},"post_excerpt_stackable_v2":"<p>Comi\u00adt\u00e9 de Inte\u00adgra\u00adci\u00f3n de la Ciu\u00addad de Karls\u00adruhe Per\u00adso\u00adnas con diver\u00adsas expe\u00adrien\u00adcias (migra\u00adto\u00adrias) e influen\u00adcias cul\u00adtu\u00adra\u00adles, reli\u00adgio\u00adsas y de otros or\u00ed\u00adge\u00adnes socia\u00adles lla\u00adman a Karls\u00adruhe su hogar y enri\u00adque\u00adcen a dia\u00adrio la socie\u00addad de la ciu\u00addad. Para garan\u00adti\u00adzar la igual\u00addad de opor\u00adtu\u00adni\u00adda\u00addes a todos los habi\u00adtan\u00adtes de Karls\u00adruhe y poner de relie\u00adve los intere\u00adses y el poten\u00adcial de las per\u00adso\u00adnas de ori\u00adgen inmi\u00adgran\u00adte, la ciu\u00addad de Karls\u00adruhe ha crea\u00addo el Comi\u00adt\u00e9 de Inte\u00adgra\u00adci\u00f3n (InA). El comi\u00adt\u00e9 ase\u00adso\u00adra al ayun\u00adta\u00admien\u00adto en cues\u00adtio\u00adnes de pol\u00ed\u00adti\u00adca de inte\u00adgra\u00adci\u00f3n y abo\u00adga por la par\u00adti\u00adci\u00adpa\u00adci\u00f3n igua\u00adli\u00adta\u00adria de todas las per\u00adso\u00adnas \u2011con o sin ante\u00adce\u00adden\u00adtes migratorios-\u2026<\/p>\n","category_list_v2":"","author_info_v2":{"name":"Andrea Ramirez","url":"https:\/\/www.anika-net.de\/es\/author\/andrea-ramirez\/"},"comments_num_v2":"0 comentarios","uagb_featured_image_src":{"full":["https:\/\/www.anika-net.de\/wp-content\/uploads\/2019\/02\/Integration.jpeg",720,720,false],"thumbnail":["https:\/\/www.anika-net.de\/wp-content\/uploads\/2019\/02\/Integration-150x150.jpeg",150,150,true],"medium":["https:\/\/www.anika-net.de\/wp-content\/uploads\/2019\/02\/Integration-300x300.jpeg",300,300,true],"medium_large":["https:\/\/www.anika-net.de\/wp-content\/uploads\/2019\/02\/Integration.jpeg",640,640,false],"large":["https:\/\/www.anika-net.de\/wp-content\/uploads\/2019\/02\/Integration.jpeg",640,640,false],"1536x1536":["https:\/\/www.anika-net.de\/wp-content\/uploads\/2019\/02\/Integration.jpeg",720,720,false],"2048x2048":["https:\/\/www.anika-net.de\/wp-content\/uploads\/2019\/02\/Integration.jpeg",720,720,false],"event-overview":["https:\/\/www.anika-net.de\/wp-content\/uploads\/2019\/02\/Integration-720x640.jpeg",720,640,true],"event-archive-thumb":["https:\/\/www.anika-net.de\/wp-content\/uploads\/2019\/02\/Integration-480x480.jpeg",480,480,true],"grid-item-thumbnail":["https:\/\/www.anika-net.de\/wp-content\/uploads\/2019\/02\/Integration-360x200.jpeg",360,200,true],"network-partner-icon":["https:\/\/www.anika-net.de\/wp-content\/uploads\/2019\/02\/Integration-100x100.jpeg",100,100,true],"organiser-icon":["https:\/\/www.anika-net.de\/wp-content\/uploads\/2019\/02\/Integration-200x200.jpeg",200,200,true],"gform-image-choice-sm":["https:\/\/www.anika-net.de\/wp-content\/uploads\/2019\/02\/Integration.jpeg",300,300,false],"gform-image-choice-md":["https:\/\/www.anika-net.de\/wp-content\/uploads\/2019\/02\/Integration.jpeg",400,400,false],"gform-image-choice-lg":["https:\/\/www.anika-net.de\/wp-content\/uploads\/2019\/02\/Integration.jpeg",600,600,false]},"uagb_author_info":{"display_name":"Andrea Ramirez","author_link":"https:\/\/www.anika-net.de\/es\/author\/andrea-ramirez\/"},"uagb_comment_info":0,"uagb_excerpt":"Comi\u00adt\u00e9 de Inte\u00adgra\u00adci\u00f3n de la Ciu\u00addad de Karlsruhe Per\u00adso\u00adnas con diver\u00adsas expe\u00adrien\u00adcias (migra\u00adto\u00adrias) e influen\u00adcias cul\u00adtu\u00adra\u00adles, reli\u00adgio\u00adsas y de otros or\u00ed\u00adge\u00adnes socia\u00adles lla\u00adman a Karls\u00adruhe su hogar y enri\u00adque\u00adcen a&nbsp;leer m\u00e1s","_links":{"self":[{"href":"https:\/\/www.anika-net.de\/es\/wp-json\/wp\/v2\/event\/25293","targetHints":{"allow":["GET"]}}],"collection":[{"href":"https:\/\/www.anika-net.de\/es\/wp-json\/wp\/v2\/event"}],"about":[{"href":"https:\/\/www.anika-net.de\/es\/wp-json\/wp\/v2\/types\/event"}],"author":[{"embeddable":true,"href":"https:\/\/www.anika-net.de\/es\/wp-json\/wp\/v2\/users\/12"}],"version-history":[{"count":5,"href":"https:\/\/www.anika-net.de\/es\/wp-json\/wp\/v2\/event\/25293\/revisions"}],"predecessor-version":[{"id":62255,"href":"https:\/\/www.anika-net.de\/es\/wp-json\/wp\/v2\/event\/25293\/revisions\/62255"}],"acf:post":[{"embeddable":true,"href":"https:\/\/www.anika-net.de\/es\/wp-json\/wp\/v2\/organiser\/25046"}],"acf:term":[{"embeddable":true,"taxonomy":"event_category","href":"https:\/\/www.anika-net.de\/es\/wp-json\/wp\/v2\/event_category\/166"}],"wp:featuredmedia":[{"embeddable":true,"href":"https:\/\/www.anika-net.de\/es\/wp-json\/wp\/v2\/media\/44019"}],"wp:attachment":[{"href":"https:\/\/www.anika-net.de\/es\/wp-json\/wp\/v2\/media?parent=25293"}],"curies":[{"name":"wp","href":"https:\/\/api.w.org\/{rel}","templated":true}]}}