{"id":25277,"date":"2022-08-09T14:18:11","date_gmt":"2022-08-09T12:18:11","guid":{"rendered":"https:\/\/www.anika-net.de\/event\/oportunidades-de-estudio-para-los-refugiados\/"},"modified":"2022-08-09T17:25:19","modified_gmt":"2022-08-09T15:25:19","slug":"oportunidades-de-estudio-para-los-refugiados","status":"publish","type":"event","link":"https:\/\/www.anika-net.de\/es\/event\/oportunidades-de-estudio-para-los-refugiados\/","title":{"rendered":"Opor\u00adtu\u00adni\u00adda\u00addes de estu\u00addio para los refugiados"},"content":{"rendered":"<p><strong>Con\u00adsul\u00adta y coor\u00addi\u00adna\u00adci\u00f3n en mate\u00adria de refugiados&nbsp;<\/strong><\/p>\n<p>La Escue\u00adla Nor\u00admal de Karls\u00adruhe (P\u00e4da\u00adgo\u00adgis\u00adche Hochs\u00adchu\u00adle) desea que los refu\u00adgia\u00addos pue\u00addan cur\u00adsar estu\u00addios. Inde\u00adpen\u00addien\u00adte\u00admen\u00adte de la situa\u00adci\u00f3n actual, cual\u00adquier refu\u00adgia\u00addo pue\u00adde poner\u00adse en con\u00adtac\u00adto con el PH Karls\u00adruhe. El PH Karls\u00adruhe tie\u00adne una lar\u00adga tra\u00addi\u00adci\u00f3n en la for\u00adma\u00adci\u00f3n de pro\u00adfe\u00adso\u00adres. Ade\u00adm\u00e1s, ofre\u00adce dife\u00adren\u00adtes t\u00edtu\u00adlos de gra\u00addo y m\u00e1s\u00adter, as\u00ed como la posi\u00adbi\u00adli\u00addad de rea\u00adli\u00adzar estu\u00addios de doctorado.<\/p>\n","protected":false},"author":1,"featured_media":24752,"template":"","class_list":["post-25277","event","type-event","status-publish","has-post-thumbnail","hentry","event_category-educacion-es"],"acf":{"event-recurring":true,"event-category":189,"event-is-language-course":false,"event-recurring-still-active":true,"event-display-details":true,"event-schedules-recurring":null,"event-schedules-calendar":null,"event-is-online":false,"event-online-url":"","event-location-building":"P\u00e4dagogische Hochschule Karlsruhe","event-location-street":"Bismarckstra\u00dfe 10","event-location-zip":"76060","event-location-city":"Karlsruhe","event-location-contact-person":"Rebeca Schr\u00f6der Crespillo","event-location-phone":"+49 721 925 3","event-location-phone-2":"","event-location-mail":"gefluechtete@ph-karlsruhe.de","event-location-mail-2":"","event-location-website":"https:\/\/www.ph-karlsruhe.de\/","event-target-group":[{"target-group":""}],"event-target-group-comment":"","event-free":false,"event-organiser":[24978],"event-header-copyright-overlay":true,"event-copyright-note-description-end":false},"featured_image_urls_v2":{"full":["https:\/\/www.anika-net.de\/wp-content\/uploads\/2021\/10\/csm_logo_PHK_24b840b754-1.gif",1202,850,false],"thumbnail":["https:\/\/www.anika-net.de\/wp-content\/uploads\/2021\/10\/csm_logo_PHK_24b840b754-1-150x150.gif",150,150,true],"medium":["https:\/\/www.anika-net.de\/wp-content\/uploads\/2021\/10\/csm_logo_PHK_24b840b754-1-300x212.gif",300,212,true],"medium_large":["https:\/\/www.anika-net.de\/wp-content\/uploads\/2021\/10\/csm_logo_PHK_24b840b754-1-768x543.gif",640,453,true],"large":["https:\/\/www.anika-net.de\/wp-content\/uploads\/2021\/10\/csm_logo_PHK_24b840b754-1-1024x724.gif",640,453,true],"1536x1536":["https:\/\/www.anika-net.de\/wp-content\/uploads\/2021\/10\/csm_logo_PHK_24b840b754-1.gif",1202,850,false],"2048x2048":["https:\/\/www.anika-net.de\/wp-content\/uploads\/2021\/10\/csm_logo_PHK_24b840b754-1.gif",1202,850,false],"event-overview":["https:\/\/www.anika-net.de\/wp-content\/uploads\/2021\/10\/csm_logo_PHK_24b840b754-1-960x640.gif",960,640,true],"event-archive-thumb":["https:\/\/www.anika-net.de\/wp-content\/uploads\/2021\/10\/csm_logo_PHK_24b840b754-1-480x339.gif",480,339,true],"grid-item-thumbnail":["https:\/\/www.anika-net.de\/wp-content\/uploads\/2021\/10\/csm_logo_PHK_24b840b754-1-360x200.gif",360,200,true],"network-partner-icon":["https:\/\/www.anika-net.de\/wp-content\/uploads\/2021\/10\/csm_logo_PHK_24b840b754-1-100x100.gif",100,100,true],"organiser-icon":["https:\/\/www.anika-net.de\/wp-content\/uploads\/2021\/10\/csm_logo_PHK_24b840b754-1-200x200.gif",200,200,true],"gform-image-choice-sm":["https:\/\/www.anika-net.de\/wp-content\/uploads\/2021\/10\/csm_logo_PHK_24b840b754-1.gif",300,212,false],"gform-image-choice-md":["https:\/\/www.anika-net.de\/wp-content\/uploads\/2021\/10\/csm_logo_PHK_24b840b754-1.gif",400,283,false],"gform-image-choice-lg":["https:\/\/www.anika-net.de\/wp-content\/uploads\/2021\/10\/csm_logo_PHK_24b840b754-1.gif",600,424,false]},"post_excerpt_stackable_v2":"<p>Con\u00adsul\u00adta y coor\u00addi\u00adna\u00adci\u00f3n en mate\u00adria de refu\u00adgia\u00addos&nbsp; La Escue\u00adla Nor\u00admal de Karls\u00adruhe (P\u00e4da\u00adgo\u00adgis\u00adche Hochs\u00adchu\u00adle) desea que los refu\u00adgia\u00addos pue\u00addan cur\u00adsar estu\u00addios. Inde\u00adpen\u00addien\u00adte\u00admen\u00adte de la situa\u00adci\u00f3n actual, cual\u00adquier refu\u00adgia\u00addo pue\u00adde poner\u00adse en con\u00adtac\u00adto con el PH Karls\u00adruhe. El PH Karls\u00adruhe tie\u00adne una lar\u00adga tra\u00addi\u00adci\u00f3n en la for\u00adma\u00adci\u00f3n de pro\u00adfe\u00adso\u00adres. Ade\u00adm\u00e1s, ofre\u00adce dife\u00adren\u00adtes t\u00edtu\u00adlos de gra\u00addo y m\u00e1s\u00adter, as\u00ed como la posi\u00adbi\u00adli\u00addad de rea\u00adli\u00adzar estu\u00addios de doctorado.<\/p>\n","category_list_v2":"","author_info_v2":{"name":"saasweb-admin","url":"https:\/\/www.anika-net.de\/es\/author\/saasweb-admin\/"},"comments_num_v2":"0 comentarios","uagb_featured_image_src":{"full":["https:\/\/www.anika-net.de\/wp-content\/uploads\/2021\/10\/csm_logo_PHK_24b840b754-1.gif",1202,850,false],"thumbnail":["https:\/\/www.anika-net.de\/wp-content\/uploads\/2021\/10\/csm_logo_PHK_24b840b754-1-150x150.gif",150,150,true],"medium":["https:\/\/www.anika-net.de\/wp-content\/uploads\/2021\/10\/csm_logo_PHK_24b840b754-1-300x212.gif",300,212,true],"medium_large":["https:\/\/www.anika-net.de\/wp-content\/uploads\/2021\/10\/csm_logo_PHK_24b840b754-1-768x543.gif",640,453,true],"large":["https:\/\/www.anika-net.de\/wp-content\/uploads\/2021\/10\/csm_logo_PHK_24b840b754-1-1024x724.gif",640,453,true],"1536x1536":["https:\/\/www.anika-net.de\/wp-content\/uploads\/2021\/10\/csm_logo_PHK_24b840b754-1.gif",1202,850,false],"2048x2048":["https:\/\/www.anika-net.de\/wp-content\/uploads\/2021\/10\/csm_logo_PHK_24b840b754-1.gif",1202,850,false],"event-overview":["https:\/\/www.anika-net.de\/wp-content\/uploads\/2021\/10\/csm_logo_PHK_24b840b754-1-960x640.gif",960,640,true],"event-archive-thumb":["https:\/\/www.anika-net.de\/wp-content\/uploads\/2021\/10\/csm_logo_PHK_24b840b754-1-480x339.gif",480,339,true],"grid-item-thumbnail":["https:\/\/www.anika-net.de\/wp-content\/uploads\/2021\/10\/csm_logo_PHK_24b840b754-1-360x200.gif",360,200,true],"network-partner-icon":["https:\/\/www.anika-net.de\/wp-content\/uploads\/2021\/10\/csm_logo_PHK_24b840b754-1-100x100.gif",100,100,true],"organiser-icon":["https:\/\/www.anika-net.de\/wp-content\/uploads\/2021\/10\/csm_logo_PHK_24b840b754-1-200x200.gif",200,200,true],"gform-image-choice-sm":["https:\/\/www.anika-net.de\/wp-content\/uploads\/2021\/10\/csm_logo_PHK_24b840b754-1.gif",300,212,false],"gform-image-choice-md":["https:\/\/www.anika-net.de\/wp-content\/uploads\/2021\/10\/csm_logo_PHK_24b840b754-1.gif",400,283,false],"gform-image-choice-lg":["https:\/\/www.anika-net.de\/wp-content\/uploads\/2021\/10\/csm_logo_PHK_24b840b754-1.gif",600,424,false]},"uagb_author_info":{"display_name":"saasweb-admin","author_link":"https:\/\/www.anika-net.de\/es\/author\/saasweb-admin\/"},"uagb_comment_info":0,"uagb_excerpt":"Con\u00adsul\u00adta y coor\u00addi\u00adna\u00adci\u00f3n en mate\u00adria de refugiados&nbsp; La Escue\u00adla Nor\u00admal de Karls\u00adruhe (P\u00e4da\u00adgo\u00adgis\u00adche Hochs\u00adchu\u00adle) desea que los refu\u00adgia\u00addos pue\u00addan cur\u00adsar estu\u00addios. Inde\u00adpen\u00addien\u00adte\u00admen\u00adte de la situa\u00adci\u00f3n actual, cual\u00adquier refu\u00adgia\u00addo pue\u00adde poner\u00adse&nbsp;leer m\u00e1s","_links":{"self":[{"href":"https:\/\/www.anika-net.de\/es\/wp-json\/wp\/v2\/event\/25277","targetHints":{"allow":["GET"]}}],"collection":[{"href":"https:\/\/www.anika-net.de\/es\/wp-json\/wp\/v2\/event"}],"about":[{"href":"https:\/\/www.anika-net.de\/es\/wp-json\/wp\/v2\/types\/event"}],"author":[{"embeddable":true,"href":"https:\/\/www.anika-net.de\/es\/wp-json\/wp\/v2\/users\/1"}],"version-history":[{"count":0,"href":"https:\/\/www.anika-net.de\/es\/wp-json\/wp\/v2\/event\/25277\/revisions"}],"acf:post":[{"embeddable":true,"href":"https:\/\/www.anika-net.de\/es\/wp-json\/wp\/v2\/organiser\/24978"}],"acf:term":[{"embeddable":true,"taxonomy":"event_category","href":"https:\/\/www.anika-net.de\/es\/wp-json\/wp\/v2\/event_category\/189"}],"wp:featuredmedia":[{"embeddable":true,"href":"https:\/\/www.anika-net.de\/es\/wp-json\/wp\/v2\/media\/24752"}],"wp:attachment":[{"href":"https:\/\/www.anika-net.de\/es\/wp-json\/wp\/v2\/media?parent=25277"}],"curies":[{"name":"wp","href":"https:\/\/api.w.org\/{rel}","templated":true}]}}