{"id":61547,"date":"2025-05-20T14:05:48","date_gmt":"2025-05-20T12:05:48","guid":{"rendered":"https:\/\/www.anika-net.de\/event\/workshop-familien-in-der-bibliothek-von-morgen\/"},"modified":"2025-06-05T13:07:07","modified_gmt":"2025-06-05T11:07:07","slug":"workshop-familien-in-der-bibliothek-von-morgen","status":"publish","type":"event","link":"https:\/\/www.anika-net.de\/de\/event\/workshop-familien-in-der-bibliothek-von-morgen\/","title":{"rendered":"Work\u00adshop \u2013 Fami\u00adli\u00aden in der Biblio\u00adthek von morgen"},"content":{"rendered":"<h3><span style=\"color: #666699;\">Stadt\u00adbi\u00adblio\u00adthek Karlsruhe<\/span><\/h3>\n<h1><span style=\"color: #800080;\">Zukunfts\u00adwork\u00adshop&nbsp;I:<\/span><br>\n<span style=\"color: #333399;\">\u201e<em>Make it yours:<\/em> Fami\u00adli\u00aden in der Biblio\u00adthek von morgen\u201c<\/span><\/h1>\n<p><strong>Du hast Kinder?<\/strong><br>\nWir laden dich ein, mit uns gemein\u00adsam \u00fcber die Biblio\u00adthek von mor\u00adgen nachzudenken.<br>\nEs geht uns um frei\u00aden Aus\u00adtausch und Ideen aus allen Perspektiven.<\/p>\n<h4><span style=\"color: #008080;\">Tages\u00adab\u00adlauf <\/span><\/h4>\n<p>15 Uhr: Ankom\u00admen mit Rundgang<br>\n15:30 Uhr: Workshop<br>\n18 Uhr: Aus\u00adtausch mit Snacks<\/p>\n<p>\u270d\ud83c\udffc <span style=\"color: #800080;\"><strong>Anmel\u00addung per Tele\u00adfon oder E\u2011Mail m\u00f6g\u00adlich<\/strong> <\/span><\/p>\n","protected":false},"author":12,"featured_media":61532,"template":"","class_list":["post-61547","event","type-event","status-publish","has-post-thumbnail","hentry","event_category-freizeit"],"acf":{"event-recurring":false,"event-category":268,"event-is-language-course":false,"event-recurring-still-active":true,"event-display-details":true,"event-schedules-recurring":null,"event-schedules-calendar":[{"event-calendar-day":"20250705","event-calendar-time":"15:00","event-calendar-time-text":""}],"event-is-online":false,"event-online-url":"","event-location-building":" Stadtbibliothek in the new St\u00e4ndehaus","event-location-street":" St\u00e4ndehausstra\u00dfe 2","event-location-zip":"76133","event-location-city":"Karlsruhe","event-location-contact-person":"Franziska Wagne","event-location-phone":"0721 133-1212","event-location-phone-2":"","event-location-mail":"bme@afsta.karlsruhe.de","event-location-mail-2":"bibliothekspaedagogik@kultur.karlsruhe.de","event-location-website":"https:\/\/kalender.karlsruhe.de\/db\/termine\/literatur\/workshop_zukunftsworkshop_i_make_it","event-target-group":[{"target-group":"parents"}],"event-target-group-comment":"","event-free":true,"event-organiser":[50537],"event-header-copyright-overlay":true,"event-copyright-note-description-end":false},"featured_image_urls_v2":{"full":["https:\/\/www.anika-net.de\/wp-content\/uploads\/2025\/05\/Bibliothek.png",786,519,false],"thumbnail":["https:\/\/www.anika-net.de\/wp-content\/uploads\/2025\/05\/Bibliothek-150x150.png",150,150,true],"medium":["https:\/\/www.anika-net.de\/wp-content\/uploads\/2025\/05\/Bibliothek-300x198.png",300,198,true],"medium_large":["https:\/\/www.anika-net.de\/wp-content\/uploads\/2025\/05\/Bibliothek-768x507.png",640,423,true],"large":["https:\/\/www.anika-net.de\/wp-content\/uploads\/2025\/05\/Bibliothek.png",640,423,false],"1536x1536":["https:\/\/www.anika-net.de\/wp-content\/uploads\/2025\/05\/Bibliothek.png",786,519,false],"2048x2048":["https:\/\/www.anika-net.de\/wp-content\/uploads\/2025\/05\/Bibliothek.png",786,519,false],"event-overview":["https:\/\/www.anika-net.de\/wp-content\/uploads\/2025\/05\/Bibliothek.png",786,519,false],"event-archive-thumb":["https:\/\/www.anika-net.de\/wp-content\/uploads\/2025\/05\/Bibliothek-480x317.png",480,317,true],"grid-item-thumbnail":["https:\/\/www.anika-net.de\/wp-content\/uploads\/2025\/05\/Bibliothek-360x200.png",360,200,true],"network-partner-icon":["https:\/\/www.anika-net.de\/wp-content\/uploads\/2025\/05\/Bibliothek-100x100.png",100,100,true],"organiser-icon":["https:\/\/www.anika-net.de\/wp-content\/uploads\/2025\/05\/Bibliothek-200x200.png",200,200,true],"gform-image-choice-sm":["https:\/\/www.anika-net.de\/wp-content\/uploads\/2025\/05\/Bibliothek.png",300,198,false],"gform-image-choice-md":["https:\/\/www.anika-net.de\/wp-content\/uploads\/2025\/05\/Bibliothek.png",400,264,false],"gform-image-choice-lg":["https:\/\/www.anika-net.de\/wp-content\/uploads\/2025\/05\/Bibliothek.png",600,396,false]},"post_excerpt_stackable_v2":"<p>Stadt\u00adbi\u00adblio\u00adthek Karls\u00adru\u00adhe Zukunfts\u00adwork\u00adshop&nbsp;I: \u201eMake it yours: Fami\u00adli\u00aden in der Biblio\u00adthek von mor\u00adgen\u201c Du hast Kin\u00adder? Wir laden dich ein, mit uns gemein\u00adsam \u00fcber die Biblio\u00adthek von mor\u00adgen nach\u00adzu\u00adden\u00adken. Es geht uns um frei\u00aden Aus\u00adtausch und Ideen aus allen Per\u00adspek\u00adti\u00adven. Tages\u00adab\u00adlauf 15 Uhr: Ankom\u00admen mit Rund\u00adgang 15:30 Uhr: Work\u00adshop 18 Uhr: Aus\u00adtausch mit Snacks \u270d\ud83c\udffc Anmel\u00addung per Tele\u00adfon oder E\u2011Mail m\u00f6glich<\/p>\n","category_list_v2":"","author_info_v2":{"name":"Andrea Ramirez","url":"https:\/\/www.anika-net.de\/de\/author\/andrea-ramirez\/"},"comments_num_v2":"0 comments","uagb_featured_image_src":{"full":["https:\/\/www.anika-net.de\/wp-content\/uploads\/2025\/05\/Bibliothek.png",786,519,false],"thumbnail":["https:\/\/www.anika-net.de\/wp-content\/uploads\/2025\/05\/Bibliothek-150x150.png",150,150,true],"medium":["https:\/\/www.anika-net.de\/wp-content\/uploads\/2025\/05\/Bibliothek-300x198.png",300,198,true],"medium_large":["https:\/\/www.anika-net.de\/wp-content\/uploads\/2025\/05\/Bibliothek-768x507.png",640,423,true],"large":["https:\/\/www.anika-net.de\/wp-content\/uploads\/2025\/05\/Bibliothek.png",640,423,false],"1536x1536":["https:\/\/www.anika-net.de\/wp-content\/uploads\/2025\/05\/Bibliothek.png",786,519,false],"2048x2048":["https:\/\/www.anika-net.de\/wp-content\/uploads\/2025\/05\/Bibliothek.png",786,519,false],"event-overview":["https:\/\/www.anika-net.de\/wp-content\/uploads\/2025\/05\/Bibliothek.png",786,519,false],"event-archive-thumb":["https:\/\/www.anika-net.de\/wp-content\/uploads\/2025\/05\/Bibliothek-480x317.png",480,317,true],"grid-item-thumbnail":["https:\/\/www.anika-net.de\/wp-content\/uploads\/2025\/05\/Bibliothek-360x200.png",360,200,true],"network-partner-icon":["https:\/\/www.anika-net.de\/wp-content\/uploads\/2025\/05\/Bibliothek-100x100.png",100,100,true],"organiser-icon":["https:\/\/www.anika-net.de\/wp-content\/uploads\/2025\/05\/Bibliothek-200x200.png",200,200,true],"gform-image-choice-sm":["https:\/\/www.anika-net.de\/wp-content\/uploads\/2025\/05\/Bibliothek.png",300,198,false],"gform-image-choice-md":["https:\/\/www.anika-net.de\/wp-content\/uploads\/2025\/05\/Bibliothek.png",400,264,false],"gform-image-choice-lg":["https:\/\/www.anika-net.de\/wp-content\/uploads\/2025\/05\/Bibliothek.png",600,396,false]},"uagb_author_info":{"display_name":"Andrea Ramirez","author_link":"https:\/\/www.anika-net.de\/de\/author\/andrea-ramirez\/"},"uagb_comment_info":0,"uagb_excerpt":"Stadt\u00adbi\u00adblio\u00adthek Karlsruhe Zukunfts\u00adwork\u00adshop&nbsp;I: \u201eMake it yours: Fami\u00adli\u00aden in der Biblio\u00adthek von morgen\u201c Du hast Kinder? Wir laden dich ein, mit uns gemein\u00adsam \u00fcber die Biblio\u00adthek von mor\u00adgen nachzudenken. Es geht&nbsp;mehr","_links":{"self":[{"href":"https:\/\/www.anika-net.de\/de\/wp-json\/wp\/v2\/event\/61547","targetHints":{"allow":["GET"]}}],"collection":[{"href":"https:\/\/www.anika-net.de\/de\/wp-json\/wp\/v2\/event"}],"about":[{"href":"https:\/\/www.anika-net.de\/de\/wp-json\/wp\/v2\/types\/event"}],"author":[{"embeddable":true,"href":"https:\/\/www.anika-net.de\/de\/wp-json\/wp\/v2\/users\/12"}],"version-history":[{"count":4,"href":"https:\/\/www.anika-net.de\/de\/wp-json\/wp\/v2\/event\/61547\/revisions"}],"predecessor-version":[{"id":61916,"href":"https:\/\/www.anika-net.de\/de\/wp-json\/wp\/v2\/event\/61547\/revisions\/61916"}],"acf:post":[{"embeddable":true,"href":"https:\/\/www.anika-net.de\/de\/wp-json\/wp\/v2\/organiser\/50537"}],"acf:term":[{"embeddable":true,"taxonomy":"event_category","href":"https:\/\/www.anika-net.de\/de\/wp-json\/wp\/v2\/event_category\/268"}],"wp:featuredmedia":[{"embeddable":true,"href":"https:\/\/www.anika-net.de\/de\/wp-json\/wp\/v2\/media\/61532"}],"wp:attachment":[{"href":"https:\/\/www.anika-net.de\/de\/wp-json\/wp\/v2\/media?parent=61547"}],"curies":[{"name":"wp","href":"https:\/\/api.w.org\/{rel}","templated":true}]}}