{"id":59206,"date":"2025-03-03T13:04:08","date_gmt":"2025-03-03T12:04:08","guid":{"rendered":"https:\/\/www.anika-net.de\/event\/beratung-und-unterstuetzung-durch-freunde-fuer-fremde-e-v\/"},"modified":"2026-02-02T18:04:47","modified_gmt":"2026-02-02T17:04:47","slug":"beratung-und-unterstuetzung","status":"publish","type":"event","link":"https:\/\/www.anika-net.de\/de\/event\/beratung-und-unterstuetzung\/","title":{"rendered":"Bera\u00adtung und Unter\u00adst\u00fct\u00adzung von Freun\u00adde f\u00fcr Frem\u00adde e.V."},"content":{"rendered":"\n<h3 class=\"wp-block-heading\"><span style=\"color: #666699;\"><em>Unter\u00adst\u00fct\u00adzung in aus\u00adl\u00e4n\u00adder\u00adrecht\u00adli\u00adchen Fra\u00adgen, Umgang mit Beh\u00f6r\u00adden, Arbeits- und Woh\u00adnungs\u00adsu\u00adche sowie bikul\u00adtu\u00adrel\u00adlen Partnerschaften.<\/em><\/span><\/h3>\n\n\n\n<h1 class=\"wp-block-heading\"><span style=\"color: #ffcc00;\">Bera\u00adtung und Unter\u00adst\u00fct\u00adzung von Freun\u00adde f\u00fcr Frem\u00adde e.V.<\/span><\/h1>\n\n\n\n<p>Der Ver\u00adein <strong data-start=\"53\" data-end=\"80\">Freun\u00adde f\u00fcr Frem\u00adde e.V.<\/strong> in Karls\u00adru\u00adhe f\u00f6r\u00addert Begeg\u00adnun\u00adgen zwi\u00adschen Deut\u00adschen und Men\u00adschen aus ande\u00adren Kul\u00adtu\u00adren, um ein gutes Mit\u00adein\u00adan\u00adder zu erm\u00f6glichen.<\/p>\n\n\n\n<h4 class=\"wp-block-heading\"><strong>Unse\u00adre Arbeit umfasst die fol\u00adgen\u00adden Hauptbereiche:<\/strong><\/h4>\n\n\n\n<p><span style=\"color: #008080;\"><strong>1. Bera\u00adtun\u00adgen&nbsp;\u00fcber:<\/strong><\/span><\/p>\n\n\n\n<ul class=\"wp-block-list\">\n<li>Aus\u00adl\u00e4n\u00adder\u00adrecht\u00adli\u00adche Fragen<\/li>\n\n\n\n<li>Umgang mit Beh\u00f6rden<\/li>\n\n\n\n<li>Arbeits- oder Wohnungssuche<\/li>\n\n\n\n<li>Fra\u00adgen bikul\u00adtu\u00adrel\u00adler Part\u00adner\u00adschaft oder sons\u00adti\u00adge anfal\u00adlen\u00adde Probleme<\/li>\n<\/ul>\n\n\n\n<p><strong>Ter\u00admi\u00adne:<\/strong><br>\ud83d\udcc6 Don\u00adners\u00adtag 10 \u2013 13 Uhr und nach \ud83d\udcde tele\u00adfo\u00adni\u00adscher Vereinbarung<\/p>\n\n\n\n<hr class=\"wp-block-separator has-alpha-channel-opacity\">\n\n\n\n<p><span style=\"color: #008080;\"><strong>2. <a href=\"https:\/\/www.anika-net.de\/de\/event\/beratung-und-deutschunterricht\/\">Deutsch\u00adun\u00adter\u00adricht<\/a><\/strong><\/span><br>Wir bie\u00adten Ein\u00adzel- und Grup\u00adpen\u00adun\u00adter\u00adricht an, f\u00fcr Menschen:<\/p>\n\n\n\n<ul class=\"wp-block-list\">\n<li>die kei\u00adnen Anspruch auf einen Inte\u00adgra\u00adti\u00adons\u00adkurs&nbsp;haben,<\/li>\n\n\n\n<li>auf\u00adgrund ihrer per\u00ads\u00f6n\u00adli\u00adchen Situa\u00adti\u00adon nicht teil\u00adneh\u00admen k\u00f6n\u00adnen&nbsp;oder<\/li>\n\n\n\n<li>war\u00adten auf einen Deutschkurs.<\/li>\n<\/ul>\n\n\n\n<p><strong>Anmel\u00addung:<\/strong><br>\ud83d\udcc6 Mon\u00adtags um 10&nbsp;Uhr.<\/p>\n\n\n\n<hr class=\"wp-block-separator has-alpha-channel-opacity\">\n\n\n\n<p><strong><span style=\"color: #008080;\">3. Hin\u00adf\u00fch\u00adrung zum Arbeitsmarkt<\/span><\/strong><\/p>\n\n\n\n<p>Sie erhal\u00adten spe\u00adzi\u00adel\u00adle Infor\u00adma\u00adtio\u00adnen und Unter\u00adst\u00fct\u00adzung f\u00fcr die Hin\u00adf\u00fch\u00adrung zum Arbeits\u00admarkt und f\u00fcr den Ausbildungsbereich.<\/p>\n\n\n\n<hr class=\"wp-block-separator has-alpha-channel-opacity\">\n\n\n\n<p><span style=\"color: #008080;\"><strong>4. Unter\u00adst\u00fct\u00adzung von Ein\u00adzel\u00adper\u00adso\u00adnen par\u00adal\u00adlel zur Ausbildung<\/strong><\/span><\/p>\n\n\n\n<p>Wenn Sie Nach\u00adhil\u00adfe in der Berufs\u00adschu\u00adle oder zur Vor\u00adbe\u00adrei\u00adtung auf Pr\u00fc\u00adfun\u00adgen ben\u00f6\u00adti\u00adgen, kon\u00adtak\u00adtie\u00adren Sie uns&nbsp;bitte.<\/p>\n\n\n\n<hr class=\"wp-block-separator has-alpha-channel-opacity\">\n\n\n\n<p><span style=\"color: #008080;\"><strong>5. <a href=\"https:\/\/www.anika-net.de\/event\/counseling-on-the-german-health-system\/\">Gesund\u00adheits\u00adbe\u00adra\u00adtung<\/a><br><\/strong><\/span><\/p>\n\n\n\n<p>F\u00fcr vie\u00adle Men\u00adschen ist das Gesund\u00adheits\u00adsys\u00adtem in Deutsch\u00adland neu und schwer zu ver\u00adste\u00adhen.<br>Wir unter\u00adst\u00fct\u00adzen Sie bei Ihren medi\u00adzi\u00adni\u00adschen Fragen.<\/p>\n\n\n\n<p><strong>Wir k\u00f6n\u00adnen Ihnen Ant\u00adwor\u00adten auf die\u00adse Fra\u00adgen&nbsp;geben:<\/strong><\/p>\n\n\n\n<ul class=\"wp-block-list\">\n<li>Fra\u00adgen zum Gesundheitssystem<\/li>\n\n\n\n<li>Wel\u00adche \u00c4rzt*innen sind f\u00fcr was zust\u00e4ndig?<\/li>\n\n\n\n<li>Wie fin\u00adde ich den rich\u00adti\u00adgen Arzt\/\u00c4rztin?<\/li>\n<\/ul>\n\n\n\n<p>Ein Arzt Mit\u00adglied unse\u00adres Ver\u00adeins <strong>Freun\u00adde f\u00fcr Frem\u00adde e.V.,<\/strong> wird Ihre Fra\u00adgen beantworten.<\/p>\n\n\n\n<p><strong><span style=\"color: #666699;\">Die\u00adse Bera\u00adtung ist kos\u00adten\u00adlos und erfor\u00addert kei\u00adne Kran\u00adken\u00adver\u00adsi\u00adche\u00adrung<\/span><\/strong>.<\/p>\n\n\n\n<p><strong>Ter\u00admi\u00adne nach Anmel\u00addung:<\/strong><br>\ud83d\udcc6 Mon\u00adtags bis frei\u00adtags von 9:00 \u2013 12:00&nbsp;Uhr<\/p>\n","protected":false},"author":12,"featured_media":26510,"template":"","class_list":["post-59206","event","type-event","status-publish","has-post-thumbnail","hentry","event_category-hilfsangebote"],"acf":{"event-recurring":true,"event-category":55,"event-is-language-course":false,"event-recurring-still-active":true,"event-display-details":true,"event-schedules-recurring":[{"event-recurring-week-day":"1","event-recurring-time":"15:30 - 17:00","event-recurring-time-text":""},{"event-recurring-week-day":"3","event-recurring-time":"10:00 - 13:00","event-recurring-time-text":""}],"event-schedules-calendar":null,"event-is-online":false,"event-online-url":"","event-location-building":"ibz, 1st floor","event-location-street":"Kaiserallee 12 d","event-location-zip":"76133","event-location-city":"Karlsruhe","event-location-contact-person":"","event-location-phone":"0721\/ 84 53 41","event-location-phone-2":"","event-location-mail":"freunde.fuer.fremde@gmx.de","event-location-mail-2":"","event-location-website":"https:\/\/freunde-fuer-fremde.de\/arbeitsbereiche","event-target-group":[{"target-group":"all"}],"event-target-group-comment":"","event-free":true,"event-organiser":[8118],"event-header-copyright-overlay":true,"event-copyright-note-description-end":false},"featured_image_urls_v2":{"full":["https:\/\/www.anika-net.de\/wp-content\/uploads\/2022\/09\/freunde-fuer-fremde-quadrat.png",368,368,false],"thumbnail":["https:\/\/www.anika-net.de\/wp-content\/uploads\/2022\/09\/freunde-fuer-fremde-quadrat-150x150.png",150,150,true],"medium":["https:\/\/www.anika-net.de\/wp-content\/uploads\/2022\/09\/freunde-fuer-fremde-quadrat-300x300.png",300,300,true],"medium_large":["https:\/\/www.anika-net.de\/wp-content\/uploads\/2022\/09\/freunde-fuer-fremde-quadrat.png",368,368,false],"large":["https:\/\/www.anika-net.de\/wp-content\/uploads\/2022\/09\/freunde-fuer-fremde-quadrat.png",368,368,false],"1536x1536":["https:\/\/www.anika-net.de\/wp-content\/uploads\/2022\/09\/freunde-fuer-fremde-quadrat.png",368,368,false],"2048x2048":["https:\/\/www.anika-net.de\/wp-content\/uploads\/2022\/09\/freunde-fuer-fremde-quadrat.png",368,368,false],"event-overview":["https:\/\/www.anika-net.de\/wp-content\/uploads\/2022\/09\/freunde-fuer-fremde-quadrat.png",368,368,false],"event-archive-thumb":["https:\/\/www.anika-net.de\/wp-content\/uploads\/2022\/09\/freunde-fuer-fremde-quadrat.png",368,368,false],"grid-item-thumbnail":["https:\/\/www.anika-net.de\/wp-content\/uploads\/2022\/09\/freunde-fuer-fremde-quadrat-360x200.png",360,200,true],"network-partner-icon":["https:\/\/www.anika-net.de\/wp-content\/uploads\/2022\/09\/freunde-fuer-fremde-quadrat-100x100.png",100,100,true],"organiser-icon":["https:\/\/www.anika-net.de\/wp-content\/uploads\/2022\/09\/freunde-fuer-fremde-quadrat-200x200.png",200,200,true],"gform-image-choice-sm":["https:\/\/www.anika-net.de\/wp-content\/uploads\/2022\/09\/freunde-fuer-fremde-quadrat.png",300,300,false],"gform-image-choice-md":["https:\/\/www.anika-net.de\/wp-content\/uploads\/2022\/09\/freunde-fuer-fremde-quadrat.png",368,368,false],"gform-image-choice-lg":["https:\/\/www.anika-net.de\/wp-content\/uploads\/2022\/09\/freunde-fuer-fremde-quadrat.png",368,368,false]},"post_excerpt_stackable_v2":"<p>Unter\u00adst\u00fct\u00adzung in aus\u00adl\u00e4n\u00adder\u00adrecht\u00adli\u00adchen Fra\u00adgen, Umgang mit Beh\u00f6r\u00adden, Arbeits- und Woh\u00adnungs\u00adsu\u00adche sowie bikul\u00adtu\u00adrel\u00adlen Part\u00adner\u00adschaf\u00adten. Bera\u00adtung und Unter\u00adst\u00fct\u00adzung von Freun\u00adde f\u00fcr Frem\u00adde e.V. Der Ver\u00adein Freun\u00adde f\u00fcr Frem\u00adde e.V. in Karls\u00adru\u00adhe f\u00f6r\u00addert Begeg\u00adnun\u00adgen zwi\u00adschen Deut\u00adschen und Men\u00adschen aus ande\u00adren Kul\u00adtu\u00adren, um ein gutes Mit\u00adein\u00adan\u00adder zu erm\u00f6g\u00adli\u00adchen. Unse\u00adre Arbeit umfasst die fol\u00adgen\u00adden Haupt\u00adbe\u00adrei\u00adche: 1. Bera\u00adtun\u00adgen&nbsp;\u00fcber: Aus\u00adl\u00e4n\u00adder\u00adrecht\u00adli\u00adche Fra\u00adgen Umgang mit Beh\u00f6r\u00adden Arbeits- oder Woh\u00adnungs\u00adsu\u00adche Fra\u00adgen bikul\u00adtu\u00adrel\u00adler Part\u00adner\u00adschaft oder sons\u00adti\u00adge anfal\u00adlen\u00adde Pro\u00adble\u00adme Ter\u00admi\u00adne:\ud83d\udcc6 Don\u00adners\u00adtag 10 \u2013 13 Uhr und nach \ud83d\udcde tele\u00adfo\u00adni\u00adscher Ver\u00adein\u00adba\u00adrung 2. Deutsch\u00adun\u00adter\u00adrichtWir bie\u00adten Ein\u00ad\u00adzel- und Grup\u00adpen\u00adun\u00adter\u00adricht an, f\u00fcr Men\u00adschen: die kei\u00adnen Anspruch auf einen Inte\u00adgra\u00adti\u00adons\u00adkurs&nbsp;haben, auf\u00adgrund ihrer per\u00ads\u00f6n\u00adli\u00adchen Situa\u00adti\u00adon nicht teil\u00adneh\u00admen k\u00f6n\u00adnen&nbsp;oder\u2026<\/p>\n","category_list_v2":"","author_info_v2":{"name":"Andrea Ramirez","url":"https:\/\/www.anika-net.de\/de\/author\/andrea-ramirez\/"},"comments_num_v2":"0 comments","uagb_featured_image_src":{"full":["https:\/\/www.anika-net.de\/wp-content\/uploads\/2022\/09\/freunde-fuer-fremde-quadrat.png",368,368,false],"thumbnail":["https:\/\/www.anika-net.de\/wp-content\/uploads\/2022\/09\/freunde-fuer-fremde-quadrat-150x150.png",150,150,true],"medium":["https:\/\/www.anika-net.de\/wp-content\/uploads\/2022\/09\/freunde-fuer-fremde-quadrat-300x300.png",300,300,true],"medium_large":["https:\/\/www.anika-net.de\/wp-content\/uploads\/2022\/09\/freunde-fuer-fremde-quadrat.png",368,368,false],"large":["https:\/\/www.anika-net.de\/wp-content\/uploads\/2022\/09\/freunde-fuer-fremde-quadrat.png",368,368,false],"1536x1536":["https:\/\/www.anika-net.de\/wp-content\/uploads\/2022\/09\/freunde-fuer-fremde-quadrat.png",368,368,false],"2048x2048":["https:\/\/www.anika-net.de\/wp-content\/uploads\/2022\/09\/freunde-fuer-fremde-quadrat.png",368,368,false],"event-overview":["https:\/\/www.anika-net.de\/wp-content\/uploads\/2022\/09\/freunde-fuer-fremde-quadrat.png",368,368,false],"event-archive-thumb":["https:\/\/www.anika-net.de\/wp-content\/uploads\/2022\/09\/freunde-fuer-fremde-quadrat.png",368,368,false],"grid-item-thumbnail":["https:\/\/www.anika-net.de\/wp-content\/uploads\/2022\/09\/freunde-fuer-fremde-quadrat-360x200.png",360,200,true],"network-partner-icon":["https:\/\/www.anika-net.de\/wp-content\/uploads\/2022\/09\/freunde-fuer-fremde-quadrat-100x100.png",100,100,true],"organiser-icon":["https:\/\/www.anika-net.de\/wp-content\/uploads\/2022\/09\/freunde-fuer-fremde-quadrat-200x200.png",200,200,true],"gform-image-choice-sm":["https:\/\/www.anika-net.de\/wp-content\/uploads\/2022\/09\/freunde-fuer-fremde-quadrat.png",300,300,false],"gform-image-choice-md":["https:\/\/www.anika-net.de\/wp-content\/uploads\/2022\/09\/freunde-fuer-fremde-quadrat.png",368,368,false],"gform-image-choice-lg":["https:\/\/www.anika-net.de\/wp-content\/uploads\/2022\/09\/freunde-fuer-fremde-quadrat.png",368,368,false]},"uagb_author_info":{"display_name":"Andrea Ramirez","author_link":"https:\/\/www.anika-net.de\/de\/author\/andrea-ramirez\/"},"uagb_comment_info":0,"uagb_excerpt":"Unter\u00adst\u00fct\u00adzung in aus\u00adl\u00e4n\u00adder\u00adrecht\u00adli\u00adchen Fra\u00adgen, Umgang mit Beh\u00f6r\u00adden, Arbeits- und Woh\u00adnungs\u00adsu\u00adche sowie bikul\u00adtu\u00adrel\u00adlen Partnerschaften. Bera\u00adtung und Unter\u00adst\u00fct\u00adzung von Freun\u00adde f\u00fcr Frem\u00adde e.V. Der Ver\u00adein Freun\u00adde f\u00fcr Frem\u00adde e.V. in Karls\u00adru\u00adhe f\u00f6r\u00addert&nbsp;mehr","_links":{"self":[{"href":"https:\/\/www.anika-net.de\/de\/wp-json\/wp\/v2\/event\/59206","targetHints":{"allow":["GET"]}}],"collection":[{"href":"https:\/\/www.anika-net.de\/de\/wp-json\/wp\/v2\/event"}],"about":[{"href":"https:\/\/www.anika-net.de\/de\/wp-json\/wp\/v2\/types\/event"}],"author":[{"embeddable":true,"href":"https:\/\/www.anika-net.de\/de\/wp-json\/wp\/v2\/users\/12"}],"version-history":[{"count":4,"href":"https:\/\/www.anika-net.de\/de\/wp-json\/wp\/v2\/event\/59206\/revisions"}],"predecessor-version":[{"id":118631,"href":"https:\/\/www.anika-net.de\/de\/wp-json\/wp\/v2\/event\/59206\/revisions\/118631"}],"acf:post":[{"embeddable":true,"href":"https:\/\/www.anika-net.de\/de\/wp-json\/wp\/v2\/organiser\/8118"}],"acf:term":[{"embeddable":true,"taxonomy":"event_category","href":"https:\/\/www.anika-net.de\/de\/wp-json\/wp\/v2\/event_category\/55"}],"wp:featuredmedia":[{"embeddable":true,"href":"https:\/\/www.anika-net.de\/de\/wp-json\/wp\/v2\/media\/26510"}],"wp:attachment":[{"href":"https:\/\/www.anika-net.de\/de\/wp-json\/wp\/v2\/media?parent=59206"}],"curies":[{"name":"wp","href":"https:\/\/api.w.org\/{rel}","templated":true}]}}