{"id":55565,"date":"2024-11-21T10:49:04","date_gmt":"2024-11-21T09:49:04","guid":{"rendered":"https:\/\/www.anika-net.de\/event\/waldklassenzimmer\/"},"modified":"2025-06-05T12:17:09","modified_gmt":"2025-06-05T10:17:09","slug":"waldklassenzimmer","status":"publish","type":"event","link":"https:\/\/www.anika-net.de\/de\/event\/waldklassenzimmer\/","title":{"rendered":"Wald\u00adklas\u00adsen\u00adzim\u00admer"},"content":{"rendered":"<p>Das \u2197\ufe0f <a href=\"https:\/\/www.waldpaedagogik-karlsruhe.de\/aktuelles\/\" rel=\"noopener\"><em><strong><span style=\"color: #008080;\">Wald\u00adklas\u00adsen\u00adzim\u00admer<\/span><\/strong><\/em><\/a><em><strong>&nbsp;<\/strong><\/em> wird bereits seit 1996 als Anlauf\u00adstel\u00adle f\u00fcr wald\u00adp\u00e4d\u00adago\u00adgi\u00adsche Ver\u00adan\u00adstal\u00adtun\u00adgen genutzt. Eine Nut\u00adzung ist nur nach vor\u00adhe\u00adri\u00adger Anmel\u00addung oder an den Ent\u00adde\u00adcker- bzw. Bas\u00adtel\u00adta\u00adgen im Jah\u00adres\u00adpro\u00adgramm m\u00f6glich.<\/p>\n<h1><span style=\"color: #333399;\"><strong>Wald\u00adklas\u00adsen\u00adzim\u00admer \ud83c\udf3f<br>\n<\/strong><\/span><\/h1>\n<p><span style=\"color: #666699;\"><strong>Akti\u00adons\u00adbe\u00adreich:<\/strong><\/span> Hier k\u00f6n\u00adnen die Kin\u00adder ihrem nat\u00fcr\u00adli\u00adchen Bed\u00fcrf\u00adnis nach Bewe\u00adgung nach\u00adkom\u00admen und klet\u00adtern, balan\u00adcie\u00adren, ren\u00adnen, toben und dabie die moto\u00adri\u00adschen Kom\u00adpe\u00adten\u00adzen f\u00f6rdern.<br>\nOb Baum\u00adla\u00adby\u00adrinth, Kanin\u00adchen\u00adbau, Aben\u00adteu\u00ader\u00adpar\u00adcours oder Baum\u00adhaus \u2013 die Kin\u00adder ent\u00adwi\u00adckeln schnell Ideen, Aktio\u00adnen und Rol\u00adlen\u00adspie\u00adle, die nicht vor\u00adge\u00adge\u00adben, son\u00addern aus der eige\u00adnen Fan\u00adta\u00adsie her\u00adaus ent\u00adwi\u00adckelt werden.<\/p>\n<p><strong><span style=\"color: #666699;\">Sin\u00adnes\u00adbe\u00adreich:<\/span><\/strong> Natur wird am Wald\u00adklas\u00adsen\u00adzim\u00admer nicht nur kogni\u00adtiv, son\u00addern mit allen Sin\u00adnen erlebt. Ein Bar\u00adfu\u00df\u00adpar\u00adcours, die Klang\u00adh\u00fct\u00adte und der Sin\u00adnes\u00adpfad laden hier\u00adzu&nbsp;ein.<\/p>\n<p><strong><span style=\"color: #666699;\">Bio\u00adtop\u00adbe\u00adreich:<\/span>&nbsp;<\/strong>Im Bio\u00adtop\u00adbe\u00adreich laden unter ande\u00adrem ein: Teich, Streu\u00adobst\u00adwie\u00adse, Tro\u00adcken\u00admau\u00ader oder Garten.<br>\nDie\u00adse Lebens\u00adr\u00e4u\u00adme bie\u00adten sich zum Ver\u00adgleich mit dem \u00d6ko\u00adsys\u00adtem Wald an. Mit Hil\u00adfe der Wild\u00adbie\u00adnen\u00adwand oder der Tier-WG wer\u00adden Ma\u00df\u00adnah\u00admen zum ange\u00adwand\u00adten Arten\u00adschutz vorgestellt.<\/p>\n<h3><strong><span style=\"color: #008080;\">Jah\u00adres\u00adpro\u00adgramm \u2013 <\/span><\/strong><span style=\"color: #008080;\">Wald\u00adklas\u00adsen\u00adzim\u00admer<\/span><\/h3>\n<p>Das \u2197\ufe0f <a href=\"https:\/\/www.waldpaedagogik-karlsruhe.de\/jahresprogramm\/\" rel=\"noopener\"><strong>j\u00e4hr\u00adli\u00adche Pro\u00adgramm<\/strong><\/a> rich\u00adtet sich an Fami\u00adli\u00aden und Erwach\u00adse\u00adne, die sich in ihrer Frei\u00adzeit f\u00fcr den Wald, die Natur und Umwelt\u00adthe\u00admen inter\u00ades\u00adsie\u00adren und Spa\u00df an gemein\u00adsa\u00admen Erleb\u00adnis\u00adsen in einer Grup\u00adpe haben. F\u00fcr Kin\u00adder haben wir meh\u00adre\u00adre Feri\u00aden\u00adan\u00adge\u00adbo\u00adte im Programm.<\/p>\n<h3><span style=\"color: #800080;\">Fami\u00adli\u00aden auf dem Weg in den&nbsp;Wald<\/span><\/h3>\n<p>Hier fin\u00adden Sie \u2197\ufe0f <strong><a href=\"https:\/\/www.waldpaedagogik-karlsruhe.de\/weitere-angebote\/auf-eigene-faust-im-wald-unterwegs\/\" rel=\"noopener\">ver\u00adschie\u00adde\u00adne Akti\u00advi\u00adt\u00e4\u00adten f\u00fcr Fami\u00adli\u00aden<\/a><\/strong> die Sie auf eige\u00adne Faust und ohne Anlei\u00adtung unter\u00adneh\u00admen k\u00f6n\u00adnen. Sie erhal\u00adten einen \u00dcber\u00adblick \u00fcber die Wald\u00adspiel\u00adpl\u00e4t\u00adze und Wald\u00ader\u00adleb\u00adnis\u00adpfa\u00adde in der Umge\u00adbung. Wir haben auch ver\u00adschie\u00adde\u00adne Ral\u00adlyes f\u00fcr Sie zusammengestellt.<\/p>\n<h4><span style=\"color: #008080;\">Anfahrts\u00adbe\u00adschrei\u00adbung<\/span><\/h4>\n<p>Das Wald\u00adklas\u00adsen\u00adzim\u00admer liegt mit\u00adten im Hardt\u00adwald am Kanal\u00adweg zwi\u00adschen der Lin\u00adken\u00adhei\u00admer und der Gra\u00adbe\u00adner&nbsp;Allee.<br>\nDas benach\u00adbar\u00adte Wald\u00adzen\u00adtrum ist etwa 200 Meter ent\u00adfernt und zu Fu\u00df \u00fcber den R\u00e4t\u00adsel\u00adwald zu errei\u00adchen. \u2197\ufe0f <strong><a href=\"https:\/\/www.waldpaedagogik-karlsruhe.de\/home\/kontakt\/\" rel=\"noopener\">Lage\u00adplan<\/a><\/strong><\/p>\n","protected":false},"author":12,"featured_media":55551,"template":"","class_list":["post-55565","event","type-event","status-publish","has-post-thumbnail","hentry","event_category-freizeit"],"acf":{"event-recurring":true,"event-category":268,"event-is-language-course":false,"event-recurring-still-active":true,"event-display-details":true,"event-schedules-recurring":[{"event-recurring-week-day":"0","event-recurring-time":"9:00 - 11:00","event-recurring-time-text":""},{"event-recurring-week-day":"1","event-recurring-time":"14:00 - 16:00","event-recurring-time-text":""},{"event-recurring-week-day":"2","event-recurring-time":"14:00 - 16:00","event-recurring-time-text":""}],"event-schedules-calendar":null,"event-is-online":false,"event-online-url":"","event-location-building":"Waldklassenzimmer","event-location-street":"Linkenheimer Allee 10","event-location-zip":"76131","event-location-city":"Karlsruhe","event-location-contact-person":"","event-location-phone":"0721\/ 1337354","event-location-phone-2":"","event-location-mail":"waldpaedagogik@fa.karlsruhe.de","event-location-mail-2":"","event-location-website":"","event-target-group":[{"target-group":"families"},{"target-group":"teens"},{"target-group":"children"}],"event-target-group-comment":"","event-free":false,"event-organiser":[55526],"event-header-copyright-overlay":true,"event-copyright-note-description-end":false},"featured_image_urls_v2":{"full":["https:\/\/www.anika-net.de\/wp-content\/uploads\/2024\/11\/Waldklassenzimmer-Karlsruhe-scaled.jpg",2560,1707,false],"thumbnail":["https:\/\/www.anika-net.de\/wp-content\/uploads\/2024\/11\/Waldklassenzimmer-Karlsruhe-150x150.jpg",150,150,true],"medium":["https:\/\/www.anika-net.de\/wp-content\/uploads\/2024\/11\/Waldklassenzimmer-Karlsruhe-300x200.jpg",300,200,true],"medium_large":["https:\/\/www.anika-net.de\/wp-content\/uploads\/2024\/11\/Waldklassenzimmer-Karlsruhe-768x512.jpg",640,427,true],"large":["https:\/\/www.anika-net.de\/wp-content\/uploads\/2024\/11\/Waldklassenzimmer-Karlsruhe-1024x683.jpg",640,427,true],"1536x1536":["https:\/\/www.anika-net.de\/wp-content\/uploads\/2024\/11\/Waldklassenzimmer-Karlsruhe-1536x1024.jpg",1536,1024,true],"2048x2048":["https:\/\/www.anika-net.de\/wp-content\/uploads\/2024\/11\/Waldklassenzimmer-Karlsruhe-2048x1365.jpg",2048,1365,true],"event-overview":["https:\/\/www.anika-net.de\/wp-content\/uploads\/2024\/11\/Waldklassenzimmer-Karlsruhe-960x640.jpg",960,640,true],"event-archive-thumb":["https:\/\/www.anika-net.de\/wp-content\/uploads\/2024\/11\/Waldklassenzimmer-Karlsruhe-480x320.jpg",480,320,true],"grid-item-thumbnail":["https:\/\/www.anika-net.de\/wp-content\/uploads\/2024\/11\/Waldklassenzimmer-Karlsruhe-360x200.jpg",360,200,true],"network-partner-icon":["https:\/\/www.anika-net.de\/wp-content\/uploads\/2024\/11\/Waldklassenzimmer-Karlsruhe-100x100.jpg",100,100,true],"organiser-icon":["https:\/\/www.anika-net.de\/wp-content\/uploads\/2024\/11\/Waldklassenzimmer-Karlsruhe-200x200.jpg",200,200,true],"gform-image-choice-sm":["https:\/\/www.anika-net.de\/wp-content\/uploads\/2024\/11\/Waldklassenzimmer-Karlsruhe-300x300.jpg",300,300,true],"gform-image-choice-md":["https:\/\/www.anika-net.de\/wp-content\/uploads\/2024\/11\/Waldklassenzimmer-Karlsruhe-400x400.jpg",400,400,true],"gform-image-choice-lg":["https:\/\/www.anika-net.de\/wp-content\/uploads\/2024\/11\/Waldklassenzimmer-Karlsruhe-600x600.jpg",600,600,true]},"post_excerpt_stackable_v2":"<p>Das \u2197\ufe0f Wald\u00adklas\u00adsen\u00adzim\u00admer&nbsp; wird bereits seit 1996 als Anlauf\u00adstel\u00adle f\u00fcr wald\u00adp\u00e4d\u00adago\u00adgi\u00adsche Ver\u00adan\u00adstal\u00adtun\u00adgen genutzt. Eine Nut\u00adzung ist nur nach vor\u00adhe\u00adri\u00adger Anmel\u00addung oder an den Ent\u00ad\u00adde\u00ad\u00adcker- bzw. Bas\u00adtel\u00adta\u00adgen im Jah\u00adres\u00adpro\u00adgramm m\u00f6g\u00adlich. Wald\u00adklas\u00adsen\u00adzim\u00admer \ud83c\udf3f Akti\u00adons\u00adbe\u00adreich: Hier k\u00f6n\u00adnen die Kin\u00adder ihrem nat\u00fcr\u00adli\u00adchen Bed\u00fcrf\u00adnis nach Bewe\u00adgung nach\u00adkom\u00admen und klet\u00adtern, balan\u00adcie\u00adren, ren\u00adnen, toben und dabie die moto\u00adri\u00adschen Kom\u00adpe\u00adten\u00adzen f\u00f6r\u00addern. Ob Baum\u00adla\u00adby\u00adrinth, Kanin\u00adchen\u00adbau, Aben\u00adteu\u00ader\u00adpar\u00adcours oder Baum\u00adhaus \u2013 die Kin\u00adder ent\u00adwi\u00adckeln schnell Ideen, Aktio\u00adnen und Rol\u00adlen\u00adspie\u00adle, die nicht vor\u00adge\u00adge\u00adben, son\u00addern aus der eige\u00adnen Fan\u00adta\u00adsie her\u00adaus ent\u00adwi\u00adckelt wer\u00adden. Sin\u00adnes\u00adbe\u00adreich: Natur wird am Wald\u00adklas\u00adsen\u00adzim\u00admer nicht nur kogni\u00adtiv, son\u00addern mit allen Sin\u00adnen erlebt. Ein Bar\u00adfu\u00df\u00adpar\u00adcours, die Klang\u00adh\u00fct\u00adte und der Sin\u00adnes\u00adpfad&nbsp;laden\u2026<\/p>\n","category_list_v2":"","author_info_v2":{"name":"Andrea Ramirez","url":"https:\/\/www.anika-net.de\/de\/author\/andrea-ramirez\/"},"comments_num_v2":"0 comments","uagb_featured_image_src":{"full":["https:\/\/www.anika-net.de\/wp-content\/uploads\/2024\/11\/Waldklassenzimmer-Karlsruhe-scaled.jpg",2560,1707,false],"thumbnail":["https:\/\/www.anika-net.de\/wp-content\/uploads\/2024\/11\/Waldklassenzimmer-Karlsruhe-150x150.jpg",150,150,true],"medium":["https:\/\/www.anika-net.de\/wp-content\/uploads\/2024\/11\/Waldklassenzimmer-Karlsruhe-300x200.jpg",300,200,true],"medium_large":["https:\/\/www.anika-net.de\/wp-content\/uploads\/2024\/11\/Waldklassenzimmer-Karlsruhe-768x512.jpg",640,427,true],"large":["https:\/\/www.anika-net.de\/wp-content\/uploads\/2024\/11\/Waldklassenzimmer-Karlsruhe-1024x683.jpg",640,427,true],"1536x1536":["https:\/\/www.anika-net.de\/wp-content\/uploads\/2024\/11\/Waldklassenzimmer-Karlsruhe-1536x1024.jpg",1536,1024,true],"2048x2048":["https:\/\/www.anika-net.de\/wp-content\/uploads\/2024\/11\/Waldklassenzimmer-Karlsruhe-2048x1365.jpg",2048,1365,true],"event-overview":["https:\/\/www.anika-net.de\/wp-content\/uploads\/2024\/11\/Waldklassenzimmer-Karlsruhe-960x640.jpg",960,640,true],"event-archive-thumb":["https:\/\/www.anika-net.de\/wp-content\/uploads\/2024\/11\/Waldklassenzimmer-Karlsruhe-480x320.jpg",480,320,true],"grid-item-thumbnail":["https:\/\/www.anika-net.de\/wp-content\/uploads\/2024\/11\/Waldklassenzimmer-Karlsruhe-360x200.jpg",360,200,true],"network-partner-icon":["https:\/\/www.anika-net.de\/wp-content\/uploads\/2024\/11\/Waldklassenzimmer-Karlsruhe-100x100.jpg",100,100,true],"organiser-icon":["https:\/\/www.anika-net.de\/wp-content\/uploads\/2024\/11\/Waldklassenzimmer-Karlsruhe-200x200.jpg",200,200,true],"gform-image-choice-sm":["https:\/\/www.anika-net.de\/wp-content\/uploads\/2024\/11\/Waldklassenzimmer-Karlsruhe-300x300.jpg",300,300,true],"gform-image-choice-md":["https:\/\/www.anika-net.de\/wp-content\/uploads\/2024\/11\/Waldklassenzimmer-Karlsruhe-400x400.jpg",400,400,true],"gform-image-choice-lg":["https:\/\/www.anika-net.de\/wp-content\/uploads\/2024\/11\/Waldklassenzimmer-Karlsruhe-600x600.jpg",600,600,true]},"uagb_author_info":{"display_name":"Andrea Ramirez","author_link":"https:\/\/www.anika-net.de\/de\/author\/andrea-ramirez\/"},"uagb_comment_info":0,"uagb_excerpt":"Das \u2197\ufe0f Wald\u00adklas\u00adsen\u00adzim\u00admer&nbsp; wird bereits seit 1996 als Anlauf\u00adstel\u00adle f\u00fcr wald\u00adp\u00e4d\u00adago\u00adgi\u00adsche Ver\u00adan\u00adstal\u00adtun\u00adgen genutzt. Eine Nut\u00adzung ist nur nach vor\u00adhe\u00adri\u00adger Anmel\u00addung oder an den Ent\u00adde\u00adcker- bzw. Bas\u00adtel\u00adta\u00adgen im Jah\u00adres\u00adpro\u00adgramm m\u00f6glich. Wald\u00adklas\u00adsen\u00adzim\u00admer&nbsp;mehr","_links":{"self":[{"href":"https:\/\/www.anika-net.de\/de\/wp-json\/wp\/v2\/event\/55565","targetHints":{"allow":["GET"]}}],"collection":[{"href":"https:\/\/www.anika-net.de\/de\/wp-json\/wp\/v2\/event"}],"about":[{"href":"https:\/\/www.anika-net.de\/de\/wp-json\/wp\/v2\/types\/event"}],"author":[{"embeddable":true,"href":"https:\/\/www.anika-net.de\/de\/wp-json\/wp\/v2\/users\/12"}],"version-history":[{"count":7,"href":"https:\/\/www.anika-net.de\/de\/wp-json\/wp\/v2\/event\/55565\/revisions"}],"predecessor-version":[{"id":55584,"href":"https:\/\/www.anika-net.de\/de\/wp-json\/wp\/v2\/event\/55565\/revisions\/55584"}],"acf:post":[{"embeddable":true,"href":"https:\/\/www.anika-net.de\/de\/wp-json\/wp\/v2\/organiser\/55526"}],"acf:term":[{"embeddable":true,"taxonomy":"event_category","href":"https:\/\/www.anika-net.de\/de\/wp-json\/wp\/v2\/event_category\/268"}],"wp:featuredmedia":[{"embeddable":true,"href":"https:\/\/www.anika-net.de\/de\/wp-json\/wp\/v2\/media\/55551"}],"wp:attachment":[{"href":"https:\/\/www.anika-net.de\/de\/wp-json\/wp\/v2\/media?parent=55565"}],"curies":[{"name":"wp","href":"https:\/\/api.w.org\/{rel}","templated":true}]}}