{"id":4469,"date":"2020-02-25T12:35:14","date_gmt":"2020-02-25T11:35:14","guid":{"rendered":"https:\/\/www.anika-net.de\/?post_type=event&#038;p=4469"},"modified":"2026-02-02T18:04:16","modified_gmt":"2026-02-02T17:04:16","slug":"lernbox-fluechtlingshilfe-karlsruhe","status":"publish","type":"event","link":"https:\/\/www.anika-net.de\/de\/event\/lernbox-fluechtlingshilfe-karlsruhe\/","title":{"rendered":"LERNBOX &amp; Will\u00adkom\u00admens\u00adca\u00adf\u00e9 der Fl\u00fccht\u00adlings\u00adhil\u00adfe Karlsruhe"},"content":{"rendered":"\n<h1 class=\"wp-block-heading\"><span style=\"color: #ffcc00;\">LERNBOX &amp; Will\u00adkom\u00admens\u00adca\u00adf\u00e9 <span style=\"color: #666699;\">- Fl\u00fccht\u00adlings\u00adhil\u00adfe Karls\u00adru\u00adhe e.V.<\/span><\/span><\/h1>\n\n\n\n<p>Aktu\u00adell fin\u00adden die Pro\u00adjek\u00adte <strong>LERNBOX<\/strong> und <strong>Will\u00adkom\u00admens\u00adca\u00adf\u00e9 SALON RESOURCE<\/strong> der Fl\u00fccht\u00adlings\u00adhil\u00adfe Karls\u00adru\u00adhe e.V. jeden Nach\u00admit\u00adtag von <strong>Mon\u00adtag bis Don\u00adners\u00adtag von 15 bis 18 Uhr <\/strong>im Haus Alter Schlacht\u00adhof 11 in Karls\u00adru\u00adhe&nbsp;statt.<\/p>\n\n\n\n<p>Hier bei der Fl\u00fccht\u00adlings\u00adhil\u00adfe Karls\u00adru\u00adhe e.V. k\u00f6n\u00adnen Sie Deutsch ler\u00adnen, ande\u00adre Men\u00adschen ken\u00adnen\u00adler\u00adnen und vie\u00adles mehr, was Fl\u00fccht\u00adlin\u00adge unter\u00adst\u00fctzt und ihnen die Teil\u00adha\u00adbe an unse\u00adrer Gesell\u00adschaft erm\u00f6glicht.<\/p>\n\n\n\n<p>\ud83d\udc41\ufe0f\u200d\ud83d\udde8\ufe0f <strong>Bit\u00adte beachten<\/strong><\/p>\n\n\n\n<p><strong>Anmel\u00addung ist erfor\u00adder\u00adlich:<\/strong><br>\ud83d\udce7 info@fluechtlingshilfe-karlsruhe.de<br>\ud83d\udcde 0170\u201329219 99<\/p>\n\n\n\n<h3 class=\"wp-block-heading\"><em><strong>Alle sind uns herz\u00adlich will\u00adkom\u00admen<\/strong> \u2764<\/em><\/h3>\n\n\n\n<div class=\"wp-block-stackable-tabs stk-block-tabs stk-block stk-6bc0dda\" data-initial-tab=\"1\" data-block-id=\"6bc0dda\"><style>.stk-6bc0dda .stk-block-tab-content .stk-block-content .stk-block-column[hidden]{display:none !important;}<\/style><div class=\"stk-row stk-inner-blocks stk-block-content stk-block-tabs--horizontal stk-block-tabs--fade stk-content-align stk-6bc0dda-column\">\n<div class=\"wp-block-stackable-tab-labels stk-block-tab-labels stk-block stk-2ed729a\" data-block-id=\"2ed729a\"><style>.stk-2ed729a .stk-block-tabs__tab{color:#999999 !important;background:transparent !important;border-style:solid !important;border-color:transparent !important;border-top-width:0px !important;border-right-width:0px !important;border-bottom-width:2px !important;border-left-width:0px !important;}.stk-2ed729a .stk-block-tabs__tab.stk-block-tabs__tab--active .stk-block-tab-labels__text{color:#000000 !important;}.stk-2ed729a {box-shadow:inset 0px -1px 0px 0px #0000001a !important;}.stk-2ed729a .stk-block-tab-labels__text{color:#999999 !important;}.stk-2ed729a .stk-block-tabs__tab .stk--inner-svg svg:last-child, .stk-2ed729a .stk-block-tabs__tab .stk--inner-svg svg:last-child :is(g, path, rect, polygon, ellipse){fill:#909090 !important;}.stk-2ed729a .stk-block-tabs__tab:not(.stk-block-tabs__tab--active):hover .stk--inner-svg svg:last-child, .stk-2ed729a .stk-block-tabs__tab:not(.stk-block-tabs__tab--active):hover .stk--inner-svg svg:last-child :is(g, path, rect, polygon, ellipse){fill:#909090 !important;}.stk-2ed729a .stk-block-tabs__tab.stk-block-tabs__tab--active{border-color:#000000 !important;}.stk-2ed729a .stk-block-tabs__tab.stk-block-tabs__tab--active .stk--inner-svg svg:last-child, .stk-2ed729a .stk-block-tabs__tab.stk-block-tabs__tab--active .stk--inner-svg svg:last-child :is(g, path, rect, polygon, ellipse){fill:#000000 !important;}.stk-2ed729a .stk-block-tabs__tab.stk-block-tabs__tab--active:hover .stk--inner-svg svg:last-child, .stk-2ed729a .stk-block-tabs__tab.stk-block-tabs__tab--active:hover .stk--inner-svg svg:last-child :is(g, path, rect, polygon, ellipse){fill:#000000 !important;}<\/style><div class=\"stk-block-tab-labels__wrapper\" role=\"tablist\"><button class=\"stk-block-tabs__tab\" role=\"tab\"><div class=\"stk-block-tab-labels__text\"><span>Lerntandems<\/span><\/div><\/button><button class=\"stk-block-tabs__tab\" role=\"tab\"><div class=\"stk-block-tab-labels__text\"><span>Durch den Beh\u00f6rdendschungel<\/span><\/div><\/button><\/div><\/div>\n\n\n\n<div class=\"wp-block-stackable-tab-content stk-block-tab-content stk-block stk-213cc7d\" data-block-id=\"213cc7d\"><div class=\"stk-row stk-inner-blocks stk-block-content stk-content-align stk-213cc7d-column\">\n<div class=\"wp-block-stackable-column stk-block-column stk-column stk-block stk-19f854f\" data-v=\"4\" role=\"tabpanel\" data-block-id=\"19f854f\"><div class=\"stk-column-wrapper stk-block-column__content stk-container stk-19f854f-container stk--no-background stk--no-padding\"><div class=\"stk-block-content stk-inner-blocks stk-19f854f-inner-blocks\">\n<p>Ob Deutsch, Eng\u00adlisch oder Che\u00admie: die Gefl\u00fcch\u00adte\u00adten, die zu uns kom\u00admen, haben einen indi\u00advi\u00addu\u00adel\u00adlen Bedarf an Nach\u00adhil\u00adfe. Sie besu\u00adchen eine Schu\u00adle, machen eine Aus\u00adbil\u00addung oder gehen zur Uni. Dem\u00adentspre\u00adchend breit ist das Ange\u00adbot an Nach\u00adhil\u00adfe\u00adf\u00e4\u00adcher. Wenn Sie sich in einem The\u00admen\u00adge\u00adbiet fit f\u00fch\u00adlen, suchen wir nach einer pas\u00adsen\u00adden Per\u00adson, die Ihre Unter\u00adst\u00fct\u00adzung gut gebrau\u00adchen k\u00f6nn\u00adte. <br><br>Die Tref\u00adfen fin\u00adden bei unse\u00adren R\u00e4um\u00adlich\u00adkei\u00adten auf dem <strong>Alten Schlacht\u00adhof 11<\/strong> statt oder <strong>online<\/strong>. Unse\u00adre Koor\u00addi\u00adna\u00adto\u00adrin ist Ihre Ansprech\u00adpart\u00adne\u00adrin und beglei\u00adtet Ihr Tan\u00addem. Es gibt au\u00dfer\u00addem regel\u00adm\u00e4\u00ad\u00dfi\u00adge Tref\u00adfen, bei denen wir uns alle im Team aus\u00adtau\u00adschen k\u00f6nnen.<\/p>\n<\/div><\/div><\/div>\n\n\n\n<div class=\"wp-block-stackable-column stk-block-column stk-column stk-block stk-568b4fe\" data-v=\"4\" role=\"tabpanel\" data-block-id=\"568b4fe\"><div class=\"stk-column-wrapper stk-block-column__content stk-container stk-568b4fe-container stk--no-background stk--no-padding\"><div class=\"stk-block-content stk-inner-blocks stk-568b4fe-inner-blocks\">\n<p>Ein amt\u00adli\u00adcher Brief steckt im Brief\u00adkas\u00adten, aber man ver\u00adsteht ihn nicht. Das Job\u00adcen\u00adter schickt For\u00admu\u00adla\u00adre, die aus\u00adge\u00adf\u00fcllt wer\u00adden m\u00fcs\u00adsen. Und wie schreibt man eine Bewer\u00adbung f\u00fcr ein Prak\u00adti\u00adkum? F\u00fcr vie\u00adle Gefl\u00fcch\u00adte\u00adte sind Beh\u00f6r\u00adden\u00adg\u00e4n\u00adge eine ech\u00adte Her\u00adaus\u00adfor\u00adde\u00adrung. <br><br>Wir bei der Fl\u00fccht\u00adlings\u00adhil\u00adfe hel\u00adfen dabei, lesen eine Bewer\u00adbung gegen oder grei\u00adfen zum Tele\u00adfon\u00adh\u00f6\u00adrer und fra\u00adgen im Job\u00adcen\u00adter nach. <br><br>Viel\u00adleicht haben Sie Zeit und Lust, uns dabei zu unterst\u00fctzen?<\/p>\n<\/div><\/div><\/div>\n<\/div><\/div>\n<\/div><\/div>\n\n\n\n<div class=\"wp-block-stackable-divider stk-block-divider stk-block stk-183f73d\" data-block-id=\"183f73d\"><hr class=\"stk-block-divider__hr\"><\/div>\n\n\n\n<p><strong><span style=\"color: #969a9e;\" class=\"stk-highlight\">Wei\u00adte\u00adre Pro\u00adjek\u00adte von Fl\u00fccht\u00adlings\u00adhil\u00adfe Karls\u00adru\u00adhe e.V. <\/span><\/strong><\/p>\n\n\n\n<ul class=\"wp-block-list\">\n<li><strong>\u2197<\/strong> <strong><a href=\"https:\/\/www.anika-net.de\/event\/stadtpiraten-karlsruhe\/\">Stadt\u00adpi\u00adra\u00adten Karls\u00adru\u00adhe \u2013 Kinderprojekt<\/a><\/strong><\/li>\n<\/ul>\n\n\n\n<div class=\"wp-block-stackable-spacer stk-block-spacer stk--no-padding stk-block stk-424f871\" data-block-id=\"424f871\"><\/div>\n","protected":false},"author":12,"featured_media":117829,"template":"","class_list":["post-4469","event","type-event","status-publish","has-post-thumbnail","hentry","event_category-hilfsangebote"],"acf":{"event-recurring":true,"event-category":55,"event-is-language-course":false,"event-recurring-still-active":true,"event-display-details":true,"event-schedules-recurring":[{"event-recurring-week-day":"0","event-recurring-time":"15:00 - 18:00","event-recurring-time-text":""},{"event-recurring-week-day":"1","event-recurring-time":"15:00 - 18:00","event-recurring-time-text":""},{"event-recurring-week-day":"2","event-recurring-time":"15:00 - 18:00","event-recurring-time-text":""},{"event-recurring-week-day":"3","event-recurring-time":"15:00 - 18:00","event-recurring-time-text":""}],"event-schedules-calendar":null,"event-is-online":false,"event-online-url":"","event-location-building":"Fl\u00fcchtlingshilfe Karlsruhe e.V.","event-location-street":"Alter Schlachthof 11 (Haltestelle Tullastr.)","event-location-zip":"76131","event-location-city":"Karlsruhe","event-location-contact-person":"Gertrud Weber (Coodinator)","event-location-phone":"0170\/ 29219 99","event-location-phone-2":"","event-location-mail":"info@fluechtlingshilfe-karlsruhe.de","event-location-mail-2":"","event-location-website":"https:\/\/fluechtlingshilfe-karlsruhe.de\/","event-target-group":[{"target-group":""}],"event-target-group-comment":"F\u00fcr alle, die Deutsch lernen wollen, auch f\u00fcr Menschen, die (noch) keine Sprach- oder Integrationskurse besuchen d\u00fcrfen","event-free":true,"event-organiser":[6812],"event-header-copyright-overlay":true,"event-copyright-note-description-end":true},"featured_image_urls_v2":{"full":["https:\/\/www.anika-net.de\/wp-content\/uploads\/2020\/02\/Fluechtlingshilfe-KA.jpeg",1380,1602,false],"thumbnail":["https:\/\/www.anika-net.de\/wp-content\/uploads\/2020\/02\/Fluechtlingshilfe-KA-150x150.jpeg",150,150,true],"medium":["https:\/\/www.anika-net.de\/wp-content\/uploads\/2020\/02\/Fluechtlingshilfe-KA-258x300.jpeg",258,300,true],"medium_large":["https:\/\/www.anika-net.de\/wp-content\/uploads\/2020\/02\/Fluechtlingshilfe-KA-768x892.jpeg",640,743,true],"large":["https:\/\/www.anika-net.de\/wp-content\/uploads\/2020\/02\/Fluechtlingshilfe-KA-882x1024.jpeg",640,743,true],"1536x1536":["https:\/\/www.anika-net.de\/wp-content\/uploads\/2020\/02\/Fluechtlingshilfe-KA-1323x1536.jpeg",1323,1536,true],"2048x2048":["https:\/\/www.anika-net.de\/wp-content\/uploads\/2020\/02\/Fluechtlingshilfe-KA.jpeg",1380,1602,false],"event-overview":["https:\/\/www.anika-net.de\/wp-content\/uploads\/2020\/02\/Fluechtlingshilfe-KA-960x640.jpeg",960,640,true],"event-archive-thumb":["https:\/\/www.anika-net.de\/wp-content\/uploads\/2020\/02\/Fluechtlingshilfe-KA-480x557.jpeg",480,557,true],"grid-item-thumbnail":["https:\/\/www.anika-net.de\/wp-content\/uploads\/2020\/02\/Fluechtlingshilfe-KA-360x200.jpeg",360,200,true],"network-partner-icon":["https:\/\/www.anika-net.de\/wp-content\/uploads\/2020\/02\/Fluechtlingshilfe-KA-100x100.jpeg",100,100,true],"organiser-icon":["https:\/\/www.anika-net.de\/wp-content\/uploads\/2020\/02\/Fluechtlingshilfe-KA-200x200.jpeg",200,200,true],"gform-image-choice-sm":["https:\/\/www.anika-net.de\/wp-content\/uploads\/2020\/02\/Fluechtlingshilfe-KA.jpeg",258,300,false],"gform-image-choice-md":["https:\/\/www.anika-net.de\/wp-content\/uploads\/2020\/02\/Fluechtlingshilfe-KA.jpeg",345,400,false],"gform-image-choice-lg":["https:\/\/www.anika-net.de\/wp-content\/uploads\/2020\/02\/Fluechtlingshilfe-KA.jpeg",517,600,false]},"post_excerpt_stackable_v2":"<p>LERNBOX &amp; Will\u00adkom\u00admens\u00adca\u00adf\u00e9 \u2013 Fl\u00fccht\u00adlings\u00adhil\u00adfe Karls\u00adru\u00adhe e.V. Aktu\u00adell fin\u00adden die Pro\u00adjek\u00adte LERNBOX und Will\u00adkom\u00admens\u00adca\u00adf\u00e9 SALON RESOURCE der Fl\u00fccht\u00adlings\u00adhil\u00adfe Karls\u00adru\u00adhe e.V. jeden Nach\u00admit\u00adtag von Mon\u00adtag bis Don\u00adners\u00adtag von 15 bis 18 Uhr im Haus Alter Schlacht\u00adhof 11 in Karls\u00adru\u00adhe&nbsp;statt. Hier bei der Fl\u00fccht\u00adlings\u00adhil\u00adfe Karls\u00adru\u00adhe e.V. k\u00f6n\u00adnen Sie Deutsch ler\u00adnen, ande\u00adre Men\u00adschen ken\u00adnen\u00adler\u00adnen und vie\u00adles mehr, was Fl\u00fccht\u00adlin\u00adge unter\u00adst\u00fctzt und ihnen die Teil\u00adha\u00adbe an unse\u00adrer Gesell\u00adschaft erm\u00f6g\u00adlicht. \ud83d\udc41\ufe0f\u200d\ud83d\udde8\ufe0f Bit\u00adte beach\u00adten Anmel\u00addung ist erfor\u00adder\u00adlich:\ud83d\udce7 info@fluechtlingshilfe-karlsruhe.de\ud83d\udcde 0170\u201329219 99 Alle sind uns herz\u00adlich will\u00adkom\u00admen \u2764 Lern\u00adtan\u00addems\u00adDurch den Beh\u00f6r\u00adden\u00addschun\u00adgel Ob Deutsch, Eng\u00adlisch oder Che\u00admie: die Gefl\u00fcch\u00adte\u00adten, die zu uns kom\u00admen, haben einen indi\u00advi\u00addu\u00adel\u00adlen Bedarf an Nachhilfe.\u2026<\/p>\n","category_list_v2":"","author_info_v2":{"name":"Andrea Ramirez","url":"https:\/\/www.anika-net.de\/de\/author\/andrea-ramirez\/"},"comments_num_v2":"0 comments","uagb_featured_image_src":{"full":["https:\/\/www.anika-net.de\/wp-content\/uploads\/2020\/02\/Fluechtlingshilfe-KA.jpeg",1380,1602,false],"thumbnail":["https:\/\/www.anika-net.de\/wp-content\/uploads\/2020\/02\/Fluechtlingshilfe-KA-150x150.jpeg",150,150,true],"medium":["https:\/\/www.anika-net.de\/wp-content\/uploads\/2020\/02\/Fluechtlingshilfe-KA-258x300.jpeg",258,300,true],"medium_large":["https:\/\/www.anika-net.de\/wp-content\/uploads\/2020\/02\/Fluechtlingshilfe-KA-768x892.jpeg",640,743,true],"large":["https:\/\/www.anika-net.de\/wp-content\/uploads\/2020\/02\/Fluechtlingshilfe-KA-882x1024.jpeg",640,743,true],"1536x1536":["https:\/\/www.anika-net.de\/wp-content\/uploads\/2020\/02\/Fluechtlingshilfe-KA-1323x1536.jpeg",1323,1536,true],"2048x2048":["https:\/\/www.anika-net.de\/wp-content\/uploads\/2020\/02\/Fluechtlingshilfe-KA.jpeg",1380,1602,false],"event-overview":["https:\/\/www.anika-net.de\/wp-content\/uploads\/2020\/02\/Fluechtlingshilfe-KA-960x640.jpeg",960,640,true],"event-archive-thumb":["https:\/\/www.anika-net.de\/wp-content\/uploads\/2020\/02\/Fluechtlingshilfe-KA-480x557.jpeg",480,557,true],"grid-item-thumbnail":["https:\/\/www.anika-net.de\/wp-content\/uploads\/2020\/02\/Fluechtlingshilfe-KA-360x200.jpeg",360,200,true],"network-partner-icon":["https:\/\/www.anika-net.de\/wp-content\/uploads\/2020\/02\/Fluechtlingshilfe-KA-100x100.jpeg",100,100,true],"organiser-icon":["https:\/\/www.anika-net.de\/wp-content\/uploads\/2020\/02\/Fluechtlingshilfe-KA-200x200.jpeg",200,200,true],"gform-image-choice-sm":["https:\/\/www.anika-net.de\/wp-content\/uploads\/2020\/02\/Fluechtlingshilfe-KA.jpeg",258,300,false],"gform-image-choice-md":["https:\/\/www.anika-net.de\/wp-content\/uploads\/2020\/02\/Fluechtlingshilfe-KA.jpeg",345,400,false],"gform-image-choice-lg":["https:\/\/www.anika-net.de\/wp-content\/uploads\/2020\/02\/Fluechtlingshilfe-KA.jpeg",517,600,false]},"uagb_author_info":{"display_name":"Andrea Ramirez","author_link":"https:\/\/www.anika-net.de\/de\/author\/andrea-ramirez\/"},"uagb_comment_info":0,"uagb_excerpt":"LERNBOX &amp; Will\u00adkom\u00admens\u00adca\u00adf\u00e9 - Fl\u00fccht\u00adlings\u00adhil\u00adfe Karls\u00adru\u00adhe e.V. Aktu\u00adell fin\u00adden die Pro\u00adjek\u00adte LERNBOX und Will\u00adkom\u00admens\u00adca\u00adf\u00e9 SALON RESOURCE der Fl\u00fccht\u00adlings\u00adhil\u00adfe Karls\u00adru\u00adhe e.V. jeden Nach\u00admit\u00adtag von Mon\u00adtag bis Don\u00adners\u00adtag von 15 bis 18&nbsp;mehr","_links":{"self":[{"href":"https:\/\/www.anika-net.de\/de\/wp-json\/wp\/v2\/event\/4469","targetHints":{"allow":["GET"]}}],"collection":[{"href":"https:\/\/www.anika-net.de\/de\/wp-json\/wp\/v2\/event"}],"about":[{"href":"https:\/\/www.anika-net.de\/de\/wp-json\/wp\/v2\/types\/event"}],"author":[{"embeddable":true,"href":"https:\/\/www.anika-net.de\/de\/wp-json\/wp\/v2\/users\/12"}],"version-history":[{"count":6,"href":"https:\/\/www.anika-net.de\/de\/wp-json\/wp\/v2\/event\/4469\/revisions"}],"predecessor-version":[{"id":118607,"href":"https:\/\/www.anika-net.de\/de\/wp-json\/wp\/v2\/event\/4469\/revisions\/118607"}],"acf:post":[{"embeddable":true,"href":"https:\/\/www.anika-net.de\/de\/wp-json\/wp\/v2\/organiser\/6812"}],"acf:term":[{"embeddable":true,"taxonomy":"event_category","href":"https:\/\/www.anika-net.de\/de\/wp-json\/wp\/v2\/event_category\/55"}],"wp:featuredmedia":[{"embeddable":true,"href":"https:\/\/www.anika-net.de\/de\/wp-json\/wp\/v2\/media\/117829"}],"wp:attachment":[{"href":"https:\/\/www.anika-net.de\/de\/wp-json\/wp\/v2\/media?parent=4469"}],"curies":[{"name":"wp","href":"https:\/\/api.w.org\/{rel}","templated":true}]}}