{"id":121814,"date":"2026-04-30T18:12:59","date_gmt":"2026-04-30T16:12:59","guid":{"rendered":"https:\/\/www.anika-net.de\/event\/zukunftswelten-cafe\/"},"modified":"2026-04-30T18:19:51","modified_gmt":"2026-04-30T16:19:51","slug":"zukunftswelten-cafe","status":"publish","type":"event","link":"https:\/\/www.anika-net.de\/de\/event\/zukunftswelten-cafe\/","title":{"rendered":"Zukunfts\u00adwel\u00adten-Caf\u00e9"},"content":{"rendered":"\n<p>Die Zukunft ist etwas, das wir gemein\u00adsam gestal\u00adten. Im <strong>Zukunfts\u00adwel\u00adten-Caf\u00e9<\/strong> ent\u00adsteht ein offe\u00adner Raum f\u00fcr Aus\u00adtausch, Ideen und Begeg\u00adnung, in dem wir gemein\u00adsam \u00fcber das Mor\u00adgen nach\u00adden\u00adken und neue Per\u00adspek\u00adti\u00adven entwickeln.&nbsp;<\/p>\n\n<p>In <strong>ent\u00adspann\u00adter Atmo\u00adsph\u00e4\u00adre in der Kul\u00adtur\u00adk\u00fc\u00adche Karls\u00adru\u00adhe <\/strong>kannst du dich ein\u00adbrin\u00adgen, zuh\u00f6\u00adren oder ein\u00adfach Teil des Gesche\u00adhens sein. Ver\u00adgan\u00adgen\u00adheit, Gegen\u00adwart und Zukunft bekom\u00admen hier glei\u00adcher\u00adma\u00ad\u00dfen Raum f\u00fcr Gespr\u00e4\u00adche, Impul\u00adse und gemein\u00adsa\u00admes Gestalten.&nbsp;<\/p>\n\n<p>Das <strong>Zukunfts\u00adwel\u00adten-Caf\u00e9 <\/strong>rich\u00adtet sich an alle Men\u00adschen, die offen f\u00fcr Begeg\u00adnung, Aus\u00adtausch und neue Gedan\u00adken&nbsp;sind.&nbsp;<\/p>\n\n<p>Die Tref\u00adfen fin\u00adden regel\u00adm\u00e4\u00ad\u00dfig statt und bie\u00adten einen offe\u00adnen, viel\u00adf\u00e4l\u00adti\u00adgen und par\u00adti\u00adzi\u00adpa\u00adti\u00adven&nbsp;Raum.<\/p>\n\n<p>Ein\u00adtritt frei. Ohne Anmel\u00addung. Spen\u00adden willkommen.&nbsp;<\/p>\n\n<p><\/p>\n","protected":false},"author":16,"featured_media":121812,"template":"","class_list":["post-121814","event","type-event","status-publish","has-post-thumbnail","hentry","event_category-freizeit"],"acf":{"event-recurring":false,"event-category":268,"event-is-language-course":false,"event-recurring-still-active":true,"event-display-details":true,"event-schedules-recurring":null,"event-schedules-calendar":[{"event-calendar-day":"20260505","event-calendar-time":"14:00 - 17:00","event-calendar-time-text":""},{"event-calendar-day":"20260512","event-calendar-time":"14:00 - 17:00","event-calendar-time-text":""},{"event-calendar-day":"20260519","event-calendar-time":"14:00 - 17:00","event-calendar-time-text":""},{"event-calendar-day":"20260526","event-calendar-time":"14:00 - 17:00","event-calendar-time-text":""},{"event-calendar-day":"20260602","event-calendar-time":"14:00 - 17:00","event-calendar-time-text":""},{"event-calendar-day":"20260609","event-calendar-time":"14:00 - 17:00","event-calendar-time-text":""},{"event-calendar-day":"20260616","event-calendar-time":"14:00 - 17:00","event-calendar-time-text":""},{"event-calendar-day":"20260623","event-calendar-time":"14:00 - 17:00","event-calendar-time-text":""},{"event-calendar-day":"20260630","event-calendar-time":"14:00 - 17:00","event-calendar-time-text":""}],"event-is-online":false,"event-online-url":"","event-location-building":"Kulturk\u00fcche","event-location-street":"Kaiserstra\u00dfe 47","event-location-zip":"76131","event-location-city":"Karlsruhe","event-location-contact-person":"","event-location-phone":"","event-location-phone-2":"","event-location-mail":"","event-location-mail-2":"","event-location-website":"","event-target-group":[{"target-group":"all"}],"event-target-group-comment":"","event-free":true,"event-organiser":[8165],"event-header-copyright-overlay":true,"event-copyright-note-description-end":false},"featured_image_urls_v2":{"full":["https:\/\/www.anika-net.de\/wp-content\/uploads\/2026\/04\/zukunftswelten-cafe-karlsruhe.webp",1260,857,false],"thumbnail":["https:\/\/www.anika-net.de\/wp-content\/uploads\/2026\/04\/zukunftswelten-cafe-karlsruhe-150x150.webp",150,150,true],"medium":["https:\/\/www.anika-net.de\/wp-content\/uploads\/2026\/04\/zukunftswelten-cafe-karlsruhe-300x204.webp",300,204,true],"medium_large":["https:\/\/www.anika-net.de\/wp-content\/uploads\/2026\/04\/zukunftswelten-cafe-karlsruhe-768x522.webp",640,435,true],"large":["https:\/\/www.anika-net.de\/wp-content\/uploads\/2026\/04\/zukunftswelten-cafe-karlsruhe-1024x696.webp",640,435,true],"1536x1536":["https:\/\/www.anika-net.de\/wp-content\/uploads\/2026\/04\/zukunftswelten-cafe-karlsruhe.webp",1260,857,false],"2048x2048":["https:\/\/www.anika-net.de\/wp-content\/uploads\/2026\/04\/zukunftswelten-cafe-karlsruhe.webp",1260,857,false],"event-overview":["https:\/\/www.anika-net.de\/wp-content\/uploads\/2026\/04\/zukunftswelten-cafe-karlsruhe-960x640.webp",960,640,true],"event-archive-thumb":["https:\/\/www.anika-net.de\/wp-content\/uploads\/2026\/04\/zukunftswelten-cafe-karlsruhe-480x326.webp",480,326,true],"grid-item-thumbnail":["https:\/\/www.anika-net.de\/wp-content\/uploads\/2026\/04\/zukunftswelten-cafe-karlsruhe-360x200.webp",360,200,true],"network-partner-icon":["https:\/\/www.anika-net.de\/wp-content\/uploads\/2026\/04\/zukunftswelten-cafe-karlsruhe-100x100.webp",100,100,true],"organiser-icon":["https:\/\/www.anika-net.de\/wp-content\/uploads\/2026\/04\/zukunftswelten-cafe-karlsruhe-200x200.webp",200,200,true],"gform-image-choice-sm":["https:\/\/www.anika-net.de\/wp-content\/uploads\/2026\/04\/zukunftswelten-cafe-karlsruhe.webp",300,204,false],"gform-image-choice-md":["https:\/\/www.anika-net.de\/wp-content\/uploads\/2026\/04\/zukunftswelten-cafe-karlsruhe.webp",400,272,false],"gform-image-choice-lg":["https:\/\/www.anika-net.de\/wp-content\/uploads\/2026\/04\/zukunftswelten-cafe-karlsruhe.webp",600,408,false]},"post_excerpt_stackable_v2":"<p>Die Zukunft ist etwas, das wir gemein\u00adsam gestal\u00adten. Im Zukunfts\u00ad\u00ad\u00adwel\u00ad\u00adten-Caf\u00e9 ent\u00adsteht ein offe\u00adner Raum f\u00fcr Aus\u00adtausch, Ideen und Begeg\u00adnung, in dem wir gemein\u00adsam \u00fcber das Mor\u00adgen nach\u00adden\u00adken und neue Per\u00adspek\u00adti\u00adven ent\u00adwi\u00adckeln.&nbsp; In ent\u00adspann\u00adter Atmo\u00adsph\u00e4\u00adre in der Kul\u00adtur\u00adk\u00fc\u00adche Karls\u00adru\u00adhe kannst du dich ein\u00adbrin\u00adgen, zuh\u00f6\u00adren oder ein\u00adfach Teil des Gesche\u00adhens sein. Ver\u00adgan\u00adgen\u00adheit, Gegen\u00adwart und Zukunft bekom\u00admen hier glei\u00adcher\u00adma\u00ad\u00dfen Raum f\u00fcr Gespr\u00e4\u00adche, Impul\u00adse und gemein\u00adsa\u00admes Gestal\u00adten.&nbsp; Das Zukunfts\u00ad\u00ad\u00adwel\u00ad\u00adten-Caf\u00e9 rich\u00adtet sich an alle Men\u00adschen, die offen f\u00fcr Begeg\u00adnung, Aus\u00adtausch und neue Gedan\u00adken&nbsp;sind.&nbsp; Die Tref\u00adfen fin\u00adden regel\u00adm\u00e4\u00ad\u00dfig statt und bie\u00adten einen offe\u00adnen, viel\u00adf\u00e4l\u00adti\u00adgen und par\u00adti\u00adzi\u00adpa\u00adti\u00adven&nbsp;Raum. Ein\u00adtritt frei. Ohne Anmel\u00addung. Spen\u00adden willkommen.&nbsp;<\/p>\n","category_list_v2":"","author_info_v2":{"name":"Valentina Patterson","url":"https:\/\/www.anika-net.de\/de\/author\/valentinapatterson\/"},"comments_num_v2":"0 comments","uagb_featured_image_src":{"full":["https:\/\/www.anika-net.de\/wp-content\/uploads\/2026\/04\/zukunftswelten-cafe-karlsruhe.webp",1260,857,false],"thumbnail":["https:\/\/www.anika-net.de\/wp-content\/uploads\/2026\/04\/zukunftswelten-cafe-karlsruhe-150x150.webp",150,150,true],"medium":["https:\/\/www.anika-net.de\/wp-content\/uploads\/2026\/04\/zukunftswelten-cafe-karlsruhe-300x204.webp",300,204,true],"medium_large":["https:\/\/www.anika-net.de\/wp-content\/uploads\/2026\/04\/zukunftswelten-cafe-karlsruhe-768x522.webp",640,435,true],"large":["https:\/\/www.anika-net.de\/wp-content\/uploads\/2026\/04\/zukunftswelten-cafe-karlsruhe-1024x696.webp",640,435,true],"1536x1536":["https:\/\/www.anika-net.de\/wp-content\/uploads\/2026\/04\/zukunftswelten-cafe-karlsruhe.webp",1260,857,false],"2048x2048":["https:\/\/www.anika-net.de\/wp-content\/uploads\/2026\/04\/zukunftswelten-cafe-karlsruhe.webp",1260,857,false],"event-overview":["https:\/\/www.anika-net.de\/wp-content\/uploads\/2026\/04\/zukunftswelten-cafe-karlsruhe-960x640.webp",960,640,true],"event-archive-thumb":["https:\/\/www.anika-net.de\/wp-content\/uploads\/2026\/04\/zukunftswelten-cafe-karlsruhe-480x326.webp",480,326,true],"grid-item-thumbnail":["https:\/\/www.anika-net.de\/wp-content\/uploads\/2026\/04\/zukunftswelten-cafe-karlsruhe-360x200.webp",360,200,true],"network-partner-icon":["https:\/\/www.anika-net.de\/wp-content\/uploads\/2026\/04\/zukunftswelten-cafe-karlsruhe-100x100.webp",100,100,true],"organiser-icon":["https:\/\/www.anika-net.de\/wp-content\/uploads\/2026\/04\/zukunftswelten-cafe-karlsruhe-200x200.webp",200,200,true],"gform-image-choice-sm":["https:\/\/www.anika-net.de\/wp-content\/uploads\/2026\/04\/zukunftswelten-cafe-karlsruhe.webp",300,204,false],"gform-image-choice-md":["https:\/\/www.anika-net.de\/wp-content\/uploads\/2026\/04\/zukunftswelten-cafe-karlsruhe.webp",400,272,false],"gform-image-choice-lg":["https:\/\/www.anika-net.de\/wp-content\/uploads\/2026\/04\/zukunftswelten-cafe-karlsruhe.webp",600,408,false]},"uagb_author_info":{"display_name":"Valentina Patterson","author_link":"https:\/\/www.anika-net.de\/de\/author\/valentinapatterson\/"},"uagb_comment_info":0,"uagb_excerpt":"Die Zukunft ist etwas, das wir gemein\u00adsam gestal\u00adten. Im Zukunfts\u00adwel\u00adten-Caf\u00e9 ent\u00adsteht ein offe\u00adner Raum f\u00fcr Aus\u00adtausch, Ideen und Begeg\u00adnung, in dem wir gemein\u00adsam \u00fcber das Mor\u00adgen nach\u00adden\u00adken und neue Per\u00adspek\u00adti\u00adven&nbsp;mehr","_links":{"self":[{"href":"https:\/\/www.anika-net.de\/de\/wp-json\/wp\/v2\/event\/121814","targetHints":{"allow":["GET"]}}],"collection":[{"href":"https:\/\/www.anika-net.de\/de\/wp-json\/wp\/v2\/event"}],"about":[{"href":"https:\/\/www.anika-net.de\/de\/wp-json\/wp\/v2\/types\/event"}],"author":[{"embeddable":true,"href":"https:\/\/www.anika-net.de\/de\/wp-json\/wp\/v2\/users\/16"}],"version-history":[{"count":1,"href":"https:\/\/www.anika-net.de\/de\/wp-json\/wp\/v2\/event\/121814\/revisions"}],"predecessor-version":[{"id":121815,"href":"https:\/\/www.anika-net.de\/de\/wp-json\/wp\/v2\/event\/121814\/revisions\/121815"}],"acf:post":[{"embeddable":true,"href":"https:\/\/www.anika-net.de\/de\/wp-json\/wp\/v2\/organiser\/8165"}],"acf:term":[{"embeddable":true,"taxonomy":"event_category","href":"https:\/\/www.anika-net.de\/de\/wp-json\/wp\/v2\/event_category\/268"}],"wp:featuredmedia":[{"embeddable":true,"href":"https:\/\/www.anika-net.de\/de\/wp-json\/wp\/v2\/media\/121812"}],"wp:attachment":[{"href":"https:\/\/www.anika-net.de\/de\/wp-json\/wp\/v2\/media?parent=121814"}],"curies":[{"name":"wp","href":"https:\/\/api.w.org\/{rel}","templated":true}]}}